{"id":17017,"date":"2024-09-10T13:02:56","date_gmt":"2024-09-10T12:02:56","guid":{"rendered":"https:\/\/www.idiv.de\/staff\/marten-winter\/"},"modified":"2026-01-12T10:49:38","modified_gmt":"2026-01-12T09:49:38","slug":"marten-winter","status":"publish","type":"staff-manager","link":"https:\/\/www.idiv.de\/de\/staff\/marten-winter\/","title":{"rendered":"Marten Winter"},"content":{"rendered":"    <div class=\"container\">\n        <div class=\"row pt-5 mb-5 profile-info\">\n            \n            <div class=\"col-md-6 offset-md-2\">\n                <div class=\"basic-info pt-3 text-md-start text-center\">\n                    <h2>\n                        Dr. \n                        Marten \n                        Winter                    <\/h2>\n                    <p>Leiter der Abteilung Integration, Leiter von sDiv und iDiv Counsellor<\/p>\n                                            <div class=\"groups\">\n                            <a href=\"https:\/\/www.idiv.de\/de\/group\/abteilungen\/integration\/\" class=\"nmb btncf arrow pe-3\">Integration <svg xmlns=\"http:\/\/www.w3.org\/2000\/svg\" width=\"7.621\" height=\"12.243\" viewBox=\"0 0 7.621 12.243\"><path id=\"Icon_feather-chevron-right\" data-name=\"Icon feather-chevron-right\" d=\"M17.5,17l-4-4,4-4\" transform=\"translate(19.621 19.121) rotate(180)\" fill=\"none\" stroke=\"#447226\" stroke-linecap=\"round\" stroke-linejoin=\"round\" stroke-width=\"3\"><\/path><\/svg><\/a> <a href=\"https:\/\/www.idiv.de\/de\/forschung\/sdiv-synthesis-centre\/\" class=\"nmb btncf arrow pe-3\">sDiv Synthesezentrum <svg xmlns=\"http:\/\/www.w3.org\/2000\/svg\" width=\"7.621\" height=\"12.243\" viewBox=\"0 0 7.621 12.243\"><path id=\"Icon_feather-chevron-right\" data-name=\"Icon feather-chevron-right\" d=\"M17.5,17l-4-4,4-4\" transform=\"translate(19.621 19.121) rotate(180)\" fill=\"none\" stroke=\"#447226\" stroke-linecap=\"round\" stroke-linejoin=\"round\" stroke-width=\"3\"><\/path><\/svg><\/a> <a href=\"https:\/\/www.idiv.de\/de\/zentrum\/support-fuer-forschende\/vertrauenspersonen\/\" class=\"nmb btncf arrow pe-3\">Vertrauenspersonen <svg xmlns=\"http:\/\/www.w3.org\/2000\/svg\" width=\"7.621\" height=\"12.243\" viewBox=\"0 0 7.621 12.243\"><path id=\"Icon_feather-chevron-right\" data-name=\"Icon feather-chevron-right\" d=\"M17.5,17l-4-4,4-4\" transform=\"translate(19.621 19.121) rotate(180)\" fill=\"none\" stroke=\"#447226\" stroke-linecap=\"round\" stroke-linejoin=\"round\" stroke-width=\"3\"><\/path><\/svg><\/a>                        <\/div>\n                                    <\/div>\n            <\/div>\n            <div class=\"col-md-4 col-lg-4 text-center p-4\">\n                <img loading=\"lazy\" decoding=\"async\" width=\"472\" height=\"472\" src=\"https:\/\/www.idiv.de\/wp-content\/uploads\/2024\/08\/Marten-Winter-Portrait.png\" class=\"img-fluid rounded-circle wp-post-image\" alt=\"\" srcset=\"https:\/\/www.idiv.de\/wp-content\/uploads\/2024\/08\/Marten-Winter-Portrait.png 472w, https:\/\/www.idiv.de\/wp-content\/uploads\/2024\/08\/Marten-Winter-Portrait-300x300.png 300w, https:\/\/www.idiv.de\/wp-content\/uploads\/2024\/08\/Marten-Winter-Portrait-150x150.png 150w\" sizes=\"auto, (max-width: 472px) 100vw, 472px\" \/>            <\/div>\n            \n            \n            \n                            <div class=\"col-md-3 offset-md-2\">\n                    <div class=\"address\">\n                        <h4 class=\"address-title\">Adresse<\/h4>\n                        <div class=\"address-body\">\n                            <p class=\"mb-0\">Puschstra\u00dfe 4<br>04103 Leipzig<\/p>\n                                                            <p class=\"mb-0\">Raum: A.01.13<\/p>\n                                                    <\/div>\n                    <\/div>\n                <\/div>\n            \n                            <div class=\"col-md-3 \">\n                    <div class=\"contact\">\n                        <h4 class=\"contact-title\">Kontakt<\/h4>\n                        <div class=\"contact-body\">\n                                                            <p class=\"mb-0\">E-Mail: <a href='&#x6d;&#x61;&#105;&#108;&#116;o&#x3a;&#x6d;&#x61;&#114;&#116;en&#x2e;&#x77;&#x69;&#110;&#116;e&#x72;&#x40;&#x69;&#100;&#105;&#118;&#46;&#x64;&#x65;' class='text-decoration-none'>&#x6d;a&#x72;&#116;&#x65;&#110;&#46;&#x77;&#105;&#x6e;&#116;e&#x72;&#64;&#x69;&#100;i&#x76;&#46;&#x64;&#101;<\/a><\/p>\n                                                                                        <p class=\"mb-0\">Telefon: <a href='tel:+49 341 9733129' class='text-decoration-none'>+49 341 9733129<\/a><\/p>\n                                                                                <\/div>\n                    <\/div>\n                <\/div>\n                            \n            \n        <\/div>\n    <\/div>\n    \n\n<div class=\"textbildrepeater pb-24 pt-0 no-bg modulclass \" id=\"\">\n    <div class=\"container\">\n        <div class=\"row\">\n                                                                <div class=\"pb-24   mod_text  col-md-6 offset-md-3 pos_top\">\n                            <div class=\"textrepeater \" id=\"\">\n    <div class=\"slideElement\">\n<div class=\"detailHeader openSlide\">\n<h2>Research interests<\/h2>\n<\/div>\n<div class=\"detailBody\">\n<div class=\"infoText\">\n<p>Check my Twitter profile for a snap shot of the things which I&#8217;d like to talk\/inform about in my daily life:\u00a0<a href=\"https:\/\/twitter.com\/sMarten_Winter\" target=\"_blank\" aria-label=\"open in new tab\" rel=\"noopener\">https:\/\/twitter.com\/sMarten_Winter<\/a><\/p>\n<p>As head of sDiv I&#8217;m overseeing the research program in the synthesis centre here at iDiv. I&#8217;m closely working with the\u00a0<a href=\"https:\/\/www.idiv.de\/en\/sdiv\/team-scientists-and-sdiv-board\/sdiv-board.html\">sDiv board<\/a>\u00a0developing new funding ideas and collaboration strategies.<br \/>\nAs scientist, I together with the great Postdoc\u00a0<a href=\"https:\/\/scholar.google.de\/citations?user=7y-cCa0AAAAJ&amp;hl=en\" target=\"_blank\" aria-label=\"open in new tab\" rel=\"noopener\">Lirong Cai<\/a>\u00a0(still including my former postdoc, now being Ass Prof @ Univ Grenoble\u00a0<a href=\"https:\/\/rekyt.github.io\/\" target=\"_blank\" aria-label=\"open in new tab\" rel=\"noopener\">Matthias Grenie<\/a>) form the\u00a0<em>Macroecology of Plant Invasion<\/em>\u00a0group and are interested in different aspects (theory, diversity patterns and what drives them, functional &amp; phylogenetic diversity etc) of plant invasions across different spatial scales. We are not only analysing and exploring macroecological patterns and trying to explain them we also develop workflows to do macroecological work more efficient, data gaps and how to fill them. We also work on general topics how different research communities should work closer together to tackle the grand challenges.<\/p>\n<p>When referring to my life as scientist, I sometimes describe myself as &#8222;Wildlife ecologist in macroecologists clothing with a species invasion cap and a macroevolutionary hanky who worked the last years also with plants.&#8220;<\/p>\n<p>But\u00a0 I&#8217;m also a science manager who sees huge potential to improve the links between research(ers) &amp; administration &amp; regulations supporting both\u00a0(e.g. one of my pet topics is the German law how to pay ppl who were on stipends before -&gt; not fair compared to colleagues not on stipend but doing the same job). Due to my Synthesis Centre job I got also very much interested how to measure research impact and how science itself evolves. This includes the publication processes and how young researchers can be more visible and play a role in the science-policy arena etc.<\/p>\n<p>Some other research projects I&#8217;m involved in:<\/p>\n<ul>\n<li><a href=\"https:\/\/www.idiv.de\/research\/projects\/smon\/\">sMon\u00a0<\/a>(one of four PI&#8217;s; strategic project of iDiv) &#8211; unique project on biodiversity trends in Germany, bringing together representatives of all! 16 German federal states, relevant agencies, NGO&#8217;s and taxonomic experts. Huge Fun!!<\/li>\n<li>GloNAF (Global Naturalized Alien Flora)\u00a0<a class=\"external-link-new-window\" title=\"Opens internal link in current window\" href=\"http:\/\/glonaf.org\/\" target=\"_blank\" aria-label=\"open in new tab\" rel=\"noopener\">glonaf.org &#8211;\u00a0<\/a>one of the most vibrant &amp; coolest research project I&#8217;m involved in (one of 8 PIs and founding member)<\/li>\n<li><a href=\"https:\/\/www.idiv.de\/research\/sdiv\/working-groups\/stwist\/\">sTWIST<\/a>\u00a0Global Alien Species Indicators (sDiv synthesis group; one of two PIs, together with the wonderful\u00a0<a href=\"http:\/\/melodiemcgeoch.com\/\" target=\"_blank\" aria-label=\"open in new tab\" rel=\"noopener\">Melodie McGeoch<\/a>\u00a0and a great team!)<\/li>\n<li>PaDRE &#8222;Patterns and drivers of regional plant extinctions&#8220;, with my dear colleague\u00a0<a href=\"https:\/\/www.ufz.de\/index.php?en=38610\" target=\"_blank\" aria-label=\"open in new tab\" rel=\"noopener\">Sonja Knapp<\/a>\u00a0(UFZ) as PI and other wonderful colleagues and\u00a0Laura Mendez\u00a0as project postdoc (starting 01\/2024)<\/li>\n<li>How to relate characteristics of research outputs\/careers to societal impacts (lead together with CESAB director\u00a0<a href=\"https:\/\/www.fondationbiodiversite.fr\/en\/membre\/nicolas-mouquet\/\" target=\"_blank\" aria-label=\"open in new tab\" rel=\"noopener\">Nicolas Mouquet<\/a>,\u00a0<a href=\"https:\/\/bv.fapesp.br\/en\/pesquisador\/288\/jean-paul-walter-metzger\" target=\"_blank\" aria-label=\"open in new tab\" rel=\"noopener\">Jean Paul Metzger<\/a>\u00a0(Univ Sao Paulo) &amp; other great Brasilian &amp; French &amp; sDiv colleagues)<\/li>\n<\/ul>\n<p>Some recent past projects:<\/p>\n<ul>\n<li>iADIDAS (improving Alien species Distribution knowledge by Integrating Data Across Scales) &#8211;\u00a0<a href=\"https:\/\/github.com\/EduardoArle\" target=\"_blank\" aria-label=\"open in new tab\" rel=\"noopener\">Cadu Arle<\/a>\u00a0was the wonderful PhD student in this project, which I was co-supervising together with the main iDiv supervisor\u00a0<a href=\"https:\/\/www.idiv.de\/research\/senior-scientists\/macroecology-and-society\/\">Carsten Meyer<\/a><\/li>\n<li>Naturalization Conundrum rEvisited (DANCE) \u2013 Darwin meets omics (PI:\u00a0<a href=\"https:\/\/www.botanik.uni-halle.de\/geobotanik\/sylvia_haider\/\" target=\"_blank\" aria-label=\"open in new tab\" rel=\"noopener\">Sylvia Haider<\/a>, MLU; Postdoc\u00a0<a href=\"https:\/\/www.researchgate.net\/profile\/Andrea_Galman\" target=\"_blank\" aria-label=\"open in new tab\" rel=\"noopener\">Andrea Galman<\/a>, I&#8217;m a Co-PI)<\/li>\n<\/ul>\n<p>My particular research interests in the last years were:<\/p>\n<ul>\n<li>Macroecology, macroevolution, biogeography, invasion biology, niche dynamics, biodiversity pattern<\/li>\n<li>Effects of global change on taxonomical, evolutionary and functional compositions of communities and its implications for ecosystem functioning<\/li>\n<li>Integration of evolutionary information diversity into nature conservation<\/li>\n<li>Observed effects of climate change<\/li>\n<li>Metrics of measuring bidoiversity, in particular phylogenetic diversity<\/li>\n<li>Biodiversity (change) assessments in finance and economic sector<\/li>\n<li>Biodiversity monitoring<\/li>\n<li>Ecology and distribution of the North American Raccoon (Procyon lotor)<\/li>\n<li>Alien microbes, particular in soils<\/li>\n<\/ul>\n<p>I like to inform the public about the important questions and answers, we work on and love to tell stories how relevant (and often worrysome) our daily life for biodiversity on our planet is. For example: ALIENS ARE EVERYWHERE &#8211; check my TEDx talk about it:\u00a0<a href=\"http:\/\/tiny.cc\/alientedx\" target=\"_blank\" aria-label=\"open in new tab\" rel=\"noopener\">tiny.cc\/alientedx<\/a><\/p>\n<p>&nbsp;<\/p>\n<\/div>\n<\/div>\n<\/div>\n<div class=\"slideElement\">\n<div class=\"detailHeader openSlide\">\n<h2>Curriculum vitae<\/h2>\n<\/div>\n<div class=\"detailBody\">\n<div class=\"infoText\">\n<p><strong>Scientific career<\/strong><\/p>\n<ul>\n<li>1998 &#8211; 01\/2005 Biology at Martin-Luther-University Halle\/Wittenberg<\/li>\n<li>2000 &#8211; 3 month research stay in South Africa<\/li>\n<li>2002 &#8211; 3 month zoological research expedition through Mongolia<\/li>\n<li>02\/2005-12\/2008 Ph.D thesis &#8222;<em>Aspects of biotic homogenization &#8211; from regional to global scales<\/em>&#8220; with\u00a0<a class=\"external-link-new-window\" title=\"Opens external link in new window\" href=\"http:\/\/www.ufz.de\/index.php?en=821\" target=\"_blank\" aria-label=\"open in new tab\" rel=\"noopener\">Ingolf K\u00fchn\u00a0<\/a>(UFZ) &amp; Ecology of\u00a0Prof. Wolfgang Nentwig(University of Bern)<\/li>\n<li>02\/2009-05\/2009 PostDoc within the project Federal Agency of Nature Protection &#8222;<em>Effects of climate change on German fauna<\/em>&#8222;<\/li>\n<li>PostDoc within the project Pratique &#8222;<em>ENHANCEMENTS OF PEST RISK ANALYSIS TECHNIQUES<\/em>&#8220; in the team of\u00a0Sven Bacher\u00a0(University of Fribourg; CH)<\/li>\n<li>02\/2010-02\/2013 PostDoc at community ecology department (UFZ) in various projects (1) Monitoring of climate change effects on biodiversity in the federal state of Saxony; (2)\u00a0Effects of habitat fragmentation on Wild Cats; (3) Chapter Scientist of IPCC CLA\u00a0<a class=\"external-link-new-window\" title=\"Opens external link in new window\" href=\"http:\/\/www.ufz.de\/index.php?en=817\" target=\"_blank\" aria-label=\"open in new tab\" rel=\"noopener\">Josef Settele<\/a>\u00a0(WG II, CH 04: \u201c<em>Terrestrial and freshwater systems<\/em>&#8222;)<\/li>\n<li>since 12\/2012 scientific coordinator of the iDiv Synthesis Centre sDiv<\/li>\n<\/ul>\n<p><strong>More noteable CV items<\/strong><\/p>\n<ul>\n<li>Highly Cited Researcher since 2018<\/li>\n<li>Scientific Advisory Board member\u00a0<a href=\"https:\/\/www.biodiversa.org\/\" target=\"_blank\" aria-label=\"open in new tab\" rel=\"noopener\">BiodivERsA<\/a><\/li>\n<li>iDiv Member<\/li>\n<li><a href=\"https:\/\/futureearth.org\/networks\/knowledge-action-networks\/natural-assets\/\" target=\"_blank\" aria-label=\"open in new tab\" rel=\"noopener\">Future Earth Natural Assets Knowledge Action Network\u00a0<\/a>Development Team member<\/li>\n<\/ul>\n<p><a class=\"external-link-new-window\" title=\"Opens external link in new window\" href=\"http:\/\/scholar.google.de\/citations?hl=en&amp;user=bMSNuk8AAAAJ\" target=\"_blank\" aria-label=\"open in new tab\" rel=\"noopener\">My google scholar profile<\/a><\/p>\n<p><a class=\"external-link-new-window\" title=\"Opens external link in new window\" href=\"http:\/\/orcid.org\/0000-0002-9593-7300\" target=\"_blank\" aria-label=\"open in new tab\" rel=\"noopener\">My ORCID ID<\/a><\/p>\n<p>If you search for a great biogeographical, macroecological, macroevolutionary journal, please consider this fully open access journal:\u00a0<a class=\"external-link-new-window\" title=\"Frontiers of Biogeography\" href=\"https:\/\/escholarship.org\/uc\/fb\" target=\"_blank\" aria-label=\"open in new tab\" rel=\"noopener\">Frontiers of Biogeography<\/a>.<\/p>\n<p><a href=\"https:\/\/www.idiv.de\/fileadmin\/content\/Files_sDiv\/iDiv_events\/iDiv_Conference_2022_Bingo.pdf\">The ultimate iDiv conference Bingo 2022<\/a><\/p>\n<\/div>\n<\/div>\n<\/div>\n<\/div>\n                            <\/div>\n                        <\/div>\n    <\/div>\n<\/div>\n\n\n    <div class=\"headline pt-24 no-bg\"> <!-- Add dynamic background color class -->\n        <div class=\"container\">\n            <div class=\"row\">\n                <div class=\"col-md-12 relative\">\n                    <h2 class=\"h2 align-center\">iDiv Publikationen<\/h2>\n                <\/div>\n            <\/div>\n        <\/div>\n    <\/div>\n\n    <div id=\"\" class=\"pt-24 pb-24 no-bg\"> <!-- Add dynamic background color class -->\n    <div class=\"container\">\n        <div class=\"filters row justify-content-center\">\n            <div class=\"col-md-6\">\n                <!-- <span class=\"fa fa-search form-control-feedback\"><\/span> -->\n                <input type=\"text\" id=\"search-input\" class=\"form-control form-search\" placeholder=\"Suche nach Autor oder Titel\" onkeyup=\"filterPublications()\">\n            <\/div>\n            <div class=\"col-md-2\">\n                <select id=\"year-select\" class=\"form-control form-dropdown\" onchange=\"filterByYear()\">\n                    <option value=\"\">Alle Jahre<\/option>\n                    <option value=\"2026\">2026<\/option><option value=\"2025\">2025<\/option><option value=\"2024\">2024<\/option><option value=\"2023\">2023<\/option><option value=\"2022\">2022<\/option><option value=\"2021\">2021<\/option><option value=\"2020\">2020<\/option><option value=\"2019\">2019<\/option><option value=\"2018\">2018<\/option><option value=\"2017\">2017<\/option><option value=\"2016\">2016<\/option><option value=\"2015\">2015<\/option><option value=\"2014\">2014<\/option><option value=\"2013\">2013<\/option>                <\/select>\n            <\/div>\n        <\/div>\n        <div class=\"row\">\n            <div class=\"col-md-8 offset-md-2\">\n                <!-- No publications message -->\n                <div id=\"no-publications-message\" style=\"display: none;\" class=\"mb-5\">\n                    Keine iDiv Publikation gefunden.                <\/div>\n                <div id=\"publications-list\">\n                                            <div class=\"year-group\" data-year=\"2026\">\n                            <h4>Publikationen 2026<\/h4>\n                                                            <div class=\"publication-entry\" data-title=\"Strengthening responsibilities to face global crises: A call to ecologists, environmental scientists and their societies\" data-authors=\"Arnillas, Carlos Alberto, Stotz, Gisela C., Ortiz, Andrea Monica D., Chinga Chamorro, Javiera Beatriz, Chiuffo, Mariana C., Collinge, Sharon K., Kariuki, Rebecca W., Norman, Hazel, Regan, Helen M., Visakorpi, Kristiina, Devarajan, Kadambari, Klein, Alexandra-Maria, Schnabel, Florian, Arponen, Anni, Cadotte, Marc W., Cousens, Roger, Ehrlich, Ken, Grell-Brisk, Marilyn, Hughes, Lesley, Kharouba, Heather M., Martin, Tara G., Prado-Valladares, Ana Carolina, Rumpff, Libby, Soares, Bruno E., Williams, Michael, &lt;strong&gt;Winter, Marten&lt;\/strong&gt;, Yannelli, Florencia A., Beyene, Menilek, Fernando, Sula, Hart, Thomas, Santaoja, Minna, Santos Dom\u00ednguez, Nicol\u00e1s\" data-year=\"2026\">\n                                                                            <p>Arnillas, Carlos Alberto, Stotz, Gisela C., Ortiz, Andrea Monica D., Chinga Chamorro, Javiera Beatriz, Chiuffo, Mariana C., Collinge, Sharon K., Kariuki, Rebecca W., Norman, Hazel, Regan, Helen M., Visakorpi, Kristiina, Devarajan, Kadambari, Klein, Alexandra-Maria, Schnabel, Florian, Arponen, Anni, Cadotte, Marc W., Cousens, Roger, Ehrlich, Ken, Grell-Brisk, Marilyn, Hughes, Lesley, Kharouba, Heather M., Martin, Tara G., Prado-Valladares, Ana Carolina, Rumpff, Libby, Soares, Bruno E., Williams, Michael, <strong>Winter, Marten<\/strong>, Yannelli, Florencia A., Beyene, Menilek, Fernando, Sula, Hart, Thomas, Santaoja, Minna, Santos Dom\u00ednguez, Nicol\u00e1s (2026): Strengthening responsibilities to face global crises: A call to ecologists, environmental scientists and their societies. <em>People and Nature<\/em><\/p>\n                                                                        <div class=\"links\">\n                                                                                <a href=\"https:\/\/doi.org\/10.1002\/pan3.70253\" target=\"_blank\" aria-label=\"open in new tab\" class=\"pub-doi-link\">10.1002\/pan3.70253<\/a>                                                                                                                                                                                                    <\/div>\n                                <\/div>\n                                                    <\/div>\n                                            <div class=\"year-group\" data-year=\"2025\">\n                            <h4>Publikationen 2025<\/h4>\n                                                            <div class=\"publication-entry\" data-title=\"A global synthesis of naturalised and invasive plants in aquatic habitats\" data-authors=\"Kortz, Alessandra, Hejda, Martin, \u010cuda, Jan, Pattison, Zarah, Br\u016fna, Josef, Novoa, Ana, Pergl, Jan, Pipek, Pavel, \u0160tajerov\u00e1, Kate\u0159ina, Anastasiu, Paulina, Ansong, Michael, Arianoutsou, Margarita, Barcelona, Julie F., Bhatta, Suneeta, Bordbar, Farzaneh, Borokini, Israel, Celesti-Grapow, Laura, Chac\u00f3n-Madrigal, Eduardo, Dawson, Wayne, Dorjee,, Essl, Franz, Ferrufino-Acosta, Lilian, Figueiredo, Estrela, Flores, Rodolfo, Fried, Guillaume, Fuentes, Nicol, Gal\u00e1n, Pablo, Gilli, Christian, Glaser, Michael, Grande Allende, Jos\u00e9 Ram\u00f3n, Gud\u017einskas, Zigmantas, Holmes, Rachael, Hulme, Philip E., Inderjit,, Kang, Eun Su, Kreft, Holger, Krix, Dan W., K\u00fchn, Ingolf, Lopez, Omar, MacVean, AnaLu, Makhkamov, Trobjon, Marchante, Elizabete, Marchante, H\u00e9lia, Maroyi, Alfred, Meddour, Rachid, Meerts, Pierre, Mukul, Sharif A., Murray, Brad R., Murray, Megan L., Nickrent, Daniel L., Norman, Prince E., Omer, Ali, Patzelt, Annette, Pelser, Pieter B., Pino, Joan, Riera, Marc, Rodr\u00edguez Delcid, Dagoberto, Rojas-Sandoval, Julissa, Rotch\u00e9s-Ribalta, Roser, Ruiz-Cruz, Jos\u00e9 Yader Sageth, Senator, Stepan, Sennikov, Alexander N., Shrestha, Bharat Babu, Smith, Gideon F., Sohrabi, Sima, Tokarska-Guzik, Barbara, van Kleunen, Mark, Vil\u00e0, Montserrat, Wagner, Viktoria, Weigelt, Patrick, &lt;strong&gt;Winter, Marten&lt;\/strong&gt;, Yazl\u0131k, Ay\u015fe, Zykova, Elena, Py\u0161ek, Petr\" data-year=\"2025\">\n                                                                            <p>Kortz, Alessandra, Hejda, Martin, \u010cuda, Jan, Pattison, Zarah, Br\u016fna, Josef, Novoa, Ana, Pergl, Jan, Pipek, Pavel, \u0160tajerov\u00e1, Kate\u0159ina, Anastasiu, Paulina, Ansong, Michael, Arianoutsou, Margarita, Barcelona, Julie F., Bhatta, Suneeta, Bordbar, Farzaneh, Borokini, Israel, Celesti-Grapow, Laura, Chac\u00f3n-Madrigal, Eduardo, Dawson, Wayne, Dorjee,, Essl, Franz, Ferrufino-Acosta, Lilian, Figueiredo, Estrela, Flores, Rodolfo, Fried, Guillaume, Fuentes, Nicol, Gal\u00e1n, Pablo, Gilli, Christian, Glaser, Michael, Grande Allende, Jos\u00e9 Ram\u00f3n, Gud\u017einskas, Zigmantas, Holmes, Rachael, Hulme, Philip E., Inderjit,, Kang, Eun Su, Kreft, Holger, Krix, Dan W., K\u00fchn, Ingolf, Lopez, Omar, MacVean, AnaLu, Makhkamov, Trobjon, Marchante, Elizabete, Marchante, H\u00e9lia, Maroyi, Alfred, Meddour, Rachid, Meerts, Pierre, Mukul, Sharif A., Murray, Brad R., Murray, Megan L., Nickrent, Daniel L., Norman, Prince E., Omer, Ali, Patzelt, Annette, Pelser, Pieter B., Pino, Joan, Riera, Marc, Rodr\u00edguez Delcid, Dagoberto, Rojas-Sandoval, Julissa, Rotch\u00e9s-Ribalta, Roser, Ruiz-Cruz, Jos\u00e9 Yader Sageth, Senator, Stepan, Sennikov, Alexander N., Shrestha, Bharat Babu, Smith, Gideon F., Sohrabi, Sima, Tokarska-Guzik, Barbara, van Kleunen, Mark, Vil\u00e0, Montserrat, Wagner, Viktoria, Weigelt, Patrick, <strong>Winter, Marten<\/strong>, Yazl\u0131k, Ay\u015fe, Zykova, Elena, Py\u0161ek, Petr (2025): A global synthesis of naturalised and invasive plants in aquatic habitats. <em>NeoBiota<\/em><\/p>\n                                                                        <div class=\"links\">\n                                                                                <a href=\"https:\/\/www.doi.org\/10.3897\/neobiota.102.151156\" target=\"_blank\" aria-label=\"open in new tab\" class=\"pub-doi-link\">10.3897\/neobiota.102.151156<\/a>                                                                                                                                                                                                    <\/div>\n                                <\/div>\n                                                            <div class=\"publication-entry\" data-title=\"Many plants naturalized as aliens abroad have also become more common within their native regions\" data-authors=\"Paudel, Rashmi, Fristoe, Trevor S., Kinlock, Nicole L., Davis, Amy J. S., Zhao, Weihan, Van Calster, Hans, Chytr\u00fd, Milan, Danihelka, Ji\u0159\u00ed, Decocq, Guillaume, Ehrendorfer - Schratt, Luise, Guo, Kun, Guo, Wen-Yong, Kaplan, Zden\u011bk, Pierce, Simon, Wild, Jan, Dawson, Wayne, Essl, Franz, Kreft, Holger, Pergl, Jan, Py\u0161ek, Petr, &lt;strong&gt;Winter, Marten&lt;\/strong&gt;, van Kleunen, Mark\" data-year=\"2025\">\n                                                                            <p>Paudel, Rashmi, Fristoe, Trevor S., Kinlock, Nicole L., Davis, Amy J. S., Zhao, Weihan, Van Calster, Hans, Chytr\u00fd, Milan, Danihelka, Ji\u0159\u00ed, Decocq, Guillaume, Ehrendorfer &#8211; Schratt, Luise, Guo, Kun, Guo, Wen-Yong, Kaplan, Zden\u011bk, Pierce, Simon, Wild, Jan, Dawson, Wayne, Essl, Franz, Kreft, Holger, Pergl, Jan, Py\u0161ek, Petr, <strong>Winter, Marten<\/strong>, van Kleunen, Mark (2025): Many plants naturalized as aliens abroad have also become more common within their native regions. <em>Nature Communications<\/em><\/p>\n                                                                        <div class=\"links\">\n                                                                                <a href=\"https:\/\/www.doi.org\/10.1038\/s41467-025-63293-6\" target=\"_blank\" aria-label=\"open in new tab\" class=\"pub-doi-link\">10.1038\/s41467-025-63293-6<\/a>                                                                                                                                                                                                    <\/div>\n                                <\/div>\n                                                            <div class=\"publication-entry\" data-title=\"Listening Deeply to Indigenous People: A Collaborative Perspective and Reflection Between a Mapuche Machi and Ecologists\" data-authors=\"Ortiz, Andrea Monica D., Huinca Blanco, Patricia, Arnillas, Carlos Alberto, Arponen, Anni, Cadotte, Marc W., Chinga, Javiera Beatriz, Chiuffo, Mariana C., Collinge, Sharon, Devarajan, Kadambari, Ehrlich, Ken, Grell-Brisk, Marilyn, Guevara, Claudio, Kariuki, Rebecca W., Kharouba, Heather M., Martin, Tara G., Prado-Valladares, Ana Carolina, Regan, Helen M., Santos Dom\u00ednguez, Nicol\u00e1s, Soares, Bruno Eleres, Stotz, Gisela C., Ulloa Cani\u00fa, Ivette, Visakorpi, Kristiina, &lt;strong&gt;Winter, Marten&lt;\/strong&gt;, Yannelli, Florencia A.\" data-year=\"2025\">\n                                                                            <p>Ortiz, Andrea Monica D., Huinca Blanco, Patricia, Arnillas, Carlos Alberto, Arponen, Anni, Cadotte, Marc W., Chinga, Javiera Beatriz, Chiuffo, Mariana C., Collinge, Sharon, Devarajan, Kadambari, Ehrlich, Ken, Grell-Brisk, Marilyn, Guevara, Claudio, Kariuki, Rebecca W., Kharouba, Heather M., Martin, Tara G., Prado-Valladares, Ana Carolina, Regan, Helen M., Santos Dom\u00ednguez, Nicol\u00e1s, Soares, Bruno Eleres, Stotz, Gisela C., Ulloa Cani\u00fa, Ivette, Visakorpi, Kristiina, <strong>Winter, Marten<\/strong>, Yannelli, Florencia A. (2025): Listening Deeply to Indigenous People: A Collaborative Perspective and Reflection Between a Mapuche Machi and Ecologists. <em>Ecology and Evolution<\/em><\/p>\n                                                                        <div class=\"links\">\n                                                                                <a href=\"https:\/\/doi.org\/10.1002\/ece3.71914\" target=\"_blank\" aria-label=\"open in new tab\" class=\"pub-doi-link\">10.1002\/ece3.71914<\/a>                                                                                                                                                                                                    <\/div>\n                                <\/div>\n                                                            <div class=\"publication-entry\" data-title=\"Differences in characteristics between naturalized threatened plants and other threatened plants\" data-authors=\"Zhao, Weihan, Fristoe, Trevor S., Davis, Amy J. S., Dawson, Wayne, Essl, Franz, Kreft, Holger, Pergl, Jan, Py\u0161ek, Petr, Weigelt, Patrick, &lt;strong&gt;Winter, Marten&lt;\/strong&gt;, van Kleunen, Mark\" data-year=\"2025\">\n                                                                            <p>Zhao, Weihan, Fristoe, Trevor S., Davis, Amy J. S., Dawson, Wayne, Essl, Franz, Kreft, Holger, Pergl, Jan, Py\u0161ek, Petr, Weigelt, Patrick, <strong>Winter, Marten<\/strong>, van Kleunen, Mark (2025): Differences in characteristics between naturalized threatened plants and other threatened plants. <em>Conservation Biology<\/em><\/p>\n                                                                        <div class=\"links\">\n                                                                                <a href=\"https:\/\/doi.org\/10.1111\/cobi.70201\" target=\"_blank\" aria-label=\"open in new tab\" class=\"pub-doi-link\">10.1111\/cobi.70201<\/a>                                                                                                                                                                                                    <\/div>\n                                <\/div>\n                                                            <div class=\"publication-entry\" data-title=\"Gaps in Global Alien Plant Trait Data and How to Fill Them\" data-authors=\"&lt;strong&gt;Greni\u00e9, Matthias&lt;\/strong&gt;, &lt;strong&gt;Bruelheide, Helge&lt;\/strong&gt;, Dawson, Wayne, Essl, Franz, van Kleunen, Mark, &lt;strong&gt;K\u00fchn, Ingolf&lt;\/strong&gt;, Kreft, Holger, Py\u0161ek, Petr, Weigelt, Patrick, &lt;strong&gt;Winter, Marten&lt;\/strong&gt;\" data-year=\"2025\">\n                                                                            <p><strong>Greni\u00e9, Matthias<\/strong>, <strong>Bruelheide, Helge<\/strong>, Dawson, Wayne, Essl, Franz, van Kleunen, Mark, <strong>K\u00fchn, Ingolf<\/strong>, Kreft, Holger, Py\u0161ek, Petr, Weigelt, Patrick, <strong>Winter, Marten<\/strong> (2025): Gaps in Global Alien Plant Trait Data and How to Fill Them. <em>Global Ecology and Biogeography<\/em><\/p>\n                                                                        <div class=\"links\">\n                                                                                <a href=\"https:\/\/doi.org\/10.1111\/geb.70131\" target=\"_blank\" aria-label=\"open in new tab\" class=\"pub-doi-link\">10.1111\/geb.70131<\/a>                                                                                                                                                                                                    <\/div>\n                                <\/div>\n                                                            <div class=\"publication-entry\" data-title=\"Widespread Decline of Ground Beetles in Germany\" data-authors=\"&lt;strong&gt;Chowdhury, Shawan&lt;\/strong&gt;, Bowler, Diana E., Boutaud, Est\u00e8ve, Bleich, Ortwin, &lt;strong&gt;Bruelheide, Helge&lt;\/strong&gt;, Buse, J\u00f6rn, &lt;strong&gt;Engel, Thore&lt;\/strong&gt;, Gebert, J\u00f6rg, &lt;strong&gt;Grescho, Volker&lt;\/strong&gt;, G\u00fcrlich, Stephan, Harry, Ingmar, Jansen, Florian, &lt;strong&gt;Klenke, Reinhard A.&lt;\/strong&gt;, &lt;strong&gt;van Klink, Roel&lt;\/strong&gt;, &lt;strong&gt;Winter, Marten&lt;\/strong&gt;, &lt;strong&gt;Bonn, Aletta&lt;\/strong&gt;\" data-year=\"2025\">\n                                                                            <p><strong>Chowdhury, Shawan<\/strong>, Bowler, Diana E., Boutaud, Est\u00e8ve, Bleich, Ortwin, <strong>Bruelheide, Helge<\/strong>, Buse, J\u00f6rn, <strong>Engel, Thore<\/strong>, Gebert, J\u00f6rg, <strong>Grescho, Volker<\/strong>, G\u00fcrlich, Stephan, Harry, Ingmar, Jansen, Florian, <strong>Klenke, Reinhard A.<\/strong>, <strong>van Klink, Roel<\/strong>, <strong>Winter, Marten<\/strong>, <strong>Bonn, Aletta<\/strong> (2025): Widespread Decline of Ground Beetles in Germany. <em>Diversity and Distributions<\/em><\/p>\n                                                                        <div class=\"links\">\n                                                                                <a href=\"https:\/\/doi.org\/10.1111\/ddi.70112\" target=\"_blank\" aria-label=\"open in new tab\" class=\"pub-doi-link\">10.1111\/ddi.70112<\/a>                                                                                                                                                                                                    <\/div>\n                                <\/div>\n                                                    <\/div>\n                                            <div class=\"year-group\" data-year=\"2024\">\n                            <h4>Publikationen 2024<\/h4>\n                                                            <div class=\"publication-entry\" data-title=\"Regional invasion history and land use shape the prevalence of non-native species in local assemblages\" data-authors=\"Liu, Daijun, Essl, Franz, Lenzner, Bernd, Moser, Dietmar, Semenchuk, Philipp, Blackburn, Tim M., Cassey, Phillip, Biancolini, Dino, Capinha, C\u00e9sar, Dawson, Wayne, Dyer, Ellie E., Gu\u00e9nard, Benoit, Economo, Evan P., Kreft, Holger, Pergl, Jan, Py\u0161ek, Petr, van Kleunen, Mark, Rondinini, Carlo, Seebens, Hanno, Weigelt, Patrick, &lt;strong&gt;Winter, Marten&lt;\/strong&gt;, Purvis, Andy, Dullinger, Stefan\" data-year=\"2024\">\n                                                                            <p>Liu, Daijun, Essl, Franz, Lenzner, Bernd, Moser, Dietmar, Semenchuk, Philipp, Blackburn, Tim M., Cassey, Phillip, Biancolini, Dino, Capinha, C\u00e9sar, Dawson, Wayne, Dyer, Ellie E., Gu\u00e9nard, Benoit, Economo, Evan P., Kreft, Holger, Pergl, Jan, Py\u0161ek, Petr, van Kleunen, Mark, Rondinini, Carlo, Seebens, Hanno, Weigelt, Patrick, <strong>Winter, Marten<\/strong>, Purvis, Andy, Dullinger, Stefan (2024): Regional invasion history and land use shape the prevalence of non-native species in local assemblages. <em>Global Change Biology<\/em><\/p>\n                                                                        <div class=\"links\">\n                                        <span class=\"badge rounded-pill bg-success text-white\">Open Access<\/span>                                        <a href=\"https:\/\/doi.org\/10.1111\/gcb.17426\" target=\"_blank\" aria-label=\"open in new tab\" class=\"pub-doi-link\">10.1111\/gcb.17426<\/a>                                                                                                                                                                                                    <\/div>\n                                <\/div>\n                                                            <div class=\"publication-entry\" data-title=\"Environmental filtering, not dispersal history, explains global patterns of phylogenetic turnover in seed plants at deep evolutionary timescales\" data-authors=\"&lt;strong&gt;Cai, Lirong&lt;\/strong&gt;, Kreft, Holger, Denelle, Pierre, Taylor, Amanda, Craven, Dylan, Dawson, Wayne, Essl, Franz, van Kleunen, Mark, Pergl, Jan, Py\u0161ek, Petr, &lt;strong&gt;Winter, Marten&lt;\/strong&gt;, Cabezas, Francisco J., Wagner, Viktoria, Pelser, Pieter B., Wieringa, Jan J., Weigelt, Patrick\" data-year=\"2024\">\n                                                                            <p><strong>Cai, Lirong<\/strong>, Kreft, Holger, Denelle, Pierre, Taylor, Amanda, Craven, Dylan, Dawson, Wayne, Essl, Franz, van Kleunen, Mark, Pergl, Jan, Py\u0161ek, Petr, <strong>Winter, Marten<\/strong>, Cabezas, Francisco J., Wagner, Viktoria, Pelser, Pieter B., Wieringa, Jan J., Weigelt, Patrick (2024): Environmental filtering, not dispersal history, explains global patterns of phylogenetic turnover in seed plants at deep evolutionary timescales. <em>Nature Ecology &amp; Evolution<\/em><\/p>\n                                                                        <div class=\"links\">\n                                                                                <a href=\"https:\/\/www.doi.org\/10.1038\/s41559-024-02599-y\" target=\"_blank\" aria-label=\"open in new tab\" class=\"pub-doi-link\">10.1038\/s41559-024-02599-y<\/a>                                                                                                                                                                                                    <\/div>\n                                <\/div>\n                                                            <div class=\"publication-entry\" data-title=\"Global indicators of the environmental impacts of invasive alien species and their information adequacy\" data-authors=\"Henriksen, Marie V., &lt;strong&gt;Arl\u00e9, Eduardo&lt;\/strong&gt;, Pili, Arman, Clarke, David A., Garc\u00eda-Berthou, Emili, Groom, Quentin, Lenzner, Bernd, &lt;strong&gt;Meyer, Carsten&lt;\/strong&gt;, Seebens, Hanno, Tingley, Reid, &lt;strong&gt;Winter, Marten&lt;\/strong&gt;, McGeoch, Melodie A.\" data-year=\"2024\">\n                                                                            <p>Henriksen, Marie V., <strong>Arl\u00e9, Eduardo<\/strong>, Pili, Arman, Clarke, David A., Garc\u00eda-Berthou, Emili, Groom, Quentin, Lenzner, Bernd, <strong>Meyer, Carsten<\/strong>, Seebens, Hanno, Tingley, Reid, <strong>Winter, Marten<\/strong>, McGeoch, Melodie A. (2024): Global indicators of the environmental impacts of invasive alien species and their information adequacy. <em>Philosophical Transactions of the Royal Society B: Biological Sciences<\/em><\/p>\n                                                                        <div class=\"links\">\n                                                                                <a href=\"https:\/\/www.doi.org\/10.1098\/rstb.2023.0323\" target=\"_blank\" aria-label=\"open in new tab\" class=\"pub-doi-link\">10.1098\/rstb.2023.0323<\/a>                                                                                                                                                                                                    <\/div>\n                                <\/div>\n                                                    <\/div>\n                                            <div class=\"year-group\" data-year=\"2023\">\n                            <h4>Publikationen 2023<\/h4>\n                                                            <div class=\"publication-entry\" data-title=\"Climatic stability and geological history shape global centers of neo- and paleoendemism in seed plants\" data-authors=\"Cai, Lirong, Kreft, Holger, Taylor, Amanda, Schrader, Julian, Dawson, Wayne, Essl, Franz, van Kleunen, Mark, Pergl, Jan, Py\u0161ek, Petr, &lt;strong&gt;Winter, Marten&lt;\/strong&gt;, Weigelt, Patrick\" data-year=\"2023\">\n                                                                            <p>Cai, Lirong, Kreft, Holger, Taylor, Amanda, Schrader, Julian, Dawson, Wayne, Essl, Franz, van Kleunen, Mark, Pergl, Jan, Py\u0161ek, Petr, <strong>Winter, Marten<\/strong>, Weigelt, Patrick (2023): Climatic stability and geological history shape global centers of neo- and paleoendemism in seed plants. <em>Proceedings of the National Academy of Sciences<\/em><\/p>\n                                                                        <div class=\"links\">\n                                                                                <a href=\"https:\/\/www.doi.org\/10.1073\/pnas.2300981120\" target=\"_blank\" aria-label=\"open in new tab\" class=\"pub-doi-link\">10.1073\/pnas.2300981120<\/a>                                                                                                                                                                                                    <\/div>\n                                <\/div>\n                                                            <div class=\"publication-entry\" data-title=\"Priorities for synthesis research in ecology and environmental science\" data-authors=\"Halpern, Benjamin S., Boettiger, Carl, Dietze, Michael C., Gephart, Jessica A., Gonzalez, Patrick, Grimm, Nancy B., Groffman, Peter M., Gurevitch, Jessica, Hobbie, Sarah E., Komatsu, Kimberly J., Kroeker, Kristy J., Lahr, Heather J., Lodge, David M., Lortie, Christopher J., Lowndes, Julie S. S., Micheli, Fiorenza, Possingham, Hugh P., Ruckelshaus, Mary H., Scarborough, Courtney, Wood, Chelsea L., Wu, Grace C., Aoyama, Lina, Arroyo, Eva E., Bahlai, Christie A., Beller, Erin E., Blake, Rachael E., Bork, Karrigan S., Branch, Trevor A., Brown, Norah E. M., Brun, Julien, Bruna, Emilio M., Buckley, Lauren B., Burnett, Jessica L., Castorani, Max C. N., Cheng, Samantha H., Cohen, Sarah C., Couture, Jessica L., Crowder, Larry B., Dee, Laura E., Dias, Arildo S., Diaz-Maroto, Ignacio J., Downs, Martha R., Dudney, Joan C., Ellis, Erle C., Emery, Kyle A., Eurich, Jacob G., Ferriss, Bridget E., Fredston, Alexa, Furukawa, Hikaru, Gagn\u00e9, Sara A., Garlick, Sarah R., Garroway, Colin J., Gaynor, Kaitlyn M., Gonz\u00e1lez, Ang\u00e9lica L., Grames, Eliza M., Guy-Haim, Tamar, Hackett, Ed, Hallett, Lauren M., Harms, Tamara K., Haulsee, Danielle E., Haynes, Kyle J., Hazen, Elliott L., Jarvis, Rebecca M., Jones, Kristal, Kandlikar, Gaurav S., Kincaid, Dustin W., Knope, Matthew L., Koirala, Anil, Kolasa, Jurek, Kominoski, John S., Koricheva, Julia, Lancaster, Lesley T., Lawlor, Jake A., Lowman, Heili E., Muller-Karger, Frank E., Norman, Kari E. A., Nourn, Nan, O\\&#039;Hara, Casey C., Ou, Suzanne X., Padilla-Gamino, Jacqueline L., Pappalardo, Paula, Peek, Ryan A., Pelletier, Dominique, Plont, Stephen, Ponisio, Lauren C., Portales-Reyes, Cristina, Provete, Diogo B., Raes, Eric J., Ramirez-Reyes, Carlos, Ramos, Irene, Record, Sydne, Richardson, Anthony J., Salguero-G\u00f3mez, Roberto, Satterthwaite, Erin V., Schmidt, Chlo\u00e9, Schwartz, Aaron J., See, Craig R., Shea, Brendan D., Smith, Rachel S., Sokol, Eric R., Solomon, Christopher T., Spanbauer, Trisha, Stefanoudis, Paris V., Sterner, Beckett W., Sudbrack, Vitor, Tonkin, Jonathan D., Townes, Ashley R., Valle, Mireia, Walter, Jonathan A., Wheeler, Kathryn I., Wieder, William R., Williams, David R., &lt;strong&gt;Winter, Marten&lt;\/strong&gt;, Winterova, Barbora, Woodall, Lucy C., Wymore, Adam S., Youngflesh, Casey\" data-year=\"2023\">\n                                                                            <p>Halpern, Benjamin S., Boettiger, Carl, Dietze, Michael C., Gephart, Jessica A., Gonzalez, Patrick, Grimm, Nancy B., Groffman, Peter M., Gurevitch, Jessica, Hobbie, Sarah E., Komatsu, Kimberly J., Kroeker, Kristy J., Lahr, Heather J., Lodge, David M., Lortie, Christopher J., Lowndes, Julie S. S., Micheli, Fiorenza, Possingham, Hugh P., Ruckelshaus, Mary H., Scarborough, Courtney, Wood, Chelsea L., Wu, Grace C., Aoyama, Lina, Arroyo, Eva E., Bahlai, Christie A., Beller, Erin E., Blake, Rachael E., Bork, Karrigan S., Branch, Trevor A., Brown, Norah E. M., Brun, Julien, Bruna, Emilio M., Buckley, Lauren B., Burnett, Jessica L., Castorani, Max C. N., Cheng, Samantha H., Cohen, Sarah C., Couture, Jessica L., Crowder, Larry B., Dee, Laura E., Dias, Arildo S., Diaz-Maroto, Ignacio J., Downs, Martha R., Dudney, Joan C., Ellis, Erle C., Emery, Kyle A., Eurich, Jacob G., Ferriss, Bridget E., Fredston, Alexa, Furukawa, Hikaru, Gagn\u00e9, Sara A., Garlick, Sarah R., Garroway, Colin J., Gaynor, Kaitlyn M., Gonz\u00e1lez, Ang\u00e9lica L., Grames, Eliza M., Guy-Haim, Tamar, Hackett, Ed, Hallett, Lauren M., Harms, Tamara K., Haulsee, Danielle E., Haynes, Kyle J., Hazen, Elliott L., Jarvis, Rebecca M., Jones, Kristal, Kandlikar, Gaurav S., Kincaid, Dustin W., Knope, Matthew L., Koirala, Anil, Kolasa, Jurek, Kominoski, John S., Koricheva, Julia, Lancaster, Lesley T., Lawlor, Jake A., Lowman, Heili E., Muller-Karger, Frank E., Norman, Kari E. A., Nourn, Nan, O\\&#8217;Hara, Casey C., Ou, Suzanne X., Padilla-Gamino, Jacqueline L., Pappalardo, Paula, Peek, Ryan A., Pelletier, Dominique, Plont, Stephen, Ponisio, Lauren C., Portales-Reyes, Cristina, Provete, Diogo B., Raes, Eric J., Ramirez-Reyes, Carlos, Ramos, Irene, Record, Sydne, Richardson, Anthony J., Salguero-G\u00f3mez, Roberto, Satterthwaite, Erin V., Schmidt, Chlo\u00e9, Schwartz, Aaron J., See, Craig R., Shea, Brendan D., Smith, Rachel S., Sokol, Eric R., Solomon, Christopher T., Spanbauer, Trisha, Stefanoudis, Paris V., Sterner, Beckett W., Sudbrack, Vitor, Tonkin, Jonathan D., Townes, Ashley R., Valle, Mireia, Walter, Jonathan A., Wheeler, Kathryn I., Wieder, William R., Williams, David R., <strong>Winter, Marten<\/strong>, Winterova, Barbora, Woodall, Lucy C., Wymore, Adam S., Youngflesh, Casey (2023): Priorities for synthesis research in ecology and environmental science. <em>Ecosphere<\/em><\/p>\n                                                                        <div class=\"links\">\n                                                                                <a href=\"https:\/\/doi.org\/10.1002\/ecs2.4342\" target=\"_blank\" aria-label=\"open in new tab\" class=\"pub-doi-link\">10.1002\/ecs2.4342<\/a>                                                                                                                                                                                                    <\/div>\n                                <\/div>\n                                                            <div class=\"publication-entry\" data-title=\"The impact of land use on non-native species incidence and number in local assemblages worldwide\" data-authors=\"Liu, Daijun, Semenchuk, Philipp, Essl, Franz, Lenzner, Bernd, Moser, Dietmar, Blackburn, Tim M., Cassey, Phillip, Biancolini, Dino, Capinha, C\u00e9sar, Dawson, Wayne, Dyer, Ellie E., Gu\u00e9nard, Benoit, Economo, Evan P., Kreft, Holger, Pergl, Jan, Py\u0161ek, Petr, van Kleunen, Mark, Nentwig, Wolfgang, Rondinini, Carlo, Seebens, Hanno, Weigelt, Patrick, &lt;strong&gt;Winter, Marten&lt;\/strong&gt;, Purvis, Andy, Dullinger, Stefan\" data-year=\"2023\">\n                                                                            <p>Liu, Daijun, Semenchuk, Philipp, Essl, Franz, Lenzner, Bernd, Moser, Dietmar, Blackburn, Tim M., Cassey, Phillip, Biancolini, Dino, Capinha, C\u00e9sar, Dawson, Wayne, Dyer, Ellie E., Gu\u00e9nard, Benoit, Economo, Evan P., Kreft, Holger, Pergl, Jan, Py\u0161ek, Petr, van Kleunen, Mark, Nentwig, Wolfgang, Rondinini, Carlo, Seebens, Hanno, Weigelt, Patrick, <strong>Winter, Marten<\/strong>, Purvis, Andy, Dullinger, Stefan (2023): The impact of land use on non-native species incidence and number in local assemblages worldwide. <em>Nature Communications<\/em><\/p>\n                                                                        <div class=\"links\">\n                                                                                <a href=\"https:\/\/www.doi.org\/10.1038\/s41467-023-37571-0\" target=\"_blank\" aria-label=\"open in new tab\" class=\"pub-doi-link\">10.1038\/s41467-023-37571-0<\/a>                                                                                                                                                                                                    <\/div>\n                                <\/div>\n                                                            <div class=\"publication-entry\" data-title=\"Invasion trends: An interpretable measure of change is needed to support policy targets\" data-authors=\"McGeoch, Melodie A., Buba, Yehezkel, &lt;strong&gt;Arl\u00e9, Eduardo&lt;\/strong&gt;, Belmaker, Jonathan, Clarke, David A., Jetz, Walter, Li, Richard, Seebens, Hanno, Essl, Franz, Groom, Quentin, Garc\u00eda-Berthou, Emili, Lenzner, Bernd, &lt;strong&gt;Meyer, Carsten&lt;\/strong&gt;, Vicente, Joana R., Wilson, John R. U., &lt;strong&gt;Winter, Marten&lt;\/strong&gt;\" data-year=\"2023\">\n                                                                            <p>McGeoch, Melodie A., Buba, Yehezkel, <strong>Arl\u00e9, Eduardo<\/strong>, Belmaker, Jonathan, Clarke, David A., Jetz, Walter, Li, Richard, Seebens, Hanno, Essl, Franz, Groom, Quentin, Garc\u00eda-Berthou, Emili, Lenzner, Bernd, <strong>Meyer, Carsten<\/strong>, Vicente, Joana R., Wilson, John R. U., <strong>Winter, Marten<\/strong> (2023): Invasion trends: An interpretable measure of change is needed to support policy targets. <em>Conservation Letters<\/em><\/p>\n                                                                        <div class=\"links\">\n                                                                                <a href=\"https:\/\/doi.org\/10.1111\/conl.12981\" target=\"_blank\" aria-label=\"open in new tab\" class=\"pub-doi-link\">10.1111\/conl.12981<\/a>                                                                                                                                                                                                    <\/div>\n                                <\/div>\n                                                            <div class=\"publication-entry\" data-title=\"Small genome size and variation in ploidy levels support the naturalization of vascular plants but constrain their invasive spread\" data-authors=\"Py\u0161ek, Petr, Lu\u010danov\u00e1, Magdalena, Dawson, Wayne, Essl, Franz, Kreft, Holger, Leitch, Ilia J., Lenzner, Bernd, Meyerson, Laura A., Pergl, Jan, van Kleunen, Mark, Weigelt, Patrick, &lt;strong&gt;Winter, Marten&lt;\/strong&gt;, Guo, Wen-Yong\" data-year=\"2023\">\n                                                                            <p>Py\u0161ek, Petr, Lu\u010danov\u00e1, Magdalena, Dawson, Wayne, Essl, Franz, Kreft, Holger, Leitch, Ilia J., Lenzner, Bernd, Meyerson, Laura A., Pergl, Jan, van Kleunen, Mark, Weigelt, Patrick, <strong>Winter, Marten<\/strong>, Guo, Wen-Yong (2023): Small genome size and variation in ploidy levels support the naturalization of vascular plants but constrain their invasive spread. <em>New Phytologist<\/em><\/p>\n                                                                        <div class=\"links\">\n                                                                                <a href=\"https:\/\/doi.org\/10.1111\/nph.19135\" target=\"_blank\" aria-label=\"open in new tab\" class=\"pub-doi-link\">10.1111\/nph.19135<\/a>                                                                                                                                                                                                    <\/div>\n                                <\/div>\n                                                            <div class=\"publication-entry\" data-title=\"The big four of plant taxonomy \u2013 a comparison of global checklists of vascular plant names\" data-authors=\"&lt;strong&gt;Schellenberger Costa, David&lt;\/strong&gt;, Boehnisch, Gerhard, Freiberg, Martin, Govaerts, Rafa\u00ebl, &lt;strong&gt;Greni\u00e9, Matthias&lt;\/strong&gt;, Hassler, Michael, Kattge, Jens, &lt;strong&gt;Muellner-Riehl, Alexandra N.&lt;\/strong&gt;, Rojas Andr\u00e9s, Blanca M., &lt;strong&gt;Winter, Marten&lt;\/strong&gt;, Watson, Mark, &lt;strong&gt;Zizka, Alexander&lt;\/strong&gt;, &lt;strong&gt;Wirth, Christian&lt;\/strong&gt;\" data-year=\"2023\">\n                                                                            <p><strong>Schellenberger Costa, David<\/strong>, Boehnisch, Gerhard, Freiberg, Martin, Govaerts, Rafa\u00ebl, <strong>Greni\u00e9, Matthias<\/strong>, Hassler, Michael, Kattge, Jens, <strong>Muellner-Riehl, Alexandra N.<\/strong>, Rojas Andr\u00e9s, Blanca M., <strong>Winter, Marten<\/strong>, Watson, Mark, <strong>Zizka, Alexander<\/strong>, <strong>Wirth, Christian<\/strong> (2023): The big four of plant taxonomy \u2013 a comparison of global checklists of vascular plant names. <em>New Phytologist<\/em><\/p>\n                                                                        <div class=\"links\">\n                                                                                <a href=\"https:\/\/doi.org\/10.1111\/nph.18961\" target=\"_blank\" aria-label=\"open in new tab\" class=\"pub-doi-link\">10.1111\/nph.18961<\/a>                                                                                                                                                                                                    <\/div>\n                                <\/div>\n                                                            <div class=\"publication-entry\" data-title=\"Biogeography and global flows of 100 major alien fungal and fungus-like oomycete pathogens\" data-authors=\"Schertler, Anna, Lenzner, Bernd, Dullinger, Stefan, Moser, Dietmar, Bufford, Jennifer L., Ghelardini, Luisa, Santini, Alberto, Capinha, C\u00e9sar, Monteiro, Miguel, Reino, Lu\u00eds, Wingfield, Michael J., Seebens, Hanno, Thines, Marco, Dawson, Wayne, van Kleunen, Mark, Kreft, Holger, Pergl, Jan, Py\u0161ek, Petr, Weigelt, Patrick, &lt;strong&gt;Winter, Marten&lt;\/strong&gt;, Essl, Franz\" data-year=\"2023\">\n                                                                            <p>Schertler, Anna, Lenzner, Bernd, Dullinger, Stefan, Moser, Dietmar, Bufford, Jennifer L., Ghelardini, Luisa, Santini, Alberto, Capinha, C\u00e9sar, Monteiro, Miguel, Reino, Lu\u00eds, Wingfield, Michael J., Seebens, Hanno, Thines, Marco, Dawson, Wayne, van Kleunen, Mark, Kreft, Holger, Pergl, Jan, Py\u0161ek, Petr, Weigelt, Patrick, <strong>Winter, Marten<\/strong>, Essl, Franz (2023): Biogeography and global flows of 100 major alien fungal and fungus-like oomycete pathogens. <em>Journal of Biogeography<\/em><\/p>\n                                                                        <div class=\"links\">\n                                                                                <a href=\"https:\/\/doi.org\/10.1111\/jbi.14755\" target=\"_blank\" aria-label=\"open in new tab\" class=\"pub-doi-link\">10.1111\/jbi.14755<\/a>                                                                                                                                                                                                    <\/div>\n                                <\/div>\n                                                            <div class=\"publication-entry\" data-title=\"The poleward naturalization of intracontinental alien plants\" data-authors=\"Zhang, Zhijie, &lt;strong&gt;Yang, Qiang&lt;\/strong&gt;, Fristoe, Trevor S., Dawson, Wayne, Essl, Franz, Kreft, Holger, Lenzner, Bernd, Pergl, Jan, Py\u0161ek, Petr, Weigelt, Patrick, &lt;strong&gt;Winter, Marten&lt;\/strong&gt;, Fuentes, Nicol, Kartesz, John T., Nishino, Misako, van Kleunen, Mark\" data-year=\"2023\">\n                                                                            <p>Zhang, Zhijie, <strong>Yang, Qiang<\/strong>, Fristoe, Trevor S., Dawson, Wayne, Essl, Franz, Kreft, Holger, Lenzner, Bernd, Pergl, Jan, Py\u0161ek, Petr, Weigelt, Patrick, <strong>Winter, Marten<\/strong>, Fuentes, Nicol, Kartesz, John T., Nishino, Misako, van Kleunen, Mark (2023): The poleward naturalization of intracontinental alien plants. <em>Science Advances<\/em><\/p>\n                                                                        <div class=\"links\">\n                                                                                <a href=\"https:\/\/www.doi.org\/10.1126\/sciadv.adi1897\" target=\"_blank\" aria-label=\"open in new tab\" class=\"pub-doi-link\">10.1126\/sciadv.adi1897<\/a>                                                                                                                                                                                                    <\/div>\n                                <\/div>\n                                                    <\/div>\n                                            <div class=\"year-group\" data-year=\"2022\">\n                            <h4>Publikationen 2022<\/h4>\n                                                            <div class=\"publication-entry\" data-title=\"Phylogenetic composition of native island floras influences naturalized alien species richness\" data-authors=\"Bach, Wilhelmine, Kreft, Holger, Craven, Dylan, K\u00f6nig, Christian, Schrader, Julian, Taylor, Amanda, Dawson, Wayne, Essl, Franz, Lenzner, Bernd, Marx, Hannah E., &lt;strong&gt;Meyer, Carsten&lt;\/strong&gt;, Pergl, Jan, Py\u0161ek, Petr, van Kleunen, Mark, &lt;strong&gt;Winter, Marten&lt;\/strong&gt;, Weigelt, Patrick\" data-year=\"2022\">\n                                                                            <p>Bach, Wilhelmine, Kreft, Holger, Craven, Dylan, K\u00f6nig, Christian, Schrader, Julian, Taylor, Amanda, Dawson, Wayne, Essl, Franz, Lenzner, Bernd, Marx, Hannah E., <strong>Meyer, Carsten<\/strong>, Pergl, Jan, Py\u0161ek, Petr, van Kleunen, Mark, <strong>Winter, Marten<\/strong>, Weigelt, Patrick (2022): Phylogenetic composition of native island floras influences naturalized alien species richness. <em>Ecography<\/em><\/p>\n                                                                        <div class=\"links\">\n                                                                                <a href=\"https:\/\/doi.org\/10.1111\/ecog.06227\" target=\"_blank\" aria-label=\"open in new tab\" class=\"pub-doi-link\">10.1111\/ecog.06227<\/a>                                                                                                                                                                                                    <\/div>\n                                <\/div>\n                                                            <div class=\"publication-entry\" data-title=\"Temporal trends in the spatial bias of species occurrence records\" data-authors=\"&lt;strong&gt;Bowler, Diana E.&lt;\/strong&gt;, &lt;strong&gt;Callaghan, Corey T.&lt;\/strong&gt;, &lt;strong&gt;Bhandari, Netra&lt;\/strong&gt;, Henle, Klaus, Benjamin Barth, M., Koppitz, Christian, &lt;strong&gt;Klenke, Reinhard&lt;\/strong&gt;, &lt;strong&gt;Winter, Marten&lt;\/strong&gt;, Jansen, Florian, &lt;strong&gt;Bruelheide, Helge&lt;\/strong&gt;, &lt;strong&gt;Bonn, Aletta&lt;\/strong&gt;\" data-year=\"2022\">\n                                                                            <p><strong>Bowler, Diana E.<\/strong>, <strong>Callaghan, Corey T.<\/strong>, <strong>Bhandari, Netra<\/strong>, Henle, Klaus, Benjamin Barth, M., Koppitz, Christian, <strong>Klenke, Reinhard<\/strong>, <strong>Winter, Marten<\/strong>, Jansen, Florian, <strong>Bruelheide, Helge<\/strong>, <strong>Bonn, Aletta<\/strong> (2022): Temporal trends in the spatial bias of species occurrence records. <em>Ecography<\/em><\/p>\n                                                                        <div class=\"links\">\n                                                                                <a href=\"https:\/\/doi.org\/10.1111\/ecog.06219\" target=\"_blank\" aria-label=\"open in new tab\" class=\"pub-doi-link\">10.1111\/ecog.06219<\/a>                                                                                                                                                                                                    <\/div>\n                                <\/div>\n                                                            <div class=\"publication-entry\" data-title=\"Global models and predictions of plant diversity based on advanced machine learning techniques\" data-authors=\"Cai, Lirong, Kreft, Holger, Taylor, Amanda, Denelle, Pierre, Schrader, Julian, Essl, Franz, van Kleunen, Mark, Pergl, Jan, Py\u0161ek, Petr, Stein, Anke, &lt;strong&gt;Winter, Marten&lt;\/strong&gt;, Barcelona, Julie F., Fuentes, Nicol, Inderjit, Karger, Dirk Nikolaus, Kartesz, John, Kuprijanov, Andreij, Nishino, Misako, Nickrent, Daniel, Nowak, Arkadiusz, Patzelt, Annette, Pelser, Pieter B., Singh, Paramjit, Wieringa, Jan J., Weigelt, Patrick\" data-year=\"2022\">\n                                                                            <p>Cai, Lirong, Kreft, Holger, Taylor, Amanda, Denelle, Pierre, Schrader, Julian, Essl, Franz, van Kleunen, Mark, Pergl, Jan, Py\u0161ek, Petr, Stein, Anke, <strong>Winter, Marten<\/strong>, Barcelona, Julie F., Fuentes, Nicol, Inderjit, Karger, Dirk Nikolaus, Kartesz, John, Kuprijanov, Andreij, Nishino, Misako, Nickrent, Daniel, Nowak, Arkadiusz, Patzelt, Annette, Pelser, Pieter B., Singh, Paramjit, Wieringa, Jan J., Weigelt, Patrick (2022): Global models and predictions of plant diversity based on advanced machine learning techniques. <em>New Phytologist<\/em><\/p>\n                                                                        <div class=\"links\">\n                                                                                <a href=\"https:\/\/doi.org\/10.1111\/nph.18533\" target=\"_blank\" aria-label=\"open in new tab\" class=\"pub-doi-link\">10.1111\/nph.18533<\/a>                                                                                                                                                                                                    <\/div>\n                                <\/div>\n                                                            <div class=\"publication-entry\" data-title=\"Effectiveness of protected areas influenced by socio-economic context\" data-authors=\"&lt;strong&gt;Gatiso, Tsegaye T.&lt;\/strong&gt;, &lt;strong&gt;Kulik, Lars&lt;\/strong&gt;, Bachmann, Mona, &lt;strong&gt;Bonn, Aletta&lt;\/strong&gt;, B\u00f6sch, Lukas, Eirdosh, Dustin, Freytag, Andreas, Hanisch, Susan, Heurich, Marco, &lt;strong&gt;Sop, Tenekwetche&lt;\/strong&gt;, Wesche, Karsten, &lt;strong&gt;Winter, Marten&lt;\/strong&gt;, &lt;strong&gt;K\u00fchl, Hjalmar S.&lt;\/strong&gt;\" data-year=\"2022\">\n                                                                            <p><strong>Gatiso, Tsegaye T.<\/strong>, <strong>Kulik, Lars<\/strong>, Bachmann, Mona, <strong>Bonn, Aletta<\/strong>, B\u00f6sch, Lukas, Eirdosh, Dustin, Freytag, Andreas, Hanisch, Susan, Heurich, Marco, <strong>Sop, Tenekwetche<\/strong>, Wesche, Karsten, <strong>Winter, Marten<\/strong>, <strong>K\u00fchl, Hjalmar S.<\/strong> (2022): Effectiveness of protected areas influenced by socio-economic context. <em>Nature Sustainability<\/em><\/p>\n                                                                        <div class=\"links\">\n                                                                                <a href=\"https:\/\/www.doi.org\/10.1038\/s41893-022-00932-6\" target=\"_blank\" aria-label=\"open in new tab\" class=\"pub-doi-link\">10.1038\/s41893-022-00932-6<\/a>                                                                                                                                                                                                    <\/div>\n                                <\/div>\n                                                            <div class=\"publication-entry\" data-title=\"Sustainable protected areas: Synergies between biodiversity conservation and socioeconomic development\" data-authors=\"&lt;strong&gt;Gatiso, Tsegaye T.&lt;\/strong&gt;, Kulik, Lars, Bachmann, Mona, &lt;strong&gt;Bonn, Aletta&lt;\/strong&gt;, B\u00f6sch, Lukas, Freytag, Andreas, Heurich, Marco, &lt;strong&gt;Wesche, Karsten&lt;\/strong&gt;, &lt;strong&gt;Winter, Marten&lt;\/strong&gt;, Ordaz-N\u00e9meth, Isabel, &lt;strong&gt;Sop, Tenekwetche&lt;\/strong&gt;, &lt;strong&gt;K\u00fchl, Hjalmar S.&lt;\/strong&gt;\" data-year=\"2022\">\n                                                                            <p><strong>Gatiso, Tsegaye T.<\/strong>, Kulik, Lars, Bachmann, Mona, <strong>Bonn, Aletta<\/strong>, B\u00f6sch, Lukas, Freytag, Andreas, Heurich, Marco, <strong>Wesche, Karsten<\/strong>, <strong>Winter, Marten<\/strong>, Ordaz-N\u00e9meth, Isabel, <strong>Sop, Tenekwetche<\/strong>, <strong>K\u00fchl, Hjalmar S.<\/strong> (2022): Sustainable protected areas: Synergies between biodiversity conservation and socioeconomic development. <em>People and Nature<\/em><\/p>\n                                                                        <div class=\"links\">\n                                                                                <a href=\"https:\/\/doi.org\/10.1002\/pan3.10326\" target=\"_blank\" aria-label=\"open in new tab\" class=\"pub-doi-link\">10.1002\/pan3.10326<\/a>                                                                                                                                                                                                    <\/div>\n                                <\/div>\n                                                            <div class=\"publication-entry\" data-title=\"Harmonizing taxon names in biodiversity data: A review of tools, databases and best practices\" data-authors=\"&lt;strong&gt;Greni\u00e9, Matthias&lt;\/strong&gt;, &lt;strong&gt;Berti, Emilio&lt;\/strong&gt;, &lt;strong&gt;Carvajal-Quintero, Juan&lt;\/strong&gt;, &lt;strong&gt;D\u00e4dlow, Gala Mona Louise&lt;\/strong&gt;, &lt;strong&gt;Sagouis, Alban&lt;\/strong&gt;, &lt;strong&gt;Winter, Marten&lt;\/strong&gt;\" data-year=\"2022\">\n                                                                            <p><strong>Greni\u00e9, Matthias<\/strong>, <strong>Berti, Emilio<\/strong>, <strong>Carvajal-Quintero, Juan<\/strong>, <strong>D\u00e4dlow, Gala Mona Louise<\/strong>, <strong>Sagouis, Alban<\/strong>, <strong>Winter, Marten<\/strong> (2022): Harmonizing taxon names in biodiversity data: A review of tools, databases and best practices. <em>Methods in Ecology and Evolution<\/em><\/p>\n                                                                        <div class=\"links\">\n                                                                                <a href=\"https:\/\/doi.org\/10.1111\/2041-210X.13802\" target=\"_blank\" aria-label=\"open in new tab\" class=\"pub-doi-link\">10.1111\/2041-210X.13802<\/a>                                                                                                                                                                                                    <\/div>\n                                <\/div>\n                                                            <div class=\"publication-entry\" data-title=\"Naturalized alien floras still carry the legacy of European colonialism\" data-authors=\"Lenzner, Bernd, Latombe, Guillaume, Schertler, Anna, Seebens, Hanno, Yang, Qiang, &lt;strong&gt;Winter, Marten&lt;\/strong&gt;, Weigelt, Patrick, van Kleunen, Mark, Py\u0161ek, Petr, Pergl, Jan, Kreft, Holger, Dawson, Wayne, Dullinger, Stefan, Essl, Franz\" data-year=\"2022\">\n                                                                            <p>Lenzner, Bernd, Latombe, Guillaume, Schertler, Anna, Seebens, Hanno, Yang, Qiang, <strong>Winter, Marten<\/strong>, Weigelt, Patrick, van Kleunen, Mark, Py\u0161ek, Petr, Pergl, Jan, Kreft, Holger, Dawson, Wayne, Dullinger, Stefan, Essl, Franz (2022): Naturalized alien floras still carry the legacy of European colonialism. <em>Nature Ecology &amp; Evolution<\/em><\/p>\n                                                                        <div class=\"links\">\n                                                                                <a href=\"https:\/\/www.doi.org\/10.1038\/s41559-022-01865-1\" target=\"_blank\" aria-label=\"open in new tab\" class=\"pub-doi-link\">10.1038\/s41559-022-01865-1<\/a>                                                                                                                                                                                                    <\/div>\n                                <\/div>\n                                                            <div class=\"publication-entry\" data-title=\"Prioritizing phylogenetic diversity to protect functional diversity of reef corals\" data-authors=\"Ng, Linus W. K., Chisholm, Chelsea, Carrasco, Luis Roman, Darling, Emily S., Guilhaumon, Fran\u00e7ois, Mooers, Arne \u00d8., Tucker, Caroline M., &lt;strong&gt;Winter, Marten&lt;\/strong&gt;, Huang, Danwei\" data-year=\"2022\">\n                                                                            <p>Ng, Linus W. K., Chisholm, Chelsea, Carrasco, Luis Roman, Darling, Emily S., Guilhaumon, Fran\u00e7ois, Mooers, Arne \u00d8., Tucker, Caroline M., <strong>Winter, Marten<\/strong>, Huang, Danwei (2022): Prioritizing phylogenetic diversity to protect functional diversity of reef corals. <em>Diversity and Distributions<\/em><\/p>\n                                                                        <div class=\"links\">\n                                                                                <a href=\"https:\/\/doi.org\/10.1111\/ddi.13526\" target=\"_blank\" aria-label=\"open in new tab\" class=\"pub-doi-link\">10.1111\/ddi.13526<\/a>                                                                                                                                                                                                    <\/div>\n                                <\/div>\n                                                            <div class=\"publication-entry\" data-title=\"Existing indicators do not adequately monitor progress toward meeting invasive alien species targets\" data-authors=\"Vicente, Joana R., Vaz, A. Sofia, Roige, Mariona, &lt;strong&gt;Winter, Marten&lt;\/strong&gt;, Lenzner, Bernd, Clarke, David A., McGeoch, Melodie A.\" data-year=\"2022\">\n                                                                            <p>Vicente, Joana R., Vaz, A. Sofia, Roige, Mariona, <strong>Winter, Marten<\/strong>, Lenzner, Bernd, Clarke, David A., McGeoch, Melodie A. (2022): Existing indicators do not adequately monitor progress toward meeting invasive alien species targets. <em>Conservation Letters<\/em><\/p>\n                                                                        <div class=\"links\">\n                                                                                <a href=\"https:\/\/doi.org\/10.1111\/conl.12918\" target=\"_blank\" aria-label=\"open in new tab\" class=\"pub-doi-link\">10.1111\/conl.12918<\/a>                                                                                                                                                                                                    <\/div>\n                                <\/div>\n                                                            <div class=\"publication-entry\" data-title=\"Introducing the combined atlas framework for large-scale web-based data visualization: The GloNAF atlas of plant invasion\" data-authors=\"Hancock, Sebastian C., Essl, Franz, Kraak, Menno-Jan, Dawson, Wayne, Kreft, Holger, Py\u0161ek, Petr, Pergl, Jan, van Kleunen, Mark, Weigelt, Patrick, &lt;strong&gt;Winter, Marten&lt;\/strong&gt;, Gartner, Georg, Lenzner, Bernd\" data-year=\"2022\">\n                                                                            <p>Hancock, Sebastian C., Essl, Franz, Kraak, Menno-Jan, Dawson, Wayne, Kreft, Holger, Py\u0161ek, Petr, Pergl, Jan, van Kleunen, Mark, Weigelt, Patrick, <strong>Winter, Marten<\/strong>, Gartner, Georg, Lenzner, Bernd (2022): Introducing the combined atlas framework for large-scale web-based data visualization: The GloNAF atlas of plant invasion. <em>Methods in Ecology and Evolution<\/em><\/p>\n                                                                        <div class=\"links\">\n                                                                                <a href=\"https:\/\/doi.org\/10.1111\/2041-210X.13820\" target=\"_blank\" aria-label=\"open in new tab\" class=\"pub-doi-link\">10.1111\/2041-210X.13820<\/a>                                                                                                                                                                                                    <\/div>\n                                <\/div>\n                                                    <\/div>\n                                            <div class=\"year-group\" data-year=\"2021\">\n                            <h4>Publikationen 2021<\/h4>\n                                                            <div class=\"publication-entry\" data-title=\"bRacatus: A method to estimate the accuracy and biogeographical status of georeferenced biological data\" data-authors=\"&lt;strong&gt;Arl\u00e9, Eduardo&lt;\/strong&gt;, &lt;strong&gt;Zizka, Alexander&lt;\/strong&gt;, &lt;strong&gt;Keil, Petr&lt;\/strong&gt;, &lt;strong&gt;Winter, Marten&lt;\/strong&gt;, Essl, Franz, &lt;strong&gt;Knight, Tiffany Marie&lt;\/strong&gt;, Weigelt, Patrick, &lt;strong&gt;Jim\u00e9nez-Mu\u00f1oz, Marina&lt;\/strong&gt;, &lt;strong&gt;Meyer, Carsten&lt;\/strong&gt;\" data-year=\"2021\">\n                                                                            <p><strong>Arl\u00e9, Eduardo<\/strong>, <strong>Zizka, Alexander<\/strong>, <strong>Keil, Petr<\/strong>, <strong>Winter, Marten<\/strong>, Essl, Franz, <strong>Knight, Tiffany Marie<\/strong>, Weigelt, Patrick, <strong>Jim\u00e9nez-Mu\u00f1oz, Marina<\/strong>, <strong>Meyer, Carsten<\/strong> (2021): bRacatus: A method to estimate the accuracy and biogeographical status of georeferenced biological data. <em>Methods in Ecology and Evolution<\/em><\/p>\n                                                                        <div class=\"links\">\n                                                                                <a href=\"https:\/\/doi.org\/10.1111\/2041-210X.13629\" target=\"_blank\" aria-label=\"open in new tab\" class=\"pub-doi-link\">10.1111\/2041-210X.13629<\/a>                                                                                                                                                                                                    <\/div>\n                                <\/div>\n                                                            <div class=\"publication-entry\" data-title=\"Mycorrhizal types influence island biogeography of plants\" data-authors=\"Delavaux, Camille S., Weigelt, Patrick, Dawson, Wayne, Essl, Franz, van Kleunen, Mark, K\u00f6nig, Christian, Pergl, Jan, Py\u0161ek, Petr, Stein, Anke, &lt;strong&gt;Winter, Marten&lt;\/strong&gt;, Taylor, Amanda, Schultz, Peggy A., Whittaker, Robert J., Kreft, Holger, Bever, James D.\" data-year=\"2021\">\n                                                                            <p>Delavaux, Camille S., Weigelt, Patrick, Dawson, Wayne, Essl, Franz, van Kleunen, Mark, K\u00f6nig, Christian, Pergl, Jan, Py\u0161ek, Petr, Stein, Anke, <strong>Winter, Marten<\/strong>, Taylor, Amanda, Schultz, Peggy A., Whittaker, Robert J., Kreft, Holger, Bever, James D. (2021): Mycorrhizal types influence island biogeography of plants. <em>Communications Biology<\/em><\/p>\n                                                                        <div class=\"links\">\n                                                                                <a href=\"https:\/\/www.doi.org\/10.1038\/s42003-021-02649-2\" target=\"_blank\" aria-label=\"open in new tab\" class=\"pub-doi-link\">10.1038\/s42003-021-02649-2<\/a>                                                                                                                                                                                                    <\/div>\n                                <\/div>\n                                                            <div class=\"publication-entry\" data-title=\"A New and Improved Online Catalogue of all Extant Vascular Plant Names Available\" data-authors=\"&lt;strong&gt;Freiberg, Martin&lt;\/strong&gt;, &lt;strong&gt;Winter, Marten&lt;\/strong&gt;, &lt;strong&gt;Gentile, Alessandro&lt;\/strong&gt;, &lt;strong&gt;Zizka, Alexander&lt;\/strong&gt;, &lt;strong&gt;Muellner-Riehl, Alexandra Nora&lt;\/strong&gt;, &lt;strong&gt;Weigelt, Alexandra&lt;\/strong&gt;, &lt;strong&gt;Wirth, Christian&lt;\/strong&gt;\" data-year=\"2021\">\n                                                                            <p><strong>Freiberg, Martin<\/strong>, <strong>Winter, Marten<\/strong>, <strong>Gentile, Alessandro<\/strong>, <strong>Zizka, Alexander<\/strong>, <strong>Muellner-Riehl, Alexandra Nora<\/strong>, <strong>Weigelt, Alexandra<\/strong>, <strong>Wirth, Christian<\/strong> (2021): A New and Improved Online Catalogue of all Extant Vascular Plant Names Available. <em>Taxon<\/em><\/p>\n                                                                        <div class=\"links\">\n                                                                                <a href=\"https:\/\/doi.org\/10.1002\/tax.12441\" target=\"_blank\" aria-label=\"open in new tab\" class=\"pub-doi-link\">10.1002\/tax.12441<\/a>                                                                                                                                                                                                    <\/div>\n                                <\/div>\n                                                            <div class=\"publication-entry\" data-title=\"Persistent soil seed banks promote naturalisation and invasiveness in flowering plants\" data-authors=\"Gioria, Margherita, Carta, Angelino, Baskin, Carol C., Dawson, Wayne, Essl, Franz, Kreft, Holger, Pergl, Jan, van Kleunen, Mark, Weigelt, Patrick, &lt;strong&gt;Winter, Marten&lt;\/strong&gt;, Py\u0161ek, Petr\" data-year=\"2021\">\n                                                                            <p>Gioria, Margherita, Carta, Angelino, Baskin, Carol C., Dawson, Wayne, Essl, Franz, Kreft, Holger, Pergl, Jan, van Kleunen, Mark, Weigelt, Patrick, <strong>Winter, Marten<\/strong>, Py\u0161ek, Petr (2021): Persistent soil seed banks promote naturalisation and invasiveness in flowering plants. <em>Ecology Letters<\/em><\/p>\n                                                                        <div class=\"links\">\n                                                                                <a href=\"https:\/\/doi.org\/10.1111\/ele.13783\" target=\"_blank\" aria-label=\"open in new tab\" class=\"pub-doi-link\">10.1111\/ele.13783<\/a>                                                                                                                                                                                                    <\/div>\n                                <\/div>\n                                                            <div class=\"publication-entry\" data-title=\"Phylogenetic structure of alien plant species pools from European donor habitats\" data-authors=\"Kalusov\u00e1, Veronika, Padull\u00e9s Cubino, Josep, Fristoe, Trevor S., Chytr\u00fd, Milan, van Kleunen, Mark, Dawson, Wayne, Essl, Franz, Kreft, Holger, Mucina, Ladislav, Pergl, Jan, Py\u0161ek, Petr, Weigelt, Patrick, &lt;strong&gt;Winter, Marten&lt;\/strong&gt;, Lososov\u00e1, Zde\u0148ka\" data-year=\"2021\">\n                                                                            <p>Kalusov\u00e1, Veronika, Padull\u00e9s Cubino, Josep, Fristoe, Trevor S., Chytr\u00fd, Milan, van Kleunen, Mark, Dawson, Wayne, Essl, Franz, Kreft, Holger, Mucina, Ladislav, Pergl, Jan, Py\u0161ek, Petr, Weigelt, Patrick, <strong>Winter, Marten<\/strong>, Lososov\u00e1, Zde\u0148ka (2021): Phylogenetic structure of alien plant species pools from European donor habitats. <em>Global Ecology and Biogeography<\/em><\/p>\n                                                                        <div class=\"links\">\n                                                                                <a href=\"https:\/\/doi.org\/10.1111\/geb.13387\" target=\"_blank\" aria-label=\"open in new tab\" class=\"pub-doi-link\">10.1111\/geb.13387<\/a>                                                                                                                                                                                                    <\/div>\n                                <\/div>\n                                                            <div class=\"publication-entry\" data-title=\"Environmental and socioeconomic correlates of extinction risk in endemic species\" data-authors=\"Pouteau, Robin, Brunel, Caroline, Dawson, Wayne, Essl, Franz, Kreft, Holger, Lenzner, Bernd, &lt;strong&gt;Meyer, Carsten&lt;\/strong&gt;, Pergl, Jan, Py\u0161ek, Petr, Seebens, Hanno, Weigelt, Patrick, &lt;strong&gt;Winter, Marten&lt;\/strong&gt;, van Kleunen, Mark\" data-year=\"2021\">\n                                                                            <p>Pouteau, Robin, Brunel, Caroline, Dawson, Wayne, Essl, Franz, Kreft, Holger, Lenzner, Bernd, <strong>Meyer, Carsten<\/strong>, Pergl, Jan, Py\u0161ek, Petr, Seebens, Hanno, Weigelt, Patrick, <strong>Winter, Marten<\/strong>, van Kleunen, Mark (2021): Environmental and socioeconomic correlates of extinction risk in endemic species. <em>Diversity and Distributions<\/em><\/p>\n                                                                        <div class=\"links\">\n                                                                                <a href=\"https:\/\/doi.org\/10.1111\/ddi.13438\" target=\"_blank\" aria-label=\"open in new tab\" class=\"pub-doi-link\">10.1111\/ddi.13438<\/a>                                                                                                                                                                                                    <\/div>\n                                <\/div>\n                                                            <div class=\"publication-entry\" data-title=\"Disturbed habitats locally reduce the signal of deep evolutionary history in functional traits of plants\" data-authors=\"Prinzing, Andreas, Pavoine, Sandrine, Jactel, Herv\u00e9, Hortal, Joaquin, Hennekens, Stephan M., Ozinga, Wim A., Bartish, Igor V., Helmus, Matthew R., &lt;strong&gt;K\u00fchn, Ingolf&lt;\/strong&gt;, Moen, Daniel S., Weiher, Evan, Br\u00e4ndle, Martin, &lt;strong&gt;Winter, Marten&lt;\/strong&gt;, Violle, Cyrille, Venail, Patrick, &lt;strong&gt;Purschke, Oliver&lt;\/strong&gt;, Yguel, Benjamin\" data-year=\"2021\">\n                                                                            <p>Prinzing, Andreas, Pavoine, Sandrine, Jactel, Herv\u00e9, Hortal, Joaquin, Hennekens, Stephan M., Ozinga, Wim A., Bartish, Igor V., Helmus, Matthew R., <strong>K\u00fchn, Ingolf<\/strong>, Moen, Daniel S., Weiher, Evan, Br\u00e4ndle, Martin, <strong>Winter, Marten<\/strong>, Violle, Cyrille, Venail, Patrick, <strong>Purschke, Oliver<\/strong>, Yguel, Benjamin (2021): Disturbed habitats locally reduce the signal of deep evolutionary history in functional traits of plants. <em>New Phytologist<\/em><\/p>\n                                                                        <div class=\"links\">\n                                                                                <a href=\"https:\/\/doi.org\/10.1111\/nph.17705\" target=\"_blank\" aria-label=\"open in new tab\" class=\"pub-doi-link\">10.1111\/nph.17705<\/a>                                                                                                                                                                                                    <\/div>\n                                <\/div>\n                                                            <div class=\"publication-entry\" data-title=\"Alternative futures for global biological invasions\" data-authors=\"Roura-Pascual, N\u00faria, Leung, Brian, Rabitsch, Wolfgang, Rutting, Lucas, Vervoort, Joost, Bacher, Sven, Dullinger, Stefan, Erb, Karl-Heinz, Jeschke, Jonathan M., Katsanevakis, Stelios, &lt;strong&gt;K\u00fchn, Ingolf&lt;\/strong&gt;, Lenzner, Bernd, Liebhold, Andrew M., Obersteiner, Michael, Pauchard, Anibal, Peterson, Garry D., Roy, Helen E., Seebens, Hanno, &lt;strong&gt;Winter, Marten&lt;\/strong&gt;, Burgman, Mark A., Genovesi, Piero, Hulme, Philip E., Keller, Reuben P., Latombe, Guillaume, McGeoch, Melodie A., Ruiz, Gregory M., Scalera, Riccardo, Springborn, Michael R., von Holle, Betsy, Essl, Franz\" data-year=\"2021\">\n                                                                            <p>Roura-Pascual, N\u00faria, Leung, Brian, Rabitsch, Wolfgang, Rutting, Lucas, Vervoort, Joost, Bacher, Sven, Dullinger, Stefan, Erb, Karl-Heinz, Jeschke, Jonathan M., Katsanevakis, Stelios, <strong>K\u00fchn, Ingolf<\/strong>, Lenzner, Bernd, Liebhold, Andrew M., Obersteiner, Michael, Pauchard, Anibal, Peterson, Garry D., Roy, Helen E., Seebens, Hanno, <strong>Winter, Marten<\/strong>, Burgman, Mark A., Genovesi, Piero, Hulme, Philip E., Keller, Reuben P., Latombe, Guillaume, McGeoch, Melodie A., Ruiz, Gregory M., Scalera, Riccardo, Springborn, Michael R., von Holle, Betsy, Essl, Franz (2021): Alternative futures for global biological invasions. <em>Sustainability Science<\/em><\/p>\n                                                                        <div class=\"links\">\n                                                                                <a href=\"https:\/\/www.doi.org\/10.1007\/s11625-021-00963-6\" target=\"_blank\" aria-label=\"open in new tab\" class=\"pub-doi-link\">10.1007\/s11625-021-00963-6<\/a>                                                                                                                                                                                                    <\/div>\n                                <\/div>\n                                                            <div class=\"publication-entry\" data-title=\"Maintaining momentum for collaborative working groups in a post-pandemic world\" data-authors=\"Srivastava, Diane S., &lt;strong&gt;Winter, Marten&lt;\/strong&gt;, Gross, Louis J., Metzger, Jean Paul, Baron, Jill S., Mouquet, Nicolas, Meagher, Thomas R., Halpern, Benjamin S., Pillar, Val\u00e9rio D.\" data-year=\"2021\">\n                                                                            <p>Srivastava, Diane S., <strong>Winter, Marten<\/strong>, Gross, Louis J., Metzger, Jean Paul, Baron, Jill S., Mouquet, Nicolas, Meagher, Thomas R., Halpern, Benjamin S., Pillar, Val\u00e9rio D. (2021): Maintaining momentum for collaborative working groups in a post-pandemic world. <em>Nature Ecology &amp; Evolution<\/em><\/p>\n                                                                        <div class=\"links\">\n                                                                                <a href=\"https:\/\/www.doi.org\/10.1038\/s41559-021-01521-0\" target=\"_blank\" aria-label=\"open in new tab\" class=\"pub-doi-link\">10.1038\/s41559-021-01521-0<\/a>                                                                                                                                                                                                    <\/div>\n                                <\/div>\n                                                            <div class=\"publication-entry\" data-title=\"Data Descriptor: Pacific Introduced Flora (PaciFLora)\" data-authors=\"&lt;strong&gt;Wohlwend, Michael Rudolf&lt;\/strong&gt;, Craven, Dylan, Weigelt, Patrick, Seebens, Hanno, &lt;strong&gt;Winter, Marten&lt;\/strong&gt;, Kreft, Holger, Dawson, Wayne, Essl, Franz, van Kleunen, Mark, Pergl, Jan, Py\u0161ek, Petr, Space, James, Thomas, Philip, &lt;strong&gt;Knight, Tiffany Marie&lt;\/strong&gt;\" data-year=\"2021\">\n                                                                            <p><strong>Wohlwend, Michael Rudolf<\/strong>, Craven, Dylan, Weigelt, Patrick, Seebens, Hanno, <strong>Winter, Marten<\/strong>, Kreft, Holger, Dawson, Wayne, Essl, Franz, van Kleunen, Mark, Pergl, Jan, Py\u0161ek, Petr, Space, James, Thomas, Philip, <strong>Knight, Tiffany Marie<\/strong> (2021): Data Descriptor: Pacific Introduced Flora (PaciFLora). <em>Biodiversity Data Journal<\/em><\/p>\n                                                                        <div class=\"links\">\n                                                                                <a href=\"https:\/\/www.doi.org\/10.3897\/BDJ.9.e67318\" target=\"_blank\" aria-label=\"open in new tab\" class=\"pub-doi-link\">10.3897\/BDJ.9.e67318<\/a>                                                                                                                                                                                                    <\/div>\n                                <\/div>\n                                                            <div class=\"publication-entry\" data-title=\"Anthropogenic and environmental drivers shape diversity of naturalized plants across the Pacific\" data-authors=\"&lt;strong&gt;Wohlwend, Michael R.&lt;\/strong&gt;, Craven, Dylan, Weigelt, Patrick, Seebens, Hanno, &lt;strong&gt;Winter, Marten&lt;\/strong&gt;, Kreft, Holger, Zurell, Damaris, Sarmento Cabral, Juliano, Essl, Franz, van Kleunen, Mark, Pergl, Jan, Py\u0161ek, Petr, &lt;strong&gt;Knight, Tiffany Marie&lt;\/strong&gt;\" data-year=\"2021\">\n                                                                            <p><strong>Wohlwend, Michael R.<\/strong>, Craven, Dylan, Weigelt, Patrick, Seebens, Hanno, <strong>Winter, Marten<\/strong>, Kreft, Holger, Zurell, Damaris, Sarmento Cabral, Juliano, Essl, Franz, van Kleunen, Mark, Pergl, Jan, Py\u0161ek, Petr, <strong>Knight, Tiffany Marie<\/strong> (2021): Anthropogenic and environmental drivers shape diversity of naturalized plants across the Pacific. <em>Diversity and Distributions<\/em><\/p>\n                                                                        <div class=\"links\">\n                                                                                <a href=\"https:\/\/doi.org\/10.1111\/ddi.13260\" target=\"_blank\" aria-label=\"open in new tab\" class=\"pub-doi-link\">10.1111\/ddi.13260<\/a>                                                                                                                                                                                                    <\/div>\n                                <\/div>\n                                                    <\/div>\n                                            <div class=\"year-group\" data-year=\"2020\">\n                            <h4>Publikationen 2020<\/h4>\n                                                            <div class=\"publication-entry\" data-title=\"Widespread decline in Central European plant diversity across six decades\" data-authors=\"&lt;strong&gt;Eichenberg, David&lt;\/strong&gt;, &lt;strong&gt;Bowler, Diana E.&lt;\/strong&gt;, &lt;strong&gt;Bonn, Aletta&lt;\/strong&gt;, &lt;strong&gt;Bruelheide, Helge&lt;\/strong&gt;, &lt;strong&gt;Grescho, Volker&lt;\/strong&gt;, Harter, David, &lt;strong&gt;Jandt, Ute&lt;\/strong&gt;, May, Rudolf, &lt;strong&gt;Winter, Marten&lt;\/strong&gt;, Jansen, Florian\" data-year=\"2020\">\n                                                                            <p><strong>Eichenberg, David<\/strong>, <strong>Bowler, Diana E.<\/strong>, <strong>Bonn, Aletta<\/strong>, <strong>Bruelheide, Helge<\/strong>, <strong>Grescho, Volker<\/strong>, Harter, David, <strong>Jandt, Ute<\/strong>, May, Rudolf, <strong>Winter, Marten<\/strong>, Jansen, Florian (2020): Widespread decline in Central European plant diversity across six decades. <em>Global Change Biology<\/em><\/p>\n                                                                        <div class=\"links\">\n                                                                                <a href=\"https:\/\/doi.org\/10.1111\/gcb.15447\" target=\"_blank\" aria-label=\"open in new tab\" class=\"pub-doi-link\">10.1111\/gcb.15447<\/a>                                                                                                                                                                                                    <\/div>\n                                <\/div>\n                                                            <div class=\"publication-entry\" data-title=\"LCVP, The Leipzig catalogue of vascular plants, a new taxonomic reference list for all known vascular plants\" data-authors=\"Freiberg, Martin, &lt;strong&gt;Winter, Marten&lt;\/strong&gt;, &lt;strong&gt;Gentile, Alessandro&lt;\/strong&gt;, &lt;strong&gt;Zizka, Alexander&lt;\/strong&gt;, &lt;strong&gt;Muellner-Riehl, Alexandra Nora&lt;\/strong&gt;, &lt;strong&gt;Weigelt, Alexandra&lt;\/strong&gt;, &lt;strong&gt;Wirth, Christian&lt;\/strong&gt;\" data-year=\"2020\">\n                                                                            <p>Freiberg, Martin, <strong>Winter, Marten<\/strong>, <strong>Gentile, Alessandro<\/strong>, <strong>Zizka, Alexander<\/strong>, <strong>Muellner-Riehl, Alexandra Nora<\/strong>, <strong>Weigelt, Alexandra<\/strong>, <strong>Wirth, Christian<\/strong> (2020): LCVP, The Leipzig catalogue of vascular plants, a new taxonomic reference list for all known vascular plants. <em>Sci Data<\/em><\/p>\n                                                                        <div class=\"links\">\n                                                                                <a href=\"https:\/\/www.doi.org\/10.1038\/s41597-020-00702-z\" target=\"_blank\" aria-label=\"open in new tab\" class=\"pub-doi-link\">10.1038\/s41597-020-00702-z<\/a>                                                                                                                                                                                                    <\/div>\n                                <\/div>\n                                                            <div class=\"publication-entry\" data-title=\"Blind spots in global soil biodiversity and ecosystem function research\" data-authors=\"&lt;strong&gt;Guerra, Carlos A.&lt;\/strong&gt;, &lt;strong&gt;Heintz-Buschart, A.&lt;\/strong&gt;, Sikorski, J., &lt;strong&gt;Chatzinotas, Antonis&lt;\/strong&gt;, &lt;strong&gt;Guerrero-Ramirez, N.&lt;\/strong&gt;, &lt;strong&gt;Cesarz, Simone&lt;\/strong&gt;, &lt;strong&gt;Beaumelle, L.&lt;\/strong&gt;, Rillig, M. C., Maestre, F. T., Delgado-Baquerizo, M., &lt;strong&gt;Buscot, Fran\u00e7ois&lt;\/strong&gt;, Overmann, J., &lt;strong&gt;Patoine, Guillaume&lt;\/strong&gt;, &lt;strong&gt;Phillips, Helen R. P.&lt;\/strong&gt;, &lt;strong&gt;Winter, Marten&lt;\/strong&gt;, &lt;strong&gt;Wubet, Tesfaye&lt;\/strong&gt;, &lt;strong&gt;Kusel, Kirsten&lt;\/strong&gt;, Bardgett, R. D., Cameron, E. K., Cowan, D., Grebenc, T., Marin, C., Orgiazzi, A., Singh, B. K., Wall, D. H., &lt;strong&gt;Eisenhauer, Nico&lt;\/strong&gt;\" data-year=\"2020\">\n                                                                            <p><strong>Guerra, Carlos A.<\/strong>, <strong>Heintz-Buschart, A.<\/strong>, Sikorski, J., <strong>Chatzinotas, Antonis<\/strong>, <strong>Guerrero-Ramirez, N.<\/strong>, <strong>Cesarz, Simone<\/strong>, <strong>Beaumelle, L.<\/strong>, Rillig, M. C., Maestre, F. T., Delgado-Baquerizo, M., <strong>Buscot, Fran\u00e7ois<\/strong>, Overmann, J., <strong>Patoine, Guillaume<\/strong>, <strong>Phillips, Helen R. P.<\/strong>, <strong>Winter, Marten<\/strong>, <strong>Wubet, Tesfaye<\/strong>, <strong>Kusel, Kirsten<\/strong>, Bardgett, R. D., Cameron, E. K., Cowan, D., Grebenc, T., Marin, C., Orgiazzi, A., Singh, B. K., Wall, D. H., <strong>Eisenhauer, Nico<\/strong> (2020): Blind spots in global soil biodiversity and ecosystem function research. <em>Nature Communications<\/em><\/p>\n                                                                        <div class=\"links\">\n                                                                                <a href=\"https:\/\/www.doi.org\/10.1038\/s41467-020-17688-2\" target=\"_blank\" aria-label=\"open in new tab\" class=\"pub-doi-link\">10.1038\/s41467-020-17688-2<\/a>                                                                                                                                                                                                    <\/div>\n                                <\/div>\n                                                            <div class=\"publication-entry\" data-title=\"Latitudinal patterns of alien plant invasions\" data-authors=\"Guo, Qinfeng, Cade, Brian S., Dawson, Wayne, Essl, Franz, Kreft, Holger, Pergl, Jan, van Kleunen, Mark, Weigelt, Patrick, &lt;strong&gt;Winter, Marten&lt;\/strong&gt;, Py\u0161ek, Petr\" data-year=\"2020\">\n                                                                            <p>Guo, Qinfeng, Cade, Brian S., Dawson, Wayne, Essl, Franz, Kreft, Holger, Pergl, Jan, van Kleunen, Mark, Weigelt, Patrick, <strong>Winter, Marten<\/strong>, Py\u0161ek, Petr (2020): Latitudinal patterns of alien plant invasions. <em>Journal of Biogeography<\/em><\/p>\n                                                                        <div class=\"links\">\n                                                                                <a href=\"https:\/\/www.doi.org\/10.1111\/jbi.13943\" target=\"_blank\" aria-label=\"open in new tab\" class=\"pub-doi-link\">10.1111\/jbi.13943<\/a>                                                                                                                                                                                                    <\/div>\n                                <\/div>\n                                                            <div class=\"publication-entry\" data-title=\"Source pools and disharmony of the world&#039;s island floras\" data-authors=\"K\u00f6nig, Christian, Weigelt, Patrick, Taylor, Amanda, Stein, Anke, Dawson, Wayne, Essl, Franz, Pergl, Jan, Py\u0161ek, Petr, van Kleunen, Mark, &lt;strong&gt;Winter, Marten&lt;\/strong&gt;, Chatelain, Cyrille, Wieringa, Jan J., Krestov, Pavel, Kreft, Holger\" data-year=\"2020\">\n                                                                            <p>K\u00f6nig, Christian, Weigelt, Patrick, Taylor, Amanda, Stein, Anke, Dawson, Wayne, Essl, Franz, Pergl, Jan, Py\u0161ek, Petr, van Kleunen, Mark, <strong>Winter, Marten<\/strong>, Chatelain, Cyrille, Wieringa, Jan J., Krestov, Pavel, Kreft, Holger (2020): Source pools and disharmony of the world&#039;s island floras. <em>Ecography<\/em><\/p>\n                                                                        <div class=\"links\">\n                                                                                <a href=\"https:\/\/www.doi.org\/10.1111\/ecog.05174\" target=\"_blank\" aria-label=\"open in new tab\" class=\"pub-doi-link\">10.1111\/ecog.05174<\/a>                                                                                                                                                                                                    <\/div>\n                                <\/div>\n                                                            <div class=\"publication-entry\" data-title=\"Role of diversification rates and evolutionary history as a driver of plant naturalization success\" data-authors=\"Lenzner, Bernd, Magall\u00f3n, Susana, Dawson, Wayne, Kreft, Holger, K\u00f6nig, Christian, Pergl, Jan, Py\u0161ek, Petr, Weigelt, Patrick, van Kleunen, Mark, &lt;strong&gt;Winter, Marten&lt;\/strong&gt;, Dullinger, Stefan, Essl, Franz\" data-year=\"2020\">\n                                                                            <p>Lenzner, Bernd, Magall\u00f3n, Susana, Dawson, Wayne, Kreft, Holger, K\u00f6nig, Christian, Pergl, Jan, Py\u0161ek, Petr, Weigelt, Patrick, van Kleunen, Mark, <strong>Winter, Marten<\/strong>, Dullinger, Stefan, Essl, Franz (2020): Role of diversification rates and evolutionary history as a driver of plant naturalization success. <em>New Phytologist<\/em><\/p>\n                                                                        <div class=\"links\">\n                                                                                <a href=\"https:\/\/doi.org\/10.1111\/nph.17014\" target=\"_blank\" aria-label=\"open in new tab\" class=\"pub-doi-link\">10.1111\/nph.17014<\/a>                                                                                                                                                                                                    <\/div>\n                                <\/div>\n                                                            <div class=\"publication-entry\" data-title=\"South Africa as a Donor of Naturalised and Invasive Plants to Other Parts of the World\" data-authors=\"Py\u0161ek, Petr, Pergl, Jan, van Kleunen, Mark, Dawson, Wayne, Essl, Franz, Kreft, Holger, Weigelt, Patrick, Wilson, John R., &lt;strong&gt;Winter, Marten&lt;\/strong&gt;, Richardson, David M.\" data-year=\"2020\">\n                                                                            <p>Py\u0161ek, Petr, Pergl, Jan, van Kleunen, Mark, Dawson, Wayne, Essl, Franz, Kreft, Holger, Weigelt, Patrick, Wilson, John R., <strong>Winter, Marten<\/strong>, Richardson, David M. (2020): South Africa as a Donor of Naturalised and Invasive Plants to Other Parts of the World. In: van Wilgen, Brian W., Measey, John, Richardson, David M., Wilson, John R., Zengeya, Tsungai A. (Eds.) <em>Biological Invasions in South Africa<\/em>. Springer International Publishing<\/p>\n                                                                        <div class=\"links\">\n                                                                                <a href=\"https:\/\/www.doi.org\/10.1007\/978-3-030-32394-3_26\" target=\"_blank\" aria-label=\"open in new tab\" class=\"pub-doi-link\">10.1007\/978-3-030-32394-3_26<\/a>                                                                                                                                                                                                    <\/div>\n                                <\/div>\n                                                            <div class=\"publication-entry\" data-title=\"Projecting the continental accumulation of alien species through to 2050\" data-authors=\"Seebens, Hanno, Bacher, Sven, Blackburn, Tim M., Capinha, C\u00e9sar, Dawson, Wayne, Dullinger, Stefan, Genovesi, Piero, Hulme, Philip E., van Kleunen, Mark, &lt;strong&gt;K\u00fchn, Ingolf&lt;\/strong&gt;, Jeschke, Jonathan M., Lenzner, Bernd, Liebhold, Andrew M., Pattison, Zarah, Pergl, Jan, Py\u0161ek, Petr, &lt;strong&gt;Winter, Marten&lt;\/strong&gt;, Essl, Franz\" data-year=\"2020\">\n                                                                            <p>Seebens, Hanno, Bacher, Sven, Blackburn, Tim M., Capinha, C\u00e9sar, Dawson, Wayne, Dullinger, Stefan, Genovesi, Piero, Hulme, Philip E., van Kleunen, Mark, <strong>K\u00fchn, Ingolf<\/strong>, Jeschke, Jonathan M., Lenzner, Bernd, Liebhold, Andrew M., Pattison, Zarah, Pergl, Jan, Py\u0161ek, Petr, <strong>Winter, Marten<\/strong>, Essl, Franz (2020): Projecting the continental accumulation of alien species through to 2050. <em>Global Change Biology<\/em><\/p>\n                                                                        <div class=\"links\">\n                                                                                <a href=\"https:\/\/www.doi.org\/10.1111\/gcb.15333\" target=\"_blank\" aria-label=\"open in new tab\" class=\"pub-doi-link\">10.1111\/gcb.15333<\/a>                                                                                                                                                                                                    <\/div>\n                                <\/div>\n                                                            <div class=\"publication-entry\" data-title=\"A workflow for standardising and integrating alien species distribution data\" data-authors=\"Seebens, H., Clarke, D. A., Groom, Q., Wilson, J. R. U., Garcia-Berthou, E., &lt;strong&gt;Kuhn, I.&lt;\/strong&gt;, Roige, M., Pagad, S., Essl, F., Vicente, J., &lt;strong&gt;Winter, Marten&lt;\/strong&gt;, McGeoch, M.\" data-year=\"2020\">\n                                                                            <p>Seebens, H., Clarke, D. A., Groom, Q., Wilson, J. R. U., Garcia-Berthou, E., <strong>Kuhn, I.<\/strong>, Roige, M., Pagad, S., Essl, F., Vicente, J., <strong>Winter, Marten<\/strong>, McGeoch, M. (2020): A workflow for standardising and integrating alien species distribution data. <em>NeoBiota<\/em><\/p>\n                                                                        <div class=\"links\">\n                                                                                <a href=\"https:\/\/www.doi.org\/10.3897\/neobiota.59.53578\" target=\"_blank\" aria-label=\"open in new tab\" class=\"pub-doi-link\">10.3897\/neobiota.59.53578<\/a>                                                                                                                                                                                                    <\/div>\n                                <\/div>\n                                                    <\/div>\n                                            <div class=\"year-group\" data-year=\"2019\">\n                            <h4>Publikationen 2019<\/h4>\n                                                            <div class=\"publication-entry\" data-title=\"Conventional land-use intensification reduces species richness and increases production: A global meta-analysis\" data-authors=\"Beckmann, Michael, &lt;strong&gt;Gerstner, Katharina&lt;\/strong&gt;, Akin-Fajiye, Morodoluwa, Ceau\u0219u, Silvia, &lt;strong&gt;Kambach, Stephan&lt;\/strong&gt;, Kinlock, Nicole L., &lt;strong&gt;Phillips, Helen R. P.&lt;\/strong&gt;, Verhagen, Willem, Gurevitch, Jessica, Klotz, Stefan, Newbold, Tim, Verburg, Peter H., &lt;strong&gt;Winter, Marten&lt;\/strong&gt;, Seppelt, Ralf\" data-year=\"2019\">\n                                                                            <p>Beckmann, Michael, <strong>Gerstner, Katharina<\/strong>, Akin-Fajiye, Morodoluwa, Ceau\u0219u, Silvia, <strong>Kambach, Stephan<\/strong>, Kinlock, Nicole L., <strong>Phillips, Helen R. P.<\/strong>, Verhagen, Willem, Gurevitch, Jessica, Klotz, Stefan, Newbold, Tim, Verburg, Peter H., <strong>Winter, Marten<\/strong>, Seppelt, Ralf (2019): Conventional land-use intensification reduces species richness and increases production: A global meta-analysis. <em>Global Change Biology<\/em><\/p>\n                                                                        <div class=\"links\">\n                                                                                <a href=\"https:\/\/www.doi.org\/10.1111\/gcb.14606\" target=\"_blank\" aria-label=\"open in new tab\" class=\"pub-doi-link\">10.1111\/gcb.14606<\/a>                                                                                                                                                                                                    <\/div>\n                                <\/div>\n                                                            <div class=\"publication-entry\" data-title=\"The geography of biodiversity change in marine and terrestrial assemblages\" data-authors=\"&lt;strong&gt;Blowes, Shane A.&lt;\/strong&gt;, Supp, Sarah R., Ant\u00e3o, Laura H., Bates, Amanda, &lt;strong&gt;Bruelheide, Helge&lt;\/strong&gt;, &lt;strong&gt;Chase, Jonathan M.&lt;\/strong&gt;, Moyes, Faye, Magurran, Anne, McGill, Brian, Myers-Smith, Isla H., &lt;strong&gt;Winter, Marten&lt;\/strong&gt;, Bjorkman, Anne D., &lt;strong&gt;Bowler, Diana E.&lt;\/strong&gt;, Byrnes, Jarrett E. K., Gonzalez, Andrew, &lt;strong&gt;Hines, Jes&lt;\/strong&gt;, Isbell, Forest, Jones, Holly P., &lt;strong&gt;Navarro, Laetitia M.&lt;\/strong&gt;, Thompson, Patrick L., Vellend, Mark, Waldock, Conor, Dornelas, Maria\" data-year=\"2019\">\n                                                                            <p><strong>Blowes, Shane A.<\/strong>, Supp, Sarah R., Ant\u00e3o, Laura H., Bates, Amanda, <strong>Bruelheide, Helge<\/strong>, <strong>Chase, Jonathan M.<\/strong>, Moyes, Faye, Magurran, Anne, McGill, Brian, Myers-Smith, Isla H., <strong>Winter, Marten<\/strong>, Bjorkman, Anne D., <strong>Bowler, Diana E.<\/strong>, Byrnes, Jarrett E. K., Gonzalez, Andrew, <strong>Hines, Jes<\/strong>, Isbell, Forest, Jones, Holly P., <strong>Navarro, Laetitia M.<\/strong>, Thompson, Patrick L., Vellend, Mark, Waldock, Conor, Dornelas, Maria (2019): The geography of biodiversity change in marine and terrestrial assemblages. <em>Science<\/em><\/p>\n                                                                        <div class=\"links\">\n                                                                                <a href=\"https:\/\/www.doi.org\/10.1126\/science.aaw1620\" target=\"_blank\" aria-label=\"open in new tab\" class=\"pub-doi-link\">10.1126\/science.aaw1620<\/a>                                                                                                                                                                                                    <\/div>\n                                <\/div>\n                                                            <div class=\"publication-entry\" data-title=\"sPlot \u2013 a new tool for global vegetation analyses\" data-authors=\"&lt;strong&gt;Bruelheide, Helge&lt;\/strong&gt;, &lt;strong&gt;Dengler, J\u00fcrgen&lt;\/strong&gt;, &lt;strong&gt;Jim\u00e9nez-Alfaro, Borja&lt;\/strong&gt;, &lt;strong&gt;Purschke, Oliver&lt;\/strong&gt;, Hennekens, Stephan M., Chytr\u00fd, Milan, Pillar, Val\u00e9rio D., Jansen, Florian, &lt;strong&gt;Kattge, Jens&lt;\/strong&gt;, Sandel, Brody, Aubin, Isabelle, Biurrun, Idoia, Field, Richard, &lt;strong&gt;Haider, Sylvia&lt;\/strong&gt;, &lt;strong&gt;Jandt, Ute&lt;\/strong&gt;, Lenoir, Jonathan, Peet, Robert K., Peyre, Gwendolyn, &lt;strong&gt;Sabatini, Francesco Maria&lt;\/strong&gt;, Schmidt, Marco, Schrodt, Franziska, &lt;strong&gt;Winter, Marten&lt;\/strong&gt;, A\u0107i\u0107, Svetlana, Agrillo, Emiliano, Alvarez, Miguel, Ambarl\u0131, Didem, Angelini, Pierangela, Apostolova, Iva, Arfin Khan, Mohammed A.S., Arnst, Elise, Attorre, Fabio, Baraloto, Christopher, Beckmann, Michael, Berg, Christian, Bergeron, Yves, Bergmeier, Erwin, Bjorkman, Anne D., Bondareva, Viktoria, Borchardt, Peter, Botta-Duk\u00e1t, Zolt\u00e1n, Boyle, Brad, Breen, Amy, Brisse, Henry, Byun, Chaeho, Cabido, Marcelo R., Casella, Laura, Cayuela, Luis, \u010cern\u00fd, Tom\u00e1\u0161, Chepinoga, Victor, Csiky, J\u00e1nos, Curran, Michael, \u0106u\u0161terevska, Renata, Stevanovi\u0107, Zora Daji\u0107, De Bie, Els, De Ruffray, Patrice, De Sanctis, Michele, Dimopoulos, Panayotis, Dressler, Stefan, Ejrn\u00e6s, Rasmus, El-Rouf Mousa El-Sheikh, Mohamed Abd, Enquist, Brian, Ewald, J\u00f6rg, Fag\u00fandez, Jaime, Finckh, Manfred, Font, Xavier, Forey, Estelle, Fotiadis, Georgios, Garc\u00eda-Mijangos, Itziar, de Gasper, Andr\u00e9 Luis, Golub, Valentin, Gutierrez, Alvaro G., Hatim, Mohamed Z., He, Tianhua, Higuchi, Pedro, Holubov\u00e1, Dana, H\u00f6lzel, Norbert, Homeier, J\u00fcrgen, Indreica, Adrian, G\u00fcrsoy, Deniz I\u015f\u0131k, Jansen, Steven, Janssen, John, Jedrzejek, Birgit, Jirou\u0161ek, Martin, J\u00fcrgens, Norbert, K\u0105cki, Zygmunt, Kavgac\u0131, Ali, Kearsley, Elizabeth, Kessler, Michael, Knollov\u00e1, Ilona, Kolomiychuk, Vitaliy, Korolyuk, Andrey, Kozhevnikova, Maria, Kozub, \u0141ukasz, Krstono\u0161i\u0107, Daniel, &lt;strong&gt;K\u00fchl, Hjalmar&lt;\/strong&gt;, &lt;strong&gt;K\u00fchn, Ingolf&lt;\/strong&gt;, Kuzemko, Anna, K\u00fczmi\u010d, Filip, Landucci, Flavia, Lee, Michael T., Levesley, Aurora, Li, Ching-Feng, Liu, Hongyan, Lopez-Gonzalez, Gabriela, Lysenko, Tatiana, Macanovi\u0107, Armin, Mahdavi, Parastoo, Manning, Peter, Marcen\u00f2, Corrado, Martynenko, Vassiliy, Mencuccini, Maurizio, Minden, Vanessa, Moeslund, Jesper Erenskjold, Moretti, Marco, M\u00fcller, Jonas V., Munzinger, J\u00e9r\u00f4me, Niinemets, \u00dclo, Nobis, Marcin, Noroozi, Jalil, Nowak, Arkadiusz, Onyshchenko, Viktor, Overbeck, Gerhard E., Ozinga, Wim A., Pauchard, Anibal, Pedashenko, Hristo, Pe\u00f1uelas, Josep, P\u00e9rez-Haase, Aaron, Peterka, Tom\u00e1\u0161, Pet\u0159\u00edk, Petr, Phillips, Oliver L., Prokhorov, Vadim, Ra\u0161omavi\u010dius, Valerijus, Revermann, Rasmus, Rodwell, John, Ruprecht, Eszter, R\u016bsi\u0146a, Solvita, Samimi, Cyrus, Schamin\u00e9e, Joop H.J., Schmiedel, Ute, \u0160ib\u00edk, Jozef, \u0160ilc, Urban, \u0160kvorc, \u017deljko, Smyth, Anita, &lt;strong&gt;Sop, Tenekwetche&lt;\/strong&gt;, Sopotlieva, Desislava, Sparrow, Ben, Stan\u010di\u0107, Zvjezdana, Svenning, Jens-Christian, Swacha, Grzegorz, Tang, Zhiyao, Tsiripidis, Ioannis, Turtureanu, Pavel Dan, Ugurlu, Emin, Uogintas, Domas, Valachovi\u010d, Milan, Vanselow, Kim Andr\u00e9, Vashenyak, Yulia, Vassilev, Kiril, V\u00e9lez-Martin, Eduardo, Venanzoni, Roberto, Vibrans, Alexander Christian, Violle, Cyrille, &lt;strong&gt;Virtanen, Risto&lt;\/strong&gt;, von Wehrden, Henrik, Wagner, Viktoria, Walker, Donald A., Wana, Desalegn, Weiher, Evan, &lt;strong&gt;Wesche, Karsten&lt;\/strong&gt;, Whitfeld, Timothy, Willner, Wolfgang, Wiser, Susan, Wohlgemuth, Thomas, Yamalov, Sergey, Zizka, Georg, Zverev, Andrei\" data-year=\"2019\">\n                                                                            <p><strong>Bruelheide, Helge<\/strong>, <strong>Dengler, J\u00fcrgen<\/strong>, <strong>Jim\u00e9nez-Alfaro, Borja<\/strong>, <strong>Purschke, Oliver<\/strong>, Hennekens, Stephan M., Chytr\u00fd, Milan, Pillar, Val\u00e9rio D., Jansen, Florian, <strong>Kattge, Jens<\/strong>, Sandel, Brody, Aubin, Isabelle, Biurrun, Idoia, Field, Richard, <strong>Haider, Sylvia<\/strong>, <strong>Jandt, Ute<\/strong>, Lenoir, Jonathan, Peet, Robert K., Peyre, Gwendolyn, <strong>Sabatini, Francesco Maria<\/strong>, Schmidt, Marco, Schrodt, Franziska, <strong>Winter, Marten<\/strong>, A\u0107i\u0107, Svetlana, Agrillo, Emiliano, Alvarez, Miguel, Ambarl\u0131, Didem, Angelini, Pierangela, Apostolova, Iva, Arfin Khan, Mohammed A.S., Arnst, Elise, Attorre, Fabio, Baraloto, Christopher, Beckmann, Michael, Berg, Christian, Bergeron, Yves, Bergmeier, Erwin, Bjorkman, Anne D., Bondareva, Viktoria, Borchardt, Peter, Botta-Duk\u00e1t, Zolt\u00e1n, Boyle, Brad, Breen, Amy, Brisse, Henry, Byun, Chaeho, Cabido, Marcelo R., Casella, Laura, Cayuela, Luis, \u010cern\u00fd, Tom\u00e1\u0161, Chepinoga, Victor, Csiky, J\u00e1nos, Curran, Michael, \u0106u\u0161terevska, Renata, Stevanovi\u0107, Zora Daji\u0107, De Bie, Els, De Ruffray, Patrice, De Sanctis, Michele, Dimopoulos, Panayotis, Dressler, Stefan, Ejrn\u00e6s, Rasmus, El-Rouf Mousa El-Sheikh, Mohamed Abd, Enquist, Brian, Ewald, J\u00f6rg, Fag\u00fandez, Jaime, Finckh, Manfred, Font, Xavier, Forey, Estelle, Fotiadis, Georgios, Garc\u00eda-Mijangos, Itziar, de Gasper, Andr\u00e9 Luis, Golub, Valentin, Gutierrez, Alvaro G., Hatim, Mohamed Z., He, Tianhua, Higuchi, Pedro, Holubov\u00e1, Dana, H\u00f6lzel, Norbert, Homeier, J\u00fcrgen, Indreica, Adrian, G\u00fcrsoy, Deniz I\u015f\u0131k, Jansen, Steven, Janssen, John, Jedrzejek, Birgit, Jirou\u0161ek, Martin, J\u00fcrgens, Norbert, K\u0105cki, Zygmunt, Kavgac\u0131, Ali, Kearsley, Elizabeth, Kessler, Michael, Knollov\u00e1, Ilona, Kolomiychuk, Vitaliy, Korolyuk, Andrey, Kozhevnikova, Maria, Kozub, \u0141ukasz, Krstono\u0161i\u0107, Daniel, <strong>K\u00fchl, Hjalmar<\/strong>, <strong>K\u00fchn, Ingolf<\/strong>, Kuzemko, Anna, K\u00fczmi\u010d, Filip, Landucci, Flavia, Lee, Michael T., Levesley, Aurora, Li, Ching-Feng, Liu, Hongyan, Lopez-Gonzalez, Gabriela, Lysenko, Tatiana, Macanovi\u0107, Armin, Mahdavi, Parastoo, Manning, Peter, Marcen\u00f2, Corrado, Martynenko, Vassiliy, Mencuccini, Maurizio, Minden, Vanessa, Moeslund, Jesper Erenskjold, Moretti, Marco, M\u00fcller, Jonas V., Munzinger, J\u00e9r\u00f4me, Niinemets, \u00dclo, Nobis, Marcin, Noroozi, Jalil, Nowak, Arkadiusz, Onyshchenko, Viktor, Overbeck, Gerhard E., Ozinga, Wim A., Pauchard, Anibal, Pedashenko, Hristo, Pe\u00f1uelas, Josep, P\u00e9rez-Haase, Aaron, Peterka, Tom\u00e1\u0161, Pet\u0159\u00edk, Petr, Phillips, Oliver L., Prokhorov, Vadim, Ra\u0161omavi\u010dius, Valerijus, Revermann, Rasmus, Rodwell, John, Ruprecht, Eszter, R\u016bsi\u0146a, Solvita, Samimi, Cyrus, Schamin\u00e9e, Joop H.J., Schmiedel, Ute, \u0160ib\u00edk, Jozef, \u0160ilc, Urban, \u0160kvorc, \u017deljko, Smyth, Anita, <strong>Sop, Tenekwetche<\/strong>, Sopotlieva, Desislava, Sparrow, Ben, Stan\u010di\u0107, Zvjezdana, Svenning, Jens-Christian, Swacha, Grzegorz, Tang, Zhiyao, Tsiripidis, Ioannis, Turtureanu, Pavel Dan, Ugurlu, Emin, Uogintas, Domas, Valachovi\u010d, Milan, Vanselow, Kim Andr\u00e9, Vashenyak, Yulia, Vassilev, Kiril, V\u00e9lez-Martin, Eduardo, Venanzoni, Roberto, Vibrans, Alexander Christian, Violle, Cyrille, <strong>Virtanen, Risto<\/strong>, von Wehrden, Henrik, Wagner, Viktoria, Walker, Donald A., Wana, Desalegn, Weiher, Evan, <strong>Wesche, Karsten<\/strong>, Whitfeld, Timothy, Willner, Wolfgang, Wiser, Susan, Wohlgemuth, Thomas, Yamalov, Sergey, Zizka, Georg, Zverev, Andrei (2019): sPlot \u2013 a new tool for global vegetation analyses. <em>Journal of Vegetation Science<\/em><\/p>\n                                                                        <div class=\"links\">\n                                                                                <a href=\"https:\/\/www.doi.org\/10.1111\/jvs.12710\" target=\"_blank\" aria-label=\"open in new tab\" class=\"pub-doi-link\">10.1111\/jvs.12710<\/a>                                                                                                                                                                                                    <\/div>\n                                <\/div>\n                                                            <div class=\"publication-entry\" data-title=\"Global mismatches in aboveground and belowground biodiversity\" data-authors=\"Cameron, Erin K., &lt;strong&gt;Martins, In\u00eas S.&lt;\/strong&gt;, Lavelle, Patrick, Mathieu, J\u00e9r\u00f4me, Tedersoo, Leho, Bahram, Mohammad, &lt;strong&gt;Gottschall, Felix&lt;\/strong&gt;, &lt;strong&gt;Guerra, Carlos A.&lt;\/strong&gt;, &lt;strong&gt;Hines, Jes&lt;\/strong&gt;, &lt;strong&gt;Patoine, Guillaume&lt;\/strong&gt;, &lt;strong&gt;Siebert, Julia&lt;\/strong&gt;, &lt;strong&gt;Winter, Marten&lt;\/strong&gt;, &lt;strong&gt;Cesarz, Simone&lt;\/strong&gt;, &lt;strong&gt;Ferlian, Olga&lt;\/strong&gt;, Kreft, Holger, Lovejoy, Thomas E., Montanarella, Luca, Orgiazzi, Alberto, &lt;strong&gt;Pereira, Henrique Miguel&lt;\/strong&gt;, &lt;strong&gt;Phillips, Helen R. P.&lt;\/strong&gt;, &lt;strong&gt;Settele, Josef&lt;\/strong&gt;, Wall, Diana H., &lt;strong&gt;Eisenhauer, Nico&lt;\/strong&gt;\" data-year=\"2019\">\n                                                                            <p>Cameron, Erin K., <strong>Martins, In\u00eas S.<\/strong>, Lavelle, Patrick, Mathieu, J\u00e9r\u00f4me, Tedersoo, Leho, Bahram, Mohammad, <strong>Gottschall, Felix<\/strong>, <strong>Guerra, Carlos A.<\/strong>, <strong>Hines, Jes<\/strong>, <strong>Patoine, Guillaume<\/strong>, <strong>Siebert, Julia<\/strong>, <strong>Winter, Marten<\/strong>, <strong>Cesarz, Simone<\/strong>, <strong>Ferlian, Olga<\/strong>, Kreft, Holger, Lovejoy, Thomas E., Montanarella, Luca, Orgiazzi, Alberto, <strong>Pereira, Henrique Miguel<\/strong>, <strong>Phillips, Helen R. P.<\/strong>, <strong>Settele, Josef<\/strong>, Wall, Diana H., <strong>Eisenhauer, Nico<\/strong> (2019): Global mismatches in aboveground and belowground biodiversity. <em>Conservation Biology<\/em><\/p>\n                                                                        <div class=\"links\">\n                                                                                <a href=\"https:\/\/www.doi.org\/10.1111\/cobi.13311\" target=\"_blank\" aria-label=\"open in new tab\" class=\"pub-doi-link\">10.1111\/cobi.13311<\/a>                                                                                                                                                                                                    <\/div>\n                                <\/div>\n                                                            <div class=\"publication-entry\" data-title=\"Species richness change across spatial scales\" data-authors=\"&lt;strong&gt;Chase, Jonathan M.&lt;\/strong&gt;, McGill, B. J., Thompson, P. L., Antao, L. H., Bates, A. E., &lt;strong&gt;Blowes, Shane A.&lt;\/strong&gt;, Dornelas, M., Gonzalez, A., Magurran, A. E., Supp, S. R., &lt;strong&gt;Winter, Marten&lt;\/strong&gt;, Bjorkman, A. D., &lt;strong&gt;Bruelheide, Helge&lt;\/strong&gt;, Byrnes, J. E. K., Cabral, J. S., Elahi, R., Gomez, C., Guzman, H. M., Isbell, F., Myers-Smith, I. H., Jones, H. P., &lt;strong&gt;Hines, Jes&lt;\/strong&gt;, Vellend, M., Waldock, C., O\u2019Connor, M.\" data-year=\"2019\">\n                                                                            <p><strong>Chase, Jonathan M.<\/strong>, McGill, B. J., Thompson, P. L., Antao, L. H., Bates, A. E., <strong>Blowes, Shane A.<\/strong>, Dornelas, M., Gonzalez, A., Magurran, A. E., Supp, S. R., <strong>Winter, Marten<\/strong>, Bjorkman, A. D., <strong>Bruelheide, Helge<\/strong>, Byrnes, J. E. K., Cabral, J. S., Elahi, R., Gomez, C., Guzman, H. M., Isbell, F., Myers-Smith, I. H., Jones, H. P., <strong>Hines, Jes<\/strong>, Vellend, M., Waldock, C., O\u2019Connor, M. (2019): Species richness change across spatial scales. <em>Oikos<\/em><\/p>\n                                                                        <div class=\"links\">\n                                                                                <a href=\"https:\/\/www.doi.org\/10.1111\/oik.05968\" target=\"_blank\" aria-label=\"open in new tab\" class=\"pub-doi-link\">10.1111\/oik.05968<\/a>                                                                                <a href=\"https:\/\/doi.org\/10.5061\/dryad.2jk717g\" target=\"_blank\" aria-label=\"open in new tab\" class=\"pub-data-link\">doi.org\/10.5061\/dryad.2jk717g<\/a>                                                                                                                    <\/div>\n                                <\/div>\n                                                            <div class=\"publication-entry\" data-title=\"Evolution of interdisciplinarity in biodiversity science\" data-authors=\"&lt;strong&gt;Craven, Dylan&lt;\/strong&gt;, &lt;strong&gt;Winter, Marten&lt;\/strong&gt;, Hotzel, K., &lt;strong&gt;Gaikwad, J.&lt;\/strong&gt;, &lt;strong&gt;Eisenhauer, Nico&lt;\/strong&gt;, &lt;strong&gt;Hohmuth, M.&lt;\/strong&gt;, &lt;strong&gt;Konig-Ries, B.&lt;\/strong&gt;, &lt;strong&gt;Wirth, Christian&lt;\/strong&gt;\" data-year=\"2019\">\n                                                                            <p><strong>Craven, Dylan<\/strong>, <strong>Winter, Marten<\/strong>, Hotzel, K., <strong>Gaikwad, J.<\/strong>, <strong>Eisenhauer, Nico<\/strong>, <strong>Hohmuth, M.<\/strong>, <strong>Konig-Ries, B.<\/strong>, <strong>Wirth, Christian<\/strong> (2019): Evolution of interdisciplinarity in biodiversity science. <em>Ecology and Evolution<\/em><\/p>\n                                                                        <div class=\"links\">\n                                                                                <a href=\"https:\/\/www.doi.org\/10.1002\/ece3.5244\" target=\"_blank\" aria-label=\"open in new tab\" class=\"pub-doi-link\">10.1002\/ece3.5244<\/a>                                                                                <a href=\"https:\/\/doi.org\/10.5061\/dryad.04q1035\" target=\"_blank\" aria-label=\"open in new tab\" class=\"pub-data-link\">doi.org\/10.5061\/dryad.04q1035<\/a>                                                                                                                    <\/div>\n                                <\/div>\n                                                            <div class=\"publication-entry\" data-title=\"Mycorrhizal fungi influence global plant biogeography\" data-authors=\"Delavaux, Camille S., Weigelt, Patrick, Dawson, Wayne, Duchicela, Jessica, Essl, Franz, van Kleunen, Mark, K\u00f6nig, Christian, Pergl, Jan, Py\u0161ek, Petr, Stein, Anke, &lt;strong&gt;Winter, Marten&lt;\/strong&gt;, Schultz, Peggy, Kreft, Holger, Bever, James D.\" data-year=\"2019\">\n                                                                            <p>Delavaux, Camille S., Weigelt, Patrick, Dawson, Wayne, Duchicela, Jessica, Essl, Franz, van Kleunen, Mark, K\u00f6nig, Christian, Pergl, Jan, Py\u0161ek, Petr, Stein, Anke, <strong>Winter, Marten<\/strong>, Schultz, Peggy, Kreft, Holger, Bever, James D. (2019): Mycorrhizal fungi influence global plant biogeography. <em>Nature Ecology &amp; Evolution<\/em><\/p>\n                                                                        <div class=\"links\">\n                                                                                <a href=\"https:\/\/www.doi.org\/10.1038\/s41559-019-0823-4\" target=\"_blank\" aria-label=\"open in new tab\" class=\"pub-doi-link\">10.1038\/s41559-019-0823-4<\/a>                                                                                                                                                                                                    <\/div>\n                                <\/div>\n                                                            <div class=\"publication-entry\" data-title=\"Towards a macroscope: Leveraging technology to transform the breadth, scale and resolution of macroecological data\" data-authors=\"Dornelas, M., Madin, E. M. P., Bunce, M., DiBattista, J. D., Johnson, M., Madin, J. S., Magurran, A. E., McGill, B. J., Pettorelli, N., Pizarro, O., Williams, S. B., &lt;strong&gt;Winter, Marten&lt;\/strong&gt;, Bates, A. E.\" data-year=\"2019\">\n                                                                            <p>Dornelas, M., Madin, E. M. P., Bunce, M., DiBattista, J. D., Johnson, M., Madin, J. S., Magurran, A. E., McGill, B. J., Pettorelli, N., Pizarro, O., Williams, S. B., <strong>Winter, Marten<\/strong>, Bates, A. E. (2019): Towards a macroscope: Leveraging technology to transform the breadth, scale and resolution of macroecological data. <em>Global Ecology and Biogeography<\/em><\/p>\n                                                                        <div class=\"links\">\n                                                                                <a href=\"https:\/\/www.doi.org\/10.1111\/geb.13025\" target=\"_blank\" aria-label=\"open in new tab\" class=\"pub-doi-link\">10.1111\/geb.13025<\/a>                                                                                                                                                                                                    <\/div>\n                                <\/div>\n                                                            <div class=\"publication-entry\" data-title=\"Drivers of the relative richness of naturalized and invasive plant species on Earth\" data-authors=\"Essl, Franz, Dawson, Wayne, Kreft, Holger, Pergl, Jan, Py\u0161ek, Petr, Van Kleunen, Mark, Weigelt, Patrick, Mang, Thomas, Dullinger, Stefan, Lenzner, Bernd, Moser, Dietmar, Maurel, No\u00eblie, Seebens, Hanno, Stein, Anke, Weber, Ewald, Chatelain, Cyrille, Inderjit, Genovesi, Piero, Kartesz, John, Morozova, Olga, Nishino, Misako, Nowak, Pauline M, Pagad, Shyama, Shu, Wen-Sheng, &lt;strong&gt;Winter, Marten&lt;\/strong&gt;\" data-year=\"2019\">\n                                                                            <p>Essl, Franz, Dawson, Wayne, Kreft, Holger, Pergl, Jan, Py\u0161ek, Petr, Van Kleunen, Mark, Weigelt, Patrick, Mang, Thomas, Dullinger, Stefan, Lenzner, Bernd, Moser, Dietmar, Maurel, No\u00eblie, Seebens, Hanno, Stein, Anke, Weber, Ewald, Chatelain, Cyrille, Inderjit, Genovesi, Piero, Kartesz, John, Morozova, Olga, Nishino, Misako, Nowak, Pauline M, Pagad, Shyama, Shu, Wen-Sheng, <strong>Winter, Marten<\/strong> (2019): Drivers of the relative richness of naturalized and invasive plant species on Earth. <em>AoB Plants<\/em><\/p>\n                                                                        <div class=\"links\">\n                                                                                <a href=\"https:\/\/www.doi.org\/10.1093\/aobpla\/plz051\" target=\"_blank\" aria-label=\"open in new tab\" class=\"pub-doi-link\">10.1093\/aobpla\/plz051<\/a>                                                                                                                                                                                                    <\/div>\n                                <\/div>\n                                                            <div class=\"publication-entry\" data-title=\"The role of fruit heteromorphism in the naturalization of Asteraceae\" data-authors=\"Fenesi, A., Sandor, D., Pysek, P., Dawson, W., Ruprecht, E., Essl, F., Kreft, H., Pergl, J., Weigelt, P., &lt;strong&gt;Winter, Marten&lt;\/strong&gt;, Van Kleunen, M.\" data-year=\"2019\">\n                                                                            <p>Fenesi, A., Sandor, D., Pysek, P., Dawson, W., Ruprecht, E., Essl, F., Kreft, H., Pergl, J., Weigelt, P., <strong>Winter, Marten<\/strong>, Van Kleunen, M. (2019): The role of fruit heteromorphism in the naturalization of Asteraceae. <em>Annals of Botany<\/em><\/p>\n                                                                        <div class=\"links\">\n                                                                                <a href=\"https:\/\/www.doi.org\/10.1093\/aob\/mcz012\" target=\"_blank\" aria-label=\"open in new tab\" class=\"pub-doi-link\">10.1093\/aob\/mcz012<\/a>                                                                                                                                                                                                    <\/div>\n                                <\/div>\n                                                            <div class=\"publication-entry\" data-title=\"How Good Are Bad Species?\" data-authors=\"Knapp, Sonja, &lt;strong&gt;Winter, Marten&lt;\/strong&gt;, Zehnsdorf, Andreas, K\u00fchn, Ingolf\" data-year=\"2019\">\n                                                                            <p>Knapp, Sonja, <strong>Winter, Marten<\/strong>, Zehnsdorf, Andreas, K\u00fchn, Ingolf (2019): How Good Are Bad Species?. In: Schr\u00f6ter, Matthias, Bonn, Aletta, Klotz, Stefan, Seppelt, Ralf, Baessler, Cornelia (Eds.) <em>Atlas of Ecosystem Services: Drivers, Risks, and Societal Responses<\/em>. Springer International Publishing<\/p>\n                                                                        <div class=\"links\">\n                                                                                <a href=\"https:\/\/www.doi.org\/10.1007\/978-3-319-96229-0_34\" target=\"_blank\" aria-label=\"open in new tab\" class=\"pub-doi-link\">10.1007\/978-3-319-96229-0_34<\/a>                                                                                                                                                                                                    <\/div>\n                                <\/div>\n                                                            <div class=\"publication-entry\" data-title=\"Contrasting patterns of naturalized plant richness in the Americas: Numbers are higher in the North but expected to rise sharply in the South\" data-authors=\"Pysek, P., Dawson, W., Essl, F., Kreft, H., Pergl, J., Seebens, H., van Kleunen, M., Weigelt, P., &lt;strong&gt;Winter, Marten&lt;\/strong&gt;\" data-year=\"2019\">\n                                                                            <p>Pysek, P., Dawson, W., Essl, F., Kreft, H., Pergl, J., Seebens, H., van Kleunen, M., Weigelt, P., <strong>Winter, Marten<\/strong> (2019): Contrasting patterns of naturalized plant richness in the Americas: Numbers are higher in the North but expected to rise sharply in the South. <em>Global Ecology and Biogeography<\/em><\/p>\n                                                                        <div class=\"links\">\n                                                                                <a href=\"https:\/\/www.doi.org\/10.1111\/geb.12891\" target=\"_blank\" aria-label=\"open in new tab\" class=\"pub-doi-link\">10.1111\/geb.12891<\/a>                                                                                                                                                                                                    <\/div>\n                                <\/div>\n                                                            <div class=\"publication-entry\" data-title=\"Facultative mycorrhizal associations promote plant naturalization worldwide\" data-authors=\"Py\u0161ek, Petr, Guo, Wen-Yong, \u0160tajerov\u00e1, Kate\u0159ina, Moora, Mari, Bueno, C. Guillermo, Dawson, Wayne, Essl, Franz, Gerz, Maret, Kreft, Holger, Pergl, Jan, van Kleunen, Mark, Weigelt, Patrick, &lt;strong&gt;Winter, Marten&lt;\/strong&gt;, Zobel, Martin\" data-year=\"2019\">\n                                                                            <p>Py\u0161ek, Petr, Guo, Wen-Yong, \u0160tajerov\u00e1, Kate\u0159ina, Moora, Mari, Bueno, C. Guillermo, Dawson, Wayne, Essl, Franz, Gerz, Maret, Kreft, Holger, Pergl, Jan, van Kleunen, Mark, Weigelt, Patrick, <strong>Winter, Marten<\/strong>, Zobel, Martin (2019): Facultative mycorrhizal associations promote plant naturalization worldwide. <em>Ecosphere<\/em><\/p>\n                                                                        <div class=\"links\">\n                                                                                <a href=\"https:\/\/www.doi.org\/10.1002\/ecs2.2937\" target=\"_blank\" aria-label=\"open in new tab\" class=\"pub-doi-link\">10.1002\/ecs2.2937<\/a>                                                                                                                                                                                                    <\/div>\n                                <\/div>\n                                                            <div class=\"publication-entry\" data-title=\"Autofertility and self-compatibility moderately benefit island colonization of plants\" data-authors=\"Razanajatovo, Mialy, van Kleunen, Mark, Kreft, Holger, Dawson, Wayne, Essl, Franz, Pergl, Jan, Py\u0161ek, Petr, &lt;strong&gt;Winter, Marten&lt;\/strong&gt;, Weigelt, Patrick\" data-year=\"2019\">\n                                                                            <p>Razanajatovo, Mialy, van Kleunen, Mark, Kreft, Holger, Dawson, Wayne, Essl, Franz, Pergl, Jan, Py\u0161ek, Petr, <strong>Winter, Marten<\/strong>, Weigelt, Patrick (2019): Autofertility and self-compatibility moderately benefit island colonization of plants. <em>Global Ecology and Biogeography<\/em><\/p>\n                                                                        <div class=\"links\">\n                                                                                <a href=\"https:\/\/www.doi.org\/10.1111\/geb.12854\" target=\"_blank\" aria-label=\"open in new tab\" class=\"pub-doi-link\">10.1111\/geb.12854<\/a>                                                                                                                                                                                                    <\/div>\n                                <\/div>\n                                                            <div class=\"publication-entry\" data-title=\"Trade-Offs and Synergies Between Biodiversity Conservation and Productivity in the Context of Increasing Demands on Landscapes\" data-authors=\"Seppelt, Ralf, Beckmann, Michael, &lt;strong&gt;Ceau\u015fu, Silvia&lt;\/strong&gt;, Cord, Anna F., &lt;strong&gt;Gerstner, Katharina&lt;\/strong&gt;, Gurevitch, Jessica, Kambach, Stephan, Klotz, Stefan, Mendenhall, Chase, Phillips, Helen R. P., Powell, Kristin, Verburg, Peter H., Verhagen, Willem, &lt;strong&gt;Winter, Marten&lt;\/strong&gt;, Newbold, Tim\" data-year=\"2019\">\n                                                                            <p>Seppelt, Ralf, Beckmann, Michael, <strong>Ceau\u015fu, Silvia<\/strong>, Cord, Anna F., <strong>Gerstner, Katharina<\/strong>, Gurevitch, Jessica, Kambach, Stephan, Klotz, Stefan, Mendenhall, Chase, Phillips, Helen R. P., Powell, Kristin, Verburg, Peter H., Verhagen, Willem, <strong>Winter, Marten<\/strong>, Newbold, Tim (2019): Trade-Offs and Synergies Between Biodiversity Conservation and Productivity in the Context of Increasing Demands on Landscapes. In: Schr\u00f6ter, Matthias, Bonn, Aletta, Klotz, Stefan, Seppelt, Ralf, Baessler, Cornelia (Eds.) <em>Atlas of Ecosystem Services: Drivers, Risks, and Societal Responses<\/em>. Springer International Publishing<\/p>\n                                                                        <div class=\"links\">\n                                                                                <a href=\"https:\/\/www.doi.org\/10.1007\/978-3-319-96229-0_39\" target=\"_blank\" aria-label=\"open in new tab\" class=\"pub-doi-link\">10.1007\/978-3-319-96229-0_39<\/a>                                                                                                                                                                                                    <\/div>\n                                <\/div>\n                                                            <div class=\"publication-entry\" data-title=\"Assessing the utility of conserving evolutionary history\" data-authors=\"Tucker, C. M., Aze, T., Cadotte, M. W., Cantalapiedra, J. L., Chisholm, C., Diaz, S., Grenyer, R., Huang, D. W., Mazel, F., Pearse, W. D., Pennell, M. W., &lt;strong&gt;Winter, Marten&lt;\/strong&gt;, Mooers, A. O.\" data-year=\"2019\">\n                                                                            <p>Tucker, C. M., Aze, T., Cadotte, M. W., Cantalapiedra, J. L., Chisholm, C., Diaz, S., Grenyer, R., Huang, D. W., Mazel, F., Pearse, W. D., Pennell, M. W., <strong>Winter, Marten<\/strong>, Mooers, A. O. (2019): Assessing the utility of conserving evolutionary history. <em>Biological Reviews<\/em><\/p>\n                                                                        <div class=\"links\">\n                                                                                <a href=\"https:\/\/www.doi.org\/10.1111\/brv.12526\" target=\"_blank\" aria-label=\"open in new tab\" class=\"pub-doi-link\">10.1111\/brv.12526<\/a>                                                                                                                                                                                                    <\/div>\n                                <\/div>\n                                                            <div class=\"publication-entry\" data-title=\"Similar factors underlie tree abundance in forests in native and alien ranges\" data-authors=\"van der Sande, Masha T., &lt;strong&gt;Bruelheide, Helge&lt;\/strong&gt;, Dawson, Wayne, Dengler, J\u00fcrgen, Essl, Franz, Field, Richard, &lt;strong&gt;Haider, Sylvia&lt;\/strong&gt;, van Kleunen, Mark, Kreft, Holger, Pagel, Joern, Pergl, Jan, &lt;strong&gt;Purschke, Oliver&lt;\/strong&gt;, Py\u0161ek, Petr, Weigelt, Patrick, &lt;strong&gt;Winter, Marten&lt;\/strong&gt;, Attorre, Fabio, Aubin, Isabelle, Bergmeier, Erwin, Chytr\u00fd, Milan, Dainese, Matteo, De Sanctis, Michele, Fagundez, Jaime, Golub, Valentin, Guerin, Greg R., Guti\u00e9rrez, Alvaro G., &lt;strong&gt;Jandt, Ute&lt;\/strong&gt;, Jansen, Florian, Jim\u00e9nez-Alfaro, Borja, &lt;strong&gt;Kattge, Jens&lt;\/strong&gt;, Kearsley, Elizabeth, &lt;strong&gt;Klotz, Stefan&lt;\/strong&gt;, Kramer, Koen, Moretti, Marco, Niinemets, \u00dclo, Peet, Robert K., Penuelas, Josep, Pet\u0159\u00edk, Petr, Reich, Peter B., Sandel, Brody, Schmidt, Marco, Sibikova, Maria, Violle, Cyrille, Whitfeld, Timothy J. S., Wohlgemuth, Thomas, &lt;strong&gt;Knight, Tiffany Marie&lt;\/strong&gt;\" data-year=\"2019\">\n                                                                            <p>van der Sande, Masha T., <strong>Bruelheide, Helge<\/strong>, Dawson, Wayne, Dengler, J\u00fcrgen, Essl, Franz, Field, Richard, <strong>Haider, Sylvia<\/strong>, van Kleunen, Mark, Kreft, Holger, Pagel, Joern, Pergl, Jan, <strong>Purschke, Oliver<\/strong>, Py\u0161ek, Petr, Weigelt, Patrick, <strong>Winter, Marten<\/strong>, Attorre, Fabio, Aubin, Isabelle, Bergmeier, Erwin, Chytr\u00fd, Milan, Dainese, Matteo, De Sanctis, Michele, Fagundez, Jaime, Golub, Valentin, Guerin, Greg R., Guti\u00e9rrez, Alvaro G., <strong>Jandt, Ute<\/strong>, Jansen, Florian, Jim\u00e9nez-Alfaro, Borja, <strong>Kattge, Jens<\/strong>, Kearsley, Elizabeth, <strong>Klotz, Stefan<\/strong>, Kramer, Koen, Moretti, Marco, Niinemets, \u00dclo, Peet, Robert K., Penuelas, Josep, Pet\u0159\u00edk, Petr, Reich, Peter B., Sandel, Brody, Schmidt, Marco, Sibikova, Maria, Violle, Cyrille, Whitfeld, Timothy J. S., Wohlgemuth, Thomas, <strong>Knight, Tiffany Marie<\/strong> (2019): Similar factors underlie tree abundance in forests in native and alien ranges. <em>Global Ecology and Biogeography<\/em><\/p>\n                                                                        <div class=\"links\">\n                                                                                <a href=\"https:\/\/www.doi.org\/10.1111\/geb.13027\" target=\"_blank\" aria-label=\"open in new tab\" class=\"pub-doi-link\">10.1111\/geb.13027<\/a>                                                                                                                                                                                                    <\/div>\n                                <\/div>\n                                                            <div class=\"publication-entry\" data-title=\"The Global Naturalized Alien Flora (GloNAF) database\" data-authors=\"van Kleunen, Mark, Py\u0161ek, Petr, Dawson, Wayne, Essl, Franz, Kreft, Holger, Pergl, Jan, Weigelt, Patrick, Stein, Anke, Dullinger, Stefan, K\u00f6nig, Christian, Lenzner, Bernd, Maurel, No\u00eblie, Moser, Dietmar, Seebens, Hanno, Kartesz, John, Nishino, Misako, Aleksanyan, Alla, Ansong, Michael, Antonova, Liubov A., Barcelona, Julie F., Breckle, Siegmar W., Brundu, Giuseppe, Cabezas, Francisco J., C\u00e1rdenas, Dairon, C\u00e1rdenas-Toro, Juliana, Casta\u00f1o, Nicol\u00e1s, Chac\u00f3n, Eduardo, Chatelain, Cyrille, Conn, Barry, de S\u00e1 Dechoum, Michele, Dufour-Dror, Jean-Marc, Ebel, Aleksandr L., Figueiredo, Estrela, Fragman-Sapir, Ori, Fuentes, Nicol, Groom, Quentin J., Henderson, Lesley, Inderjit, Jogan, Nejc, Krestov, Pavel, Kupriyanov, Andrey, Masciadri, Silvana, Meerman, Jan, Morozova, Olga, Nickrent, Daniel, Nowak, Arkadiusz, Patzelt, Annette, Pelser, Pieter B., Shu, Wen-sheng, Thomas, Jacob, Uludag, Ahmet, Velayos, Mauricio, Verkhosina, Alla, Villase\u00f1or, Jos\u00e9 L., Weber, Ewald, Wieringa, Jan J., Yazl\u0131k, Ay\u015fe, Zeddam, Abida, Zykova, Elena, &lt;strong&gt;Winter, Marten&lt;\/strong&gt;\" data-year=\"2019\">\n                                                                            <p>van Kleunen, Mark, Py\u0161ek, Petr, Dawson, Wayne, Essl, Franz, Kreft, Holger, Pergl, Jan, Weigelt, Patrick, Stein, Anke, Dullinger, Stefan, K\u00f6nig, Christian, Lenzner, Bernd, Maurel, No\u00eblie, Moser, Dietmar, Seebens, Hanno, Kartesz, John, Nishino, Misako, Aleksanyan, Alla, Ansong, Michael, Antonova, Liubov A., Barcelona, Julie F., Breckle, Siegmar W., Brundu, Giuseppe, Cabezas, Francisco J., C\u00e1rdenas, Dairon, C\u00e1rdenas-Toro, Juliana, Casta\u00f1o, Nicol\u00e1s, Chac\u00f3n, Eduardo, Chatelain, Cyrille, Conn, Barry, de S\u00e1 Dechoum, Michele, Dufour-Dror, Jean-Marc, Ebel, Aleksandr L., Figueiredo, Estrela, Fragman-Sapir, Ori, Fuentes, Nicol, Groom, Quentin J., Henderson, Lesley, Inderjit, Jogan, Nejc, Krestov, Pavel, Kupriyanov, Andrey, Masciadri, Silvana, Meerman, Jan, Morozova, Olga, Nickrent, Daniel, Nowak, Arkadiusz, Patzelt, Annette, Pelser, Pieter B., Shu, Wen-sheng, Thomas, Jacob, Uludag, Ahmet, Velayos, Mauricio, Verkhosina, Alla, Villase\u00f1or, Jos\u00e9 L., Weber, Ewald, Wieringa, Jan J., Yazl\u0131k, Ay\u015fe, Zeddam, Abida, Zykova, Elena, <strong>Winter, Marten<\/strong> (2019): The Global Naturalized Alien Flora (GloNAF) database. <em>Ecology<\/em><\/p>\n                                                                        <div class=\"links\">\n                                                                                <a href=\"https:\/\/www.doi.org\/10.1002\/ecy.2542\" target=\"_blank\" aria-label=\"open in new tab\" class=\"pub-doi-link\">10.1002\/ecy.2542<\/a>                                                                                                                                                                                                    <\/div>\n                                <\/div>\n                                                    <\/div>\n                                            <div class=\"year-group\" data-year=\"2018\">\n                            <h4>Publikationen 2018<\/h4>\n                                                            <div class=\"publication-entry\" data-title=\"Global trait-environment relationships of plant communities\" data-authors=\"&lt;strong&gt;Bruelheide, Helge&lt;\/strong&gt;, &lt;strong&gt;Dengler, J\u00fcrgen&lt;\/strong&gt;, &lt;strong&gt;Purschke, Oliver&lt;\/strong&gt;, Lenoir, J., &lt;strong&gt;Jimenez-Alfaro, B.&lt;\/strong&gt;, Hennekens, S. M., Botta-Dukat, Z., Chytry, M., Field, R., Jansen, F., &lt;strong&gt;Kattge, Jens&lt;\/strong&gt;, Pillar, V. D., Schrodt, F., &lt;strong&gt;Mahecha, Miguel D.&lt;\/strong&gt;, Peet, R. K., Sandel, B., van Bodegom, P., Altman, J., Alvarez-Davila, E., Khan, Masa, Attorre, F., Aubin, I., Baraloto, C., Barroso, J. G., Bauters, M., Bergmeier, E., Biurrun, I., Bjorkman, A. D., Blonder, B., Carni, A., Cayuela, L., Cerny, T., Cornelissen, J. H. C., &lt;strong&gt;Craven, Dylan&lt;\/strong&gt;, Dainese, M., Derroire, G., De Sanctis, M., Diaz, S., Dolezal, J., Farfan-Rios, W., Feldpausch, T. R., Fenton, N. J., Garnier, E., Guerin, G. R., Gutierrez, A. G., &lt;strong&gt;Haider, S.&lt;\/strong&gt;, Hattab, T., Henry, G., Herault, B., Higuchi, P., Holzel, N., Homeier, J., Jentsch, A., Jurgens, N., Kacki, Z., Karger, D. N., Kessler, M., Kleyer, M., Knollova, I., Korolyuk, A. Y., &lt;strong&gt;K\u00fchn, Ingolf&lt;\/strong&gt;, Laughlin, D. C., Lens, F., Loos, J., Louault, F., Lyubenova, M. I., Malhi, Y., Marceno, C., Mencuccini, M., Muller, J. V., Munzinger, J., Myers-Smith, I. H., Neill, D. A., Niinemets, U., Orwin, K. H., Ozinga, W. A., Penuelas, J., Perez-Haase, A., Petrik, P., Phillips, O. L., Partel, M., Reich, P. B., &lt;strong&gt;R\u00f6mermann, Christine&lt;\/strong&gt;, Rodrigues, A. V., &lt;strong&gt;Sabatini, F. M.&lt;\/strong&gt;, Sardans, J., Schmidt, M., Seidler, G., Espejo, J. E. S., Silveira, M., Smyth, A., &lt;strong&gt;Sporbert, Maria&lt;\/strong&gt;, Svenning, J. C., Tang, Z. Y., Thomas, R., Tsiripidis, I., Vassilev, K., Violle, C., &lt;strong&gt;Virtanen, R.&lt;\/strong&gt;, Weiher, E., &lt;strong&gt;Welk, Erik&lt;\/strong&gt;, &lt;strong&gt;Wesche, Karsten&lt;\/strong&gt;, &lt;strong&gt;Winter, Marten&lt;\/strong&gt;, &lt;strong&gt;Wirth, Christian&lt;\/strong&gt;, &lt;strong&gt;Jandt, Ute&lt;\/strong&gt;\" data-year=\"2018\">\n                                                                            <p><strong>Bruelheide, Helge<\/strong>, <strong>Dengler, J\u00fcrgen<\/strong>, <strong>Purschke, Oliver<\/strong>, Lenoir, J., <strong>Jimenez-Alfaro, B.<\/strong>, Hennekens, S. M., Botta-Dukat, Z., Chytry, M., Field, R., Jansen, F., <strong>Kattge, Jens<\/strong>, Pillar, V. D., Schrodt, F., <strong>Mahecha, Miguel D.<\/strong>, Peet, R. K., Sandel, B., van Bodegom, P., Altman, J., Alvarez-Davila, E., Khan, Masa, Attorre, F., Aubin, I., Baraloto, C., Barroso, J. G., Bauters, M., Bergmeier, E., Biurrun, I., Bjorkman, A. D., Blonder, B., Carni, A., Cayuela, L., Cerny, T., Cornelissen, J. H. C., <strong>Craven, Dylan<\/strong>, Dainese, M., Derroire, G., De Sanctis, M., Diaz, S., Dolezal, J., Farfan-Rios, W., Feldpausch, T. R., Fenton, N. J., Garnier, E., Guerin, G. R., Gutierrez, A. G., <strong>Haider, S.<\/strong>, Hattab, T., Henry, G., Herault, B., Higuchi, P., Holzel, N., Homeier, J., Jentsch, A., Jurgens, N., Kacki, Z., Karger, D. N., Kessler, M., Kleyer, M., Knollova, I., Korolyuk, A. Y., <strong>K\u00fchn, Ingolf<\/strong>, Laughlin, D. C., Lens, F., Loos, J., Louault, F., Lyubenova, M. I., Malhi, Y., Marceno, C., Mencuccini, M., Muller, J. V., Munzinger, J., Myers-Smith, I. H., Neill, D. A., Niinemets, U., Orwin, K. H., Ozinga, W. A., Penuelas, J., Perez-Haase, A., Petrik, P., Phillips, O. L., Partel, M., Reich, P. B., <strong>R\u00f6mermann, Christine<\/strong>, Rodrigues, A. V., <strong>Sabatini, F. M.<\/strong>, Sardans, J., Schmidt, M., Seidler, G., Espejo, J. E. S., Silveira, M., Smyth, A., <strong>Sporbert, Maria<\/strong>, Svenning, J. C., Tang, Z. Y., Thomas, R., Tsiripidis, I., Vassilev, K., Violle, C., <strong>Virtanen, R.<\/strong>, Weiher, E., <strong>Welk, Erik<\/strong>, <strong>Wesche, Karsten<\/strong>, <strong>Winter, Marten<\/strong>, <strong>Wirth, Christian<\/strong>, <strong>Jandt, Ute<\/strong> (2018): Global trait-environment relationships of plant communities. <em>Nature Ecology &amp; Evolution<\/em><\/p>\n                                                                        <div class=\"links\">\n                                                                                <a href=\"https:\/\/www.doi.org\/10.1038\/s41559-018-0699-8\" target=\"_blank\" aria-label=\"open in new tab\" class=\"pub-doi-link\">10.1038\/s41559-018-0699-8<\/a>                                                                                                                                                                                                    <\/div>\n                                <\/div>\n                                                            <div class=\"publication-entry\" data-title=\"Global gaps in soil biodiversity data\" data-authors=\"&lt;strong&gt;Cameron, Erin K.&lt;\/strong&gt;, &lt;strong&gt;Martins, In\u00eas S.&lt;\/strong&gt;, Lavelle, Patrick, Mathieu, J\u00e9r\u00f4me, Tedersoo, Leho, &lt;strong&gt;Gottschall, Felix&lt;\/strong&gt;, &lt;strong&gt;Guerra, Carlos A.&lt;\/strong&gt;, &lt;strong&gt;Hines, Jes&lt;\/strong&gt;, &lt;strong&gt;Patoine, Guillaume&lt;\/strong&gt;, &lt;strong&gt;Siebert, Julia&lt;\/strong&gt;, &lt;strong&gt;Winter, Marten&lt;\/strong&gt;, &lt;strong&gt;Cesarz, Simone&lt;\/strong&gt;, Delgado-Baquerizo, Manuel, &lt;strong&gt;Ferlian, Olga&lt;\/strong&gt;, Fierer, Noah, Kreft, Holger, Lovejoy, Thomas E., Montanarella, Luca, Orgiazzi, Alberto, &lt;strong&gt;Pereira, Henrique Miguel&lt;\/strong&gt;, &lt;strong&gt;Phillips, Helen R. P.&lt;\/strong&gt;, &lt;strong&gt;Settele, Josef&lt;\/strong&gt;, Wall, Diana H., &lt;strong&gt;Eisenhauer, Nico&lt;\/strong&gt;\" data-year=\"2018\">\n                                                                            <p><strong>Cameron, Erin K.<\/strong>, <strong>Martins, In\u00eas S.<\/strong>, Lavelle, Patrick, Mathieu, J\u00e9r\u00f4me, Tedersoo, Leho, <strong>Gottschall, Felix<\/strong>, <strong>Guerra, Carlos A.<\/strong>, <strong>Hines, Jes<\/strong>, <strong>Patoine, Guillaume<\/strong>, <strong>Siebert, Julia<\/strong>, <strong>Winter, Marten<\/strong>, <strong>Cesarz, Simone<\/strong>, Delgado-Baquerizo, Manuel, <strong>Ferlian, Olga<\/strong>, Fierer, Noah, Kreft, Holger, Lovejoy, Thomas E., Montanarella, Luca, Orgiazzi, Alberto, <strong>Pereira, Henrique Miguel<\/strong>, <strong>Phillips, Helen R. P.<\/strong>, <strong>Settele, Josef<\/strong>, Wall, Diana H., <strong>Eisenhauer, Nico<\/strong> (2018): Global gaps in soil biodiversity data. <em>Nature Ecology &amp; Evolution<\/em><\/p>\n                                                                        <div class=\"links\">\n                                                                                <a href=\"https:\/\/www.doi.org\/10.1038\/s41559-018-0573-8\" target=\"_blank\" aria-label=\"open in new tab\" class=\"pub-doi-link\">10.1038\/s41559-018-0573-8<\/a>                                                                                                                                                                                                    <\/div>\n                                <\/div>\n                                                            <div class=\"publication-entry\" data-title=\"Tall-statured grasses: a useful functional group for invasion science\" data-authors=\"Canavan, Susan, Meyerson, Laura A., Packer, Jasmin G., Py\u0161ek, Petr, Maurel, No\u00eblie, Lozano, Vanessa, Richardson, David M., Brundu, Giuseppe, Canavan, Kim, Cicatelli, Angela, \u010cuda, Jan, Dawson, Wayne, Essl, Franz, Guarino, Francesco, Guo, Wen-Yong, van Kleunen, Mark, Kreft, Holger, Lambertini, Carla, Pergl, Jan, Sk\u00e1lov\u00e1, Hana, Soreng, Robert J., Visser, Vernon, Vorontsova, Maria S., Weigelt, Patrick, &lt;strong&gt;Winter, Marten&lt;\/strong&gt;, Wilson, John R. U.\" data-year=\"2018\">\n                                                                            <p>Canavan, Susan, Meyerson, Laura A., Packer, Jasmin G., Py\u0161ek, Petr, Maurel, No\u00eblie, Lozano, Vanessa, Richardson, David M., Brundu, Giuseppe, Canavan, Kim, Cicatelli, Angela, \u010cuda, Jan, Dawson, Wayne, Essl, Franz, Guarino, Francesco, Guo, Wen-Yong, van Kleunen, Mark, Kreft, Holger, Lambertini, Carla, Pergl, Jan, Sk\u00e1lov\u00e1, Hana, Soreng, Robert J., Visser, Vernon, Vorontsova, Maria S., Weigelt, Patrick, <strong>Winter, Marten<\/strong>, Wilson, John R. U. (2018): Tall-statured grasses: a useful functional group for invasion science. <em>Biological Invasions<\/em><\/p>\n                                                                        <div class=\"links\">\n                                                                                <a href=\"https:\/\/www.doi.org\/10.1007\/s10530-018-1815-z\" target=\"_blank\" aria-label=\"open in new tab\" class=\"pub-doi-link\">10.1007\/s10530-018-1815-z<\/a>                                                                                                                                                                                                    <\/div>\n                                <\/div>\n                                                            <div class=\"publication-entry\" data-title=\"European ornamental garden flora as an invasion debt under climate change\" data-authors=\"Haeuser, Emily, Dawson, Wayne, Thuiller, Wilfried, Dullinger, Stefan, Block, Svenja, Bossdorf, Oliver, Carboni, Marta, Conti, Luisa, Dullinger, Iwona, Essl, Franz, Klonner, G\u00fcnther, Moser, Dietmar, M\u00fcnkem\u00fcller, Tamara, Parepa, Madalin, Talluto, Matthew V., Kreft, Holger, Pergl, Jan, Py\u0161ek, Petr, Weigelt, Patrick, &lt;strong&gt;Winter, Marten&lt;\/strong&gt;, Hermy, Martin, Van der Veken, Sebastiaan, Roquet, Cristina, Kleunen, Mark\" data-year=\"2018\">\n                                                                            <p>Haeuser, Emily, Dawson, Wayne, Thuiller, Wilfried, Dullinger, Stefan, Block, Svenja, Bossdorf, Oliver, Carboni, Marta, Conti, Luisa, Dullinger, Iwona, Essl, Franz, Klonner, G\u00fcnther, Moser, Dietmar, M\u00fcnkem\u00fcller, Tamara, Parepa, Madalin, Talluto, Matthew V., Kreft, Holger, Pergl, Jan, Py\u0161ek, Petr, Weigelt, Patrick, <strong>Winter, Marten<\/strong>, Hermy, Martin, Van der Veken, Sebastiaan, Roquet, Cristina, Kleunen, Mark (2018): European ornamental garden flora as an invasion debt under climate change. <em>Journal of Applied Ecology<\/em><\/p>\n                                                                        <div class=\"links\">\n                                                                                <a href=\"https:\/\/www.doi.org\/10.1111\/1365-2664.13197\" target=\"_blank\" aria-label=\"open in new tab\" class=\"pub-doi-link\">10.1111\/1365-2664.13197<\/a>                                                                                                                                                                                                    <\/div>\n                                <\/div>\n                                                            <div class=\"publication-entry\" data-title=\"Spatial scaling of extinction rates: Theory and data reveal nonlinearity and a major upscaling and downscaling challenge\" data-authors=\"&lt;strong&gt;Keil, Petr&lt;\/strong&gt;, &lt;strong&gt;Pereira, Henrique Miguel&lt;\/strong&gt;, &lt;strong&gt;Cabral, Juliano Sarmento&lt;\/strong&gt;, &lt;strong&gt;Chase, Jonathan M.&lt;\/strong&gt;, &lt;strong&gt;May, Felix&lt;\/strong&gt;, &lt;strong&gt;Martins, In\u00eas S.&lt;\/strong&gt;, &lt;strong&gt;Winter, Marten&lt;\/strong&gt;\" data-year=\"2018\">\n                                                                            <p><strong>Keil, Petr<\/strong>, <strong>Pereira, Henrique Miguel<\/strong>, <strong>Cabral, Juliano Sarmento<\/strong>, <strong>Chase, Jonathan M.<\/strong>, <strong>May, Felix<\/strong>, <strong>Martins, In\u00eas S.<\/strong>, <strong>Winter, Marten<\/strong> (2018): Spatial scaling of extinction rates: Theory and data reveal nonlinearity and a major upscaling and downscaling challenge. <em>Global Ecology and Biogeography<\/em><\/p>\n                                                                        <div class=\"links\">\n                                                                                <a href=\"https:\/\/www.doi.org\/10.1111\/geb.12669\" target=\"_blank\" aria-label=\"open in new tab\" class=\"pub-doi-link\">10.1111\/geb.12669<\/a>                                                                                                                                                                                                    <\/div>\n                                <\/div>\n                                                            <div class=\"publication-entry\" data-title=\"Remoteness promotes biological invasions on islands worldwide\" data-authors=\"Moser, D., Lenzner, B., Weigelt, P., Dawson, W., Kreft, H., Pergl, J., Pysek, P., van Kleunen, M., &lt;strong&gt;Winter, Marten&lt;\/strong&gt;, Capinha, C., Cassey, P., Dullinger, S., Economo, E. P., Garcia-Diaz, P., Guenard, B., Hofhansl, F., Mang, T., Seebens, H., Essl, F.\" data-year=\"2018\">\n                                                                            <p>Moser, D., Lenzner, B., Weigelt, P., Dawson, W., Kreft, H., Pergl, J., Pysek, P., van Kleunen, M., <strong>Winter, Marten<\/strong>, Capinha, C., Cassey, P., Dullinger, S., Economo, E. P., Garcia-Diaz, P., Guenard, B., Hofhansl, F., Mang, T., Seebens, H., Essl, F. (2018): Remoteness promotes biological invasions on islands worldwide. <em>Proceedings of the National Academy of Sciences of the United States of America<\/em><\/p>\n                                                                        <div class=\"links\">\n                                                                                <a href=\"https:\/\/www.doi.org\/10.1073\/pnas.1804179115\" target=\"_blank\" aria-label=\"open in new tab\" class=\"pub-doi-link\">10.1073\/pnas.1804179115<\/a>                                                                                                                                                                                                    <\/div>\n                                <\/div>\n                                                            <div class=\"publication-entry\" data-title=\"Biodiversity assessments: Origin matters\" data-authors=\"Pauchard, An\u00edbal, Meyerson, Laura A., Bacher, Sven, Blackburn, Tim M., Brundu, Giuseppe, Cadotte, Marc W., Courchamp, Franck, Essl, Franz, Genovesi, Piero, &lt;strong&gt;Haider, Sylvia&lt;\/strong&gt;, Holmes, Nick D., Hulme, Philip E., Jeschke, Jonathan M., Lockwood, Julie L., Novoa, Ana, Nu\u00f1ez, Martin A., Peltzer, Duane A., Py\u0161ek, Petr, Richardson, David M., Simberloff, Daniel, Smith, Kevin, van Wilgen, Brian W., Vil\u00e0, Montserrat, Wilson, John R. U., &lt;strong&gt;Winter, Marten&lt;\/strong&gt;, Zenni, Rafael D.\" data-year=\"2018\">\n                                                                            <p>Pauchard, An\u00edbal, Meyerson, Laura A., Bacher, Sven, Blackburn, Tim M., Brundu, Giuseppe, Cadotte, Marc W., Courchamp, Franck, Essl, Franz, Genovesi, Piero, <strong>Haider, Sylvia<\/strong>, Holmes, Nick D., Hulme, Philip E., Jeschke, Jonathan M., Lockwood, Julie L., Novoa, Ana, Nu\u00f1ez, Martin A., Peltzer, Duane A., Py\u0161ek, Petr, Richardson, David M., Simberloff, Daniel, Smith, Kevin, van Wilgen, Brian W., Vil\u00e0, Montserrat, Wilson, John R. U., <strong>Winter, Marten<\/strong>, Zenni, Rafael D. (2018): Biodiversity assessments: Origin matters. <em>PLoS Biology<\/em><\/p>\n                                                                        <div class=\"links\">\n                                                                                <a href=\"https:\/\/www.doi.org\/10.1371\/journal.pbio.2006686\" target=\"_blank\" aria-label=\"open in new tab\" class=\"pub-doi-link\">10.1371\/journal.pbio.2006686<\/a>                                                                                                                                                                                                    <\/div>\n                                <\/div>\n                                                            <div class=\"publication-entry\" data-title=\"Nurturing connections to the environment\" data-authors=\"Pietrzak, Barbara, Sharma, Vandana, Wasalathanthri, Dhanuka, Ellwanger, Joel Henrique, Sanganyado, Edmond, Buschke, Falko, Beardsley, Felicia Rounds, Agarwal, Divyansh, Jensen, Mark Martin, Easun, Timothy L., Lin, Han, Zhou, Kaile, Jordan, E. Joseph, Oda, Fernanda Suemi, MacKay, Harry, Coffey, Erin, Yoho, Rachel, &lt;strong&gt;Winter, Marten&lt;\/strong&gt;\" data-year=\"2018\">\n                                                                            <p>Pietrzak, Barbara, Sharma, Vandana, Wasalathanthri, Dhanuka, Ellwanger, Joel Henrique, Sanganyado, Edmond, Buschke, Falko, Beardsley, Felicia Rounds, Agarwal, Divyansh, Jensen, Mark Martin, Easun, Timothy L., Lin, Han, Zhou, Kaile, Jordan, E. Joseph, Oda, Fernanda Suemi, MacKay, Harry, Coffey, Erin, Yoho, Rachel, <strong>Winter, Marten<\/strong> (2018): Nurturing connections to the environment. <em>Science<\/em><\/p>\n                                                                        <div class=\"links\">\n                                                                                <a href=\"https:\/\/www.doi.org\/10.1126\/science.aav9402\" target=\"_blank\" aria-label=\"open in new tab\" class=\"pub-doi-link\">10.1126\/science.aav9402<\/a>                                                                                                                                                                                                    <\/div>\n                                <\/div>\n                                                            <div class=\"publication-entry\" data-title=\"Global rise in emerging alien species results from increased accessibility of new source pools\" data-authors=\"Seebens, Hanno, Blackburn, Tim M., Dyer, Ellie E., Genovesi, Piero, Hulme, Philip E., Jeschke, Jonathan M., Pagad, Shyama, Py\u0161ek, Petr, van Kleunen, Mark, &lt;strong&gt;Winter, Marten&lt;\/strong&gt;, Ansong, Michael, Arianoutsou, Margarita, Bacher, Sven, Blasius, Bernd, Brockerhoff, Eckehard G., Brundu, Giuseppe, Capinha, C\u00e9sar, Causton, Charlotte E., Celesti-Grapow, Laura, Dawson, Wayne, Dullinger, Stefan, Economo, Evan P., Fuentes, Nicol, Gu\u00e9nard, Benoit, J\u00e4ger, Heinke, Kartesz, John, Kenis, Marc, &lt;strong&gt;K\u00fchn, Ingolf&lt;\/strong&gt;, Lenzner, Bernd, Liebhold, Andrew M., Mosena, Alexander, Moser, Dietmar, Nentwig, Wolfgang, Nishino, Misako, Pearman, David, Pergl, Jan, Rabitsch, Wolfgang, Rojas-Sandoval, Julissa, Roques, Alain, Rorke, Stephanie, Rossinelli, Silvia, Roy, Helen E., Scalera, Riccardo, Schindler, Stefan, \u0160tajerov\u00e1, Kate\u0159ina, Tokarska-Guzik, Barbara, Walker, Kevin, Ward, Darren F., Yamanaka, Takehiko, Essl, Franz\" data-year=\"2018\">\n                                                                            <p>Seebens, Hanno, Blackburn, Tim M., Dyer, Ellie E., Genovesi, Piero, Hulme, Philip E., Jeschke, Jonathan M., Pagad, Shyama, Py\u0161ek, Petr, van Kleunen, Mark, <strong>Winter, Marten<\/strong>, Ansong, Michael, Arianoutsou, Margarita, Bacher, Sven, Blasius, Bernd, Brockerhoff, Eckehard G., Brundu, Giuseppe, Capinha, C\u00e9sar, Causton, Charlotte E., Celesti-Grapow, Laura, Dawson, Wayne, Dullinger, Stefan, Economo, Evan P., Fuentes, Nicol, Gu\u00e9nard, Benoit, J\u00e4ger, Heinke, Kartesz, John, Kenis, Marc, <strong>K\u00fchn, Ingolf<\/strong>, Lenzner, Bernd, Liebhold, Andrew M., Mosena, Alexander, Moser, Dietmar, Nentwig, Wolfgang, Nishino, Misako, Pearman, David, Pergl, Jan, Rabitsch, Wolfgang, Rojas-Sandoval, Julissa, Roques, Alain, Rorke, Stephanie, Rossinelli, Silvia, Roy, Helen E., Scalera, Riccardo, Schindler, Stefan, \u0160tajerov\u00e1, Kate\u0159ina, Tokarska-Guzik, Barbara, Walker, Kevin, Ward, Darren F., Yamanaka, Takehiko, Essl, Franz (2018): Global rise in emerging alien species results from increased accessibility of new source pools. <em>Proceedings of the National Academy of Sciences<\/em><\/p>\n                                                                        <div class=\"links\">\n                                                                                <a href=\"https:\/\/www.doi.org\/10.1073\/pnas.1719429115\" target=\"_blank\" aria-label=\"open in new tab\" class=\"pub-doi-link\">10.1073\/pnas.1719429115<\/a>                                                                                                                                                                                                    <\/div>\n                                <\/div>\n                                                            <div class=\"publication-entry\" data-title=\"The changing role of ornamental horticulture in alien plant invasions\" data-authors=\"van Kleunen, Mark, Essl, Franz, Pergl, Jan, Brundu, Giuseppe, Carboni, Marta, Dullinger, Stefan, Early, Regan, Gonz\u00e1lez\u2010Moreno, Pablo, Groom, Quentin J., Hulme, Philip E., Kueffer, Christoph, &lt;strong&gt;K\u00fchn, Ingolf&lt;\/strong&gt;, M\u00e1guas, Cristina, Maurel, No\u00eblie, Novoa, Ana, Parepa, Madalin, Py\u0161ek, Petr, Seebens, Hanno, Tanner, Rob, Touza, Julia, Verbrugge, Laura, Weber, Ewald, Dawson, Wayne, Kreft, Holger, Weigelt, Patrick, &lt;strong&gt;Winter, Marten&lt;\/strong&gt;, Klonner, G\u00fcnther, Talluto, Matthew V., Dehnen\u2010Schmutz, Katharina\" data-year=\"2018\">\n                                                                            <p>van Kleunen, Mark, Essl, Franz, Pergl, Jan, Brundu, Giuseppe, Carboni, Marta, Dullinger, Stefan, Early, Regan, Gonz\u00e1lez\u2010Moreno, Pablo, Groom, Quentin J., Hulme, Philip E., Kueffer, Christoph, <strong>K\u00fchn, Ingolf<\/strong>, M\u00e1guas, Cristina, Maurel, No\u00eblie, Novoa, Ana, Parepa, Madalin, Py\u0161ek, Petr, Seebens, Hanno, Tanner, Rob, Touza, Julia, Verbrugge, Laura, Weber, Ewald, Dawson, Wayne, Kreft, Holger, Weigelt, Patrick, <strong>Winter, Marten<\/strong>, Klonner, G\u00fcnther, Talluto, Matthew V., Dehnen\u2010Schmutz, Katharina (2018): The changing role of ornamental horticulture in alien plant invasions. <em>Biological Reviews<\/em><\/p>\n                                                                        <div class=\"links\">\n                                                                                <a href=\"https:\/\/www.doi.org\/10.1111\/brv.12402\" target=\"_blank\" aria-label=\"open in new tab\" class=\"pub-doi-link\">10.1111\/brv.12402<\/a>                                                                                                                                                                                                    <\/div>\n                                <\/div>\n                                                    <\/div>\n                                            <div class=\"year-group\" data-year=\"2017\">\n                            <h4>Publikationen 2017<\/h4>\n                                                            <div class=\"publication-entry\" data-title=\"Synthesis Centers as Critical Research Infrastructure\" data-authors=\"Baron, Jill S., Specht, Alison, Garnier, Eric, Bishop, Pamela, Campbell, C. Andrew, Davis, Frank W., Fady, Bruno, Field, Dawn, Gross, Louis J., Guru, Siddeswara M., Halpern, Benjamin S., Hampton, Stephanie E., Leavitt, Peter R., Meagher, Thomas R., Ometto, Jean, Parker, John N., Price, Richard, Rawson, Casey H., Rodrigo, Allen, Sheble, Laura A., &lt;strong&gt;Winter, Marten&lt;\/strong&gt;\" data-year=\"2017\">\n                                                                            <p>Baron, Jill S., Specht, Alison, Garnier, Eric, Bishop, Pamela, Campbell, C. Andrew, Davis, Frank W., Fady, Bruno, Field, Dawn, Gross, Louis J., Guru, Siddeswara M., Halpern, Benjamin S., Hampton, Stephanie E., Leavitt, Peter R., Meagher, Thomas R., Ometto, Jean, Parker, John N., Price, Richard, Rawson, Casey H., Rodrigo, Allen, Sheble, Laura A., <strong>Winter, Marten<\/strong> (2017): Synthesis Centers as Critical Research Infrastructure. <em>BioScience<\/em><\/p>\n                                                                        <div class=\"links\">\n                                                                                <a href=\"https:\/\/www.doi.org\/10.1093\/biosci\/bix053\" target=\"_blank\" aria-label=\"open in new tab\" class=\"pub-doi-link\">10.1093\/biosci\/bix053<\/a>                                                                                                                                                                                                    <\/div>\n                                <\/div>\n                                                            <div class=\"publication-entry\" data-title=\"Diversity, biogeography and the global flows of alien amphibians and reptiles\" data-authors=\"Capinha, C\u00e9sar, Seebens, Hanno, Cassey, Phillip, Garc\u00eda-D\u00edaz, Pablo, Lenzner, Bernd, Mang, Thomas, Moser, Dietmar, Py\u0161ek, Petr, R\u00f6dder, Dennis, Scalera, Riccardo, &lt;strong&gt;Winter, Marten&lt;\/strong&gt;, Dullinger, Stefan, Essl, Franz\" data-year=\"2017\">\n                                                                            <p>Capinha, C\u00e9sar, Seebens, Hanno, Cassey, Phillip, Garc\u00eda-D\u00edaz, Pablo, Lenzner, Bernd, Mang, Thomas, Moser, Dietmar, Py\u0161ek, Petr, R\u00f6dder, Dennis, Scalera, Riccardo, <strong>Winter, Marten<\/strong>, Dullinger, Stefan, Essl, Franz (2017): Diversity, biogeography and the global flows of alien amphibians and reptiles. <em>Diversity and Distributions<\/em><\/p>\n                                                                        <div class=\"links\">\n                                                                                <a href=\"https:\/\/www.doi.org\/10.1111\/ddi.12617\" target=\"_blank\" aria-label=\"open in new tab\" class=\"pub-doi-link\">10.1111\/ddi.12617<\/a>                                                                                                                                                                                                    <\/div>\n                                <\/div>\n                                                            <div class=\"publication-entry\" data-title=\"Global hotspots and correlates of alien species richness across taxonomic groups\" data-authors=\"Dawson, Wayne, Moser, Dietmar, van Kleunen, Mark, Kreft, Holger, Pergl, Jan, Py\u0161ek, Petr, Weigelt, Patrick, &lt;strong&gt;Winter, Marten&lt;\/strong&gt;, Lenzner, Bernd, Blackburn, Tim M., Dyer, Ellie E., Cassey, Phillip, Scrivens, Sally L., Economo, Evan P., Gu\u00e9nard, Benoit, Capinha, C\u00e9sar, Seebens, Hanno, Garc\u00eda-D\u00edaz, Pablo, Nentwig, Wolfgang, Garc\u00eda-Berthou, Emili, Casal, Christine, Mandrak, Nicholas E., Fuller, Pam, &lt;strong&gt;Meyer, Carsten&lt;\/strong&gt;, Essl, Franz\" data-year=\"2017\">\n                                                                            <p>Dawson, Wayne, Moser, Dietmar, van Kleunen, Mark, Kreft, Holger, Pergl, Jan, Py\u0161ek, Petr, Weigelt, Patrick, <strong>Winter, Marten<\/strong>, Lenzner, Bernd, Blackburn, Tim M., Dyer, Ellie E., Cassey, Phillip, Scrivens, Sally L., Economo, Evan P., Gu\u00e9nard, Benoit, Capinha, C\u00e9sar, Seebens, Hanno, Garc\u00eda-D\u00edaz, Pablo, Nentwig, Wolfgang, Garc\u00eda-Berthou, Emili, Casal, Christine, Mandrak, Nicholas E., Fuller, Pam, <strong>Meyer, Carsten<\/strong>, Essl, Franz (2017): Global hotspots and correlates of alien species richness across taxonomic groups. <em>Nature Ecology &amp; Evolution<\/em><\/p>\n                                                                        <div class=\"links\">\n                                                                                <a href=\"https:\/\/www.doi.org\/10.1038\/s41559-017-0186\" target=\"_blank\" aria-label=\"open in new tab\" class=\"pub-doi-link\">10.1038\/s41559-017-0186<\/a>                                                                                                                                                                                                    <\/div>\n                                <\/div>\n                                                            <div class=\"publication-entry\" data-title=\"Which Latitudinal Gradients for Genetic Diversity?\" data-authors=\"Gratton, Paolo, Marta, Silvio, Bocksberger, Ga\u00eblle, &lt;strong&gt;Winter, Marten&lt;\/strong&gt;, &lt;strong&gt;Keil, Petr&lt;\/strong&gt;, Trucchi, Emiliano, &lt;strong&gt;K\u00fchl, Hjalmar&lt;\/strong&gt;\" data-year=\"2017\">\n                                                                            <p>Gratton, Paolo, Marta, Silvio, Bocksberger, Ga\u00eblle, <strong>Winter, Marten<\/strong>, <strong>Keil, Petr<\/strong>, Trucchi, Emiliano, <strong>K\u00fchl, Hjalmar<\/strong> (2017): Which Latitudinal Gradients for Genetic Diversity?. <em>Trends in Ecology &amp; Evolution<\/em><\/p>\n                                                                        <div class=\"links\">\n                                                                                <a href=\"https:\/\/www.doi.org\/10.1016\/j.tree.2017.07.007\" target=\"_blank\" aria-label=\"open in new tab\" class=\"pub-doi-link\">10.1016\/j.tree.2017.07.007<\/a>                                                                                                                                                                                                    <\/div>\n                                <\/div>\n                                                            <div class=\"publication-entry\" data-title=\"A world of sequences: can we use georeferenced nucleotide databases for a robust automated phylogeography?\" data-authors=\"Gratton, Paolo, Marta, Silvio, Bocksberger, Ga\u00eblle, &lt;strong&gt;Winter, Marten&lt;\/strong&gt;, Trucchi, Emiliano, &lt;strong&gt;K\u00fchl, Hjalmar&lt;\/strong&gt;\" data-year=\"2017\">\n                                                                            <p>Gratton, Paolo, Marta, Silvio, Bocksberger, Ga\u00eblle, <strong>Winter, Marten<\/strong>, Trucchi, Emiliano, <strong>K\u00fchl, Hjalmar<\/strong> (2017): A world of sequences: can we use georeferenced nucleotide databases for a robust automated phylogeography?. <em>Journal of Biogeography<\/em><\/p>\n                                                                        <div class=\"links\">\n                                                                                <a href=\"https:\/\/www.doi.org\/10.1111\/jbi.12786\" target=\"_blank\" aria-label=\"open in new tab\" class=\"pub-doi-link\">10.1111\/jbi.12786<\/a>                                                                                                                                                                                                    <\/div>\n                                <\/div>\n                                                            <div class=\"publication-entry\" data-title=\"Best Practices for Virtual Participation in Meetings: Experiences from Synthesis Centers\" data-authors=\"Hampton, Stephanie E., Halpern, Benjamin S., &lt;strong&gt;Winter, Marten&lt;\/strong&gt;, Balch, Jennifer K., Parker, John N., Baron, Jill S., Palmer, Margaret, Schildhauer, Mark P., Bishop, Pamela, Meagher, Thomas R., Specht, Alison\" data-year=\"2017\">\n                                                                            <p>Hampton, Stephanie E., Halpern, Benjamin S., <strong>Winter, Marten<\/strong>, Balch, Jennifer K., Parker, John N., Baron, Jill S., Palmer, Margaret, Schildhauer, Mark P., Bishop, Pamela, Meagher, Thomas R., Specht, Alison (2017): Best Practices for Virtual Participation in Meetings: Experiences from Synthesis Centers. <em>The Bulletin of the Ecological Society of America<\/em><\/p>\n                                                                        <div class=\"links\">\n                                                                                <a href=\"https:\/\/www.doi.org\/10.1002\/bes2.1290\" target=\"_blank\" aria-label=\"open in new tab\" class=\"pub-doi-link\">10.1002\/bes2.1290<\/a>                                                                                                                                                                                                    <\/div>\n                                <\/div>\n                                                            <div class=\"publication-entry\" data-title=\"It\u2019s not (all) about the money \u2014 supporting IPBES through challenging times\" data-authors=\"Hof, Christian, &lt;strong&gt;Winter, Marten&lt;\/strong&gt;, Hotes, Stefan, Opgenoorth, Lars\" data-year=\"2017\">\n                                                                            <p>Hof, Christian, <strong>Winter, Marten<\/strong>, Hotes, Stefan, Opgenoorth, Lars (2017): It\u2019s not (all) about the money \u2014 supporting IPBES through challenging times. <em>Frontiers of Biogeography<\/em><\/p>\n                                                                        <div class=\"links\">\n                                                                                <a href=\"https:\/\/www.doi.org\/10.21425\/F59134700\" target=\"_blank\" aria-label=\"open in new tab\" class=\"pub-doi-link\">10.21425\/F59134700<\/a>                                                                                                                                                                                                    <\/div>\n                                <\/div>\n                                                            <div class=\"publication-entry\" data-title=\"Naturalization of European plants on other continents: The role of donor habitats\" data-authors=\"Kalusov\u00e1, Veronika, Chytr\u00fd, Milan, van Kleunen, Mark, Mucina, Ladislav, Dawson, Wayne, Essl, Franz, Kreft, Holger, Pergl, Jan, Weigelt, Patrick, &lt;strong&gt;Winter, Marten&lt;\/strong&gt;, Py\u0161ek, Petr\" data-year=\"2017\">\n                                                                            <p>Kalusov\u00e1, Veronika, Chytr\u00fd, Milan, van Kleunen, Mark, Mucina, Ladislav, Dawson, Wayne, Essl, Franz, Kreft, Holger, Pergl, Jan, Weigelt, Patrick, <strong>Winter, Marten<\/strong>, Py\u0161ek, Petr (2017): Naturalization of European plants on other continents: The role of donor habitats. <em>Proceedings of the National Academy of Sciences<\/em><\/p>\n                                                                        <div class=\"links\">\n                                                                                <a href=\"https:\/\/www.doi.org\/10.1073\/pnas.1705487114\" target=\"_blank\" aria-label=\"open in new tab\" class=\"pub-doi-link\">10.1073\/pnas.1705487114<\/a>                                                                                                                                                                                                    <\/div>\n                                <\/div>\n                                                            <div class=\"publication-entry\" data-title=\"Will climate change increase hybridization risk between potential plant invaders and their congeners in Europe?\" data-authors=\"Klonner, G\u00fcnther, Dullinger, Iwona, Wessely, Johannes, Bossdorf, Oliver, Carboni, Marta, Dawson, Wayne, Essl, Franz, Gattringer, Andreas, Haeuser, Emily, van Kleunen, Mark, Kreft, Holger, Moser, Dietmar, Pergl, Jan, Py\u0161ek, Petr, Thuiller, Wilfried, Weigelt, Patrick, &lt;strong&gt;Winter, Marten&lt;\/strong&gt;, Dullinger, Stefan\" data-year=\"2017\">\n                                                                            <p>Klonner, G\u00fcnther, Dullinger, Iwona, Wessely, Johannes, Bossdorf, Oliver, Carboni, Marta, Dawson, Wayne, Essl, Franz, Gattringer, Andreas, Haeuser, Emily, van Kleunen, Mark, Kreft, Holger, Moser, Dietmar, Pergl, Jan, Py\u0161ek, Petr, Thuiller, Wilfried, Weigelt, Patrick, <strong>Winter, Marten<\/strong>, Dullinger, Stefan (2017): Will climate change increase hybridization risk between potential plant invaders and their congeners in Europe?. <em>Diversity and Distributions<\/em><\/p>\n                                                                        <div class=\"links\">\n                                                                                <a href=\"https:\/\/www.doi.org\/10.1111\/ddi.12578\" target=\"_blank\" aria-label=\"open in new tab\" class=\"pub-doi-link\">10.1111\/ddi.12578<\/a>                                                                                                                                                                                                    <\/div>\n                                <\/div>\n                                                            <div class=\"publication-entry\" data-title=\"Increasing species richness but decreasing phylogenetic richness and divergence over a 320-year period of urbanization\" data-authors=\"Knapp, Sonja, &lt;strong&gt;Winter, Marten&lt;\/strong&gt;, Klotz, Stefan\" data-year=\"2017\">\n                                                                            <p>Knapp, Sonja, <strong>Winter, Marten<\/strong>, Klotz, Stefan (2017): Increasing species richness but decreasing phylogenetic richness and divergence over a 320-year period of urbanization. <em>Journal of Applied Ecology<\/em><\/p>\n                                                                        <div class=\"links\">\n                                                                                <a href=\"https:\/\/www.doi.org\/10.1111\/1365-2664.12826\" target=\"_blank\" aria-label=\"open in new tab\" class=\"pub-doi-link\">10.1111\/1365-2664.12826<\/a>                                                                                                                                                                                                    <\/div>\n                                <\/div>\n                                                            <div class=\"publication-entry\" data-title=\"A vision for global monitoring of biological invasions\" data-authors=\"Latombe, Guillaume, Py\u0161ek, Petr, Jeschke, Jonathan M., Blackburn, Tim M., Bacher, Sven, Capinha, C\u00e9sar, Costello, Mark J., &lt;strong&gt;Fern\u00e1ndez, Miguel&lt;\/strong&gt;, Gregory, Richard D., Hobern, Donald, Hui, Cang, Jetz, Walter, Kumschick, Sabrina, McGrannachan, Chris, Pergl, Jan, Roy, Helen E., Scalera, Riccardo, Squires, Zoe E., Wilson, John R. U., &lt;strong&gt;Winter, Marten&lt;\/strong&gt;, Genovesi, Piero, McGeoch, Melodie A.\" data-year=\"2017\">\n                                                                            <p>Latombe, Guillaume, Py\u0161ek, Petr, Jeschke, Jonathan M., Blackburn, Tim M., Bacher, Sven, Capinha, C\u00e9sar, Costello, Mark J., <strong>Fern\u00e1ndez, Miguel<\/strong>, Gregory, Richard D., Hobern, Donald, Hui, Cang, Jetz, Walter, Kumschick, Sabrina, McGrannachan, Chris, Pergl, Jan, Roy, Helen E., Scalera, Riccardo, Squires, Zoe E., Wilson, John R. U., <strong>Winter, Marten<\/strong>, Genovesi, Piero, McGeoch, Melodie A. (2017): A vision for global monitoring of biological invasions. <em>Biological Conservation<\/em><\/p>\n                                                                        <div class=\"links\">\n                                                                                <a href=\"https:\/\/www.doi.org\/10.1016\/j.biocon.2016.06.013\" target=\"_blank\" aria-label=\"open in new tab\" class=\"pub-doi-link\">10.1016\/j.biocon.2016.06.013<\/a>                                                                                                                                                                                                    <\/div>\n                                <\/div>\n                                                            <div class=\"publication-entry\" data-title=\"Naturalization of ornamental plant species in public green spaces and private gardens\" data-authors=\"Mayer, Katharina, Haeuser, Emily, Dawson, Wayne, Essl, Franz, Kreft, Holger, Pergl, Jan, Py\u0161ek, Petr, Weigelt, Patrick, &lt;strong&gt;Winter, Marten&lt;\/strong&gt;, Lenzner, Bernd, van Kleunen, Mark\" data-year=\"2017\">\n                                                                            <p>Mayer, Katharina, Haeuser, Emily, Dawson, Wayne, Essl, Franz, Kreft, Holger, Pergl, Jan, Py\u0161ek, Petr, Weigelt, Patrick, <strong>Winter, Marten<\/strong>, Lenzner, Bernd, van Kleunen, Mark (2017): Naturalization of ornamental plant species in public green spaces and private gardens. <em>Biological Invasions<\/em><\/p>\n                                                                        <div class=\"links\">\n                                                                                <a href=\"https:\/\/www.doi.org\/10.1007\/s10530-017-1594-y\" target=\"_blank\" aria-label=\"open in new tab\" class=\"pub-doi-link\">10.1007\/s10530-017-1594-y<\/a>                                                                                                                                                                                                    <\/div>\n                                <\/div>\n                                                            <div class=\"publication-entry\" data-title=\"Planning for the Future of Urban Biodiversity: A Global Review of City-Scale Initiatives\" data-authors=\"Nilon, Charles H., Aronson, Myla F. J., Cilliers, Sarel S., Dobbs, Cynnamon, Frazee, Lauren J., Goddard, Mark A., O\u2019Neill, Karen M., Roberts, Debra, Stander, Emilie K., Werner, Peter, &lt;strong&gt;Winter, Marten&lt;\/strong&gt;, Yocom, Ken P.\" data-year=\"2017\">\n                                                                            <p>Nilon, Charles H., Aronson, Myla F. J., Cilliers, Sarel S., Dobbs, Cynnamon, Frazee, Lauren J., Goddard, Mark A., O\u2019Neill, Karen M., Roberts, Debra, Stander, Emilie K., Werner, Peter, <strong>Winter, Marten<\/strong>, Yocom, Ken P. (2017): Planning for the Future of Urban Biodiversity: A Global Review of City-Scale Initiatives. <em>BioScience<\/em><\/p>\n                                                                        <div class=\"links\">\n                                                                                <a href=\"https:\/\/www.doi.org\/10.1093\/biosci\/bix012\" target=\"_blank\" aria-label=\"open in new tab\" class=\"pub-doi-link\">10.1093\/biosci\/bix012<\/a>                                                                                                                                                                                                    <\/div>\n                                <\/div>\n                                                            <div class=\"publication-entry\" data-title=\"Troubling travellers: are ecologically harmful alien species associated with particular introduction pathways?\" data-authors=\"Pergl, J., Py\u0161ek, P., Bacher, S., Essl, F., Genovesi, P., Harrower, C.A., Hulme, P.E., Jeschke, J.M., Kenis, M., &lt;strong&gt;K\u00fchn, Ingolf&lt;\/strong&gt;, Perglov\u00e1, I., Rabitsch, W., Roques, A., Roy, D.B., Roy, H.E., Vil\u00e0, M., &lt;strong&gt;Winter, Marten&lt;\/strong&gt;, Nentwig, W.\" data-year=\"2017\">\n                                                                            <p>Pergl, J., Py\u0161ek, P., Bacher, S., Essl, F., Genovesi, P., Harrower, C.A., Hulme, P.E., Jeschke, J.M., Kenis, M., <strong>K\u00fchn, Ingolf<\/strong>, Perglov\u00e1, I., Rabitsch, W., Roques, A., Roy, D.B., Roy, H.E., Vil\u00e0, M., <strong>Winter, Marten<\/strong>, Nentwig, W. (2017): Troubling travellers: are ecologically harmful alien species associated with particular introduction pathways?. <em>NeoBiota<\/em><\/p>\n                                                                        <div class=\"links\">\n                                                                                <a href=\"https:\/\/www.doi.org\/10.3897\/neobiota.32.10199\" target=\"_blank\" aria-label=\"open in new tab\" class=\"pub-doi-link\">10.3897\/neobiota.32.10199<\/a>                                                                                                                                                                                                    <\/div>\n                                <\/div>\n                                                            <div class=\"publication-entry\" data-title=\"Red list of a black box\" data-authors=\"&lt;strong&gt;Phillips, Helen R. P.&lt;\/strong&gt;, Cameron, Erin K., &lt;strong&gt;Ferlian, Olga&lt;\/strong&gt;, &lt;strong&gt;T\u00fcrke, Manfred&lt;\/strong&gt;, &lt;strong&gt;Winter, Marten&lt;\/strong&gt;, &lt;strong&gt;Eisenhauer, Nico&lt;\/strong&gt;\" data-year=\"2017\">\n                                                                            <p><strong>Phillips, Helen R. P.<\/strong>, Cameron, Erin K., <strong>Ferlian, Olga<\/strong>, <strong>T\u00fcrke, Manfred<\/strong>, <strong>Winter, Marten<\/strong>, <strong>Eisenhauer, Nico<\/strong> (2017): Red list of a black box. <em>Nature Ecology &amp; Evolution<\/em><\/p>\n                                                                        <div class=\"links\">\n                                                                                <a href=\"https:\/\/www.doi.org\/10.1038\/s41559-017-0103\" target=\"_blank\" aria-label=\"open in new tab\" class=\"pub-doi-link\">10.1038\/s41559-017-0103<\/a>                                                                                                                                                                                                    <\/div>\n                                <\/div>\n                                                            <div class=\"publication-entry\" data-title=\"Naturalized alien flora of the world: species diversity, taxonomic and phylogenetic patterns, geographic distribution and global hotspots of plant invasion\" data-authors=\"Py\u0161ek, P., Pergl, J., Essl, F., Lenzner, B., Dawson, W., Kreft, H., Weigelt, P., &lt;strong&gt;Winter, Marten&lt;\/strong&gt;, Kartesz, J., Nishino, M., Antonova, L.A., Barcelona, J.F., Cabezas, F.J., C\u00e1rdenas, D., C\u00e1rdenas-Toro, J., Casta, Chac\u00f3n, Chatelain, Dullinger, Ebel, Figueiredo, Fuentes, Genovesi, Groom, Henderson, Inderjit, Kupriyanov, Masciadri, Maurel, Meerman, Morozova, Moser, Nickrent, Nowak, Pagad, Patzelt, Pelser, Seebens, Shu, Thomas, Velayos, Weber, Wieringa, Baptiste, van Kleunen\" data-year=\"2017\">\n                                                                            <p>Py\u0161ek, P., Pergl, J., Essl, F., Lenzner, B., Dawson, W., Kreft, H., Weigelt, P., <strong>Winter, Marten<\/strong>, Kartesz, J., Nishino, M., Antonova, L.A., Barcelona, J.F., Cabezas, F.J., C\u00e1rdenas, D., C\u00e1rdenas-Toro, J., Casta, Chac\u00f3n, Chatelain, Dullinger, Ebel, Figueiredo, Fuentes, Genovesi, Groom, Henderson, Inderjit, Kupriyanov, Masciadri, Maurel, Meerman, Morozova, Moser, Nickrent, Nowak, Pagad, Patzelt, Pelser, Seebens, Shu, Thomas, Velayos, Weber, Wieringa, Baptiste, van Kleunen (2017): Naturalized alien flora of the world: species diversity, taxonomic and phylogenetic patterns, geographic distribution and global hotspots of plant invasion. <em>Preslia<\/em><\/p>\n                                                                        <div class=\"links\">\n                                                                                <a href=\"https:\/\/www.doi.org\/10.23855\/preslia.2017.203\" target=\"_blank\" aria-label=\"open in new tab\" class=\"pub-doi-link\">10.23855\/preslia.2017.203<\/a>                                                                                                                                                                                                    <\/div>\n                                <\/div>\n                                                            <div class=\"publication-entry\" data-title=\"No saturation in the accumulation of alien species worldwide\" data-authors=\"Seebens, Hanno, Blackburn, Tim M., Dyer, Ellie E., Genovesi, Piero, Hulme, Philip E., Jeschke, Jonathan M., Pagad, Shyama, Py\u0161ek, Petr, &lt;strong&gt;Winter, Marten&lt;\/strong&gt;, Arianoutsou, Margarita, Bacher, Sven, Blasius, Bernd, Brundu, Giuseppe, Capinha, C\u00e9sar, Celesti-Grapow, Laura, Dawson, Wayne, Dullinger, Stefan, Fuentes, Nicol, J\u00e4ger, Heinke, Kartesz, John, Kenis, Marc, Kreft, Holger, &lt;strong&gt;K\u00fchn, Ingolf&lt;\/strong&gt;, Lenzner, Bernd, Liebhold, Andrew, Mosena, Alexander, Moser, Dietmar, Nishino, Misako, Pearman, David, Pergl, Jan, Rabitsch, Wolfgang, Rojas-Sandoval, Julissa, Roques, Alain, Rorke, Stephanie, Rossinelli, Silvia, Roy, Helen E., Scalera, Riccardo, Schindler, Stefan, \u0160tajerov\u00e1, Kate\u0159ina, Tokarska-Guzik, Barbara, van Kleunen, Mark, Walker, Kevin, Weigelt, Patrick, Yamanaka, Takehiko, Essl, Franz\" data-year=\"2017\">\n                                                                            <p>Seebens, Hanno, Blackburn, Tim M., Dyer, Ellie E., Genovesi, Piero, Hulme, Philip E., Jeschke, Jonathan M., Pagad, Shyama, Py\u0161ek, Petr, <strong>Winter, Marten<\/strong>, Arianoutsou, Margarita, Bacher, Sven, Blasius, Bernd, Brundu, Giuseppe, Capinha, C\u00e9sar, Celesti-Grapow, Laura, Dawson, Wayne, Dullinger, Stefan, Fuentes, Nicol, J\u00e4ger, Heinke, Kartesz, John, Kenis, Marc, Kreft, Holger, <strong>K\u00fchn, Ingolf<\/strong>, Lenzner, Bernd, Liebhold, Andrew, Mosena, Alexander, Moser, Dietmar, Nishino, Misako, Pearman, David, Pergl, Jan, Rabitsch, Wolfgang, Rojas-Sandoval, Julissa, Roques, Alain, Rorke, Stephanie, Rossinelli, Silvia, Roy, Helen E., Scalera, Riccardo, Schindler, Stefan, \u0160tajerov\u00e1, Kate\u0159ina, Tokarska-Guzik, Barbara, van Kleunen, Mark, Walker, Kevin, Weigelt, Patrick, Yamanaka, Takehiko, Essl, Franz (2017): No saturation in the accumulation of alien species worldwide. <em>Nature Communications<\/em><\/p>\n                                                                        <div class=\"links\">\n                                                                                <a href=\"https:\/\/www.doi.org\/10.1038\/ncomms14435\" target=\"_blank\" aria-label=\"open in new tab\" class=\"pub-doi-link\">10.1038\/ncomms14435<\/a>                                                                                                                                                                                                    <\/div>\n                                <\/div>\n                                                            <div class=\"publication-entry\" data-title=\"A guide to phylogenetic metrics for conservation, community ecology and macroecology\" data-authors=\"Tucker, Caroline M., Cadotte, Marc W., Carvalho, Silvia B., Davies, T. Jonathan, Ferrier, Simon, Fritz, Susanne A., Grenyer, Rich, Helmus, Matthew R., Jin, Lanna S., Mooers, Arne O., Pavoine, Sandrine, &lt;strong&gt;Purschke, Oliver&lt;\/strong&gt;, Redding, David W., Rosauer, Dan F., &lt;strong&gt;Winter, Marten&lt;\/strong&gt;, Mazel, Florent\" data-year=\"2017\">\n                                                                            <p>Tucker, Caroline M., Cadotte, Marc W., Carvalho, Silvia B., Davies, T. Jonathan, Ferrier, Simon, Fritz, Susanne A., Grenyer, Rich, Helmus, Matthew R., Jin, Lanna S., Mooers, Arne O., Pavoine, Sandrine, <strong>Purschke, Oliver<\/strong>, Redding, David W., Rosauer, Dan F., <strong>Winter, Marten<\/strong>, Mazel, Florent (2017): A guide to phylogenetic metrics for conservation, community ecology and macroecology. <em>Biological Reviews<\/em><\/p>\n                                                                        <div class=\"links\">\n                                                                                <a href=\"https:\/\/www.doi.org\/10.1111\/brv.12252\" target=\"_blank\" aria-label=\"open in new tab\" class=\"pub-doi-link\">10.1111\/brv.12252<\/a>                                                                                                                                                                                                    <\/div>\n                                <\/div>\n                                                    <\/div>\n                                            <div class=\"year-group\" data-year=\"2016\">\n                            <h4>Publikationen 2016<\/h4>\n                                                            <div class=\"publication-entry\" data-title=\"Niche dynamics of alien species do not differ among sexual and apomictic flowering plants\" data-authors=\"Dellinger, Agnes S., Essl, Franz, Hojsgaard, Diego, Kirchheimer, Bernhard, Klatt, Simone, Dawson, Wayne, Pergl, Jan, Py\u0161ek, Petr, van Kleunen, Mark, Weber, Ewald, &lt;strong&gt;Winter, Marten&lt;\/strong&gt;, H\u00f6randl, Elvira, Dullinger, Stefan\" data-year=\"2016\">\n                                                                            <p>Dellinger, Agnes S., Essl, Franz, Hojsgaard, Diego, Kirchheimer, Bernhard, Klatt, Simone, Dawson, Wayne, Pergl, Jan, Py\u0161ek, Petr, van Kleunen, Mark, Weber, Ewald, <strong>Winter, Marten<\/strong>, H\u00f6randl, Elvira, Dullinger, Stefan (2016): Niche dynamics of alien species do not differ among sexual and apomictic flowering plants. <em>New Phytologist<\/em><\/p>\n                                                                        <div class=\"links\">\n                                                                                <a href=\"https:\/\/www.doi.org\/10.1111\/nph.13694\" target=\"_blank\" aria-label=\"open in new tab\" class=\"pub-doi-link\">10.1111\/nph.13694<\/a>                                                                                                                                                                                                    <\/div>\n                                <\/div>\n                                                            <div class=\"publication-entry\" data-title=\"Climate change will increase the naturalization risk from garden plants in Europe\" data-authors=\"Dullinger, Iwona, Wessely, Johannes, Bossdorf, Oliver, Dawson, Wayne, Essl, Franz, Gattringer, Andreas, Klonner, G\u00fcnther, Kreft, Holger, Kuttner, Michael, Moser, Dietmar, Pergl, Jan, Py\u0161ek, Petr, Thuiller, Wilfried, van Kleunen, Mark, Weigelt, Patrick, &lt;strong&gt;Winter, Marten&lt;\/strong&gt;, Dullinger, Stefan\" data-year=\"2016\">\n                                                                            <p>Dullinger, Iwona, Wessely, Johannes, Bossdorf, Oliver, Dawson, Wayne, Essl, Franz, Gattringer, Andreas, Klonner, G\u00fcnther, Kreft, Holger, Kuttner, Michael, Moser, Dietmar, Pergl, Jan, Py\u0161ek, Petr, Thuiller, Wilfried, van Kleunen, Mark, Weigelt, Patrick, <strong>Winter, Marten<\/strong>, Dullinger, Stefan (2016): Climate change will increase the naturalization risk from garden plants in Europe. <em>Global Ecology and Biogeography<\/em><\/p>\n                                                                        <div class=\"links\">\n                                                                                <a href=\"https:\/\/www.doi.org\/10.1111\/geb.12512\" target=\"_blank\" aria-label=\"open in new tab\" class=\"pub-doi-link\">10.1111\/geb.12512<\/a>                                                                                                                                                                                                    <\/div>\n                                <\/div>\n                                                            <div class=\"publication-entry\" data-title=\"Plants capable of selfing are more likely to become naturalized\" data-authors=\"Razanajatovo, Mialy, Maurel, No\u00eblie, Dawson, Wayne, Essl, Franz, Kreft, Holger, Pergl, Jan, Py\u0161ek, Petr, Weigelt, Patrick, &lt;strong&gt;Winter, Marten&lt;\/strong&gt;, van Kleunen, Mark\" data-year=\"2016\">\n                                                                            <p>Razanajatovo, Mialy, Maurel, No\u00eblie, Dawson, Wayne, Essl, Franz, Kreft, Holger, Pergl, Jan, Py\u0161ek, Petr, Weigelt, Patrick, <strong>Winter, Marten<\/strong>, van Kleunen, Mark (2016): Plants capable of selfing are more likely to become naturalized. <em>Nature Communications<\/em><\/p>\n                                                                        <div class=\"links\">\n                                                                                <a href=\"https:\/\/www.doi.org\/10.1038\/ncomms13313\" target=\"_blank\" aria-label=\"open in new tab\" class=\"pub-doi-link\">10.1038\/ncomms13313<\/a>                                                                                                                                                                                                    <\/div>\n                                <\/div>\n                                                            <div class=\"publication-entry\" data-title=\"Harmonizing Biodiversity Conservation and Productivity in the Context of Increasing Demands on Landscapes\" data-authors=\"Seppelt, Ralf, Beckmann, Michael, &lt;strong&gt;Ceau\u015fu, Silvia&lt;\/strong&gt;, Cord, Anna F., Gerstner, Katharina, Gurevitch, Jessica, Kambach, Stephan, &lt;strong&gt;Klotz, Stefan&lt;\/strong&gt;, Mendenhall, Chase, Phillips, Helen R. P., Powell, Kristin, Verburg, Peter H., Verhagen, Willem, &lt;strong&gt;Winter, Marten&lt;\/strong&gt;, Newbold, Tim\" data-year=\"2016\">\n                                                                            <p>Seppelt, Ralf, Beckmann, Michael, <strong>Ceau\u015fu, Silvia<\/strong>, Cord, Anna F., Gerstner, Katharina, Gurevitch, Jessica, Kambach, Stephan, <strong>Klotz, Stefan<\/strong>, Mendenhall, Chase, Phillips, Helen R. P., Powell, Kristin, Verburg, Peter H., Verhagen, Willem, <strong>Winter, Marten<\/strong>, Newbold, Tim (2016): Harmonizing Biodiversity Conservation and Productivity in the Context of Increasing Demands on Landscapes. <em>BioScience<\/em><\/p>\n                                                                        <div class=\"links\">\n                                                                                <a href=\"https:\/\/www.doi.org\/10.1093\/biosci\/biw004\" target=\"_blank\" aria-label=\"open in new tab\" class=\"pub-doi-link\">10.1093\/biosci\/biw004<\/a>                                                                                                                                                                                                    <\/div>\n                                <\/div>\n                                                            <div class=\"publication-entry\" data-title=\"The Evolutionary Legacy of Diversification Predicts Ecosystem Function\" data-authors=\"&lt;strong&gt;Yguel, B.&lt;\/strong&gt;, Jactel, Herv\u00e9, Pearse, Ian S., Moen, Daniel, &lt;strong&gt;Winter, Marten&lt;\/strong&gt;, Hortal, Joaquin, Helmus, Matthew R., &lt;strong&gt;K\u00fchn, Ingolf&lt;\/strong&gt;, Pavoine, Sandrine, &lt;strong&gt;Purschke, Oliver&lt;\/strong&gt;, Weiher, Evan, Violle, Cyrille, Ozinga, Wim, Br\u00e4ndle, Martin, Bartish, Igor, Prinzing, Andreas\" data-year=\"2016\">\n                                                                            <p><strong>Yguel, B.<\/strong>, Jactel, Herv\u00e9, Pearse, Ian S., Moen, Daniel, <strong>Winter, Marten<\/strong>, Hortal, Joaquin, Helmus, Matthew R., <strong>K\u00fchn, Ingolf<\/strong>, Pavoine, Sandrine, <strong>Purschke, Oliver<\/strong>, Weiher, Evan, Violle, Cyrille, Ozinga, Wim, Br\u00e4ndle, Martin, Bartish, Igor, Prinzing, Andreas (2016): The Evolutionary Legacy of Diversification Predicts Ecosystem Function. <em>American Naturalist<\/em><\/p>\n                                                                        <div class=\"links\">\n                                                                                <a href=\"https:\/\/www.doi.org\/10.1086\/687964\" target=\"_blank\" aria-label=\"open in new tab\" class=\"pub-doi-link\">10.1086\/687964<\/a>                                                                                                                                                                                                    <\/div>\n                                <\/div>\n                                                    <\/div>\n                                            <div class=\"year-group\" data-year=\"2015\">\n                            <h4>Publikationen 2015<\/h4>\n                                                            <div class=\"publication-entry\" data-title=\"Phylogenetic patterns are not proxies of community assembly mechanisms (they are far better)\" data-authors=\"Gerhold, Pille, Cahill, James F., &lt;strong&gt;Winter, Marten&lt;\/strong&gt;, Bartish, Igor V., Prinzing, Andreas\" data-year=\"2015\">\n                                                                            <p>Gerhold, Pille, Cahill, James F., <strong>Winter, Marten<\/strong>, Bartish, Igor V., Prinzing, Andreas (2015): Phylogenetic patterns are not proxies of community assembly mechanisms (they are far better). <em>Functional Ecology<\/em><\/p>\n                                                                        <div class=\"links\">\n                                                                                <a href=\"https:\/\/www.doi.org\/10.1111\/1365-2435.12425\" target=\"_blank\" aria-label=\"open in new tab\" class=\"pub-doi-link\">10.1111\/1365-2435.12425<\/a>                                                                                                                                                                                                    <\/div>\n                                <\/div>\n                                                            <div class=\"publication-entry\" data-title=\"Challenging the view that invasive non-native plants are not a significant threat to the floristic diversity of Great Britain\" data-authors=\"Hulme, Philip E., Pauchard, An\u00edbal, Py\u0161ek, Petr, Vil\u00e0, Montserrat, Alba, Christina, Blackburn, Tim M., Bullock, James M., Chytr\u00fd, Milan, Dawson, Wayne, Dunn, Alison M., Essl, Franz, Genovesi, Piero, Maskell, Lindsay C., Meyerson, Laura A., Nu\u00f1ez, Martin A., Pergl, Jan, Pescott, Oliver L., Pocock, Michael J. O., Richardson, David M., Roy, Helen E., Smart, Simon M., \u0160tajerov\u00e1, Kate\u0159ina, Stohlgren, Thomas, van Kleunen, Mark, &lt;strong&gt;Winter, Marten&lt;\/strong&gt;\" data-year=\"2015\">\n                                                                            <p>Hulme, Philip E., Pauchard, An\u00edbal, Py\u0161ek, Petr, Vil\u00e0, Montserrat, Alba, Christina, Blackburn, Tim M., Bullock, James M., Chytr\u00fd, Milan, Dawson, Wayne, Dunn, Alison M., Essl, Franz, Genovesi, Piero, Maskell, Lindsay C., Meyerson, Laura A., Nu\u00f1ez, Martin A., Pergl, Jan, Pescott, Oliver L., Pocock, Michael J. O., Richardson, David M., Roy, Helen E., Smart, Simon M., \u0160tajerov\u00e1, Kate\u0159ina, Stohlgren, Thomas, van Kleunen, Mark, <strong>Winter, Marten<\/strong> (2015): Challenging the view that invasive non-native plants are not a significant threat to the floristic diversity of Great Britain. <em>Proceedings of the National Academy of Sciences<\/em><\/p>\n                                                                        <div class=\"links\">\n                                                                                <a href=\"https:\/\/www.doi.org\/10.1073\/pnas.1506517112\" target=\"_blank\" aria-label=\"open in new tab\" class=\"pub-doi-link\">10.1073\/pnas.1506517112<\/a>                                                                                                                                                                                                    <\/div>\n                                <\/div>\n                                                            <div class=\"publication-entry\" data-title=\"Alien plants invade more phylogenetically clustered community types and cause even stronger clustering\" data-authors=\"Lososov\u00e1, Zde\u0148ka, de Bello, Francesco, Chytr\u00fd, Milan, &lt;strong&gt;K\u00fchn, Ingolf&lt;\/strong&gt;, Py\u0161ek, Petr, S\u00e1dlo, Ji\u0159\u00ed, &lt;strong&gt;Winter, Marten&lt;\/strong&gt;, Zelen\u00fd, David\" data-year=\"2015\">\n                                                                            <p>Lososov\u00e1, Zde\u0148ka, de Bello, Francesco, Chytr\u00fd, Milan, <strong>K\u00fchn, Ingolf<\/strong>, Py\u0161ek, Petr, S\u00e1dlo, Ji\u0159\u00ed, <strong>Winter, Marten<\/strong>, Zelen\u00fd, David (2015): Alien plants invade more phylogenetically clustered community types and cause even stronger clustering. <em>Global Ecology and Biogeography<\/em><\/p>\n                                                                        <div class=\"links\">\n                                                                                <a href=\"https:\/\/www.doi.org\/10.1111\/geb.12317\" target=\"_blank\" aria-label=\"open in new tab\" class=\"pub-doi-link\">10.1111\/geb.12317<\/a>                                                                                                                                                                                                    <\/div>\n                                <\/div>\n                                                            <div class=\"publication-entry\" data-title=\"Phylogenetic structure of plant species pools reflects habitat age on the geological time scale\" data-authors=\"Lososov\u00e1, Zde\u0148ka, \u0160marda, Petr, Chytr\u00fd, Milan, &lt;strong&gt;Purschke, Oliver&lt;\/strong&gt;, Py\u0161ek, Petr, S\u00e1dlo, Ji\u0159\u00ed, Tich\u00fd, Lubom\u00edr, &lt;strong&gt;Winter, Marten&lt;\/strong&gt;\" data-year=\"2015\">\n                                                                            <p>Lososov\u00e1, Zde\u0148ka, \u0160marda, Petr, Chytr\u00fd, Milan, <strong>Purschke, Oliver<\/strong>, Py\u0161ek, Petr, S\u00e1dlo, Ji\u0159\u00ed, Tich\u00fd, Lubom\u00edr, <strong>Winter, Marten<\/strong> (2015): Phylogenetic structure of plant species pools reflects habitat age on the geological time scale. <em>Journal of Vegetation Science<\/em><\/p>\n                                                                        <div class=\"links\">\n                                                                                <a href=\"https:\/\/www.doi.org\/10.1111\/jvs.12308\" target=\"_blank\" aria-label=\"open in new tab\" class=\"pub-doi-link\">10.1111\/jvs.12308<\/a>                                                                                                                                                                                                    <\/div>\n                                <\/div>\n                                                            <div class=\"publication-entry\" data-title=\"Chapter scientists in the IPCC AR5 \u2014 experience and lessons learned\" data-authors=\"Schulte-Uebbing, Lena, Hansen, Gerrit, Hern\u00e1ndez, Ariel Macaspac, &lt;strong&gt;Winter, Marten&lt;\/strong&gt;\" data-year=\"2015\">\n                                                                            <p>Schulte-Uebbing, Lena, Hansen, Gerrit, Hern\u00e1ndez, Ariel Macaspac, <strong>Winter, Marten<\/strong> (2015): Chapter scientists in the IPCC AR5 \u2014 experience and lessons learned. <em>Current Opinion in Environmental Sustainability<\/em><\/p>\n                                                                        <div class=\"links\">\n                                                                                <a href=\"https:\/\/www.doi.org\/10.1016\/j.cosust.2015.06.012\" target=\"_blank\" aria-label=\"open in new tab\" class=\"pub-doi-link\">10.1016\/j.cosust.2015.06.012<\/a>                                                                                                                                                                                                    <\/div>\n                                <\/div>\n                                                            <div class=\"publication-entry\" data-title=\"Global trade will accelerate plant invasions in emerging economies under climate change\" data-authors=\"Seebens, Hanno, Essl, Franz, Dawson, Wayne, Fuentes, Nicol, Moser, Dietmar, Pergl, Jan, Py\u0161ek, Petr, van Kleunen, Mark, Weber, Ewald, &lt;strong&gt;Winter, Marten&lt;\/strong&gt;, Blasius, Bernd\" data-year=\"2015\">\n                                                                            <p>Seebens, Hanno, Essl, Franz, Dawson, Wayne, Fuentes, Nicol, Moser, Dietmar, Pergl, Jan, Py\u0161ek, Petr, van Kleunen, Mark, Weber, Ewald, <strong>Winter, Marten<\/strong>, Blasius, Bernd (2015): Global trade will accelerate plant invasions in emerging economies under climate change. <em>Global Change Biology<\/em><\/p>\n                                                                        <div class=\"links\">\n                                                                                <a href=\"https:\/\/www.doi.org\/10.1111\/gcb.13021\" target=\"_blank\" aria-label=\"open in new tab\" class=\"pub-doi-link\">10.1111\/gcb.13021<\/a>                                                                                                                                                                                                    <\/div>\n                                <\/div>\n                                                            <div class=\"publication-entry\" data-title=\"Global exchange and accumulation of non-native plants\" data-authors=\"van Kleunen, Mark, Dawson, Wayne, Essl, Franz, Pergl, Jan, &lt;strong&gt;Winter, Marten&lt;\/strong&gt;, Weber, Ewald, Kreft, Holger, Weigelt, Patrick, Kartesz, John, Nishino, Misako, Antonova, Liubov A., Barcelona, Julie F., Cabezas, Francisco J., Cardenas, Dairon, Cardenas-Toro, Juliana, Castano, Nicolas, Chacon, Eduardo, Chatelain, Cyrille, Ebel, Aleksandr L., Figueiredo, Estrela, Fuentes, Nicol, Groom, Quentin J., Henderson, Lesley, Inderjit, Kupriyanov, Andrey, Masciadri, Silvana, Meerman, Jan, Morozova, Olga, Moser, Dietmar, Nickrent, Daniel L., Patzelt, Annette, Pelser, Pieter B., Baptiste, Maria P., Poopath, Manop, Schulze, Maria, Seebens, Hanno, Shu, Wen-sheng, Thomas, Jacob, Velayos, Mauricio, Wieringa, Jan J., Pysek, Petr\" data-year=\"2015\">\n                                                                            <p>van Kleunen, Mark, Dawson, Wayne, Essl, Franz, Pergl, Jan, <strong>Winter, Marten<\/strong>, Weber, Ewald, Kreft, Holger, Weigelt, Patrick, Kartesz, John, Nishino, Misako, Antonova, Liubov A., Barcelona, Julie F., Cabezas, Francisco J., Cardenas, Dairon, Cardenas-Toro, Juliana, Castano, Nicolas, Chacon, Eduardo, Chatelain, Cyrille, Ebel, Aleksandr L., Figueiredo, Estrela, Fuentes, Nicol, Groom, Quentin J., Henderson, Lesley, Inderjit, Kupriyanov, Andrey, Masciadri, Silvana, Meerman, Jan, Morozova, Olga, Moser, Dietmar, Nickrent, Daniel L., Patzelt, Annette, Pelser, Pieter B., Baptiste, Maria P., Poopath, Manop, Schulze, Maria, Seebens, Hanno, Shu, Wen-sheng, Thomas, Jacob, Velayos, Mauricio, Wieringa, Jan J., Pysek, Petr (2015): Global exchange and accumulation of non-native plants. <em>Nature<\/em><\/p>\n                                                                        <div class=\"links\">\n                                                                                <a href=\"https:\/\/www.doi.org\/10.1038\/nature14910\" target=\"_blank\" aria-label=\"open in new tab\" class=\"pub-doi-link\">10.1038\/nature14910<\/a>                                                                                                                                                                                                    <\/div>\n                                <\/div>\n                                                    <\/div>\n                                            <div class=\"year-group\" data-year=\"2014\">\n                            <h4>Publikationen 2014<\/h4>\n                                                            <div class=\"publication-entry\" data-title=\"A global analysis of the impacts of urbanization on bird and plant diversity reveals key anthropogenic drivers\" data-authors=\"Aronson, Myla F. J., La Sorte, Frank A., Nilon, Charles H., Katti, Madhusudan, Goddard, Mark A., Lepczyk, Christopher A., Warren, Paige S., Williams, Nicholas S. G., Cilliers, Sarel, Clarkson, Bruce, Dobbs, Cynnamon, Dolan, Rebecca, Hedblom, Marcus, &lt;strong&gt;Klotz, Stefan&lt;\/strong&gt;, Kooijmans, Jip Louwe, &lt;strong&gt;K\u00fchn, Ingolf&lt;\/strong&gt;, MacGregor-Fors, Ian, McDonnell, Mark, M\u00f6rtberg, Ulla, Py\u0161ek, Petr, Siebert, Stefan, Sushinsky, Jessica, Werner, Peter, &lt;strong&gt;Winter, Marten&lt;\/strong&gt;\" data-year=\"2014\">\n                                                                            <p>Aronson, Myla F. J., La Sorte, Frank A., Nilon, Charles H., Katti, Madhusudan, Goddard, Mark A., Lepczyk, Christopher A., Warren, Paige S., Williams, Nicholas S. G., Cilliers, Sarel, Clarkson, Bruce, Dobbs, Cynnamon, Dolan, Rebecca, Hedblom, Marcus, <strong>Klotz, Stefan<\/strong>, Kooijmans, Jip Louwe, <strong>K\u00fchn, Ingolf<\/strong>, MacGregor-Fors, Ian, McDonnell, Mark, M\u00f6rtberg, Ulla, Py\u0161ek, Petr, Siebert, Stefan, Sushinsky, Jessica, Werner, Peter, <strong>Winter, Marten<\/strong> (2014): A global analysis of the impacts of urbanization on bird and plant diversity reveals key anthropogenic drivers. <em>Proceedings of the Royal Society B: Biological Sciences<\/em><\/p>\n                                                                        <div class=\"links\">\n                                                                                <a href=\"https:\/\/www.doi.org\/10.1098\/rspb.2013.3330\" target=\"_blank\" aria-label=\"open in new tab\" class=\"pub-doi-link\">10.1098\/rspb.2013.3330<\/a>                                                                                                                                                                                                    <\/div>\n                                <\/div>\n                                                            <div class=\"publication-entry\" data-title=\"Explorative Analysis of Heterogeneous, Unstructured, and Uncertain Data - A Computer Science Perspective on Biodiversity Research\" data-authors=\"Beckstein, C., B\u00f6cke, r S., Bogdan, M., &lt;strong&gt;Bruehlheide, H.&lt;\/strong&gt;, B\u00fccker, M. H., Denzler, J., Dittrich, P., &lt;strong&gt;Grosse, I.&lt;\/strong&gt;, Hinneburg, A, &lt;strong&gt;K\u00f6nig-Ries, B.&lt;\/strong&gt;, L\u00f6ffler, F., Marz, M., M\u00fcller-Hannemann, M., &lt;strong&gt;Winter, Marten&lt;\/strong&gt;, Zimmermann, W.\" data-year=\"2014\">\n                                                                            <p>Beckstein, C., B\u00f6cke, r S., Bogdan, M., <strong>Bruehlheide, H.<\/strong>, B\u00fccker, M. H., Denzler, J., Dittrich, P., <strong>Grosse, I.<\/strong>, Hinneburg, A, <strong>K\u00f6nig-Ries, B.<\/strong>, L\u00f6ffler, F., Marz, M., M\u00fcller-Hannemann, M., <strong>Winter, Marten<\/strong>, Zimmermann, W. (2014): Explorative Analysis of Heterogeneous, Unstructured, and Uncertain Data &#8211; A Computer Science Perspective on Biodiversity Research. <em><\/em><\/p>\n                                                                        <div class=\"links\">\n                                                                                <a href=\"https:\/\/www.doi.org\/10.5220\/0005098402510257\" target=\"_blank\" aria-label=\"open in new tab\" class=\"pub-doi-link\">10.5220\/0005098402510257<\/a>                                                                                                                                                                                                    <\/div>\n                                <\/div>\n                                                            <div class=\"publication-entry\" data-title=\"A Unified Classification of Alien Species Based on the Magnitude of their Environmental Impacts\" data-authors=\"Blackburn, Tim M., Essl, Franz, Evans, Thomas, Hulme, Philip E., Jeschke, Jonathan M., &lt;strong&gt;K\u00fchn, I.&lt;\/strong&gt;, Kumschick, Sabrina, Markov\u00e1, Zuzana, Mruga\u0142a, Agata, Nentwig, Wolfgang, Pergl, Jan, Py\u0161ek, Petr, Rabitsch, Wolfgang, Ricciardi, Anthony, Richardson, David M., Sendek, Agnieszka, Vil\u00e0, Montserrat, Wilson, John R. U., &lt;strong&gt;Winter, Marten&lt;\/strong&gt;, Genovesi, Piero, Bacher, Sven\" data-year=\"2014\">\n                                                                            <p>Blackburn, Tim M., Essl, Franz, Evans, Thomas, Hulme, Philip E., Jeschke, Jonathan M., <strong>K\u00fchn, I.<\/strong>, Kumschick, Sabrina, Markov\u00e1, Zuzana, Mruga\u0142a, Agata, Nentwig, Wolfgang, Pergl, Jan, Py\u0161ek, Petr, Rabitsch, Wolfgang, Ricciardi, Anthony, Richardson, David M., Sendek, Agnieszka, Vil\u00e0, Montserrat, Wilson, John R. U., <strong>Winter, Marten<\/strong>, Genovesi, Piero, Bacher, Sven (2014): A Unified Classification of Alien Species Based on the Magnitude of their Environmental Impacts. <em>PLoS Biology<\/em><\/p>\n                                                                        <div class=\"links\">\n                                                                                <a href=\"https:\/\/www.doi.org\/10.1371\/journal.pbio.1001850\" target=\"_blank\" aria-label=\"open in new tab\" class=\"pub-doi-link\">10.1371\/journal.pbio.1001850<\/a>                                                                                                                                                                                                    <\/div>\n                                <\/div>\n                                                            <div class=\"publication-entry\" data-title=\"sPlot \u2013 the new global vegetation-plot database for addressing trait-environment relationships across the world\u2019s biomes\" data-authors=\"&lt;strong&gt;Dengler, J.&lt;\/strong&gt;, &lt;strong&gt;Bruelheide, H.&lt;\/strong&gt;, &lt;strong&gt;Purschke, O.&lt;\/strong&gt;, Chytr\u00fd, M., Jansen, F., Hennekens, S.M., &lt;strong&gt;Jandt, U.&lt;\/strong&gt;, Jim\u00e9nez-Alfaro, B., &lt;strong&gt;Kattge, J.&lt;\/strong&gt;, Pillar, V.D., Sandel, B., &lt;strong&gt;Winter, M.&lt;\/strong&gt;, sPlot Consortium\" data-year=\"2014\">\n                                                                            <p><strong>Dengler, J.<\/strong>, <strong>Bruelheide, H.<\/strong>, <strong>Purschke, O.<\/strong>, Chytr\u00fd, M., Jansen, F., Hennekens, S.M., <strong>Jandt, U.<\/strong>, Jim\u00e9nez-Alfaro, B., <strong>Kattge, J.<\/strong>, Pillar, V.D., Sandel, B., <strong>Winter, M.<\/strong>, sPlot Consortium (2014): sPlot \u2013 the new global vegetation-plot database for addressing trait-environment relationships across the world\u2019s biomes. In: Mucina, L., Price, J.N., Kalwij, J.M. (Eds.) <em>Biodiversity and vegetation: patterns, processes, conservation<\/em>. Kwongan Foundation<\/p>\n                                                                        <div class=\"links\">\n                                                                                                                                                                                                                                                                                    <\/div>\n                                <\/div>\n                                                            <div class=\"publication-entry\" data-title=\"Defining the Impact of Non-Native Species\" data-authors=\"Jeschke, Jonathan M., Bacher, Sven, Blackburn, Tim M., Dick, Jaimie T. A., Essl, Franz, Evans, Thomas, Gaertner, Mirijam, Hulme, Philip E., &lt;strong&gt;K\u00fchn, I.&lt;\/strong&gt;, Mruga\u0141A, Agata, Pergl, J. A. N., Py\u0160Ek, Petr, Rabitsch, Wolfgang, Ricciardi, Anthony, Richardson, David M., Sendek, Agnieszka, Vil\u00c0, Montserrat, &lt;strong&gt;Winter, Marten&lt;\/strong&gt;, Kumschick, Sabrina\" data-year=\"2014\">\n                                                                            <p>Jeschke, Jonathan M., Bacher, Sven, Blackburn, Tim M., Dick, Jaimie T. A., Essl, Franz, Evans, Thomas, Gaertner, Mirijam, Hulme, Philip E., <strong>K\u00fchn, I.<\/strong>, Mruga\u0141A, Agata, Pergl, J. A. N., Py\u0160Ek, Petr, Rabitsch, Wolfgang, Ricciardi, Anthony, Richardson, David M., Sendek, Agnieszka, Vil\u00c0, Montserrat, <strong>Winter, Marten<\/strong>, Kumschick, Sabrina (2014): Defining the Impact of Non-Native Species. <em>Conservation Biology<\/em><\/p>\n                                                                        <div class=\"links\">\n                                                                                <a href=\"https:\/\/www.doi.org\/10.1111\/cobi.12299\" target=\"_blank\" aria-label=\"open in new tab\" class=\"pub-doi-link\">10.1111\/cobi.12299<\/a>                                                                                                                                                                                                    <\/div>\n                                <\/div>\n                                                            <div class=\"publication-entry\" data-title=\"Ecological Impacts of Alien Species: Quantification, Scope, Caveats, and Recommendations\" data-authors=\"Kumschick, Sabrina, Gaertner, Mirijam, Vil\u00e0, Montserrat, Essl, Franz, Jeschke, Jonathan M., Py\u0161ek, Petr, Ricciardi, Anthony, Bacher, Sven, Blackburn, Tim M., Dick, Jaimie T.A., Evans, Thomas, Hulme, Philip E., &lt;strong&gt;K\u00fchn, Ingolf&lt;\/strong&gt;, Mruga\u0142a, Agata, Pergl, Jan, Rabitsch, Wolfgang, Richardson, David M., Sendek, Agnieszka, &lt;strong&gt;Winter, Marten&lt;\/strong&gt;\" data-year=\"2014\">\n                                                                            <p>Kumschick, Sabrina, Gaertner, Mirijam, Vil\u00e0, Montserrat, Essl, Franz, Jeschke, Jonathan M., Py\u0161ek, Petr, Ricciardi, Anthony, Bacher, Sven, Blackburn, Tim M., Dick, Jaimie T.A., Evans, Thomas, Hulme, Philip E., <strong>K\u00fchn, Ingolf<\/strong>, Mruga\u0142a, Agata, Pergl, Jan, Rabitsch, Wolfgang, Richardson, David M., Sendek, Agnieszka, <strong>Winter, Marten<\/strong> (2014): Ecological Impacts of Alien Species: Quantification, Scope, Caveats, and Recommendations. <em>BioScience<\/em><\/p>\n                                                                        <div class=\"links\">\n                                                                                <a href=\"https:\/\/www.doi.org\/10.1093\/biosci\/biu193\" target=\"_blank\" aria-label=\"open in new tab\" class=\"pub-doi-link\">10.1093\/biosci\/biu193<\/a>                                                                                                                                                                                                    <\/div>\n                                <\/div>\n                                                            <div class=\"publication-entry\" data-title=\"Beta diversity of urban floras among European and non-European cities\" data-authors=\"La Sorte, F. A., Aronson, M. F. J., Williams, N. S. G., Celesti-Grapow, L., Cilliers, S., Clarkson, B. D., Dolan, R. W., Hipp, A., &lt;strong&gt;Klotz, S.&lt;\/strong&gt;, &lt;strong&gt;K\u00fchn, I.&lt;\/strong&gt;, Py\u0161ek, P., Siebert, S., &lt;strong&gt;Winter, Marten&lt;\/strong&gt;\" data-year=\"2014\">\n                                                                            <p>La Sorte, F. A., Aronson, M. F. J., Williams, N. S. G., Celesti-Grapow, L., Cilliers, S., Clarkson, B. D., Dolan, R. W., Hipp, A., <strong>Klotz, S.<\/strong>, <strong>K\u00fchn, I.<\/strong>, Py\u0161ek, P., Siebert, S., <strong>Winter, Marten<\/strong> (2014): Beta diversity of urban floras among European and non-European cities. <em>Global Ecology and Biogeography<\/em><\/p>\n                                                                        <div class=\"links\">\n                                                                                <a href=\"https:\/\/www.doi.org\/10.1111\/geb.12159\" target=\"_blank\" aria-label=\"open in new tab\" class=\"pub-doi-link\">10.1111\/geb.12159<\/a>                                                                                                                                                                                                    <\/div>\n                                <\/div>\n                                                    <\/div>\n                                            <div class=\"year-group\" data-year=\"2013\">\n                            <h4>Publikationen 2013<\/h4>\n                                                            <div class=\"publication-entry\" data-title=\"Correlations between global and regional measures of\u00a0invasiveness vary with region size\" data-authors=\"Dawson, Wayne, Keser, Lidewij, &lt;strong&gt;Winter, Marten&lt;\/strong&gt;, Py\u0161ek, Petr, Kartesz, John, Nishino, Misako, Fuentes, Nicol, Chytr\u00fd, Milan, Celesti-Grapow, Laura, van Kleunen, Mark\" data-year=\"2013\">\n                                                                            <p>Dawson, Wayne, Keser, Lidewij, <strong>Winter, Marten<\/strong>, Py\u0161ek, Petr, Kartesz, John, Nishino, Misako, Fuentes, Nicol, Chytr\u00fd, Milan, Celesti-Grapow, Laura, van Kleunen, Mark (2013): Correlations between global and regional measures of\u00a0invasiveness vary with region size. <em>NeoBiota<\/em><\/p>\n                                                                        <div class=\"links\">\n                                        <span class=\"badge rounded-pill bg-success text-white\">Open Access<\/span>                                        <a href=\"https:\/\/www.doi.org\/10.3897\/neobiota.16.4351\" target=\"_blank\" aria-label=\"open in new tab\" class=\"pub-doi-link\">10.3897\/neobiota.16.4351<\/a>                                                                                                                                                                                                    <\/div>\n                                <\/div>\n                                                            <div class=\"publication-entry\" data-title=\"Native, alien, endemic, threatened, and extinct species diversity in European countries\" data-authors=\"Essl, Franz, Moser, Dietmar, Dirnb\u00f6ck, Thomas, Dullinger, Stefan, Milasowszky, Norbert, &lt;strong&gt;Winter, Marten&lt;\/strong&gt;, Rabitsch, Wolfgang\" data-year=\"2013\">\n                                                                            <p>Essl, Franz, Moser, Dietmar, Dirnb\u00f6ck, Thomas, Dullinger, Stefan, Milasowszky, Norbert, <strong>Winter, Marten<\/strong>, Rabitsch, Wolfgang (2013): Native, alien, endemic, threatened, and extinct species diversity in European countries. <em>Biological Conservation<\/em><\/p>\n                                                                        <div class=\"links\">\n                                                                                <a href=\"https:\/\/www.doi.org\/10.1016\/j.biocon.2013.04.005\" target=\"_blank\" aria-label=\"open in new tab\" class=\"pub-doi-link\">10.1016\/j.biocon.2013.04.005<\/a>                                                                                                                                                                                                    <\/div>\n                                <\/div>\n                                                            <div class=\"publication-entry\" data-title=\"Contrasting changes in taxonomic, phylogenetic and functional diversity during a long-term succession: insights into assembly processes\" data-authors=\"&lt;strong&gt;Purschke, O.&lt;\/strong&gt;, Schmid, Barbara C., Sykes, Martin T., Poschlod, Peter, Michalski, Stefan G., &lt;strong&gt;Durka, Walter&lt;\/strong&gt;, &lt;strong&gt;K\u00fchn, Ingolf&lt;\/strong&gt;, &lt;strong&gt;Winter, Marten&lt;\/strong&gt;, Prentice, Honor C.\" data-year=\"2013\">\n                                                                            <p><strong>Purschke, O.<\/strong>, Schmid, Barbara C., Sykes, Martin T., Poschlod, Peter, Michalski, Stefan G., <strong>Durka, Walter<\/strong>, <strong>K\u00fchn, Ingolf<\/strong>, <strong>Winter, Marten<\/strong>, Prentice, Honor C. (2013): Contrasting changes in taxonomic, phylogenetic and functional diversity during a long-term succession: insights into assembly processes. <em>Journal of Ecology<\/em><\/p>\n                                                                        <div class=\"links\">\n                                                                                <a href=\"https:\/\/www.doi.org\/10.1111\/1365-2745.12098\" target=\"_blank\" aria-label=\"open in new tab\" class=\"pub-doi-link\">10.1111\/1365-2745.12098<\/a>                                                                                                                                                                                                    <\/div>\n                                <\/div>\n                                                            <div class=\"publication-entry\" data-title=\"Phylogenetic diversity and nature conservation: where are we?\" data-authors=\"&lt;strong&gt;Winter, Marten&lt;\/strong&gt;, Devictor, Vincent, Schweiger, Oliver\" data-year=\"2013\">\n                                                                            <p><strong>Winter, Marten<\/strong>, Devictor, Vincent, Schweiger, Oliver (2013): Phylogenetic diversity and nature conservation: where are we?. <em>Trends in Ecology &amp; Evolution<\/em><\/p>\n                                                                        <div class=\"links\">\n                                                                                <a href=\"https:\/\/www.doi.org\/10.1016\/j.tree.2012.10.015\" target=\"_blank\" aria-label=\"open in new tab\" class=\"pub-doi-link\">10.1016\/j.tree.2012.10.015<\/a>                                                                                                                                                                                                    <\/div>\n                                <\/div>\n                                                    <\/div>\n                                    <\/div>\n            <\/div>\n        <\/div>\n    <\/div>\n<\/div>\n\n\n\n\n\n\n\n<div class=\"textbildrepeater pb-24 pt-0 no-bg modulclass \" id=\"\">\n    <div class=\"container\">\n        <div class=\"row\">\n                                                                <div class=\"pb-24   mod_text  col-md-6 offset-md-3 pos_top\">\n                            <div class=\"textrepeater \" id=\"\">\n    <div class=\"slideElement\">\n<div class=\"detailBody\">\n<div class=\"infoText\">\n<p>&nbsp;<\/p>\n<\/div>\n<\/div>\n<\/div>\n<div class=\"slideElement\">\n<div class=\"detailHeader openSlide\">\n<h2>All Publications<\/h2>\n<\/div>\n<div class=\"detailBody\">\n<div class=\"infoText\">\n<p>See for an updated list &#8222;iDiv Publications&#8220;.<\/p>\n<p><strong>Others<\/strong><\/p>\n<ul>\n<li>S. Hampton, B. Halpern,\u00a0<strong>M. Winter<\/strong>\u00a0et al. (2017):\u00a0<em>Best practices for virtual participation in meetings &#8211; experiences from synthesis centers<\/em>.\u00a0<a class=\"external-link-new-window\" title=\"Opens external link in new window\" href=\"http:\/\/onlinelibrary.wiley.com\/doi\/10.1002\/bes2.1290\/full\" target=\"_blank\" aria-label=\"open in new tab\" rel=\"noopener\">Bulletin of the Ecological Society of America 98, 57-63.<\/a><\/li>\n<li>H.R.P. Phillips, E.K. Cameron, O. Ferlian, M. T\u00fcrke,\u00a0<strong>M. Winter<\/strong>, N. Eisenhauer (2017):\u00a0<em>Red list of a black box<\/em>,\u00a0<a class=\"external-link-new-window\" title=\"Opens internal link in current window\" href=\"https:\/\/www.nature.com\/articles\/s41559-017-0103\" target=\"_blank\" aria-label=\"open in new tab\" rel=\"noopener\">Nature Ecology and Evolution<\/a>\u00a01, 0103. (correspondence)<\/li>\n<li><strong>M. Winter<\/strong>, V. Hahn, R. Thier-Lange, C. Wirth (2016):\u00a0<em>Incubator for New Ideas<\/em>,\u00a0<a class=\"external-link-new-window\" title=\"Opens external link in new window\" href=\"http:\/\/www.dfg.de\/download\/pdf\/dfg_magazin\/wissenschaft_oeffentlichkeit\/forschung_magazin\/2016\/german_research_2016_3_en.pdf\" target=\"_blank\" aria-label=\"open in new tab\" rel=\"noopener\">german research<\/a>\u00a03 \/\u00a0<strong>M. Winter<\/strong>, V. Hahn, R. Thier-Lange, C. Wirth (2016):\u00a0<em>Inkubator f\u00fcr neue Ideen<\/em>,\u00a0<a class=\"external-link-new-window\" title=\"Opens external link in new window\" href=\"http:\/\/www.dfg.de\/download\/pdf\/dfg_magazin\/wissenschaft_oeffentlichkeit\/forschung_magazin\/2016\/forschung_2016_04.pdf\" target=\"_blank\" aria-label=\"open in new tab\" rel=\"noopener\">forschung<\/a>\u00a04<\/li>\n<\/ul>\n<h3><\/h3>\n<p><strong>Accepted\/published publications<\/strong><\/p>\n<p>2019<\/p>\n<ul>\n<li class=\"EndNoteBibliography\">Beckmann, M., Gerstner, K., Akin-Fajiye, M., Ceau\u0219u, S., Kambach, S., Kinlock, N.L., Phillips, H.R.P., Verhagen, W., Gurevitch, J., Klotz, S., Newbold, T., Verburg, P.H.,\u00a0<strong>Winter, M.\u00a0<\/strong>&amp; Seppelt, R. (2019):\u00a0<em>Conventional land-use intensification reduces species richness and increases production: A global meta-analysis.<\/em>\u00a0Global Change Biology,\u00a0<strong>0<\/strong>, 1941-1956. (see the exciting\u00a0<a href=\"https:\/\/www.idiv.de\/en\/sdiv\/working_groups\/sesync_ufz_sdiv\/lu_bd_es.html\" target=\"_blank\" aria-label=\"open in new tab\" rel=\"noopener\">LU-BD-ES project here<\/a>)<\/li>\n<li class=\"EndNoteBibliography\">Blowes, S.A., Supp, S.R., Ant\u00e3o, L.H., Bates, A., Bruelheide, H., Chase, J.M., Moyes, F., Magurran, A., McGill, B., Myers-Smith, I.H., Winter, M., Bjorkman, A.D., Bowler, D.E., Byrnes, J.E.K., Gonzalez, A., Hines, J., Isbell, F., Jones, H.P., Navarro, L.M., Thompson, P.L., Vellend, M., Waldock, C. &amp; Dornelas, M. (2019):\u00a0<em>The geography of biodiversity change in marine and terrestrial assemblages<\/em>.\u00a0<strong>Science<\/strong>,\u00a0<strong>366<\/strong>, 339-345. (see the great project\u00a0<a href=\"http:\/\/www.idiv.de\/schange\" target=\"_blank\" aria-label=\"open in new tab\" rel=\"noopener\">www.idiv.de\/schange<\/a>)<\/li>\n<li class=\"EndNoteBibliography\">Bruelheide, H., Dengler, J., Jim\u00e9nez\u2010Alfaro, B., Purschke, O., Hennekens, S.M., Chytr\u00fd, M., Pillar, V.D., Jansen, F., Kattge, J., Sandel, B., Aubin, I., Biurrun, I., Field, R., Haider, S., Jandt, U., Lenoir, J., Peet, R.K., Peyre, G., Sabatini, F.M., Schmidt, M., Schrodt, F.,\u00a0<strong>Winter, M.<\/strong>,[&#8230;] &amp; Chiarucci, A. (2019):\u00a0<em>sPlot \u2013 A new tool for global vegetation analyses<\/em>. Journal of Vegetation Science,\u00a0<strong>30<\/strong>, 161-186.<\/li>\n<li class=\"EndNoteBibliography\">Cameron, E.K., Martins, I.S., Lavelle, P., Mathieu, J., Tedersoo, L., Bahram, M., Gottschall, F., Guerra, C.A., Hines, J., Patoine, G., Siebert, J.,\u00a0<strong>Winter, M.<\/strong>, Cesarz, S., Ferlian, O., Kreft, H., Lovejoy, T.E., Montanarella, L., Orgiazzi, A., Pereira, H.M., Phillips, H.R.P., Settele, J., Wall, D.H. &amp; Eisenhauer, N. (2019):\u00a0<em>Global mismatches in aboveground and belowground biodiversity.<\/em>\u00a0Conservation Biology,\u00a0<strong>33<\/strong>, 1187-1192.<\/li>\n<li class=\"EndNoteBibliography\">Chase, J.M., McGill, B.J., Thompson, P.L., Ant\u00e3o, L.H., Bates, A.E., Blowes, S.A., Dornelas, M., Gonzalez, A., Magurran, A.E., Supp, S.R.,\u00a0<strong>Winter, M.<\/strong>, Bjorkman, A.D., Bruelheide, H., Byrnes, J.E.K., Cabral, J.S., Elahi, R., Gomez, C., Guzman, H.M., Isbell, F., Myers-Smith, I.H., Jones, H.P., Hines, J., Vellend, M., Waldock, C. &amp; O&#8217;Connor, M. (2019):\u00a0<em>Species richness change across spatial scales<\/em>. Oikos,\u00a0<strong>128<\/strong>, 1079-1091. (see the great project\u00a0<a href=\"http:\/\/www.idiv.de\/schange\" target=\"_blank\" aria-label=\"open in new tab\" rel=\"noopener\">www.idiv.de\/schange<\/a>)<\/li>\n<li class=\"EndNoteBibliography\">Craven, D.,\u00a0<strong>Winter, M.<\/strong>, Hotzel, K., Gaikwad, J., Eisenhauer, N., Hohmuth, M., K\u00f6nig-Ries, B. &amp; Wirth, C. (2019):\u00a0<em>Evolution of interdisciplinarity in biodiversity science.\u00a0<\/em>Ecology and Evolution,\u00a0<strong>9<\/strong>, 6744-6755.<\/li>\n<li class=\"EndNoteBibliography\">Delavaux, C.S., Weigelt, P., Dawson, W., Duchicela, J., Essl, F., van Kleunen, M., K\u00f6nig, C., Pergl, J., Py\u0161ek, P., Stein, A.,\u00a0<em>Winter, M.<\/em>, Schultz, P., Kreft, H. &amp; Bever, J.D. (2019):\u00a0<em>Mycorrhizal fungi influence global plant biogeography.<\/em>\u00a0Nature Ecology &amp; Evolution,\u00a0<strong>3<\/strong>, 424-429.<\/li>\n<li class=\"EndNoteBibliography\">Dornelas, M., Madin, E.M.P., Bunce, M., DiBattista, J.D., Johnson, M., Madin, J.S., Magurran, A.E., McGill, B.J., Pettorelli, N., Pizarro, O., Williams, S.B.,\u00a0<strong>Winter, M.<\/strong>\u00a0&amp; Bates, A.E. (2019):\u00a0<em>Towards a macroscope: Leveraging technology to transform the breadth, scale and resolution of macroecological data.<\/em>\u00a0Global Ecology and Biogeography,\u00a0<strong>28<\/strong>, 1937-1948.<\/li>\n<li class=\"EndNoteBibliography\">Essl, F., Dawson, W., Kreft, H., Pergl, J., Py\u0161ek, P., Van Kleunen, M., Weigelt, P., Mang, T., Dullinger, S., Lenzner, B., Moser, D., Maurel, N., Seebens, H., Stein, A., Weber, E., Chatelain, C., Inderjit, Genovesi, P., Kartesz, J., Morozova, O., Nishino, M., Nowak, P.M., Pagad, S., Shu, W.-S. &amp;\u00a0<strong>Winter, M.\u00a0<\/strong>(2019):\u00a0<em>Drivers of the relative richness of naturalized and invasive plant species on Earth<\/em>. AoB PLANTS,\u00a0<strong>11<\/strong><\/li>\n<li class=\"EndNoteBibliography\">Fenesi, A., S\u00e1ndor, D., Py\u0161ek, P., Dawson, W., Ruprecht, E., Essl, F., Kreft, H., Pergl, J., Weigelt, P.,\u00a0<strong>Winter, M.<\/strong>\u00a0&amp; Van Kleunen, M. (2019):\u00a0<em>The role of fruit heteromorphism in the naturalization of Asteraceae.\u00a0<\/em>Annals of Botany,\u00a0<strong>123<\/strong>, 1043-1052.<\/li>\n<li class=\"EndNoteBibliography\">Knapp, S.,\u00a0<strong>Winter, M.<\/strong>, Zehnsdorf, A. &amp; K\u00fchn, I. (2019):\u00a0<em>How Good Are Bad Species?<\/em>\u00a0Atlas of Ecosystem Services: Drivers, Risks, and Societal Responses (ed. by M. Schr\u00f6ter, A. Bonn, S. Klotz, R. Seppelt and C. Baessler), pp. 215-223. Springer International Publishing, Cham.<\/li>\n<li class=\"EndNoteBibliography\">Py\u0161ek, P., Dawson, W., Essl, F., Kreft, H., Pergl, J., Seebens, H., van Kleunen, M., Weigelt, P. &amp;\u00a0<strong>Winter, M.\u00a0<\/strong>(2019) Contrasting patterns of naturalized plant richness in the Americas: Numbers are higher in the North but expected to rise sharply in the South.\u00a0<em>Global Ecology and Biogeography<\/em>,\u00a0<strong>0<\/strong>, 779-783.<\/li>\n<li class=\"EndNoteBibliography\">Razanajatovo, M., van Kleunen, M., Kreft, H., Dawson, W., Essl, F., Pergl, J., Pysek, P.,<strong>\u00a0Winter, M.<\/strong>\u00a0&amp; Weigelt, P. (2019:)\u00a0<em>Autofertility and self-compatibility moderately benefit island colonization of plants<\/em>. Global Ecology and Biogeography,\u00a0<strong>28<\/strong>, 341-352.<\/li>\n<li class=\"EndNoteBibliography\">Seppelt, R., Beckmann, M., Ceau\u015fu, S., Cord, A.F., Gerstner, K., Gurevitch, J., Kambach, S., Klotz, S., Mendenhall, C., Phillips, H.R.P., Powell, K., Verburg, P.H., Verhagen, W.,\u00a0<strong>Winter, M.<\/strong>\u00a0&amp; Newbold, T. (2019):\u00a0<em>Trade-Offs and Synergies Between Biodiversity Conservation and Productivity in the Context of Increasing Demands on Landscapes.<\/em>\u00a0Atlas of Ecosystem Services: Drivers, Risks, and Societal Responses (ed. by M. Schr\u00f6ter, A. Bonn, S. Klotz, R. Seppelt and C. Baessler), pp. 251-256. Springer International Publishing, Cham.<\/li>\n<li class=\"EndNoteBibliography\">Tucker, C.M., Aze, T., Cadotte, M.W., Cantalapiedra, J.L., Chisholm, C., D\u00edaz, S., Grenyer, R., Huang, D., Mazel, F., Pearse, W.D., Pennell, M.W.,\u00a0<strong>Winter, M.\u00a0<\/strong>&amp; Mooers, A.O. (2019):\u00a0<em>Assessing the utility of conserving evolutionary history<\/em>. Biological Reviews,\u00a0<strong>0<\/strong>, 1740-1760. (see great sCap project here\u00a0<a href=\"http:\/\/www.idiv.de\/scap\" target=\"_blank\" aria-label=\"open in new tab\" rel=\"noopener\">www.idiv.de\/scap<\/a>)<\/li>\n<li class=\"EndNoteBibliography\">van Kleunen, M., Py\u0161ek, P., Dawson, W., Essl, F., Kreft, H., Pergl, J., Weigelt, P., Stein, A., Dullinger, S., Konig, C., Lenzner, B., [&#8230;] Zykova, E. &amp;\u00a0<strong>Winter, M.\u00a0<\/strong>(2019):\u00a0<em>The Global Naturalized Alien Flora (GloNAF) database<\/em>. Ecology,\u00a0<strong>100<\/strong>, e02542.<\/li>\n<\/ul>\n<p>2018<\/p>\n<ul>\n<li>Guo, W. Y., M. van Kleunen,\u00a0<strong>M. Winter<\/strong>, P. Weigelt, A. Stein, S. Pierce, J. Pergl, D. Moser, N. Maurel, B. Lenzner, H. Kreft, F. Essl, W. Dawson, and P. Pysek. (2018):\u00a0<em>The role of adaptive strategies in plant naturalization<\/em>.\u00a0<a class=\"external-link-new-window\" title=\"another great paper\" href=\"https:\/\/onlinelibrary.wiley.com\/doi\/full\/10.1111\/ele.13104\" target=\"https:\/\/onlinelibrary.wiley.com\/doi\/full\/10.1111\/ele.13104\">Ecol Lett<\/a>\u00a021:1380-1389.<\/li>\n<li>Moser, D., B. Lenzner, P. Weigelt, W. Dawson, H. Kreft, J. Pergl, P. Py\u0161ek, M. van Kleunen,\u00a0<strong>M. Winter<\/strong>, C. Capinha, P. Cassey, S. Dullinger, E. P. Economo, P. Garc\u00eda-D\u00edaz, B. Gu\u00e9nard, F. Hofhansl, T. Mang, H. Seebens, and F. Essl. (2018):\u00a0<em>Remoteness promotes biological invasions on islands worldwide<\/em>.\u00a0<a class=\"external-link-new-window\" title=\"Opens internal link in current window\" href=\"http:\/\/www.pnas.org\/content\/early\/2018\/08\/28\/1804179115\" target=\"http:\/\/www.pnas.org\/content\/early\/2018\/08\/28\/1804179115\">PNAS<\/a>.<\/li>\n<li>Seebens, H., Blackburn, T.M., Dyer, E.E., Genovesi, P., Hulme, P.E., Jeschke, J.M., Pagad, S., Py\u0161ek, P., van Kleunen, M.,\u00a0<strong>Winter, M.<\/strong>\u00a0et al. (2018):\u00a0<em>Global rise in emerging alien species results from increased accessibility of new source pools<\/em>.\u00a0<a class=\"external-link-new-window\" title=\"Opens internal link in current window\" href=\"http:\/\/www.pnas.org\/content\/early\/2018\/01\/30\/1719429115\" target=\"http:\/\/www.pnas.org\/content\/early\/2018\/01\/30\/1719429115\">PNAS<\/a>, 115, E2264-E2273.<\/li>\n<li>Kleunen, M.v., Essl, F., Pergl, J., Brundu, G., Carboni, M., Dullinger, S., Early, R., Gonz\u00e1lez\u2010Moreno, P., Groom, Q.J., Hulme, P.E., Kueffer, C., K\u00fchn, I., M\u00e1guas, C., Maurel, N., Novoa, A., Parepa, M., Py\u0161ek, P., Seebens, H., Tanner, R., Touza, J., Verbrugge, L., Weber, E., Dawson, W., Kreft, H., Weigelt, P.,\u00a0<strong>Winter, M.<\/strong>, Klonner, G., Talluto, M.V. &amp; Dehnen\u2010Schmutz, K.\u00a0<em>The changing role of ornamental horticulture in alien plant invasions<\/em>.\u00a0<a class=\"external-link-new-window\" title=\"Opens internal link in current window\" href=\"https:\/\/onlinelibrary.wiley.com\/doi\/abs\/10.1111\/brv.12402\" target=\"https:\/\/onlinelibrary.wiley.com\/doi\/abs\/10.1111\/brv.12402\">Biological Reviews<\/a>, 0<\/li>\n<li>Keil, P., Pereira, H.M., Cabral, J.S., Chase, J.M., May, F., Martins, I.S. &amp;\u00a0<strong>Winter, M.<\/strong>\u00a0(2018)\u00a0<em>Spatial scaling of extinction rates: Theory and data reveal nonlinearity and a major upscaling and downscaling challenge<\/em>.\u00a0<a class=\"external-link-new-window\" title=\"Opens internal link in current window\" href=\"https:\/\/onlinelibrary.wiley.com\/doi\/full\/10.1111\/geb.12669\" target=\"https:\/\/onlinelibrary.wiley.com\/doi\/full\/10.1111\/geb.12669\">Global Ecology and Biogeography<\/a>, 27, 2-13.<\/li>\n<\/ul>\n<p>2017<\/p>\n<ul>\n<li>Kalusov\u00e1, V., Chytr\u00fd, M., van Kleunen, M., Mucina, L., Dawson, W., Essl, F., Kreft, H., Pergl, J., Weigelt, P.,\u00a0<strong>Winter, M.<\/strong>\u00a0&amp; Py\u0161ek, P. (2017):\u00a0<em>Naturalization of European plants on other continents: The role of donor habitats<\/em>.\u00a0<a class=\"external-link-new-window\" title=\"Opens internal link in current window\" href=\"http:\/\/www.pnas.org\/content\/114\/52\/13756\" target=\"_blank\" aria-label=\"open in new tab\" rel=\"noopener\">PNAS<\/a>, 114, 13756-13761.<\/li>\n<li>Py\u0161ek, P., Pergl, J., Essl, F., Lenzner , B., Dawson, W., Kref, t.H., Weigelt, P.,\u00a0<strong>Winter, M.<\/strong>, et al. (2017):\u00a0<em>Naturalized alien flora of the world: species diversity, taxonomic and phylogenetic patterns, geographic distribution and global hotspots of plant invasion<\/em>.\u00a0<a class=\"external-link-new-window\" title=\"Opens internal link in current window\" href=\"http:\/\/www.preslia.cz\/doi\/preslia.2017.203.html\" target=\"_blank\" aria-label=\"open in new tab\" rel=\"noopener\">Preslia<\/a>, 89, 275-290.<\/li>\n<li>Mayer, K., Haeuser, E., Dawson, W., Essl, F., Kreft, H., Pergl, J., Py\u0161ek, P., Weigelt, P.,\u00a0<strong>Winter, M.<\/strong>, Lenzner, B. &amp; van Kleunen, M. (2017): Naturalization of ornamental plant species in public green spaces and private gardens.\u00a0<a class=\"external-link-new-window\" title=\"Opens internal link in current window\" href=\"https:\/\/link.springer.com\/article\/10.1007\/s10530-017-1594-y\" target=\"_blank\" aria-label=\"open in new tab\" rel=\"noopener\">Biological Invasions<\/a>,<\/li>\n<li>Capinha, C., Seebens, H., Cassey, P., et al. [among them\u00a0<strong>Winter, M<\/strong>.] (2017):\u00a0<em>Diversity, biogeography and the global flows of alien amphibians and reptiles,<\/em><a class=\"external-link-new-window\" title=\"Opens internal link in current window\" href=\"http:\/\/onlinelibrary.wiley.com\/doi\/10.1111\/ddi.12617\/full\" target=\"_blank\" aria-label=\"open in new tab\" rel=\"noopener\">Diversity &amp; Distributions<\/a>\u00a023, 1313-1322.<\/li>\n<li>Klonner, G., Dullinger, I., Wessely, J., Bossdorf, O., Carboni, M., Dawson, W., Essl, F., Gattringer, A., Haeuser, E., van Kleunen, M., Kreft, H., Moser, D., Pergl, J., Py\u0161ek, P., Thuiller, W., Weigelt, P.,\u00a0<strong>Winter, M.<\/strong>\u00a0&amp; Dullinger, S. (2017):\u00a0<em>Will climate change increase hybridization risk between potential plant invaders and their congeners in Europe?<\/em><a class=\"external-link-new-window\" title=\"Opens internal link in current window\" href=\"http:\/\/onlinelibrary.wiley.com\/doi\/10.1111\/ddi.12578\/full\" target=\"_blank\" aria-label=\"open in new tab\" rel=\"noopener\">Diversity and Distributions<\/a>, 23, 934-943.<\/li>\n<li>Dawson, W., Moder, D., van Kleunen, M., Kreft, H., Pergl, J., Pysek, P., Weigelt,\u00a0 P.,\u00a0<strong>Winter, M<\/strong>. et al. (2017):\u00a0<em>Global hotspots and correlates of alien species richness across taxonomic groups<\/em>,\u00a0<a class=\"external-link-new-window\" title=\"Opens internal link in current window\" href=\"https:\/\/www.nature.com\/articles\/s41559-017-0186\" target=\"_blank\" aria-label=\"open in new tab\" rel=\"noopener\">Nature Ecology and Evolution<\/a>, 1, 0186.<\/li>\n<li>C. H. Nilon, M. F. J. Aronson, S. S. Cilliers, C. Dobbs, L. J. Frazee, M. A. Goddard, K. M. O\u2019Neill, D. Roberts, E. K. Stander, P. Werner,\u00a0<strong>M. Winter,<\/strong>\u00a0. K. P. Yocom (2017):<em>\u00a0Planning for the future of urban biodiversity: \u00a0A global review of city-scale initiatives.\u00a0<\/em><a class=\"external-link-new-window\" title=\"Opens internal link in current window\" href=\"https:\/\/academic.oup.com\/bioscience\/article\/67\/4\/332\/3065740\" target=\"_blank\" aria-label=\"open in new tab\" rel=\"noopener\">BioScience<\/a>\u00a067, 332-342.<\/li>\n<li>J. S. Baron; A. Specht [&#8230;];<strong>\u00a0M. Winter<\/strong>: Synthesis Centers as Critical Research Infrastructure.\u00a0<a class=\"external-link-new-window\" title=\"Opens internal link in current window\" href=\"https:\/\/academic.oup.com\/bioscience\/article\/67\/8\/750\/3858873\" target=\"_blank\" aria-label=\"open in new tab\" rel=\"noopener\">BioSience<\/a>\u00a067, 750-759.<\/li>\n<li>Pergl, J., Py\u0161ek, P., Bacher, S., Essl, F., Genovesi, P., Harrower, C., Hulme, P., Jeschke, J., Kenis, M., K\u00fchn, I., Perglov\u00e1, I., Rabitsch, W., Roques, A., Roy, D., Roy, H., Vil\u00e0, M.,\u00a0<strong>Winter, M.\u00a0<\/strong>&amp; Nentwig, W. (2017):\u00a0<em>Troubling travellers: are ecologically harmful alien species associated with particular introduction pathways?<\/em><a class=\"external-link-new-window\" title=\"Opens external link in new window\" href=\"http:\/\/neobiota.pensoft.net\/articles.php?id=10199&amp;display_type=list&amp;element_type=9\" target=\"_blank\" aria-label=\"open in new tab\" rel=\"noopener\">NeoBiota, 32, 1-20.<\/a><\/li>\n<li>Gratton, P., Marta, S., Bocksberger, G.,\u00a0<strong>Winter, M.<\/strong>, Trucchi, E. &amp; K\u00fchl, H. (2017):\u00a0<em>A world of sequences: can we use georeferenced nucleotide databases for a robust automated phylogeography?<\/em><a class=\"external-link-new-window\" title=\"Opens internal link in current window\" href=\"http:\/\/onlinelibrary.wiley.com\/doi\/10.1111\/jbi.12786\/full\" target=\"_blank\" aria-label=\"open in new tab\" rel=\"noopener\">Journal of Biogeography<\/a>, 44, 475-486.<\/li>\n<li>Gratton, P., Marta, S., Bocksberger, G.,\u00a0<strong>Winter, M.<\/strong>, Keil, P., Trucchi, E. &amp; K\u00fchl, H. (2017):\u00a0<em>Which Latitudinal Gradients for Genetic Diversity?\u00a0<\/em><a class=\"external-link-new-window\" title=\"Opens internal link in current window\" href=\"http:\/\/www.cell.com\/trends\/ecology-evolution\/fulltext\/S0169-5347(17)30183-0\" target=\"_blank\" aria-label=\"open in new tab\" rel=\"noopener\">Trends in Ecology &amp; Evolution<\/a>, 32, 724-726.<\/li>\n<\/ul>\n<p>2016<\/p>\n<ul>\n<li>Razanajatovo, M., Maurel, N., Dawson, W., Essl, F., Kreft, H., Pergl, J., Py\u0161ek, P., Weigelt, P.,\u00a0<strong>Winter, M.<\/strong>\u00a0&amp; van Kleunen, M. (2016):\u00a0<em>Plants capable of selfing are more likely to become naturalized<\/em>.\u00a0<a class=\"external-link-new-window\" title=\"Opens external link in new window\" href=\"http:\/\/www.nature.com\/articles\/ncomms13313\" target=\"_blank\" aria-label=\"open in new tab\" rel=\"noopener\">Nature Communications, 7, 13313.<\/a><\/li>\n<li>Seebens, H., Blackburn, T.M., Dyer, E.E., et al. [among them\u00a0<strong>Winter, M<\/strong>.]:\u00a0<em>No saturation in the accumulation of alien species worldwide<\/em>,\u00a0<a class=\"external-link-new-window\" title=\"Opens external link in new window\" href=\"http:\/\/www.nature.com\/articles\/ncomms14435\" target=\"_blank\" aria-label=\"open in new tab\" rel=\"noopener\">Nature Communications<\/a>, 8, 14435.<\/li>\n<li>Knapp, S.,\u00a0<strong>Winter, M.<\/strong>, Klotz, S. (2016):\u00a0<em>Increasing species richness but decreasing phylogenetic richness and divergence over a 320-year period of urbanization<\/em>.\u00a0<a class=\"external-link-new-window\" title=\"Opens external link in new window\" href=\"http:\/\/onlinelibrary.wiley.com\/doi\/10.1111\/1365-2664.12826\/abstract\" target=\"_blank\" aria-label=\"open in new tab\" rel=\"noopener\">Journal of Applied Ecology. (early online)<\/a><\/li>\n<li>Dullinger, I., Wessely, J., Bossdorf, O., Dawson, W., Essl, F., Gattringer, A., Klonner, G., Kreft, H., Kuttner, M., Moser, D., Pergl, J., Py\u0161ek, P., Thuiller, W., van Kleunen, M., Weigelt, P.,\u00a0<strong>Winter, M.<\/strong>\u00a0&amp; Dullinger, S. (2016):\u00a0<em>Climate change will increase the naturalization risk from garden plants in Europe<\/em>.\u00a0<a class=\"external-link-new-window\" title=\"Opens external link in new window\" href=\"http:\/\/onlinelibrary.wiley.com\/doi\/10.1111\/geb.12512\/abstract?campaign=wolearlyview\" target=\"_blank\" aria-label=\"open in new tab\" rel=\"noopener\">Global Ecology and Biogeography (online early)<\/a><\/li>\n<li>Tucker, C., Cadotte, M., Carvalho, S., Davies, J., Ferrier, S., Fritz, S., Grenyer, R., Helmus, M., Jin, L., Mooers, A., Pavoine, S., Purschke, O., Redding, D., Rosauer, D.,\u00a0<strong>Winter, M<\/strong>., Mazel, F.:\u00a0<em>Unifying phylogenetic metrics for conservation, community ecology and macroecology,\u00a0<\/em><a class=\"external-link-new-window\" title=\"Opens external link in new window\" href=\"http:\/\/onlinelibrary.wiley.com\/doi\/10.1111\/brv.12252\/full\" target=\"_blank\" aria-label=\"open in new tab\" rel=\"noopener\">Biological Reviews<\/a><\/li>\n<li>Seppelt, R. et al [among them\u00a0<strong>Winter, M<\/strong>.]:\u00a0<em>Harmonizing Biodiversity Conservation and Productivity in the Context of Increasing Demands on Landscapes<\/em>,\u00a0<a class=\"external-link-new-window\" title=\"Opens external link in new window\" href=\"http:\/\/bioscience.oxfordjournals.org\/content\/early\/2016\/02\/12\/biosci.biw004.full\" target=\"_blank\" aria-label=\"open in new tab\" rel=\"noopener\">Bioscience<\/a><\/li>\n<li>Dellinger, A. et al [among them\u00a0<strong>Winter, M<\/strong>.]:\u00a0<em>Niche dynamics of alien species do not differ among sexual and apomictic flowering plants<\/em>,\u00a0<a class=\"external-link-new-window\" title=\"Opens external link in new window\" href=\"http:\/\/onlinelibrary.wiley.com\/doi\/10.1111\/nph.13694\/full\" target=\"_blank\" aria-label=\"open in new tab\" rel=\"noopener\">Global Ecology and Biogeography 209 (3), 1313-1323<\/a><\/li>\n<li>Yguel, B., Jactel, H., Pearse, I., Moen, D.,\u00a0<strong>Winter, M<\/strong>., Hortal, J., Helmus, M., K\u00fchn, I., Pavoine, S., Purschke, O., Weiher, E., Violle, C., Ozinga, W., Braendle M., Bartish I., Prinzing, A.:\u00a0<em>Beyond phylogenetic diversity: Evolutionary history characterizes species communities and helps predict their productivity,\u00a0\u00a0<\/em>American Naturalist (accepted)<\/li>\n<li>Latombe, G., Py\u0161ek, P., Jeschke, J.M., Blackburn, T.M., et al [among them\u00a0<strong>Winter, M<\/strong>.]:<em>\u00a0A vision for global monitoring of biological invasions.<\/em><a class=\"external-link-new-window\" title=\"Opens external link in new window\" href=\"http:\/\/www.sciencedirect.com\/science\/article\/pii\/S0006320716302373\" target=\"_blank\" aria-label=\"open in new tab\" rel=\"noopener\">Biological Conservation (early online)<\/a><\/li>\n<\/ul>\n<p>2015<\/p>\n<ul>\n<li>van Kleunen, M., Dawson, W., Essl, F., Pergl, J., Weber, E.,\u00a0<strong>Winter, M.<\/strong>\u00a0et al.: Global exchange and accumulation of non-native plants, Nature, 525, 100-103,\u00a0<a class=\"external-link-new-window\" title=\"Opens external link in new window\" href=\"http:\/\/www.nature.com\/nature\/journal\/v525\/n7567\/full\/nature14910.html\" target=\"_blank\" aria-label=\"open in new tab\" rel=\"noopener\">here<\/a>; see\u00a0<a class=\"external-link-new-window\" title=\"Opens external link in new window\" href=\"http:\/\/www.nature.com\/nature\/journal\/v525\/n7567\/abs\/nature15206.html?lang=en\" target=\"_blank\" aria-label=\"open in new tab\" rel=\"noopener\">Nature Editorial<\/a>.<\/li>\n<li>Schulte-Uebbing, L., Hansen, G., Hern\u00e1ndez, A.,\u00a0<strong>Winter, M<\/strong>.:\u00a0<em>Chapter Scientists in the IPCC AR5 &#8211; Experience and Lessons Learned<\/em>, Current Opinion in Environmental Sustainability,\u00a0<a class=\"external-link-new-window\" title=\"Opens external link in new window\" href=\"http:\/\/www.sciencedirect.com\/science\/article\/pii\/S1877343515000640#\" target=\"_blank\" aria-label=\"open in new tab\" rel=\"noopener\">here<\/a><\/li>\n<li>Seebens, H., Essl, F., Dawson, W., Fuentes, N., Moser, D., Pergl, J., Py\u0161ek, P., van Kleunen, M., Weber, E.,\u00a0<strong>Winter, M.<\/strong>, Blasius, B.:\u00a0<em>Global trade will accelerate plant invasions in emerging economies under climate change,\u00a0<\/em>Global Change Biology,\u00a0<a class=\"external-link-new-window\" title=\"Opens external link in new window\" href=\"http:\/\/onlinelibrary.wiley.com\/doi\/10.1111\/gcb.13021\/abstract\" target=\"_blank\" aria-label=\"open in new tab\" rel=\"noopener\">accepted<\/a><\/li>\n<li>Lososov\u00e1, Z., \u0160marda, P., Chytry, M., Purschke, O., Py\u0161ek, P., S\u00e1dlo, J., Tich\u00fd, L.,\u00a0<strong>Winter, M.<\/strong>:\u00a0<em>Phylogenetic structure of plant communities reflects habitat age on the geological time scale,\u00a0<\/em>Journal of Vegetation Science,\u00a0<a class=\"external-link-new-window\" title=\"Opens external link in new window\" href=\"http:\/\/www.idiv.de\/sdiv\/coordinator\/vcard_item_309394\/onlinelibrary.wiley.com\/doi\/10.1111\/jvs.12308\/abstract\" target=\"_blank\" aria-label=\"open in new tab\" rel=\"noopener\">here<\/a><\/li>\n<li>Hulme et al (among them\u00a0<strong>Winter, M<\/strong>):\u00a0<em>Challenging the view that invasive non-native plants are not a significant threat to the floristic diversity of Great Britain.\u00a0<\/em>comment in PNAS to\u00a0<a class=\"external-link-new-window\" title=\"Opens external link in new window\" href=\"http:\/\/www.pnas.org\/content\/112\/14\/4387.full\" target=\"_blank\" aria-label=\"open in new tab\" rel=\"noopener\">Thomas et al<\/a>., see\u00a0<a class=\"external-link-new-window\" title=\"Opens external link in new window\" href=\"http:\/\/onlinelibrary.wiley.com\/doi\/10.1111\/geb.12317\/abstract\" target=\"_blank\" aria-label=\"open in new tab\" rel=\"noopener\">here<\/a><\/li>\n<li>Lososov\u00e1, Z., de Bello, F., Chytr\u00fd, M., K\u00fchn, I., Py\u0161ek, P., S\u00e1dlo, J.,\u00a0<strong>Winter, M.<\/strong>, Zelen\u00fd, D.:<em>\u00a0Alien plants invade more phylogenetically clustered communities and cause their even stronger clustering<\/em>, Global Ecology and Biogeography,\u00a0<a class=\"external-link-new-window\" title=\"Opens external link in new window\" href=\"http:\/\/onlinelibrary.wiley.com\/doi\/10.1111\/geb.12317\/abstract\" target=\"_blank\" aria-label=\"open in new tab\" rel=\"noopener\">here<\/a><\/li>\n<li>Kumschick, S., Gaertner, M., Vil\u00e0, M., Essl, F., Jeschke, J.M., Py\u0161ek, P. et al.,\u00a0<strong>Winter, M.<\/strong>: (2014). Ecological Impacts of Alien Species: Quantification, Scope, Caveats, and Recommendations. Bioscience.\u00a0<a class=\"external-link-new-window\" title=\"Bioscience link\" href=\"http:\/\/bioscience.oxfordjournals.org\/citmgr?gca=bioscience%3Bbiu193v1\" target=\"_blank\" aria-label=\"open in new tab\" rel=\"noopener\">here<\/a><\/li>\n<li>Gerhold, P., Cahill, J.C. Jr,\u00a0<strong>Winter, M.<\/strong>, Bartish, I.V., Prinzing, A.:\u00a0<em>Phylogeny is not a proxy for community assembly (it is far better)<\/em>, Functional Ecology,\u00a0<a class=\"external-link-new-window\" title=\"Opens external link in new window\" href=\"http:\/\/www.idiv.de\/sdiv\/coordinator\/vcard_item_309394\/Phylogeny%20is%20not%20a%20proxy%20for%20community%20assembly%20%28it%20is%20far%20better%29\" target=\"_blank\" aria-label=\"open in new tab\" rel=\"noopener\">here<\/a><\/li>\n<\/ul>\n<p>2014<\/p>\n<ul>\n<li>Blackburn, T.M.; Essl, F.; Evans, T.; Hulme, P.E.; Jeschke, J.M.; K\u00fchn, I.; Kumschick, S.; Markov\u00e1, Z.; Mruga\u0142a, A.; Nentwig, W.; Pergl, J.; Py\u0161ek, P.; Rabitsch, W.; Ricciardi, A.; Richardson, D.M.; Sendek, A.; Vil\u00e0, M.; Wilson, J.R.U.;<strong>\u00a0Winter, M<\/strong>.; Genovesi, P.; Bacher, S.:\u00a0<em>A Unified Classification of Alien Species Based on the Magnitude of their Environmental Impacts<\/em>. PLoS Biology (in press).<\/li>\n<li>Jeschke, J.M.; Bacher, S.; Blackburn, T.M.; Dick, J.T.A.; Essl, F.; Evans, T.; Gaertner, M.; Hulme, P.E.; K\u00fchn, I.; Mruga\u0142a, A.; Pergl, J.; Py\u0161ek, P.; Rabitsch, W.; Ricciardi, A.; Richardson, D.M.; Sendek, A.; Vil\u00e0, M.;\u00a0<strong>Winter, M<\/strong>.; Kumschick, S.:\u00a0<em>Defining the impact of non-native species: resolving disparity through greater clarity<\/em>. Conservation Biology (in press).<\/li>\n<li>La Sorte, F., M. Aronson, N. Williams, B. Clackson, L. Celesti Grapow, S. Cilliers, R. Dolan, A. Hipp, S. Klotz, I. K\u00fchn, P. Py\u0161ek, S. Siebert,\u00a0<strong>M. Winter.<\/strong>\u00a02014:\u00a0<em>Beta diversity of urban floras among European and non-European cities<\/em>. Global Ecology and Biogeography. (in press)<\/li>\n<li>Aronson, M.F.J., La Sorte, F.A., Nilon, C.H., Katti, M., Goddard, M.A., Lepczyk, C.A., Warren, P.S., Williams, N.S.G., Cilliers, S., Clarkson, B., Dobbs, C., Dolan, R., Hedblom, M., Klotz, S., Kooijmans, J.L., K\u00fchn, I., MacGregor-Fors, I., McDonnell, M., M\u00f6rtberg, U., Py\u0161ek, P., Siebert, S., Sushinsky, J., Werner, P. &amp;\u00a0<strong>Winter, M.<\/strong>\u00a0(2014)\u00a0<em>A global analysis of the impacts of urbanization on bird and plant diversity reveals key anthropogenic drivers<\/em>. Proceedings of the Royal Society B: Biological Sciences, 281<strong>.<\/strong><a class=\"external-link-new-window\" title=\"Opens external link in new window\" href=\"http:\/\/www.nature.com\/nature\/journal\/v508\/n7494\/full\/508011f.html\" target=\"_blank\" aria-label=\"open in new tab\" rel=\"noopener\">Community Choice in Nature<\/a>; (<a class=\"external-link-new-window\" title=\"Opens external link in new window\" href=\"http:\/\/www.altmetric.com\/details.php?citation_id=2115209&amp;src=bookmarklet\" target=\"_blank\" aria-label=\"open in new tab\" rel=\"noopener\">Altmetric<\/a>) (see some media responses\u00a0<a class=\"external-link-new-window\" title=\"Opens external link in new window\" href=\"http:\/\/www.bbc.co.uk\/news\/science-environment-26140827\" target=\"_blank\" aria-label=\"open in new tab\" rel=\"noopener\">BBC<\/a>;\u00a0<a class=\"external-link-new-window\" title=\"Opens external link in new window\" href=\"http:\/\/blog.education.nationalgeographic.com\/2014\/02\/12\/study-records-biodiversity-in-cities\/\" target=\"_blank\" aria-label=\"open in new tab\" rel=\"noopener\">National Geographic Education Blog<\/a>;\u00a0<a class=\"external-link-new-window\" title=\"Opens external link in new window\" href=\"http:\/\/www.scientificamerican.com\/podcast\/episode\/urban-biodiversity\" target=\"_blank\" aria-label=\"open in new tab\" rel=\"noopener\">Scientific American Podcast<\/a>;\u00a0<a class=\"external-link-new-window\" title=\"Opens external link in new window\" href=\"http:\/\/www.sciencedaily.com\/releases\/2014\/02\/140212132950.htm?utm_source=feedburner&amp;utm_medium=feed&amp;utm_campaign=Feed%3A+sciencedaily+%28Latest+Science+News+--+ScienceDaily%29\" target=\"_blank\" aria-label=\"open in new tab\" rel=\"noopener\">ScienceDaily<\/a>)<\/li>\n<li>C. Beckstein and S. B\u00f6cker and M. Bogdan and H. Bruelheide, H. M. B\u00fccker and J. Denzler and P. Dittrich and I. Grosse and A. Hinneburg and B. K\u00f6nig-Ries and F. L\u00f6ffler and M. Marz and M. M\u00fcller-Hannemann and\u00a0<strong>M. Winter<\/strong>\u00a0and W. Zimmermann.\u00a0\u00a0<em>Explorative analysis of heterogeneous, unstructured, and uncertain data: A computer science perspective on biodiversity research.\u00a0<\/em>In Proceedings of the 3rd International Conference on Data Management Technologies and Applications, DATA 2014, Vienna, Austria, August 29&#8211;31, 2014, pages 251-257.<\/li>\n<\/ul>\n<p>2013<\/p>\n<ul>\n<li><strong>Winter, M<\/strong>., Devictor, V., and Schweiger, O., 2013:\u00a0<em>Phylogenetic diversity and nature conservation: where are we<\/em>? Trends in Ecology &amp; Evolution, 28(4), 199-204.<\/li>\n<li>O. Purschke, B. Schmid, M. T. Sykes, P. Poschlod, S. Michalski, W.Durka, I. K\u00fchn,\u00a0<strong>M. Winter<\/strong>, H. C. Prentice, 2013:\u00a0<em>Contrasting changes in taxonomic, phylogenetic and functional diversity during secondary grassland succession.\u00a0<\/em>Journal of Ecology. in press<\/li>\n<li>Dawson, W., Keser, L.,<strong>\u00a0Winter, M.<\/strong>, Py\u0161ek, P., Kartesz, J., Nishino, M., Fuentes, N., Chytr\u00fd, M., Celesti-Grapow, L., and van Kleunen, M., 2013:\u00a0<em>Correlations between global and regional measures of invasiveness vary with region size<\/em>. NeoBiota, 16(0), 59-80.<\/li>\n<li>Essl, F., Moser, D., Dirnb\u00f6ck, T., Dullinger, S., Milasowszky, N.,\u00a0<strong>Winter, M.<\/strong>\u00a0et al., 2013:\u00a0<em>Native, alien, endemic, threatened, and extinct species diversity in European countries<\/em>. Biological Conservation, 164, 90-97.<\/li>\n<\/ul>\n<p>2012<\/p>\n<ul>\n<li>Essl, F,\u00a0<strong>Winter, M.,<\/strong>\u00a0Py\u0161ek, P. (2012):\u00a0<em>Biodiversity: Trade threat could be even more dire<\/em>. Nature 487: 39. (correspondence)<\/li>\n<li>Hulme, P.E., Py\u0161ek, P.,\u00a0<strong>Winter, M.\u00a0<\/strong>(2012):\u00a0<em>Biosecurity on Thin Ice in Antarctica<\/em>. Science 336: 1101-1102. (letter)<\/li>\n<li>Beck, J, Ballesteros-Mejia, L., Buchmann, C., Dengler, J., Fritz, S. A., Gruber, B., Hof, C., Jansen, F., Knapp, S., Kreft, H., Schneider, A.-K.,\u00a0<strong>Winter, M.<\/strong>, Dormann, C. F. (2012):\u00a0<em>What\u2019s on the horizon of macroecology?<\/em><strong>Ecography<\/strong>\u00a035 (8): 673-683<\/li>\n<\/ul>\n<p>2011<\/p>\n<ul>\n<li>Rolland, J., Cadotte, M. W., Davies, J., Devictor, V., Lavergne, S., Mouquet, N., Pavoine, S., Rodrigues, A., Thuiller, W., Turcati, L.,\u00a0<strong>Winter, M.<\/strong>, Zupan, L., Jabot, F. &amp; Morlon, H. (2011): U<em>sing phylogenies in conservation: new perspectives<\/em>. Biology Letters.<\/li>\n<li>Stohlgren, T., Py\u0161ek, P., Kartesz, J., Nishino, M., Pauchard, A.,\u00a0<strong>Winter, M<\/strong>., Pino, J., Richardson, D., Wilson, J., Murray, B., Phillips, M., Ming-yang, L., Celesti-Grapow, L. &amp; Font, X. (2011):\u00a0<em>Widespread plant species: natives versus aliens in our changing world<\/em>. Biological Invasions 13 (9): 1931-1944.<\/li>\n<li>Hulme, M., Mahony, M., Beck, S., G\u00f6rg, C., Hansj\u00fcrgens, B., Hauck, J., Nessh\u00f6ver, C., Paulsch, A., Vandewalle, M., Wittmer, H., B\u00f6schen, S., Bridgewater, P., Diaw, M. C., Fabre, P., Figueroa, A., Heong, K. L., Korn, H., Leemans, R., L\u00f6vbrand, E., Hamid, M. N., Monfreda, C., Pielke, R., Settele, J.,\u00a0<strong>Winter, M.<\/strong>, Vadrot, A. B. M., van den Hove, S. &amp; van der Sluijs, J. P. (2011):\u00a0<em>Science-Policy Interface: Beyond Assessments<\/em>. Science 333: 697-698. (letter)<\/li>\n<li><strong>Winter, M.<\/strong>, Schweiger, O. (2011):\u00a0<em>Ecosystem rates of transformation matter<\/em>. Science 333: 936-937. (letter)<\/li>\n<\/ul>\n<p>2010 and earlier<\/p>\n<ul>\n<li><strong>Winter, M.<\/strong>, K\u00fchn, I., LaSorte, F., Schweiger, O., Nentwig, W., Klotz, S. (2010):\u00a0<em>The role of non-native plants and vertebrates in defining patterns of compositional dissimilarity within and across continents<\/em>. Global Ecology and Biogeography, 19 (3): 332-342.<\/li>\n<li><strong>Winter, M.<\/strong>\u00a0, Schweiger, O., Nentwig, W., Andriopoulos, P., Arianoutsou, M., Basnou, C., Delipetrou, P., Didziulis, V., Hejda, M., Hulme, P.E., Lambdon, P., Pergl, P., Pysek, P., Roy, D., K\u00fchn, I.:\u00a0<em>Plant extinctions and introductions lead to phylogenetic and taxonomic homogenization of the European flora<\/em>. PNAS 106 (51): 21721-21725. Recommended by Faculty1000, Editors Choice Am.J.Bot.<\/li>\n<li>Py\u0161ek, P., Jaro\u0161\u00edk, V., Hulme, P.E., K\u00fchn, I., Wild, J., Arianoutsou, M., Bacher, S., Chiron, F., Did\u017eiulis, V., Essl, F., Genovesi, P., Gherardi, F., Hejda, M., Kark, S., Lambdon, P.W., Desprez-Loustau, A.-M., Nentwig, W., Pergl, J., Pobolj\u0161aj, K., Rabitsch, W., Roques, A., Roy D.B., Solarz, W., Vil\u00e0, M. &amp;\u00a0<strong>Winter M.<\/strong>\u00a0(2010):\u00a0<em>Disentangling the role of environmental and human pressures on biological invasions<\/em>. PNAS 107 (27): 12157-12162.<\/li>\n<li>Schweiger, O.; Biesmeijer, J.; Bommarco, R.; Hickler, T.; Hulme, P.; Klotz, S.; K\u00fchn, I.; Moora, M.; Nielsen, A.; Ohlem\u00fcller, R.; Petanidou, T.; Potts, S.; Pysek, P.; Stout, J.; Sykes, M.; Tscheulin, T.; Vila, M.; Wather, G.-R.; Westphal, C.;\u00a0<strong>Winter, M.<\/strong>; Zobel, M.; Settele, J. (2010):\u00a0<em>Multiple stressors on biotic interactions: climate change and alien species affect pollination in concert<\/em>. Biological Reviews 85 (24): 777-795.<\/li>\n<li>Vil\u00e0, M., Basnou, C., Py\u0161ek, P., Josefsson, M., Genovesi, P., Gollasch, S., Nentwig, W., Olenin, S., Roques, A., Roy, D., Hulme, P.E., DAISIE partners [among them\u00a0<strong>Winter, M<\/strong>] (2010):\u00a0<em>How well do we understand the impacts of alien species on ecosystem services? A pan-European cross-taxa assessment<\/em>. Frontiers in Ecology and the Environment 8 (3): 135-144.<\/li>\n<li>Dormann, C.F., Gruber, B,\u00a0<strong>Winter, M.<\/strong>, Herrmann, D. (2009):\u00a0<em>Evolution of climate niches in European mammals?<\/em>\u00a0Biology Letters 6 (2): 229-232.<\/li>\n<li>Lambdon, P.W., Py\u0161ek, P., Basnou, C., Hejda, M., Arianoutsou, M., Essl, F., Jaro\u0161\u00edk, V., Pergl, J.,\u00a0<strong>Winter, M.<\/strong>, Anastasiu, P., Andriopoulos, P., Bazos, I., Brundu, G., Celesti-Grapow, L., Chassot, P., Delipetrou, P., Josefsson, M., Kark, S., Klotz, S.,Kokkoris, Y., K\u00fchn, I., Marchante, H., Perglov\u00e1, I., Pino, J., Vil\u00e0, M., Zikos, A., Roy, D. &amp; Hulme, P. E. (2008):\u00a0<em>Alien flora of Europe: species diversity, temporal trends, geographical patterns and research needs<\/em>. Preslia 80: 101\u2013149.<\/li>\n<li><strong>Winter, M.<\/strong>, K\u00fchn, I., Nentwig, W., Klotz, S (2008): S<em>patial aspects of trait homogenization within the German Flora<\/em>. Journal of Biogeography 35 (12): 2289-2297.<\/li>\n<\/ul>\n<h3><\/h3>\n<p><strong>Books\/Book chapters\/Reports<\/strong><\/p>\n<ul>\n<li>Settele, J., Scholes, R., Betts, R., Bunn, S.E., Leadley, P., Nepstad, D. et al. [&amp; contributing authors, among them<strong>\u00a0Winter, M.<\/strong>] (2014):\u00a0<em>Terrestrial and inland water systems<\/em>. In: Climate Change 2014: Impacts, Adaptation, and Vulnerability. Part A: Global and Sectoral Aspects. Contribution of Working Group II to the Fifth Assessment Report of the Intergovernmental Panel of Climate Change (eds. Field, CB, Barros, VR, Dokken, DJ, Mach, KJ, Mastrandrea, MD, Bilir, TE et al.). Cambridge University Press Cambridge, United Kingdom and New York, NY, USA, pp. XXX-YYY.<\/li>\n<li>Wiemers, M., Musche, M., Striese, M., K\u00fchn, I.,\u00a0<strong>Winter, M.<\/strong>\u00a0&amp; Denner, M. (2013).<em>\u00a0Monitoring Klimawandel und Biodiversit\u00e4t &#8211; Konzeption<\/em>. In: Schriftenreihe Freiberg (Sachsen) p. 165. [Concept of a Climate Change Biodiversity Monitoring for Saxony]<\/li>\n<li><strong>Winter, M.<\/strong>, Musche, M., Striese, M. &amp; K\u00fchn, I. (2013).\u00a0<em>Monitoring Klimawandel und Biodiversit\u00e4t &#8211; Grundlagen<\/em>. In: Schriftenreihe. Landesamt f\u00fcr Umwelt, Landwirtschaft und Geologie Freiberg (Sachsen), p. 159. [Foundation for a Climate Change Bioidversity Monitoring]<\/li>\n<li>Stohlgren, T., Kartesz, J., Nishino, M., Pauchard, A.,\u00a0<strong>Winter, M.<\/strong>, Pino, J. et al., 2013:\u00a0<em>Globalization effects on common plant species<\/em>. In: Encyclopedia of Biodiversity. Academic Press Elsevier.<\/li>\n<li>Schweiger, O., Essl, F., Kruess, A., Rabitsch, W.,\u00a0<strong>Winter, M.<\/strong>\u00a0(2013):\u00a0<em>3.4 Erste \u00c4nderungen in \u00f6kologischen Beziehungen &#8211; Klimawandeleffekte heute<\/em>. in: Biodiversit\u00e4t und Klimawandel (Essl, F, Rabitsch, W. Hrsg.). Springer Verlag, pp. 75-85<\/li>\n<li>Rabitsch, W.,\u00a0<strong>Winter, M.,<\/strong>\u00a0K\u00fchn, E., K\u00fchn, I., Essl, F. &amp; Gruttke, H. (2010): Auswirkungen des rezenten Klimawandels auf die Fauna in Deutschland. [Effects of Climate Change on the fauna in Germany] BfN-Skript 98,268 p.<\/li>\n<li>Py\u0161ek, P., Lambdon, P.W., Arianoutsou, M., K\u00fchn, I., Pino J.,\u00a0<strong>Winter, M.<\/strong>\u00a0(2009):\u00a0<em>Alien Vascular Plants of Europe<\/em>. In: Handbook of Alien species in Europe. pp. 43-62, Springer, Dordrecht.<\/li>\n<li>Kauhala, K &amp;\u00a0<strong>Winter, M\u00a0<\/strong>(2009):\u00a0<em>Nyctereutes procyonoides<\/em>. In: Handbook of Alien species in Europe. p. 365, Springer, Dordrecht.<\/li>\n<li><strong>Winter, M<\/strong>\u00a0(2009):\u00a0<em>Procyon lotor<\/em>. In: Handbook of Alien species in Europe. p. 368, Springer.<\/li>\n<\/ul>\n<\/div>\n<\/div>\n<\/div>\n<\/div>\n                            <\/div>\n                        <\/div>\n    <\/div>\n<\/div>","protected":false},"author":4,"featured_media":8474,"menu_order":10,"template":"","meta":{"_acf_changed":true,"advgb_blocks_editor_width":"","advgb_blocks_columns_visual_guide":"","_links_to":"","_links_to_target":""},"class_list":["post-17017","staff-manager","type-staff-manager","status-publish","has-post-thumbnail","hentry"],"acf":[],"yoast_head":"<!-- This site is optimized with the Yoast SEO plugin v27.4 - https:\/\/yoast.com\/product\/yoast-seo-wordpress\/ -->\n<title>Marten Winter | iDiv<\/title>\n<meta name=\"robots\" content=\"index, follow, max-snippet:-1, max-image-preview:large, max-video-preview:-1\" \/>\n<link rel=\"canonical\" href=\"https:\/\/www.idiv.de\/de\/staff\/marten-winter\/\" \/>\n<meta property=\"og:locale\" content=\"de_DE\" \/>\n<meta property=\"og:type\" content=\"article\" \/>\n<meta property=\"og:title\" content=\"Marten Winter | iDiv\" \/>\n<meta property=\"og:url\" content=\"https:\/\/www.idiv.de\/de\/staff\/marten-winter\/\" \/>\n<meta property=\"og:site_name\" content=\"iDiv\" \/>\n<meta property=\"article:modified_time\" content=\"2026-01-12T09:49:38+00:00\" \/>\n<meta property=\"og:image\" content=\"https:\/\/www.idiv.de\/wp-content\/uploads\/2024\/08\/Marten-Winter-Portrait.png\" \/>\n\t<meta property=\"og:image:width\" content=\"472\" \/>\n\t<meta property=\"og:image:height\" content=\"472\" \/>\n\t<meta property=\"og:image:type\" content=\"image\/png\" \/>\n<meta name=\"twitter:card\" content=\"summary_large_image\" \/>\n<meta name=\"twitter:site\" content=\"@idiv\" \/>\n<script type=\"application\/ld+json\" class=\"yoast-schema-graph\">{\"@context\":\"https:\\\/\\\/schema.org\",\"@graph\":[{\"@type\":\"WebPage\",\"@id\":\"https:\\\/\\\/www.idiv.de\\\/de\\\/staff\\\/marten-winter\\\/\",\"url\":\"https:\\\/\\\/www.idiv.de\\\/de\\\/staff\\\/marten-winter\\\/\",\"name\":\"Marten Winter | iDiv\",\"isPartOf\":{\"@id\":\"https:\\\/\\\/www.idiv.de\\\/de\\\/#website\"},\"primaryImageOfPage\":{\"@id\":\"https:\\\/\\\/www.idiv.de\\\/de\\\/staff\\\/marten-winter\\\/#primaryimage\"},\"image\":{\"@id\":\"https:\\\/\\\/www.idiv.de\\\/de\\\/staff\\\/marten-winter\\\/#primaryimage\"},\"thumbnailUrl\":\"https:\\\/\\\/www.idiv.de\\\/wp-content\\\/uploads\\\/2024\\\/08\\\/Marten-Winter-Portrait.png\",\"datePublished\":\"2024-09-10T12:02:56+00:00\",\"dateModified\":\"2026-01-12T09:49:38+00:00\",\"breadcrumb\":{\"@id\":\"https:\\\/\\\/www.idiv.de\\\/de\\\/staff\\\/marten-winter\\\/#breadcrumb\"},\"inLanguage\":\"de\",\"potentialAction\":[{\"@type\":\"ReadAction\",\"target\":[\"https:\\\/\\\/www.idiv.de\\\/de\\\/staff\\\/marten-winter\\\/\"]}]},{\"@type\":\"ImageObject\",\"inLanguage\":\"de\",\"@id\":\"https:\\\/\\\/www.idiv.de\\\/de\\\/staff\\\/marten-winter\\\/#primaryimage\",\"url\":\"https:\\\/\\\/www.idiv.de\\\/wp-content\\\/uploads\\\/2024\\\/08\\\/Marten-Winter-Portrait.png\",\"contentUrl\":\"https:\\\/\\\/www.idiv.de\\\/wp-content\\\/uploads\\\/2024\\\/08\\\/Marten-Winter-Portrait.png\",\"width\":472,\"height\":472},{\"@type\":\"BreadcrumbList\",\"@id\":\"https:\\\/\\\/www.idiv.de\\\/de\\\/staff\\\/marten-winter\\\/#breadcrumb\",\"itemListElement\":[{\"@type\":\"ListItem\",\"position\":1,\"name\":\"Startseite\",\"item\":\"https:\\\/\\\/www.idiv.de\\\/de\\\/\"},{\"@type\":\"ListItem\",\"position\":2,\"name\":\"Marten Winter\"}]},{\"@type\":\"WebSite\",\"@id\":\"https:\\\/\\\/www.idiv.de\\\/de\\\/#website\",\"url\":\"https:\\\/\\\/www.idiv.de\\\/de\\\/\",\"name\":\"iDiv\",\"description\":\"Hotspot in Biodiversity Research\",\"publisher\":{\"@id\":\"https:\\\/\\\/www.idiv.de\\\/de\\\/#organization\"},\"potentialAction\":[{\"@type\":\"SearchAction\",\"target\":{\"@type\":\"EntryPoint\",\"urlTemplate\":\"https:\\\/\\\/www.idiv.de\\\/de\\\/?s={search_term_string}\"},\"query-input\":{\"@type\":\"PropertyValueSpecification\",\"valueRequired\":true,\"valueName\":\"search_term_string\"}}],\"inLanguage\":\"de\"},{\"@type\":\"Organization\",\"@id\":\"https:\\\/\\\/www.idiv.de\\\/de\\\/#organization\",\"name\":\"idiv\",\"url\":\"https:\\\/\\\/www.idiv.de\\\/de\\\/\",\"logo\":{\"@type\":\"ImageObject\",\"inLanguage\":\"de\",\"@id\":\"https:\\\/\\\/www.idiv.de\\\/de\\\/#\\\/schema\\\/logo\\\/image\\\/\",\"url\":\"https:\\\/\\\/www.idiv.de\\\/wp-content\\\/uploads\\\/2024\\\/08\\\/iDiv_Logo_long_v1_EN_black_4c.jpg\",\"contentUrl\":\"https:\\\/\\\/www.idiv.de\\\/wp-content\\\/uploads\\\/2024\\\/08\\\/iDiv_Logo_long_v1_EN_black_4c.jpg\",\"width\":2448,\"height\":674,\"caption\":\"idiv\"},\"image\":{\"@id\":\"https:\\\/\\\/www.idiv.de\\\/de\\\/#\\\/schema\\\/logo\\\/image\\\/\"},\"sameAs\":[\"https:\\\/\\\/x.com\\\/idiv\",\"https:\\\/\\\/www.linkedin.com\\\/company\\\/idiv-biodiversity\\\/\",\"https:\\\/\\\/www.youtube.com\\\/idiv-research\"]}]}<\/script>\n<!-- \/ Yoast SEO plugin. -->","yoast_head_json":{"title":"Marten Winter | iDiv","robots":{"index":"index","follow":"follow","max-snippet":"max-snippet:-1","max-image-preview":"max-image-preview:large","max-video-preview":"max-video-preview:-1"},"canonical":"https:\/\/www.idiv.de\/de\/staff\/marten-winter\/","og_locale":"de_DE","og_type":"article","og_title":"Marten Winter | iDiv","og_url":"https:\/\/www.idiv.de\/de\/staff\/marten-winter\/","og_site_name":"iDiv","article_modified_time":"2026-01-12T09:49:38+00:00","og_image":[{"width":472,"height":472,"url":"https:\/\/www.idiv.de\/wp-content\/uploads\/2024\/08\/Marten-Winter-Portrait.png","type":"image\/png"}],"twitter_card":"summary_large_image","twitter_site":"@idiv","schema":{"@context":"https:\/\/schema.org","@graph":[{"@type":"WebPage","@id":"https:\/\/www.idiv.de\/de\/staff\/marten-winter\/","url":"https:\/\/www.idiv.de\/de\/staff\/marten-winter\/","name":"Marten Winter | iDiv","isPartOf":{"@id":"https:\/\/www.idiv.de\/de\/#website"},"primaryImageOfPage":{"@id":"https:\/\/www.idiv.de\/de\/staff\/marten-winter\/#primaryimage"},"image":{"@id":"https:\/\/www.idiv.de\/de\/staff\/marten-winter\/#primaryimage"},"thumbnailUrl":"https:\/\/www.idiv.de\/wp-content\/uploads\/2024\/08\/Marten-Winter-Portrait.png","datePublished":"2024-09-10T12:02:56+00:00","dateModified":"2026-01-12T09:49:38+00:00","breadcrumb":{"@id":"https:\/\/www.idiv.de\/de\/staff\/marten-winter\/#breadcrumb"},"inLanguage":"de","potentialAction":[{"@type":"ReadAction","target":["https:\/\/www.idiv.de\/de\/staff\/marten-winter\/"]}]},{"@type":"ImageObject","inLanguage":"de","@id":"https:\/\/www.idiv.de\/de\/staff\/marten-winter\/#primaryimage","url":"https:\/\/www.idiv.de\/wp-content\/uploads\/2024\/08\/Marten-Winter-Portrait.png","contentUrl":"https:\/\/www.idiv.de\/wp-content\/uploads\/2024\/08\/Marten-Winter-Portrait.png","width":472,"height":472},{"@type":"BreadcrumbList","@id":"https:\/\/www.idiv.de\/de\/staff\/marten-winter\/#breadcrumb","itemListElement":[{"@type":"ListItem","position":1,"name":"Startseite","item":"https:\/\/www.idiv.de\/de\/"},{"@type":"ListItem","position":2,"name":"Marten Winter"}]},{"@type":"WebSite","@id":"https:\/\/www.idiv.de\/de\/#website","url":"https:\/\/www.idiv.de\/de\/","name":"iDiv","description":"Hotspot in Biodiversity Research","publisher":{"@id":"https:\/\/www.idiv.de\/de\/#organization"},"potentialAction":[{"@type":"SearchAction","target":{"@type":"EntryPoint","urlTemplate":"https:\/\/www.idiv.de\/de\/?s={search_term_string}"},"query-input":{"@type":"PropertyValueSpecification","valueRequired":true,"valueName":"search_term_string"}}],"inLanguage":"de"},{"@type":"Organization","@id":"https:\/\/www.idiv.de\/de\/#organization","name":"idiv","url":"https:\/\/www.idiv.de\/de\/","logo":{"@type":"ImageObject","inLanguage":"de","@id":"https:\/\/www.idiv.de\/de\/#\/schema\/logo\/image\/","url":"https:\/\/www.idiv.de\/wp-content\/uploads\/2024\/08\/iDiv_Logo_long_v1_EN_black_4c.jpg","contentUrl":"https:\/\/www.idiv.de\/wp-content\/uploads\/2024\/08\/iDiv_Logo_long_v1_EN_black_4c.jpg","width":2448,"height":674,"caption":"idiv"},"image":{"@id":"https:\/\/www.idiv.de\/de\/#\/schema\/logo\/image\/"},"sameAs":["https:\/\/x.com\/idiv","https:\/\/www.linkedin.com\/company\/idiv-biodiversity\/","https:\/\/www.youtube.com\/idiv-research"]}]}},"featured_img":"https:\/\/www.idiv.de\/wp-content\/uploads\/2024\/08\/Marten-Winter-Portrait.png","coauthors":[],"author_meta":{"author_link":"https:\/\/www.idiv.de\/de\/author\/volker-hahn\/","display_name":"Volker Hahn"},"relative_dates":{"created":"Ver\u00f6ffentlicht 2\u00a0Jahren vor","modified":"Aktualisiert 4\u00a0Monaten vor"},"absolute_dates":{"created":"Ver\u00f6ffentlicht am 10. September 2024","modified":"Aktualisiert am 12. Januar 2026"},"absolute_dates_time":{"created":"Ver\u00f6ffentlicht am 10. September 2024 13:02","modified":"Aktualisiert am 12. Januar 2026 10:49"},"featured_img_caption":"","tax_additional":[],"series_order":"","_links":{"self":[{"href":"https:\/\/www.idiv.de\/de\/wp-json\/wp\/v2\/staff-manager\/17017","targetHints":{"allow":["GET"]}}],"collection":[{"href":"https:\/\/www.idiv.de\/de\/wp-json\/wp\/v2\/staff-manager"}],"about":[{"href":"https:\/\/www.idiv.de\/de\/wp-json\/wp\/v2\/types\/staff-manager"}],"wp:featuredmedia":[{"embeddable":true,"href":"https:\/\/www.idiv.de\/de\/wp-json\/wp\/v2\/media\/8474"}],"wp:attachment":[{"href":"https:\/\/www.idiv.de\/de\/wp-json\/wp\/v2\/media?parent=17017"}],"curies":[{"name":"wp","href":"https:\/\/api.w.org\/{rel}","templated":true}]}}