{"id":16924,"date":"2024-09-10T13:02:56","date_gmt":"2024-09-10T12:02:56","guid":{"rendered":"https:\/\/www.idiv.de\/staff\/daniel-vedder\/"},"modified":"2025-01-16T15:25:20","modified_gmt":"2025-01-16T14:25:20","slug":"daniel-vedder","status":"publish","type":"staff-manager","link":"https:\/\/www.idiv.de\/de\/staff\/daniel-vedder\/","title":{"rendered":"Daniel Vedder"},"content":{"rendered":"    <div class=\"container\">\n        <div class=\"row pt-5 mb-5 profile-info\">\n            \n            <div class=\"col-md-6 offset-md-2\">\n                <div class=\"basic-info pt-3 text-md-start text-center\">\n                    <h2>\n                         \n                        Daniel \n                        Vedder                    <\/h2>\n                    <p>Doktorand<\/p>\n                                            <div class=\"groups\">\n                            <a href=\"https:\/\/www.idiv.de\/de\/forschung\/kernforschungsgruppen\/biodiversitaet-und-mensch\/\" class=\"nmb btncf arrow pe-3\">Biodiversit\u00e4t und Mensch <svg xmlns=\"http:\/\/www.w3.org\/2000\/svg\" width=\"7.621\" height=\"12.243\" viewBox=\"0 0 7.621 12.243\"><path id=\"Icon_feather-chevron-right\" data-name=\"Icon feather-chevron-right\" d=\"M17.5,17l-4-4,4-4\" transform=\"translate(19.621 19.121) rotate(180)\" fill=\"none\" stroke=\"#447226\" stroke-linecap=\"round\" stroke-linejoin=\"round\" stroke-width=\"3\"><\/path><\/svg><\/a>                        <\/div>\n                                    <\/div>\n            <\/div>\n            <div class=\"col-md-4 col-lg-4 text-center p-4\">\n                <img decoding=\"async\" src=\"https:\/\/www.idiv.de\/wp-content\/uploads\/2024\/06\/00_default.svg\" class=\"img-fluid rounded-circle wp-post-image\" alt=\"\" \/>            <\/div>\n            \n            \n                            <div class=\"col-md-6 offset-md-2\">\n                    <div class=\"affiliations\">\n                        <h4 class=\"affiliations-title\">Affiliationen<\/h4>\n                        <p class=\"affiliations-body\">\n                            Helmholtz-Zentrum f\u00fcr Umweltforschung \u2013 UFZ                        <\/p>\n                    <\/div>\n                <\/div>\n            \n                            <div class=\"col-md-3 offset-md-2\">\n                    <div class=\"address\">\n                        <h4 class=\"address-title\">Adresse<\/h4>\n                        <div class=\"address-body\">\n                            <p class=\"mb-0\">Puschstra\u00dfe 4<br>04103 Leipzig<\/p>\n                                                            <p class=\"mb-0\">Raum: B.02.23<\/p>\n                                                    <\/div>\n                    <\/div>\n                <\/div>\n            \n                            <div class=\"col-md-3 \">\n                    <div class=\"contact\">\n                        <h4 class=\"contact-title\">Kontakt<\/h4>\n                        <div class=\"contact-body\">\n                                                                                        <p class=\"mb-0\">Telefon: <a href='tel:+49 341 9739170' class='text-decoration-none'>+49 341 9739170<\/a><\/p>\n                                                                                <\/div>\n                    <\/div>\n                <\/div>\n                            \n                            <div class=\"col-md-3 \">\n                    <div class=\"websites\">\n                        <h4 class=\"websites-title\">Webseiten<\/h4>\n                        <div class=\"websites-body\">\n                                                                                                <p class=\"mb-0\"><a href=\"https:\/\/www.ufz.de\/index.php?de=48991\" target=\"_blank\" aria-label=\"open in new tab\" class=\"text-decoration-none\">UFZ<\/a><\/p>\n                                                                                                                                                                                                                                                                                                                                    <\/div>\n                    <\/div>\n                <\/div>\n            \n        <\/div>\n    <\/div>\n    \n\n\n    <div class=\"headline pt-24 no-bg\"> <!-- Add dynamic background color class -->\n        <div class=\"container\">\n            <div class=\"row\">\n                <div class=\"col-md-12 relative\">\n                    <h2 class=\"h2 align-center\">iDiv Publikationen<\/h2>\n                <\/div>\n            <\/div>\n        <\/div>\n    <\/div>\n\n    <div id=\"\" class=\"pt-24 pb-24 no-bg\"> <!-- Add dynamic background color class -->\n    <div class=\"container\">\n        <div class=\"filters row justify-content-center\">\n            <div class=\"col-md-6\">\n                <!-- <span class=\"fa fa-search form-control-feedback\"><\/span> -->\n                <input type=\"text\" id=\"search-input\" class=\"form-control form-search\" placeholder=\"Suche nach Autor oder Titel\" onkeyup=\"filterPublications()\">\n            <\/div>\n            <div class=\"col-md-2\">\n                <select id=\"year-select\" class=\"form-control form-dropdown\" onchange=\"filterByYear()\">\n                    <option value=\"\">Alle Jahre<\/option>\n                    <option value=\"2023\">2023<\/option><option value=\"2022\">2022<\/option>                <\/select>\n            <\/div>\n        <\/div>\n        <div class=\"row\">\n            <div class=\"col-md-8 offset-md-2\">\n                <!-- No publications message -->\n                <div id=\"no-publications-message\" style=\"display: none;\" class=\"mb-5\">\n                    Keine iDiv Publikation gefunden.                <\/div>\n                <div id=\"publications-list\">\n                                            <div class=\"year-group\" data-year=\"2023\">\n                            <h4>Publikationen 2023<\/h4>\n                                                            <div class=\"publication-entry\" data-title=\"The road to integrate climate change projections with regional land-use\u2013biodiversity models\" data-authors=\"Cabral, Juliano Sarmento, Mendoza-Ponce, Alma, da Silva, Andr\u00e9 Pinto, Oberpriller, Johannes, Mimet, Anne, Kieslinger, Julia, Berger, Thomas, Blechschmidt, Jana, Br\u00f6nner, Maximilian, Classen, Alice, Fallert, Stefan, Hartig, Florian, Hof, Christian, Hoffmann, Markus, Knoke, Thomas, Krause, Andreas, Lewerentz, Anne, Pohle, Perdita, Raeder, Uta, Rammig, Anja, Redlich, Sarah, Rubanschi, Sven, Stetter, Christian, Weisser, Wolfgang, &lt;strong&gt;Vedder, Daniel&lt;\/strong&gt;, Verburg, Peter H., Zurell, Damaris\" data-year=\"2023\">\n                                                                            <p>Cabral, Juliano Sarmento, Mendoza-Ponce, Alma, da Silva, Andr\u00e9 Pinto, Oberpriller, Johannes, Mimet, Anne, Kieslinger, Julia, Berger, Thomas, Blechschmidt, Jana, Br\u00f6nner, Maximilian, Classen, Alice, Fallert, Stefan, Hartig, Florian, Hof, Christian, Hoffmann, Markus, Knoke, Thomas, Krause, Andreas, Lewerentz, Anne, Pohle, Perdita, Raeder, Uta, Rammig, Anja, Redlich, Sarah, Rubanschi, Sven, Stetter, Christian, Weisser, Wolfgang, <strong>Vedder, Daniel<\/strong>, Verburg, Peter H., Zurell, Damaris (2023): The road to integrate climate change projections with regional land-use\u2013biodiversity models. <em>People and Nature<\/em><\/p>\n                                                                        <div class=\"links\">\n                                                                                <a href=\"https:\/\/doi.org\/10.1002\/pan3.10472\" target=\"_blank\" aria-label=\"open in new tab\" class=\"pub-doi-link\">10.1002\/pan3.10472<\/a>                                                                                                                                                                                                    <\/div>\n                                <\/div>\n                                                    <\/div>\n                                            <div class=\"year-group\" data-year=\"2022\">\n                            <h4>Publikationen 2022<\/h4>\n                                                            <div class=\"publication-entry\" data-title=\"Gewinner und Verlierer in der Libellenfauna: Ver\u00e4nderung der Verbreitung in Deutschland zwischen 1980 und 2016\" data-authors=\"&lt;strong&gt;Bowler, Diana&lt;\/strong&gt;, &lt;strong&gt;Eichenberg, David&lt;\/strong&gt;, Conze, Klaus-J\u00fcrgen, Suhling, Frank, Baumann, Kathrin, Benken, Theodor, B\u00f6nsel, Andr\u00e9, Bittner, Torsten, Drews, Arne, G\u00fcnther, Andr\u00e9, Isaac, Nick, Petzold, Falk, Seyring, Marcel, Spengler, Thorsten, Trockur, Bernd, &lt;strong&gt;Vedder, Daniel&lt;\/strong&gt;, Willigalla, Christoph, &lt;strong&gt;Bruelheide, Helge&lt;\/strong&gt;, Jansen, Florian, &lt;strong&gt;Bonn, Aletta&lt;\/strong&gt;\" data-year=\"2022\">\n                                                                            <p><strong>Bowler, Diana<\/strong>, <strong>Eichenberg, David<\/strong>, Conze, Klaus-J\u00fcrgen, Suhling, Frank, Baumann, Kathrin, Benken, Theodor, B\u00f6nsel, Andr\u00e9, Bittner, Torsten, Drews, Arne, G\u00fcnther, Andr\u00e9, Isaac, Nick, Petzold, Falk, Seyring, Marcel, Spengler, Thorsten, Trockur, Bernd, <strong>Vedder, Daniel<\/strong>, Willigalla, Christoph, <strong>Bruelheide, Helge<\/strong>, Jansen, Florian, <strong>Bonn, Aletta<\/strong> (2022): Gewinner und Verlierer in der Libellenfauna: Ver\u00e4nderung der Verbreitung in Deutschland zwischen 1980 und 2016. <em><\/em><\/p>\n                                                                        <div class=\"links\">\n                                                                                                                                                                                                                                                                                    <\/div>\n                                <\/div>\n                                                            <div class=\"publication-entry\" data-title=\"Hybridization may aid evolutionary rescue of an endangered East African passerine\" data-authors=\"&lt;strong&gt;Vedder, Daniel&lt;\/strong&gt;, Lens, Luc, Martin, Claudia A., Pellikka, Petri, Adhikari, Hari, Heiskanen, Janne, Engler, Jan O., Sarmento Cabral, Juliano\" data-year=\"2022\">\n                                                                            <p><strong>Vedder, Daniel<\/strong>, Lens, Luc, Martin, Claudia A., Pellikka, Petri, Adhikari, Hari, Heiskanen, Janne, Engler, Jan O., Sarmento Cabral, Juliano (2022): Hybridization may aid evolutionary rescue of an endangered East African passerine. <em>Evolutionary Applications<\/em><\/p>\n                                                                        <div class=\"links\">\n                                                                                <a href=\"https:\/\/doi.org\/10.1111\/eva.13440\" target=\"_blank\" aria-label=\"open in new tab\" class=\"pub-doi-link\">10.1111\/eva.13440<\/a>                                                                                                                                                                                                    <\/div>\n                                <\/div>\n                                                    <\/div>\n                                    <\/div>\n            <\/div>\n        <\/div>\n    <\/div>\n<\/div>\n\n\n\n\n\n","protected":false},"author":3,"featured_media":1623,"menu_order":100,"template":"","meta":{"_acf_changed":false,"advgb_blocks_editor_width":"","advgb_blocks_columns_visual_guide":"","_links_to":"","_links_to_target":""},"class_list":["post-16924","staff-manager","type-staff-manager","status-publish","has-post-thumbnail","hentry"],"acf":[],"yoast_head":"<!-- This site is optimized with the Yoast SEO plugin v27.4 - https:\/\/yoast.com\/product\/yoast-seo-wordpress\/ -->\n<title>Daniel Vedder | iDiv<\/title>\n<meta name=\"robots\" content=\"index, follow, max-snippet:-1, max-image-preview:large, max-video-preview:-1\" \/>\n<link rel=\"canonical\" href=\"https:\/\/www.idiv.de\/de\/staff\/daniel-vedder\/\" \/>\n<meta property=\"og:locale\" content=\"de_DE\" \/>\n<meta property=\"og:type\" content=\"article\" \/>\n<meta property=\"og:title\" content=\"Daniel Vedder | iDiv\" \/>\n<meta property=\"og:url\" content=\"https:\/\/www.idiv.de\/de\/staff\/daniel-vedder\/\" \/>\n<meta property=\"og:site_name\" content=\"iDiv\" \/>\n<meta property=\"article:modified_time\" content=\"2025-01-16T14:25:20+00:00\" \/>\n<meta property=\"og:image\" content=\"https:\/\/www.idiv.de\/wp-content\/uploads\/2024\/11\/iDivSocialMediaShare.jpg\" \/>\n\t<meta property=\"og:image:width\" content=\"1200\" \/>\n\t<meta property=\"og:image:height\" content=\"675\" \/>\n\t<meta property=\"og:image:type\" content=\"image\/jpeg\" \/>\n<meta name=\"twitter:card\" content=\"summary_large_image\" \/>\n<meta name=\"twitter:site\" content=\"@idiv\" \/>\n<script type=\"application\/ld+json\" class=\"yoast-schema-graph\">{\"@context\":\"https:\\\/\\\/schema.org\",\"@graph\":[{\"@type\":\"WebPage\",\"@id\":\"https:\\\/\\\/www.idiv.de\\\/de\\\/staff\\\/daniel-vedder\\\/\",\"url\":\"https:\\\/\\\/www.idiv.de\\\/de\\\/staff\\\/daniel-vedder\\\/\",\"name\":\"Daniel Vedder | iDiv\",\"isPartOf\":{\"@id\":\"https:\\\/\\\/www.idiv.de\\\/de\\\/#website\"},\"primaryImageOfPage\":{\"@id\":\"https:\\\/\\\/www.idiv.de\\\/de\\\/staff\\\/daniel-vedder\\\/#primaryimage\"},\"image\":{\"@id\":\"https:\\\/\\\/www.idiv.de\\\/de\\\/staff\\\/daniel-vedder\\\/#primaryimage\"},\"thumbnailUrl\":\"https:\\\/\\\/www.idiv.de\\\/wp-content\\\/uploads\\\/2024\\\/06\\\/00_default.svg\",\"datePublished\":\"2024-09-10T12:02:56+00:00\",\"dateModified\":\"2025-01-16T14:25:20+00:00\",\"breadcrumb\":{\"@id\":\"https:\\\/\\\/www.idiv.de\\\/de\\\/staff\\\/daniel-vedder\\\/#breadcrumb\"},\"inLanguage\":\"de\",\"potentialAction\":[{\"@type\":\"ReadAction\",\"target\":[\"https:\\\/\\\/www.idiv.de\\\/de\\\/staff\\\/daniel-vedder\\\/\"]}]},{\"@type\":\"ImageObject\",\"inLanguage\":\"de\",\"@id\":\"https:\\\/\\\/www.idiv.de\\\/de\\\/staff\\\/daniel-vedder\\\/#primaryimage\",\"url\":\"https:\\\/\\\/www.idiv.de\\\/wp-content\\\/uploads\\\/2024\\\/06\\\/00_default.svg\",\"contentUrl\":\"https:\\\/\\\/www.idiv.de\\\/wp-content\\\/uploads\\\/2024\\\/06\\\/00_default.svg\"},{\"@type\":\"BreadcrumbList\",\"@id\":\"https:\\\/\\\/www.idiv.de\\\/de\\\/staff\\\/daniel-vedder\\\/#breadcrumb\",\"itemListElement\":[{\"@type\":\"ListItem\",\"position\":1,\"name\":\"Startseite\",\"item\":\"https:\\\/\\\/www.idiv.de\\\/de\\\/\"},{\"@type\":\"ListItem\",\"position\":2,\"name\":\"Daniel Vedder\"}]},{\"@type\":\"WebSite\",\"@id\":\"https:\\\/\\\/www.idiv.de\\\/de\\\/#website\",\"url\":\"https:\\\/\\\/www.idiv.de\\\/de\\\/\",\"name\":\"iDiv\",\"description\":\"Hotspot in Biodiversity Research\",\"publisher\":{\"@id\":\"https:\\\/\\\/www.idiv.de\\\/de\\\/#organization\"},\"potentialAction\":[{\"@type\":\"SearchAction\",\"target\":{\"@type\":\"EntryPoint\",\"urlTemplate\":\"https:\\\/\\\/www.idiv.de\\\/de\\\/?s={search_term_string}\"},\"query-input\":{\"@type\":\"PropertyValueSpecification\",\"valueRequired\":true,\"valueName\":\"search_term_string\"}}],\"inLanguage\":\"de\"},{\"@type\":\"Organization\",\"@id\":\"https:\\\/\\\/www.idiv.de\\\/de\\\/#organization\",\"name\":\"idiv\",\"url\":\"https:\\\/\\\/www.idiv.de\\\/de\\\/\",\"logo\":{\"@type\":\"ImageObject\",\"inLanguage\":\"de\",\"@id\":\"https:\\\/\\\/www.idiv.de\\\/de\\\/#\\\/schema\\\/logo\\\/image\\\/\",\"url\":\"https:\\\/\\\/www.idiv.de\\\/wp-content\\\/uploads\\\/2024\\\/08\\\/iDiv_Logo_long_v1_EN_black_4c.jpg\",\"contentUrl\":\"https:\\\/\\\/www.idiv.de\\\/wp-content\\\/uploads\\\/2024\\\/08\\\/iDiv_Logo_long_v1_EN_black_4c.jpg\",\"width\":2448,\"height\":674,\"caption\":\"idiv\"},\"image\":{\"@id\":\"https:\\\/\\\/www.idiv.de\\\/de\\\/#\\\/schema\\\/logo\\\/image\\\/\"},\"sameAs\":[\"https:\\\/\\\/x.com\\\/idiv\",\"https:\\\/\\\/www.linkedin.com\\\/company\\\/idiv-biodiversity\\\/\",\"https:\\\/\\\/www.youtube.com\\\/idiv-research\"]}]}<\/script>\n<!-- \/ Yoast SEO plugin. -->","yoast_head_json":{"title":"Daniel Vedder | iDiv","robots":{"index":"index","follow":"follow","max-snippet":"max-snippet:-1","max-image-preview":"max-image-preview:large","max-video-preview":"max-video-preview:-1"},"canonical":"https:\/\/www.idiv.de\/de\/staff\/daniel-vedder\/","og_locale":"de_DE","og_type":"article","og_title":"Daniel Vedder | iDiv","og_url":"https:\/\/www.idiv.de\/de\/staff\/daniel-vedder\/","og_site_name":"iDiv","article_modified_time":"2025-01-16T14:25:20+00:00","og_image":[{"width":1200,"height":675,"url":"https:\/\/www.idiv.de\/wp-content\/uploads\/2024\/11\/iDivSocialMediaShare.jpg","type":"image\/jpeg"}],"twitter_card":"summary_large_image","twitter_site":"@idiv","schema":{"@context":"https:\/\/schema.org","@graph":[{"@type":"WebPage","@id":"https:\/\/www.idiv.de\/de\/staff\/daniel-vedder\/","url":"https:\/\/www.idiv.de\/de\/staff\/daniel-vedder\/","name":"Daniel Vedder | iDiv","isPartOf":{"@id":"https:\/\/www.idiv.de\/de\/#website"},"primaryImageOfPage":{"@id":"https:\/\/www.idiv.de\/de\/staff\/daniel-vedder\/#primaryimage"},"image":{"@id":"https:\/\/www.idiv.de\/de\/staff\/daniel-vedder\/#primaryimage"},"thumbnailUrl":"https:\/\/www.idiv.de\/wp-content\/uploads\/2024\/06\/00_default.svg","datePublished":"2024-09-10T12:02:56+00:00","dateModified":"2025-01-16T14:25:20+00:00","breadcrumb":{"@id":"https:\/\/www.idiv.de\/de\/staff\/daniel-vedder\/#breadcrumb"},"inLanguage":"de","potentialAction":[{"@type":"ReadAction","target":["https:\/\/www.idiv.de\/de\/staff\/daniel-vedder\/"]}]},{"@type":"ImageObject","inLanguage":"de","@id":"https:\/\/www.idiv.de\/de\/staff\/daniel-vedder\/#primaryimage","url":"https:\/\/www.idiv.de\/wp-content\/uploads\/2024\/06\/00_default.svg","contentUrl":"https:\/\/www.idiv.de\/wp-content\/uploads\/2024\/06\/00_default.svg"},{"@type":"BreadcrumbList","@id":"https:\/\/www.idiv.de\/de\/staff\/daniel-vedder\/#breadcrumb","itemListElement":[{"@type":"ListItem","position":1,"name":"Startseite","item":"https:\/\/www.idiv.de\/de\/"},{"@type":"ListItem","position":2,"name":"Daniel Vedder"}]},{"@type":"WebSite","@id":"https:\/\/www.idiv.de\/de\/#website","url":"https:\/\/www.idiv.de\/de\/","name":"iDiv","description":"Hotspot in Biodiversity Research","publisher":{"@id":"https:\/\/www.idiv.de\/de\/#organization"},"potentialAction":[{"@type":"SearchAction","target":{"@type":"EntryPoint","urlTemplate":"https:\/\/www.idiv.de\/de\/?s={search_term_string}"},"query-input":{"@type":"PropertyValueSpecification","valueRequired":true,"valueName":"search_term_string"}}],"inLanguage":"de"},{"@type":"Organization","@id":"https:\/\/www.idiv.de\/de\/#organization","name":"idiv","url":"https:\/\/www.idiv.de\/de\/","logo":{"@type":"ImageObject","inLanguage":"de","@id":"https:\/\/www.idiv.de\/de\/#\/schema\/logo\/image\/","url":"https:\/\/www.idiv.de\/wp-content\/uploads\/2024\/08\/iDiv_Logo_long_v1_EN_black_4c.jpg","contentUrl":"https:\/\/www.idiv.de\/wp-content\/uploads\/2024\/08\/iDiv_Logo_long_v1_EN_black_4c.jpg","width":2448,"height":674,"caption":"idiv"},"image":{"@id":"https:\/\/www.idiv.de\/de\/#\/schema\/logo\/image\/"},"sameAs":["https:\/\/x.com\/idiv","https:\/\/www.linkedin.com\/company\/idiv-biodiversity\/","https:\/\/www.youtube.com\/idiv-research"]}]}},"featured_img":"https:\/\/www.idiv.de\/wp-content\/uploads\/2024\/06\/00_default.svg","coauthors":[],"author_meta":{"author_link":"https:\/\/www.idiv.de\/de\/author\/stefan\/","display_name":"Stefan Bernhardt"},"relative_dates":{"created":"Ver\u00f6ffentlicht 2\u00a0Jahren vor","modified":"Aktualisiert 1\u00a0Jahr vor"},"absolute_dates":{"created":"Ver\u00f6ffentlicht am 10. September 2024","modified":"Aktualisiert am 16. Januar 2025"},"absolute_dates_time":{"created":"Ver\u00f6ffentlicht am 10. September 2024 13:02","modified":"Aktualisiert am 16. Januar 2025 15:25"},"featured_img_caption":"","tax_additional":[],"series_order":"","_links":{"self":[{"href":"https:\/\/www.idiv.de\/de\/wp-json\/wp\/v2\/staff-manager\/16924","targetHints":{"allow":["GET"]}}],"collection":[{"href":"https:\/\/www.idiv.de\/de\/wp-json\/wp\/v2\/staff-manager"}],"about":[{"href":"https:\/\/www.idiv.de\/de\/wp-json\/wp\/v2\/types\/staff-manager"}],"wp:featuredmedia":[{"embeddable":true,"href":"https:\/\/www.idiv.de\/de\/wp-json\/wp\/v2\/media\/1623"}],"wp:attachment":[{"href":"https:\/\/www.idiv.de\/de\/wp-json\/wp\/v2\/media?parent=16924"}],"curies":[{"name":"wp","href":"https:\/\/api.w.org\/{rel}","templated":true}]}}