{"id":15324,"date":"2024-10-02T15:07:38","date_gmt":"2024-10-02T14:07:38","guid":{"rendered":"https:\/\/www.idiv.de\/staff\/aaron-hagen-kauffeldt\/"},"modified":"2025-10-16T23:36:17","modified_gmt":"2025-10-16T22:36:17","slug":"aaron-hagen-kauffeldt","status":"publish","type":"staff-manager","link":"https:\/\/www.idiv.de\/de\/staff\/aaron-hagen-kauffeldt\/","title":{"rendered":"Aaron Hagen Kauffeldt"},"content":{"rendered":"    <div class=\"container\">\n        <div class=\"row pt-5 mb-5 profile-info\">\n            \n            <div class=\"col-md-6 offset-md-2\">\n                <div class=\"basic-info pt-3 text-md-start text-center\">\n                    <h2>\n                         \n                        Aaron Hagen \n                        Kauffeldt                    <\/h2>\n                    <p>Doktorand<\/p>\n                                            <div class=\"groups\">\n                            <a href=\"https:\/\/www.idiv.de\/de\/forschung\/kernforschungsgruppen\/biodiversitat-im-anthropozan\/\" class=\"nmb btncf arrow pe-3\">Biodiversit\u00e4t im Anthropoz\u00e4n <svg xmlns=\"http:\/\/www.w3.org\/2000\/svg\" width=\"7.621\" height=\"12.243\" viewBox=\"0 0 7.621 12.243\"><path id=\"Icon_feather-chevron-right\" data-name=\"Icon feather-chevron-right\" d=\"M17.5,17l-4-4,4-4\" transform=\"translate(19.621 19.121) rotate(180)\" fill=\"none\" stroke=\"#447226\" stroke-linecap=\"round\" stroke-linejoin=\"round\" stroke-width=\"3\"><\/path><\/svg><\/a>                        <\/div>\n                                    <\/div>\n            <\/div>\n            <div class=\"col-md-4 col-lg-4 text-center p-4\">\n                <img loading=\"lazy\" decoding=\"async\" width=\"1070\" height=\"1066\" src=\"https:\/\/www.idiv.de\/wp-content\/uploads\/2025\/09\/aaron-website.jpg\" class=\"img-fluid rounded-circle wp-post-image\" alt=\"Aaron in Swiss Mountains\" srcset=\"https:\/\/www.idiv.de\/wp-content\/uploads\/2025\/09\/aaron-website.jpg 1070w, https:\/\/www.idiv.de\/wp-content\/uploads\/2025\/09\/aaron-website-300x300.jpg 300w, https:\/\/www.idiv.de\/wp-content\/uploads\/2025\/09\/aaron-website-1024x1020.jpg 1024w, https:\/\/www.idiv.de\/wp-content\/uploads\/2025\/09\/aaron-website-150x150.jpg 150w, https:\/\/www.idiv.de\/wp-content\/uploads\/2025\/09\/aaron-website-768x765.jpg 768w\" sizes=\"auto, (max-width: 1070px) 100vw, 1070px\" \/>            <\/div>\n            \n            \n                            <div class=\"col-md-6 offset-md-2\">\n                    <div class=\"affiliations\">\n                        <h4 class=\"affiliations-title\">Affiliationen<\/h4>\n                        <p class=\"affiliations-body\">\n                            Friedrich-Schiller-Universit\u00e4t Jena                        <\/p>\n                    <\/div>\n                <\/div>\n            \n                            <div class=\"col-md-3 offset-md-2\">\n                    <div class=\"address\">\n                        <h4 class=\"address-title\">Adresse<\/h4>\n                        <div class=\"address-body\">\n                            <p class=\"mb-0\">Puschstra\u00dfe 4<br>04103 Leipzig<\/p>\n                                                            <p class=\"mb-0\">Raum: A.03.10<\/p>\n                                                    <\/div>\n                    <\/div>\n                <\/div>\n            \n                            <div class=\"col-md-3 \">\n                    <div class=\"contact\">\n                        <h4 class=\"contact-title\">Kontakt<\/h4>\n                        <div class=\"contact-body\">\n                                                            <p class=\"mb-0\">E-Mail: <a href='&#x6d;&#97;i&#x6c;&#116;&#111;&#x3a;&#x61;&#97;r&#x6f;&#110;&#46;&#x6b;&#x61;&#117;f&#x66;&#101;l&#x64;&#x74;&#64;i&#x64;&#105;v&#x2e;&#x64;&#101;' class='text-decoration-none'>&#x61;&#x61;&#x72;&#x6f;&#x6e;&#x2e;&#x6b;&#97;&#117;&#102;&#102;&#101;ldt&#64;&#x69;&#x64;&#x69;&#x76;&#x2e;&#x64;&#x65;<\/a><\/p>\n                                                                                        <p class=\"mb-0\">Telefon: <a href='tel:+49 341 9733169' class='text-decoration-none'>+49 341 9733169<\/a><\/p>\n                                                                                <\/div>\n                    <\/div>\n                <\/div>\n                            \n            \n        <\/div>\n    <\/div>\n    \n\n<div class=\"textbildrepeater pb-24 pt-0 no-bg modulclass \" id=\"\">\n    <div class=\"container\">\n        <div class=\"row\">\n                                                                <div class=\"pb-24   mod_text  col-md-8 offset-md-2 pos_top\">\n                            <div class=\"textrepeater \" id=\"\">\n    <h3><strong>Wissenschaftliche Interessen<\/strong><\/h3>\n<p>Meine Forschung konzentriert sich darauf, wie Arten und \u00d6kosysteme auf vom Menschen verursachte globale Ver\u00e4nderungen reagieren, wobei ein besonderer Schwerpunkt auf extremen Wetterereignissen (EWEs) liegt. Ich verwende r\u00e4umlich-zeitliche Modelle und langfristige Umweltdaten, um Vogelpopulationen in Deutschland, \u00d6sterreich und der Schweiz zu untersuchen und zu bewerten, wie EWEs die Verbreitung von Arten und die Eignung von Lebensr\u00e4umen beeinflussen. Diese Arbeit hilft dabei, gef\u00e4hrdete Arten, Gemeinschaften und Regionen zu identifizieren und liefert Erkenntnisse, die als Leitfaden f\u00fcr den Schutz der biologischen Vielfalt unter zunehmenden Klimaextremen dienen k\u00f6nnen.<\/p>\n<\/div>\n                            <\/div>\n                        <\/div>\n    <\/div>\n<\/div>\n\n\n    <div class=\"headline pt-24 no-bg\"> <!-- Add dynamic background color class -->\n        <div class=\"container\">\n            <div class=\"row\">\n                <div class=\"col-md-12 relative\">\n                    <h2 class=\"h2 align-center\">iDiv Publikationen<\/h2>\n                <\/div>\n            <\/div>\n        <\/div>\n    <\/div>\n\n    <div id=\"\" class=\"pt-24 pb-24 no-bg\"> <!-- Add dynamic background color class -->\n    <div class=\"container\">\n        <div class=\"filters row justify-content-center\">\n            <div class=\"col-md-6\">\n                <!-- <span class=\"fa fa-search form-control-feedback\"><\/span> -->\n                <input type=\"text\" id=\"search-input\" class=\"form-control form-search\" placeholder=\"Suche nach Autor oder Titel\" onkeyup=\"filterPublications()\">\n            <\/div>\n            <div class=\"col-md-2\">\n                <select id=\"year-select\" class=\"form-control form-dropdown\" onchange=\"filterByYear()\">\n                    <option value=\"\">Alle Jahre<\/option>\n                                    <\/select>\n            <\/div>\n        <\/div>\n        <div class=\"row\">\n            <div class=\"col-md-8 offset-md-2\">\n                <!-- No publications message -->\n                <div id=\"no-publications-message\" style=\"display: none;\" class=\"mb-5\">\n                    Keine iDiv Publikation gefunden.                <\/div>\n                <div id=\"publications-list\">\n                                    <\/div>\n            <\/div>\n        <\/div>\n    <\/div>\n<\/div>\n\n\n\n\n\n","protected":false},"author":8,"featured_media":35285,"menu_order":100,"template":"","meta":{"_acf_changed":true,"advgb_blocks_editor_width":"","advgb_blocks_columns_visual_guide":"","_links_to":"","_links_to_target":""},"class_list":["post-15324","staff-manager","type-staff-manager","status-publish","has-post-thumbnail","hentry"],"acf":[],"yoast_head":"<!-- This site is optimized with the Yoast SEO plugin v27.5 - https:\/\/yoast.com\/product\/yoast-seo-wordpress\/ -->\n<title>Aaron Hagen Kauffeldt | iDiv<\/title>\n<meta name=\"robots\" content=\"index, follow, max-snippet:-1, max-image-preview:large, max-video-preview:-1\" \/>\n<link rel=\"canonical\" href=\"https:\/\/www.idiv.de\/de\/staff\/aaron-hagen-kauffeldt\/\" \/>\n<meta property=\"og:locale\" content=\"de_DE\" \/>\n<meta property=\"og:type\" content=\"article\" \/>\n<meta property=\"og:title\" content=\"Aaron Hagen Kauffeldt | iDiv\" \/>\n<meta property=\"og:url\" content=\"https:\/\/www.idiv.de\/de\/staff\/aaron-hagen-kauffeldt\/\" \/>\n<meta property=\"og:site_name\" content=\"iDiv\" \/>\n<meta property=\"article:modified_time\" content=\"2025-10-16T22:36:17+00:00\" \/>\n<meta property=\"og:image\" content=\"https:\/\/www.idiv.de\/wp-content\/uploads\/2025\/09\/aaron-website.jpg\" \/>\n\t<meta property=\"og:image:width\" content=\"1070\" \/>\n\t<meta property=\"og:image:height\" content=\"1066\" \/>\n\t<meta property=\"og:image:type\" content=\"image\/jpeg\" \/>\n<meta name=\"twitter:card\" content=\"summary_large_image\" \/>\n<meta name=\"twitter:site\" content=\"@idiv\" \/>\n<script type=\"application\/ld+json\" class=\"yoast-schema-graph\">{\"@context\":\"https:\\\/\\\/schema.org\",\"@graph\":[{\"@type\":\"WebPage\",\"@id\":\"https:\\\/\\\/www.idiv.de\\\/de\\\/staff\\\/aaron-hagen-kauffeldt\\\/\",\"url\":\"https:\\\/\\\/www.idiv.de\\\/de\\\/staff\\\/aaron-hagen-kauffeldt\\\/\",\"name\":\"Aaron Hagen Kauffeldt | iDiv\",\"isPartOf\":{\"@id\":\"https:\\\/\\\/www.idiv.de\\\/de\\\/#website\"},\"primaryImageOfPage\":{\"@id\":\"https:\\\/\\\/www.idiv.de\\\/de\\\/staff\\\/aaron-hagen-kauffeldt\\\/#primaryimage\"},\"image\":{\"@id\":\"https:\\\/\\\/www.idiv.de\\\/de\\\/staff\\\/aaron-hagen-kauffeldt\\\/#primaryimage\"},\"thumbnailUrl\":\"https:\\\/\\\/www.idiv.de\\\/wp-content\\\/uploads\\\/2025\\\/09\\\/aaron-website.jpg\",\"datePublished\":\"2024-10-02T14:07:38+00:00\",\"dateModified\":\"2025-10-16T22:36:17+00:00\",\"breadcrumb\":{\"@id\":\"https:\\\/\\\/www.idiv.de\\\/de\\\/staff\\\/aaron-hagen-kauffeldt\\\/#breadcrumb\"},\"inLanguage\":\"de\",\"potentialAction\":[{\"@type\":\"ReadAction\",\"target\":[\"https:\\\/\\\/www.idiv.de\\\/de\\\/staff\\\/aaron-hagen-kauffeldt\\\/\"]}]},{\"@type\":\"ImageObject\",\"inLanguage\":\"de\",\"@id\":\"https:\\\/\\\/www.idiv.de\\\/de\\\/staff\\\/aaron-hagen-kauffeldt\\\/#primaryimage\",\"url\":\"https:\\\/\\\/www.idiv.de\\\/wp-content\\\/uploads\\\/2025\\\/09\\\/aaron-website.jpg\",\"contentUrl\":\"https:\\\/\\\/www.idiv.de\\\/wp-content\\\/uploads\\\/2025\\\/09\\\/aaron-website.jpg\",\"width\":1070,\"height\":1066,\"caption\":\"Aaron in Swiss Mountains\"},{\"@type\":\"BreadcrumbList\",\"@id\":\"https:\\\/\\\/www.idiv.de\\\/de\\\/staff\\\/aaron-hagen-kauffeldt\\\/#breadcrumb\",\"itemListElement\":[{\"@type\":\"ListItem\",\"position\":1,\"name\":\"Startseite\",\"item\":\"https:\\\/\\\/www.idiv.de\\\/de\\\/\"},{\"@type\":\"ListItem\",\"position\":2,\"name\":\"Aaron Hagen Kauffeldt\"}]},{\"@type\":\"WebSite\",\"@id\":\"https:\\\/\\\/www.idiv.de\\\/de\\\/#website\",\"url\":\"https:\\\/\\\/www.idiv.de\\\/de\\\/\",\"name\":\"iDiv\",\"description\":\"Hotspot in Biodiversity Research\",\"publisher\":{\"@id\":\"https:\\\/\\\/www.idiv.de\\\/de\\\/#organization\"},\"potentialAction\":[{\"@type\":\"SearchAction\",\"target\":{\"@type\":\"EntryPoint\",\"urlTemplate\":\"https:\\\/\\\/www.idiv.de\\\/de\\\/?s={search_term_string}\"},\"query-input\":{\"@type\":\"PropertyValueSpecification\",\"valueRequired\":true,\"valueName\":\"search_term_string\"}}],\"inLanguage\":\"de\"},{\"@type\":\"Organization\",\"@id\":\"https:\\\/\\\/www.idiv.de\\\/de\\\/#organization\",\"name\":\"idiv\",\"url\":\"https:\\\/\\\/www.idiv.de\\\/de\\\/\",\"logo\":{\"@type\":\"ImageObject\",\"inLanguage\":\"de\",\"@id\":\"https:\\\/\\\/www.idiv.de\\\/de\\\/#\\\/schema\\\/logo\\\/image\\\/\",\"url\":\"https:\\\/\\\/www.idiv.de\\\/wp-content\\\/uploads\\\/2024\\\/08\\\/iDiv_Logo_long_v1_EN_black_4c.jpg\",\"contentUrl\":\"https:\\\/\\\/www.idiv.de\\\/wp-content\\\/uploads\\\/2024\\\/08\\\/iDiv_Logo_long_v1_EN_black_4c.jpg\",\"width\":2448,\"height\":674,\"caption\":\"idiv\"},\"image\":{\"@id\":\"https:\\\/\\\/www.idiv.de\\\/de\\\/#\\\/schema\\\/logo\\\/image\\\/\"},\"sameAs\":[\"https:\\\/\\\/x.com\\\/idiv\",\"https:\\\/\\\/www.linkedin.com\\\/company\\\/idiv-biodiversity\\\/\",\"https:\\\/\\\/www.youtube.com\\\/idiv-research\"]}]}<\/script>\n<!-- \/ Yoast SEO plugin. -->","yoast_head_json":{"title":"Aaron Hagen Kauffeldt | iDiv","robots":{"index":"index","follow":"follow","max-snippet":"max-snippet:-1","max-image-preview":"max-image-preview:large","max-video-preview":"max-video-preview:-1"},"canonical":"https:\/\/www.idiv.de\/de\/staff\/aaron-hagen-kauffeldt\/","og_locale":"de_DE","og_type":"article","og_title":"Aaron Hagen Kauffeldt | iDiv","og_url":"https:\/\/www.idiv.de\/de\/staff\/aaron-hagen-kauffeldt\/","og_site_name":"iDiv","article_modified_time":"2025-10-16T22:36:17+00:00","og_image":[{"width":1070,"height":1066,"url":"https:\/\/www.idiv.de\/wp-content\/uploads\/2025\/09\/aaron-website.jpg","type":"image\/jpeg"}],"twitter_card":"summary_large_image","twitter_site":"@idiv","schema":{"@context":"https:\/\/schema.org","@graph":[{"@type":"WebPage","@id":"https:\/\/www.idiv.de\/de\/staff\/aaron-hagen-kauffeldt\/","url":"https:\/\/www.idiv.de\/de\/staff\/aaron-hagen-kauffeldt\/","name":"Aaron Hagen Kauffeldt | iDiv","isPartOf":{"@id":"https:\/\/www.idiv.de\/de\/#website"},"primaryImageOfPage":{"@id":"https:\/\/www.idiv.de\/de\/staff\/aaron-hagen-kauffeldt\/#primaryimage"},"image":{"@id":"https:\/\/www.idiv.de\/de\/staff\/aaron-hagen-kauffeldt\/#primaryimage"},"thumbnailUrl":"https:\/\/www.idiv.de\/wp-content\/uploads\/2025\/09\/aaron-website.jpg","datePublished":"2024-10-02T14:07:38+00:00","dateModified":"2025-10-16T22:36:17+00:00","breadcrumb":{"@id":"https:\/\/www.idiv.de\/de\/staff\/aaron-hagen-kauffeldt\/#breadcrumb"},"inLanguage":"de","potentialAction":[{"@type":"ReadAction","target":["https:\/\/www.idiv.de\/de\/staff\/aaron-hagen-kauffeldt\/"]}]},{"@type":"ImageObject","inLanguage":"de","@id":"https:\/\/www.idiv.de\/de\/staff\/aaron-hagen-kauffeldt\/#primaryimage","url":"https:\/\/www.idiv.de\/wp-content\/uploads\/2025\/09\/aaron-website.jpg","contentUrl":"https:\/\/www.idiv.de\/wp-content\/uploads\/2025\/09\/aaron-website.jpg","width":1070,"height":1066,"caption":"Aaron in Swiss Mountains"},{"@type":"BreadcrumbList","@id":"https:\/\/www.idiv.de\/de\/staff\/aaron-hagen-kauffeldt\/#breadcrumb","itemListElement":[{"@type":"ListItem","position":1,"name":"Startseite","item":"https:\/\/www.idiv.de\/de\/"},{"@type":"ListItem","position":2,"name":"Aaron Hagen Kauffeldt"}]},{"@type":"WebSite","@id":"https:\/\/www.idiv.de\/de\/#website","url":"https:\/\/www.idiv.de\/de\/","name":"iDiv","description":"Hotspot in Biodiversity Research","publisher":{"@id":"https:\/\/www.idiv.de\/de\/#organization"},"potentialAction":[{"@type":"SearchAction","target":{"@type":"EntryPoint","urlTemplate":"https:\/\/www.idiv.de\/de\/?s={search_term_string}"},"query-input":{"@type":"PropertyValueSpecification","valueRequired":true,"valueName":"search_term_string"}}],"inLanguage":"de"},{"@type":"Organization","@id":"https:\/\/www.idiv.de\/de\/#organization","name":"idiv","url":"https:\/\/www.idiv.de\/de\/","logo":{"@type":"ImageObject","inLanguage":"de","@id":"https:\/\/www.idiv.de\/de\/#\/schema\/logo\/image\/","url":"https:\/\/www.idiv.de\/wp-content\/uploads\/2024\/08\/iDiv_Logo_long_v1_EN_black_4c.jpg","contentUrl":"https:\/\/www.idiv.de\/wp-content\/uploads\/2024\/08\/iDiv_Logo_long_v1_EN_black_4c.jpg","width":2448,"height":674,"caption":"idiv"},"image":{"@id":"https:\/\/www.idiv.de\/de\/#\/schema\/logo\/image\/"},"sameAs":["https:\/\/x.com\/idiv","https:\/\/www.linkedin.com\/company\/idiv-biodiversity\/","https:\/\/www.youtube.com\/idiv-research"]}]}},"featured_img":"https:\/\/www.idiv.de\/wp-content\/uploads\/2025\/09\/aaron-website.jpg","coauthors":[],"author_meta":{"author_link":"https:\/\/www.idiv.de\/de\/author\/franziska-klamm\/","display_name":"Franziska Klamm"},"relative_dates":{"created":"Ver\u00f6ffentlicht 2\u00a0Jahren vor","modified":"Aktualisiert 6\u00a0Monaten vor"},"absolute_dates":{"created":"Ver\u00f6ffentlicht am 2. Oktober 2024","modified":"Aktualisiert am 16. Oktober 2025"},"absolute_dates_time":{"created":"Ver\u00f6ffentlicht am 2. Oktober 2024 15:07","modified":"Aktualisiert am 16. Oktober 2025 23:36"},"featured_img_caption":"Aaron in Swiss Mountains","tax_additional":[],"series_order":"","_links":{"self":[{"href":"https:\/\/www.idiv.de\/de\/wp-json\/wp\/v2\/staff-manager\/15324","targetHints":{"allow":["GET"]}}],"collection":[{"href":"https:\/\/www.idiv.de\/de\/wp-json\/wp\/v2\/staff-manager"}],"about":[{"href":"https:\/\/www.idiv.de\/de\/wp-json\/wp\/v2\/types\/staff-manager"}],"wp:featuredmedia":[{"embeddable":true,"href":"https:\/\/www.idiv.de\/de\/wp-json\/wp\/v2\/media\/35285"}],"wp:attachment":[{"href":"https:\/\/www.idiv.de\/de\/wp-json\/wp\/v2\/media?parent=15324"}],"curies":[{"name":"wp","href":"https:\/\/api.w.org\/{rel}","templated":true}]}}