{"id":9898,"date":"2024-05-27T12:49:12","date_gmt":"2024-05-27T11:49:12","guid":{"rendered":"https:\/\/www.idiv.de\/?page_id=9898"},"modified":"2025-05-28T10:59:34","modified_gmt":"2025-05-28T09:59:34","slug":"angebote-junior-forschungsgruppen","status":"publish","type":"page","link":"https:\/\/www.idiv.de\/de\/karriere\/angebote-junior-forschungsgruppen\/","title":{"rendered":"Angebote f\u00fcr Junior-Forschungsgruppen"},"content":{"rendered":"<div class=\"herosection pb-24 pt-0 no-bg modulclass \" id=\"\">\n                    <div class=\"swiper1noslider  nooverflow swiper thinslider\" id=\"slide_69ec7e2e8b7f8\">\n        \n                <div class=\"swiper-wrapper\">\n                                            <div class=\"swiper-slide  style_ \" aria-hidden=\"true\" >\n                            <div class=\"backstretchwrap\">\n                        \n                            <div datasrc=\"https:\/\/www.idiv.de\/wp-content\/uploads\/2024\/08\/iDiv-Neubau-0399-iDiv-SBernhardt-scaled.jpg\" class=\"backstretchimg responsiv desktop\"><\/div>\n\n                            <a href=\"#\" class=\"cr\"><svg  xmlns=\"http:\/\/www.w3.org\/2000\/svg\" width=\"22\" height=\"22\" viewBox=\"0 0 22 22\">\n                                    <rect id=\"BG\" width=\"22\" height=\"22\" rx=\"11\" fill=\"#fff\"\/>\n                                    <g id=\"Wrapper\" transform=\"translate(-1 -1)\">\n                                        <g id=\"Icon_material-copyright\" data-name=\"Icon material-copyright\">\n                                            <circle id=\"Ellipse_30\" data-name=\"Ellipse 30\" cx=\"8\" cy=\"8\" r=\"8\" transform=\"translate(4 4)\" fill=\"#fff\"\/>\n                                            <path id=\"Icon_material-copyright-2\" data-name=\"Icon material-copyright\" d=\"M9.464,10.088a2.045,2.045,0,0,1,.24-.7,1.4,1.4,0,0,1,.472-.5,1.42,1.42,0,0,1,.728-.184,1.45,1.45,0,0,1,.5.1,1.29,1.29,0,0,1,.416.288,1.54,1.54,0,0,1,.272.424,1.4,1.4,0,0,1,.112.512H13.64a2.864,2.864,0,0,0-.224-1.032,2.4,2.4,0,0,0-.56-.808,2.613,2.613,0,0,0-.864-.528,3.09,3.09,0,0,0-1.112-.184,3.127,3.127,0,0,0-1.36.272,2.751,2.751,0,0,0-.96.736,3.007,3.007,0,0,0-.568,1.088A4.685,4.685,0,0,0,7.8,10.9v.216a4.684,4.684,0,0,0,.184,1.312,2.908,2.908,0,0,0,.568,1.08,2.731,2.731,0,0,0,.96.728,3.246,3.246,0,0,0,1.36.272,3.051,3.051,0,0,0,1.056-.184,2.729,2.729,0,0,0,.864-.5,2.442,2.442,0,0,0,.592-.752,2.153,2.153,0,0,0,.24-.92H12.192a1.139,1.139,0,0,1-.12.464,1.177,1.177,0,0,1-.288.368,1.26,1.26,0,0,1-.416.24,1.589,1.589,0,0,1-.48.08,1.359,1.359,0,0,1-.712-.184,1.4,1.4,0,0,1-.472-.5,2.09,2.09,0,0,1-.24-.7,5.392,5.392,0,0,1-.064-.8V10.9a5.33,5.33,0,0,1,.064-.808ZM11,3a8,8,0,1,0,8,8A8,8,0,0,0,11,3Zm0,14.4A6.4,6.4,0,1,1,17.4,11,6.408,6.408,0,0,1,11,17.4Z\" transform=\"translate(1 1)\" fill=\"#4d4d4d\"\/>\n                                        <\/g>\n                                    <\/g>\n                                <\/svg>\n                                <span>Stefan Bernhardt \/ iDiv<\/span><\/a>                        \n                                                    <\/div>\n                                        <div class=\"sliderinhalt \" role=\"region\" aria-label=\"carousel\">\n\n                                            <h1 class=\"h1 align-center\" >Angebote f\u00fcr Junior-Forschungsgruppen<\/h1>                                                    <p style=\"text-align: center;\">iDiv bietet Unterst\u00fctzung f\u00fcr Forscherinnen und Forschern, die externe F\u00f6rdermittel erhalten haben und eine Junior-Forschungsgruppe mit iDiv als Gastgeberinstitution gr\u00fcnden m\u00f6chten<\/p>\n                                                \n                                                                                                            <\/div>\n                                            <\/div>\n\n                        \n                 <\/div>\n\n                              <\/div>\n<\/div>\n\n<div class=\"textbildrepeater pb-24 pt-0 no-bg modulclass \" id=\"\">\n    <div class=\"container\">\n        <div class=\"row\">\n                                                                <div class=\"pb-24   mod_text  col-md-8 offset-md-2 pos_top\">\n                            <div class=\"textrepeater \" id=\"\">\n    <h2 style=\"text-align: center;\">iDiv als Gastinstitution<\/h2>\n<p>Das Deutsche Zentrum f\u00fcr integrative Biodiversit\u00e4tsforschung (iDiv) Halle-Jena-Leipzig ist eines der f\u00fchrenden Forschungszentren f\u00fcr den Wandel der Biodiversit\u00e4t. Die zentrale Mission ist es, theoriebasierte Synthese und datengetriebene Theorie in diesem aufstrebenden Bereich zu f\u00f6rdern. Das iDiv-Konzept umfasst die Erfassung der Biodiversit\u00e4t, das Verst\u00e4ndnis ihres Auftretens, die Erforschung ihrer Auswirkungen auf \u00d6kosystemfunktionen und -dienstleistungen sowie die Entwicklung von Strategien zum Schutz der Biodiversit\u00e4t unter globalen Ver\u00e4nderungen.<\/p>\n<p>Wir bieten Ihnen die M\u00f6glichkeit, eine eigene drittmittelfinanzierte Juniorforschungsgruppe bei iDiv zu gr\u00fcnden. Wir wenden uns an Nachwuchswissenschaftler (w\/m\/d), die einen Antrag auf F\u00f6rderung gestellt haben oder dies planen und eine Heimatinstitution f\u00fcr den Aufbau einer eigenen Gruppe suchen. Bei iDiv werden Sie in einer lebendigen Gemeinschaft von gleichgesinnten Wissenschaftlern arbeiten, die sich mit einigen der wichtigsten Zukunftsthemen im Bereich der Biodiversit\u00e4t besch\u00e4ftigen. Au\u00dferdem erhalten Sie finanzielle Unterst\u00fctzung f\u00fcr den Aufbau eines Labors mit Einrichtungen, Personal und einem laufenden Budget. Als vielf\u00e4ltiger und integrativer Arbeitsplatz liegt uns Ihr Wohl am Herzen, und wir tun unser Bestes, um Sie dabei zu unterst\u00fctzen, gro\u00dfartige Wissenschaft zu betreiben.<\/p>\n<p>Sie k\u00f6nnen z. B. von unserem Willkommenszentrum f\u00fcr internationale Forschende, unserer flexiblen Kinderbetreuung oder unseren Angeboten zur Karriereentwicklung profitieren. Wir f\u00f6rdern insbesondere Antr\u00e4ge von Forscherinnen.<\/p>\n<\/div>\n                            <\/div>\n                        <\/div>\n    <\/div>\n<\/div>\n\n\n<hr class=\"wp-block-separator has-alpha-channel-opacity\"\/>\n\n\n<div class=\"textbildrepeater pb-24 pt-24 no-bg modulclass \" id=\"\">\n    <div class=\"container\">\n        <div class=\"row\">\n                                                                <div class=\"pb-24   mod_text  col-md-6 offset-md-3 pos_top\">\n                            <div class=\"textrepeater \" id=\"\">\n    <h2><strong>Leitfaden<\/strong><\/h2>\n<div id=\"c25949\">\n<p>Dieser Leitfaden hilft beim Durchlauf des Prozesses und vermittelt dir eine Vorstellung, wie du ein Teil von iDiv werden kannst.<\/p>\n<\/div>\n<\/div>\n                            <\/div>\n                        <\/div>\n    <\/div>\n<\/div>\n\n<div class=\"iconrepeater pb-24 pt-0 no-bg modulclass  \" id=\"\">\n    <div class=\"container\">\n        <div class=\"row\">\n                                        <div class=\" mod_bild  col-md-1 offset-md-0 pos_top align-left\">\n                            <div class=\"bildrepeater iconrepeater   \" id=\"\">\n    <img decoding=\"async\" class=\"responsive desktop\" src=\"https:\/\/www.idiv.de\/wp-content\/uploads\/2024\/05\/iDiv-icon-microscope-green.svg\" height=\"\" width=\"\" alt=\"idiv-\" \/><img decoding=\"async\" class=\"responsive mobile\" src=\"https:\/\/www.idiv.de\/wp-content\/uploads\/2024\/05\/iDiv-icon-microscope-green.svg\" height=\"\" width=\"\" alt=\"idiv-\"\/><\/div>\n                            <\/div>\n                                            <div class=\" mod_text  col-md-5 offset-md-0 pos_top align-left\">\n                            <div class=\"textrepeater iconrepeater    \" id=\"\">\n\n    <h3 class=\"h3 align-left mb-15\" >Dein Profil<\/h3><div class=\"mb-24\" ><ul>\n<li>Du f\u00fchrst innovative Biodiversit\u00e4tsforschungdurch, die zum iDiv-Forschungs\u00adprogramm und zur Mission passt sowie unsere bestehende Forschung mit neuen inter\u00addisziplin\u00e4ren Ideen erg\u00e4nzt.<\/li>\n<li>Du hast bereits erfolgreich Drittmittel f\u00fcr deine eigene Stelle und\/oder Forschungs\u00adgruppe eingeworben oder befindest dich derzeit in der Antragsplanung (z. B. Emmy Noether Programm (DFG), ERC Grant, BMBF Junior Research Groups, Heisenberg-Programm oder Alexander von Humboldt Stiftung, Sofja Kovalevskaja Award).<\/li>\n<li>Du verf\u00fcgst \u00fcber einen Doktortitel (PhD oder gleichwertig) in einem verwandten Fach und hast idealer\u00adweise Erfahrung als unabh\u00e4ngige Postdoktorandin oder unabh\u00e4ngiger Postdoktorand.<\/li>\n<li>Du verf\u00fcgst \u00fcber einen ausgezeichneten wissen\u00adschaft\u00adlichen Leistungs\u00adnachweis, der durch mehrere Ver\u00f6ffentlichungen in internationalen, von Experten begutachteten Fachzeitschriften belegt ist.<\/li>\n<\/ul>\n<\/div><div class=\"relativ\">\n    <\/div>\n\n\n<\/div>\n                            <\/div>\n                                            <div class=\" mod_bild  col-md-1 offset-md-0 pos_top align-left\">\n                            <div class=\"bildrepeater iconrepeater   \" id=\"\">\n    <img decoding=\"async\" class=\"responsive desktop\" src=\"https:\/\/www.idiv.de\/wp-content\/uploads\/2024\/05\/iDiv-icon-megaphone-green.svg\" height=\"\" width=\"\" alt=\"idiv-\" \/><img decoding=\"async\" class=\"responsive mobile\" src=\"https:\/\/www.idiv.de\/wp-content\/uploads\/2024\/05\/iDiv-icon-megaphone-green.svg\" height=\"\" width=\"\" alt=\"idiv-\"\/><\/div>\n                            <\/div>\n                                            <div class=\" mod_text  col-md-5 offset-md-0 pos_top align-left\">\n                            <div class=\"textrepeater iconrepeater    \" id=\"\">\n\n    <h3 class=\"h3 align-left mb-15\" >Was iDiv bietet<\/h3><div class=\"mb-24\" ><ul>\n<li>Vor der Einreichung deines Antrages hast du die M\u00f6glichkeit, eng mit einem iDiv-Mitglied zusammenzuarbeiten, um einen qualitativ hochwertigen F\u00f6rderantrag zu entwickeln.<\/li>\n<li>Finanzielle und administrative Unter\u00adst\u00fctzungsowie ein Startpaket f\u00fcr Junior\u00adgruppen\u00adleiterinnen und -leiter.<\/li>\n<li>Exzellente und erstklassige Forschungsi\u00adnfrastruktur (Labor-\/B\u00fcror\u00e4ume).<\/li>\n<li>M\u00f6glichkeiten, dein exzellentes berufliches Netzwerk innerhalb unseres Konsortiums aufzubauen.<\/li>\n<li>M\u00f6glichkeiten f\u00fcr Lehre und Betreuung von Studierenden, Doktorandinnen und Doktoranden\u00a0bei yDiv und den teilnehmenden Universit\u00e4ten.<\/li>\n<li>Zugang zu wettbewerbsf\u00e4higer interner Forschungs\u00adf\u00f6rderung.<\/li>\n<li>Unterst\u00fctzung bei der beruflichen Entwicklung, wie F\u00fchrungstraining und individuelles Coaching.<\/li>\n<\/ul>\n<\/div><div class=\"relativ\">\n    <\/div>\n\n\n<\/div>\n                            <\/div>\n                        <\/div>\n    <\/div>\n<\/div>\n\n\n<hr class=\"wp-block-separator has-alpha-channel-opacity\"\/>\n\n\n<div class=\"iconrepeater pb-24 pt-0 no-bg modulclass  \" id=\"\">\n    <div class=\"container\">\n        <div class=\"row\">\n                                        <div class=\" mod_text  col-md-6 offset-md-3 pos_top align-left\">\n                            <div class=\"textrepeater iconrepeater    \" id=\"\">\n\n    <h2 class=\"h2 align-left mb-15\" >Prozess<\/h2><div class=\"mb-24\" ><p>Wenn du iDiv als Gastinstitution in Betracht ziehst, solltest du den Prozess so fr\u00fch wie m\u00f6glich in Gang setzen, idealerweise mindestens sechs Monate vor der Einreichung deines Antrags. Auf diese Weise k\u00f6nnen wir dir die notwendige Unterst\u00fctzung bieten, um sicherzustellen, dass dein geplantes Projekt gut mit dem Forschungsprogramm von iDiv abgestimmt und ausreichend Zeit f\u00fcr die administrativen Prozesse vorhanden ist.<\/p>\n<\/div><div class=\"relativ\">\n    <\/div>\n\n\n<\/div>\n                            <\/div>\n                        <\/div>\n    <\/div>\n<\/div>\n\n<div class=\"iconrepeater pb-24 pt-0 no-bg modulclass  \" id=\"\">\n    <div class=\"container\">\n        <div class=\"row\">\n                                        <div class=\" mod_text  col-md-2 offset-md-1 pos_top align-left\">\n                            <div class=\"textrepeater iconrepeater    \" id=\"\">\n\n    <img decoding=\"async\" class=\"w50 desktop\" src=\"https:\/\/www.idiv.de\/wp-content\/uploads\/2024\/08\/iDiv-icon-number-1.svg\" height=\"\" width=\"\" alt=\"idiv-\" \/><img decoding=\"async\" class=\"w50 mobile\" src=\"https:\/\/www.idiv.de\/wp-content\/uploads\/2024\/08\/iDiv-icon-number-1.svg\" height=\"\" width=\"\" alt=\"idiv-\"\/><h4 class=\"h4 align-left mb-15\" >> 6 Monate vor Einreichung<\/h4><div class=\"mb-24\" ><p>Kontaktieren Sie die Vorsitzende oder den Vorsitzenden des Speaker Boards, um Ihr Interesse zu erkl\u00e4ren und den Prozess einzuleiten.<\/p>\n<p>Sie\/er wird Ihnen dann weitere Informationen zur Verf\u00fcgung stellen und eine geeignete Mentorin oder Mentor aus dem Speaker Board benennen.<\/p>\n<\/div><div class=\"relativ\">\n    <\/div>\n\n\n<\/div>\n                            <\/div>\n                                            <div class=\" mod_text  col-md-2 offset-md-1 pos_top align-left\">\n                            <div class=\"textrepeater iconrepeater    \" id=\"\">\n\n    <img decoding=\"async\" class=\"w50 desktop\" src=\"https:\/\/www.idiv.de\/wp-content\/uploads\/2024\/08\/iDiv-icon-number-2.svg\" height=\"\" width=\"\" alt=\"idiv-\" \/><img decoding=\"async\" class=\"w50 mobile\" src=\"https:\/\/www.idiv.de\/wp-content\/uploads\/2024\/08\/iDiv-icon-number-2.svg\" height=\"\" width=\"\" alt=\"idiv-\"\/><h4 class=\"h4 align-left mb-15\" >4 Monate vor Einreichung<\/h4><div class=\"mb-24\" ><p>Pr\u00e4sentiere Ihre Forschung im Rahmen der iDiv Seminar Series.<\/p>\n<\/div><div class=\"relativ\">\n    <\/div>\n\n\n<\/div>\n                            <\/div>\n                                            <div class=\" mod_text  col-md-2 offset-md-1 pos_top align-left\">\n                            <div class=\"textrepeater iconrepeater    \" id=\"\">\n\n    <img decoding=\"async\" class=\"w50 desktop\" src=\"https:\/\/www.idiv.de\/wp-content\/uploads\/2024\/08\/iDiv-icon-number-3.svg\" height=\"\" width=\"\" alt=\"idiv-\" \/><img decoding=\"async\" class=\"w50 mobile\" src=\"https:\/\/www.idiv.de\/wp-content\/uploads\/2024\/08\/iDiv-icon-number-3.svg\" height=\"\" width=\"\" alt=\"idiv-\"\/><h4 class=\"h4 align-left mb-15\" >3 Monate vor Einreichung<\/h4><div class=\"mb-24\" ><p>Stellen Sie Ihre Projektideen dem Speaker Board vor.<\/p>\n<p>Nach einer positiven Entscheidung im Speaker Board arbeiten Sie weiter an deinem Antrag zusammen mit deinem ausgew\u00e4hlten Mentor oder Mentorin.<\/p>\n<\/div><div class=\"relativ\">\n    <\/div>\n\n\n<\/div>\n                            <\/div>\n                                            <div class=\" mod_text  col-md-2 offset-md-1 pos_top align-left\">\n                            <div class=\"textrepeater iconrepeater    \" id=\"\">\n\n    <img decoding=\"async\" class=\"w50 desktop\" src=\"https:\/\/www.idiv.de\/wp-content\/uploads\/2024\/08\/iDiv-icon-number-4.svg\" height=\"\" width=\"\" alt=\"idiv-\" \/><img decoding=\"async\" class=\"w50 mobile\" src=\"https:\/\/www.idiv.de\/wp-content\/uploads\/2024\/08\/iDiv-icon-number-4.svg\" height=\"\" width=\"\" alt=\"idiv-\"\/><h4 class=\"h4 align-left mb-15\" >2 Monate vor Einreichung<\/h4><div class=\"mb-24\" ><p>Beschaffe die notwendigen Unterst\u00fctzungsschreiben von Ihrer gew\u00fcnschten Gastuniversit\u00e4t.<\/p>\n<\/div><div class=\"relativ\">\n    <\/div>\n\n\n<\/div>\n                            <\/div>\n                        <\/div>\n    <\/div>\n<\/div>\n\n<hr class=\"modulborder nm np\"><div class=\"karussell pb-24 pt-48 bg-lightgrey  block\" id=\"junior-groups\">\n    <div class=\"container\"><div class=\"row\"><div class=\"col-md-12 relative\"><h2 class=\"h2 tleft mb-64\" >Junior-Forschungsgruppen<\/h2><\/div><\/div><\/div>\n        <div class=\"container\">\n        <div class=\"row\">\n            <div class=\"col-md-12 \">\n                \n\n                    <div class=\"swiper3  nooverflow swiper\" id=\"slide_69ec7e2e8fc05\">\n        <div class=\"swiper-wrapper\">\n                        <div class=\"swiper-slide  style_btt\" aria-hidden=\"true\">\n                \n        \n                <a href=\"https:\/\/www.idiv.de\/de\/forschung\/juniorforschungsgruppen\/evolution-und-adaptation\/\" target=\"\"\n           class=\" bg-lightgrey\">\n                            <div class=\"topimage\">\n                    <img class=\"backstretchimg\" role=\"presentation\" datasrc=\"https:\/\/www.idiv.de\/wp-content\/uploads\/2024\/07\/Leucospermum-erubescens-RenskeOstein.jpg\" height=\"\" width=\"\" alt=\"Leucospermum erubescens (Photo: Renske Onstein)\"\/>                <\/div>\n                <div class=\"sliderinhalt bg-lightgrey\" role=\"region\" aria-label=\"carousel\">\n                    <div class=\"\">\n                        <h4  >Evolution and Adaptation<\/h4><p  >geleitet von Dr. Renske Onstein<br \/>\r\n<br \/>\r\nWir untersuchen die Wechselwirkungen zwischen (Makro-)\u00d6kologie und Evolution.<\/p>                    <\/div>\n                    <p class=\"nmb btncf arrow\" >Mehr <svg xmlns=\"http:\/\/www.w3.org\/2000\/svg\" width=\"7.621\" height=\"12.243\" aria-hidden=\"true\" viewBox=\"0 0 7.621 12.243\"><path id=\"Icon_feather-chevron-right\" data-name=\"Icon feather-chevron-right\" d=\"M17.5,17l-4-4,4-4\" transform=\"translate(19.621 19.121) rotate(180)\" fill=\"none\" stroke=\"#447226\" stroke-linecap=\"round\" stroke-linejoin=\"round\" stroke-width=\"3\"\/><\/svg><\/p>                <\/div>\n                        <\/a>\n        \n\n<\/div>\n\n            <div class=\"swiper-slide  style_btt\" aria-hidden=\"true\">\n                \n        \n                <a href=\"https:\/\/www.idiv.de\/de\/forschung\/juniorforschungsgruppen\/evolutionsoekologie\/\" target=\"\"\n           class=\" bg-lightgrey\">\n                            <div class=\"topimage\">\n                    <img class=\"backstretchimg\" role=\"presentation\" datasrc=\"https:\/\/www.idiv.de\/wp-content\/uploads\/2024\/08\/iDiv-Lemur-ONevo.jpg\" height=\"\" width=\"\" alt=\"Lemur\"\/>                <\/div>\n                <div class=\"sliderinhalt bg-lightgrey\" role=\"region\" aria-label=\"carousel\">\n                    <div class=\"\">\n                        <h4  >Evolutions\u00f6kologie<\/h4><p  >geleitet von Dr. Omer Nevo<br \/>\r\n<br \/>\r\nWir gehen der Frage nach, wie sich Fr\u00fcchte als Reaktion auf die Vorlieben und das Verhalten der Tiere, die sie verzehren und ihre Samen verbreiten, entwickelt haben.<\/p>                    <\/div>\n                    <p class=\"nmb btncf arrow\" >Mehr <svg xmlns=\"http:\/\/www.w3.org\/2000\/svg\" width=\"7.621\" height=\"12.243\" aria-hidden=\"true\" viewBox=\"0 0 7.621 12.243\"><path id=\"Icon_feather-chevron-right\" data-name=\"Icon feather-chevron-right\" d=\"M17.5,17l-4-4,4-4\" transform=\"translate(19.621 19.121) rotate(180)\" fill=\"none\" stroke=\"#447226\" stroke-linecap=\"round\" stroke-linejoin=\"round\" stroke-width=\"3\"\/><\/svg><\/p>                <\/div>\n                        <\/a>\n        \n\n<\/div>\n\n            <div class=\"swiper-slide  style_btt\" aria-hidden=\"true\">\n                \n        \n                <a href=\"https:\/\/www.idiv.de\/de\/forschung\/juniorforschungsgruppen\/evolution-von-symbiosen\/\" target=\"\"\n           class=\" bg-lightgrey\">\n                            <div class=\"topimage\">\n                    <img class=\"backstretchimg\" role=\"presentation\" datasrc=\"https:\/\/www.idiv.de\/wp-content\/uploads\/2024\/08\/Hummel-auf-Gemeine-Wegwarte-9941-iDiv-SBernhardt-scaled.jpg\" height=\"\" width=\"\" alt=\"Hummel auf Gemeiner Wegwarte (Foto: Stefan Bernhardt)\"\/>                <\/div>\n                <div class=\"sliderinhalt bg-lightgrey\" role=\"region\" aria-label=\"carousel\">\n                    <div class=\"\">\n                        <h4  >Evolution von Symbiosen<\/h4><p  >geleitet von Dr. Michael Gerth<br \/>\r\n<br \/>\r\nWir untersuchen die Evolution und \u00d6kologie von ererbten bakteriellen Symbionten von Arthropoden.<\/p>                    <\/div>\n                    <p class=\"nmb btncf arrow\" >Mehr <svg xmlns=\"http:\/\/www.w3.org\/2000\/svg\" width=\"7.621\" height=\"12.243\" aria-hidden=\"true\" viewBox=\"0 0 7.621 12.243\"><path id=\"Icon_feather-chevron-right\" data-name=\"Icon feather-chevron-right\" d=\"M17.5,17l-4-4,4-4\" transform=\"translate(19.621 19.121) rotate(180)\" fill=\"none\" stroke=\"#447226\" stroke-linecap=\"round\" stroke-linejoin=\"round\" stroke-width=\"3\"\/><\/svg><\/p>                <\/div>\n                        <\/a>\n        \n\n<\/div>\n\n    <\/div>\n\n\n    <div class=\"swiperbtncf\">\n        <div class=\"swiper-button-prev\">\n            <img loading=\"lazy\" decoding=\"async\" src=\"\/wp-content\/themes\/bwa_starter\/block\/img\/sliderarrowleft.svg\" height=\"60\" width=\"60\"\/>\n        <\/div>\n        <div class=\"swiper-button-next\">\n            <img loading=\"lazy\" decoding=\"async\" src=\"\/wp-content\/themes\/bwa_starter\/block\/img\/sliderarrowright.svg\" height=\"60\" width=\"60\"\/>\n\n        <\/div>\n    <\/div>\n\n    <div class=\"swiper-pagination\"><\/div>\n\n    <\/div>\n\n\n    <\/div>\n    <\/div>\n    <\/div>\n<\/div>\n\n\n<hr class=\"modulborder nm np\"><div class=\"textbildrepeater pb-24 pt-48 no-bg modulclass \" id=\"\">\n    <div class=\"container\">\n        <div class=\"row\">\n                                                                <div class=\"pb-24   mod_bild  col-md-2 offset-md-2 pos_top\">\n                            <div class=\"bildrepeater \" id=\"\">\n    <div class=\"relativ\"><img decoding=\"async\" class=\"responsiv desktop\" src=\"https:\/\/www.idiv.de\/wp-content\/uploads\/2024\/08\/Ulrike-Krumrey-Portrait.png\" height=\"\" width=\"\" alt=\"idiv-Portrait of Ulrike Krumrey (Photo: Stefan Bernhardt \/ iDiv)\"\/><img decoding=\"async\" class=\"responsiv mobile\" src=\"https:\/\/www.idiv.de\/wp-content\/uploads\/2024\/08\/Ulrike-Krumrey-Portrait.png\" height=\"\" width=\"\" alt=\"idiv-Portrait of Ulrike Krumrey (Photo: Stefan Bernhardt \/ iDiv)\"\/><\/div><\/div>\n                            <\/div>\n                                                                    <div class=\"pb-24   mod_text  col-md-3 offset-md-0 pos_top\">\n                            <div class=\"textrepeater \" id=\"\">\n    <h2>Kontakt<\/h2>\n<p><strong>Dr Erica Perreca<\/strong><br \/>\nKoordinatorin Postdoc-Programm<\/p>\n<p>Raum: A.00.19<br \/>\nTelefon: <a href=\"tel:+493419733267\">+49 341 9733267<\/a><br \/>\nEmail:\u00a0<a href=\"&#109;&#x61;&#105;&#x6c;&#116;&#x6f;&#58;&#x65;&#114;&#x69;&#99;&#x61;&#46;&#x70;&#101;&#x72;&#114;&#x65;&#99;&#x61;&#64;&#x69;&#100;&#x69;&#118;&#x2e;&#100;&#x65;\" target=\"_blank\" aria-label=\"open in new tab\" rel=\"noopener\">&#x65;&#114;i&#x63;&#97;&#46;&#x70;&#101;r&#x72;&#x65;&#99;&#x61;&#x40;&#105;d&#x69;&#118;&#46;&#x64;&#101;<\/a><\/p>\n<\/div>\n                            <\/div>\n                                                                    <div class=\"pb-24   mod_bild  col-md-1 offset-md-0 pos_top\">\n                            <div class=\"bildrepeater \" id=\"\">\n    <div class=\"relativ\"><img decoding=\"async\" class=\"responsiv desktop\" src=\"https:\/\/www.idiv.de\/wp-content\/uploads\/2024\/05\/iDiv-icon-paper-plane-green.svg\" height=\"\" width=\"\" alt=\"idiv-\"\/><img decoding=\"async\" class=\"responsiv mobile\" src=\"https:\/\/www.idiv.de\/wp-content\/uploads\/2024\/05\/iDiv-icon-paper-plane-green.svg\" height=\"\" width=\"\" alt=\"idiv-\"\/><\/div><\/div>\n                            <\/div>\n                                                                    <div class=\"pb-24   mod_text  col-md-3 offset-md-0 pos_top\">\n                            <div class=\"textrepeater \" id=\"\">\n    <h4>Bei Fragen k\u00f6nnen Sie sich gerne an uns wenden.<\/h4>\n<\/div>\n                            <\/div>\n                        <\/div>\n    <\/div>\n<\/div>\n\n\n<p><\/p>\n","protected":false},"excerpt":{"rendered":"","protected":false},"author":5,"featured_media":0,"parent":3875,"menu_order":3,"comment_status":"closed","ping_status":"closed","template":"","meta":{"_acf_changed":false,"advgb_blocks_editor_width":"","advgb_blocks_columns_visual_guide":"","footnotes":"","_links_to":"","_links_to_target":""},"class_list":["post-9898","page","type-page","status-publish","hentry"],"acf":{"search_thumb":"","search_kurzbeschreibung":"","breadcrumb":false},"yoast_head":"<!-- This site is optimized with the Yoast SEO plugin v27.4 - https:\/\/yoast.com\/product\/yoast-seo-wordpress\/ -->\n<title>Angebote f\u00fcr Junior-Forschungsgruppen | iDiv<\/title>\n<meta name=\"robots\" content=\"index, follow, max-snippet:-1, max-image-preview:large, max-video-preview:-1\" \/>\n<link rel=\"canonical\" href=\"https:\/\/www.idiv.de\/de\/karriere\/angebote-junior-forschungsgruppen\/\" \/>\n<meta property=\"og:locale\" content=\"de_DE\" \/>\n<meta property=\"og:type\" content=\"article\" \/>\n<meta property=\"og:title\" content=\"Angebote f\u00fcr Junior-Forschungsgruppen | iDiv\" \/>\n<meta property=\"og:url\" content=\"https:\/\/www.idiv.de\/de\/karriere\/angebote-junior-forschungsgruppen\/\" \/>\n<meta property=\"og:site_name\" content=\"iDiv\" \/>\n<meta property=\"article:modified_time\" content=\"2025-05-28T09:59:34+00:00\" \/>\n<meta property=\"og:image\" content=\"https:\/\/www.idiv.de\/wp-content\/uploads\/2024\/11\/iDivSocialMediaShare.jpg\" \/>\n\t<meta property=\"og:image:width\" content=\"1200\" \/>\n\t<meta property=\"og:image:height\" content=\"675\" \/>\n\t<meta property=\"og:image:type\" content=\"image\/jpeg\" \/>\n<meta name=\"twitter:card\" content=\"summary_large_image\" \/>\n<meta name=\"twitter:site\" content=\"@idiv\" \/>\n<script type=\"application\/ld+json\" class=\"yoast-schema-graph\">{\"@context\":\"https:\\\/\\\/schema.org\",\"@graph\":[{\"@type\":\"WebPage\",\"@id\":\"https:\\\/\\\/www.idiv.de\\\/de\\\/karriere\\\/angebote-junior-forschungsgruppen\\\/\",\"url\":\"https:\\\/\\\/www.idiv.de\\\/de\\\/karriere\\\/angebote-junior-forschungsgruppen\\\/\",\"name\":\"Angebote f\u00fcr Junior-Forschungsgruppen | iDiv\",\"isPartOf\":{\"@id\":\"https:\\\/\\\/www.idiv.de\\\/de\\\/#website\"},\"datePublished\":\"2024-05-27T11:49:12+00:00\",\"dateModified\":\"2025-05-28T09:59:34+00:00\",\"breadcrumb\":{\"@id\":\"https:\\\/\\\/www.idiv.de\\\/de\\\/karriere\\\/angebote-junior-forschungsgruppen\\\/#breadcrumb\"},\"inLanguage\":\"de\",\"potentialAction\":[{\"@type\":\"ReadAction\",\"target\":[\"https:\\\/\\\/www.idiv.de\\\/de\\\/karriere\\\/angebote-junior-forschungsgruppen\\\/\"]}]},{\"@type\":\"BreadcrumbList\",\"@id\":\"https:\\\/\\\/www.idiv.de\\\/de\\\/karriere\\\/angebote-junior-forschungsgruppen\\\/#breadcrumb\",\"itemListElement\":[{\"@type\":\"ListItem\",\"position\":1,\"name\":\"Startseite\",\"item\":\"https:\\\/\\\/www.idiv.de\\\/de\\\/\"},{\"@type\":\"ListItem\",\"position\":2,\"name\":\"Karriere\",\"item\":\"https:\\\/\\\/www.idiv.de\\\/de\\\/karriere\\\/\"},{\"@type\":\"ListItem\",\"position\":3,\"name\":\"Angebote f\u00fcr Junior-Forschungsgruppen\"}]},{\"@type\":\"WebSite\",\"@id\":\"https:\\\/\\\/www.idiv.de\\\/de\\\/#website\",\"url\":\"https:\\\/\\\/www.idiv.de\\\/de\\\/\",\"name\":\"iDiv\",\"description\":\"Hotspot in Biodiversity Research\",\"publisher\":{\"@id\":\"https:\\\/\\\/www.idiv.de\\\/de\\\/#organization\"},\"potentialAction\":[{\"@type\":\"SearchAction\",\"target\":{\"@type\":\"EntryPoint\",\"urlTemplate\":\"https:\\\/\\\/www.idiv.de\\\/de\\\/?s={search_term_string}\"},\"query-input\":{\"@type\":\"PropertyValueSpecification\",\"valueRequired\":true,\"valueName\":\"search_term_string\"}}],\"inLanguage\":\"de\"},{\"@type\":\"Organization\",\"@id\":\"https:\\\/\\\/www.idiv.de\\\/de\\\/#organization\",\"name\":\"idiv\",\"url\":\"https:\\\/\\\/www.idiv.de\\\/de\\\/\",\"logo\":{\"@type\":\"ImageObject\",\"inLanguage\":\"de\",\"@id\":\"https:\\\/\\\/www.idiv.de\\\/de\\\/#\\\/schema\\\/logo\\\/image\\\/\",\"url\":\"https:\\\/\\\/www.idiv.de\\\/wp-content\\\/uploads\\\/2024\\\/08\\\/iDiv_Logo_long_v1_EN_black_4c.jpg\",\"contentUrl\":\"https:\\\/\\\/www.idiv.de\\\/wp-content\\\/uploads\\\/2024\\\/08\\\/iDiv_Logo_long_v1_EN_black_4c.jpg\",\"width\":2448,\"height\":674,\"caption\":\"idiv\"},\"image\":{\"@id\":\"https:\\\/\\\/www.idiv.de\\\/de\\\/#\\\/schema\\\/logo\\\/image\\\/\"},\"sameAs\":[\"https:\\\/\\\/x.com\\\/idiv\",\"https:\\\/\\\/www.linkedin.com\\\/company\\\/idiv-biodiversity\\\/\",\"https:\\\/\\\/www.youtube.com\\\/idiv-research\"]}]}<\/script>\n<!-- \/ Yoast SEO plugin. -->","yoast_head_json":{"title":"Angebote f\u00fcr Junior-Forschungsgruppen | iDiv","robots":{"index":"index","follow":"follow","max-snippet":"max-snippet:-1","max-image-preview":"max-image-preview:large","max-video-preview":"max-video-preview:-1"},"canonical":"https:\/\/www.idiv.de\/de\/karriere\/angebote-junior-forschungsgruppen\/","og_locale":"de_DE","og_type":"article","og_title":"Angebote f\u00fcr Junior-Forschungsgruppen | iDiv","og_url":"https:\/\/www.idiv.de\/de\/karriere\/angebote-junior-forschungsgruppen\/","og_site_name":"iDiv","article_modified_time":"2025-05-28T09:59:34+00:00","og_image":[{"width":1200,"height":675,"url":"https:\/\/www.idiv.de\/wp-content\/uploads\/2024\/11\/iDivSocialMediaShare.jpg","type":"image\/jpeg"}],"twitter_card":"summary_large_image","twitter_site":"@idiv","schema":{"@context":"https:\/\/schema.org","@graph":[{"@type":"WebPage","@id":"https:\/\/www.idiv.de\/de\/karriere\/angebote-junior-forschungsgruppen\/","url":"https:\/\/www.idiv.de\/de\/karriere\/angebote-junior-forschungsgruppen\/","name":"Angebote f\u00fcr Junior-Forschungsgruppen | iDiv","isPartOf":{"@id":"https:\/\/www.idiv.de\/de\/#website"},"datePublished":"2024-05-27T11:49:12+00:00","dateModified":"2025-05-28T09:59:34+00:00","breadcrumb":{"@id":"https:\/\/www.idiv.de\/de\/karriere\/angebote-junior-forschungsgruppen\/#breadcrumb"},"inLanguage":"de","potentialAction":[{"@type":"ReadAction","target":["https:\/\/www.idiv.de\/de\/karriere\/angebote-junior-forschungsgruppen\/"]}]},{"@type":"BreadcrumbList","@id":"https:\/\/www.idiv.de\/de\/karriere\/angebote-junior-forschungsgruppen\/#breadcrumb","itemListElement":[{"@type":"ListItem","position":1,"name":"Startseite","item":"https:\/\/www.idiv.de\/de\/"},{"@type":"ListItem","position":2,"name":"Karriere","item":"https:\/\/www.idiv.de\/de\/karriere\/"},{"@type":"ListItem","position":3,"name":"Angebote f\u00fcr Junior-Forschungsgruppen"}]},{"@type":"WebSite","@id":"https:\/\/www.idiv.de\/de\/#website","url":"https:\/\/www.idiv.de\/de\/","name":"iDiv","description":"Hotspot in Biodiversity Research","publisher":{"@id":"https:\/\/www.idiv.de\/de\/#organization"},"potentialAction":[{"@type":"SearchAction","target":{"@type":"EntryPoint","urlTemplate":"https:\/\/www.idiv.de\/de\/?s={search_term_string}"},"query-input":{"@type":"PropertyValueSpecification","valueRequired":true,"valueName":"search_term_string"}}],"inLanguage":"de"},{"@type":"Organization","@id":"https:\/\/www.idiv.de\/de\/#organization","name":"idiv","url":"https:\/\/www.idiv.de\/de\/","logo":{"@type":"ImageObject","inLanguage":"de","@id":"https:\/\/www.idiv.de\/de\/#\/schema\/logo\/image\/","url":"https:\/\/www.idiv.de\/wp-content\/uploads\/2024\/08\/iDiv_Logo_long_v1_EN_black_4c.jpg","contentUrl":"https:\/\/www.idiv.de\/wp-content\/uploads\/2024\/08\/iDiv_Logo_long_v1_EN_black_4c.jpg","width":2448,"height":674,"caption":"idiv"},"image":{"@id":"https:\/\/www.idiv.de\/de\/#\/schema\/logo\/image\/"},"sameAs":["https:\/\/x.com\/idiv","https:\/\/www.linkedin.com\/company\/idiv-biodiversity\/","https:\/\/www.youtube.com\/idiv-research"]}]}},"coauthors":[],"author_meta":{"author_link":"https:\/\/www.idiv.de\/de\/author\/kati-kietzmann\/","display_name":"Kati Kietzmann"},"relative_dates":{"created":"Ver\u00f6ffentlicht 2\u00a0Jahren vor","modified":"Aktualisiert 11\u00a0Monaten vor"},"absolute_dates":{"created":"Ver\u00f6ffentlicht am 27. Mai 2024","modified":"Aktualisiert am 28. Mai 2025"},"absolute_dates_time":{"created":"Ver\u00f6ffentlicht am 27. Mai 2024 12:49","modified":"Aktualisiert am 28. Mai 2025 10:59"},"featured_img_caption":"","featured_img":false,"series_order":"","_links":{"self":[{"href":"https:\/\/www.idiv.de\/de\/wp-json\/wp\/v2\/pages\/9898","targetHints":{"allow":["GET"]}}],"collection":[{"href":"https:\/\/www.idiv.de\/de\/wp-json\/wp\/v2\/pages"}],"about":[{"href":"https:\/\/www.idiv.de\/de\/wp-json\/wp\/v2\/types\/page"}],"author":[{"embeddable":true,"href":"https:\/\/www.idiv.de\/de\/wp-json\/wp\/v2\/users\/5"}],"replies":[{"embeddable":true,"href":"https:\/\/www.idiv.de\/de\/wp-json\/wp\/v2\/comments?post=9898"}],"version-history":[{"count":36,"href":"https:\/\/www.idiv.de\/de\/wp-json\/wp\/v2\/pages\/9898\/revisions"}],"predecessor-version":[{"id":31156,"href":"https:\/\/www.idiv.de\/de\/wp-json\/wp\/v2\/pages\/9898\/revisions\/31156"}],"up":[{"embeddable":true,"href":"https:\/\/www.idiv.de\/de\/wp-json\/wp\/v2\/pages\/3875"}],"wp:attachment":[{"href":"https:\/\/www.idiv.de\/de\/wp-json\/wp\/v2\/media?parent=9898"}],"curies":[{"name":"wp","href":"https:\/\/api.w.org\/{rel}","templated":true}]}}