{"id":9873,"date":"2024-08-13T14:26:28","date_gmt":"2024-08-13T13:26:28","guid":{"rendered":"https:\/\/www.idiv.de\/?page_id=9873"},"modified":"2024-12-09T15:50:16","modified_gmt":"2024-12-09T14:50:16","slug":"publikationen","status":"publish","type":"page","link":"https:\/\/www.idiv.de\/de\/forschung\/juniorforschungsgruppen\/evolutionsoekologie\/publikationen\/","title":{"rendered":"Publikationen"},"content":{"rendered":"<div class=\"herosection pb-24 pt-0 no-bg modulclass \" id=\"\">\n                    <div class=\"swiper1noslider  nooverflow swiper \" id=\"slide_69f52cf515579\">\n        \n                <div class=\"swiper-wrapper\">\n                                            <div class=\"swiper-slide  style_ \" aria-hidden=\"true\" >\n                            <div class=\"backstretchwrap\">\n                        \n                            <div datasrc=\"https:\/\/www.idiv.de\/wp-content\/uploads\/2024\/05\/iDiv-journal-stack.jpg\" class=\"backstretchimg responsiv desktop\"><\/div>\n\n                            <a href=\"#\" class=\"cr\"><svg  xmlns=\"http:\/\/www.w3.org\/2000\/svg\" width=\"22\" height=\"22\" viewBox=\"0 0 22 22\">\n                                    <rect id=\"BG\" width=\"22\" height=\"22\" rx=\"11\" fill=\"#fff\"\/>\n                                    <g id=\"Wrapper\" transform=\"translate(-1 -1)\">\n                                        <g id=\"Icon_material-copyright\" data-name=\"Icon material-copyright\">\n                                            <circle id=\"Ellipse_30\" data-name=\"Ellipse 30\" cx=\"8\" cy=\"8\" r=\"8\" transform=\"translate(4 4)\" fill=\"#fff\"\/>\n                                            <path id=\"Icon_material-copyright-2\" data-name=\"Icon material-copyright\" d=\"M9.464,10.088a2.045,2.045,0,0,1,.24-.7,1.4,1.4,0,0,1,.472-.5,1.42,1.42,0,0,1,.728-.184,1.45,1.45,0,0,1,.5.1,1.29,1.29,0,0,1,.416.288,1.54,1.54,0,0,1,.272.424,1.4,1.4,0,0,1,.112.512H13.64a2.864,2.864,0,0,0-.224-1.032,2.4,2.4,0,0,0-.56-.808,2.613,2.613,0,0,0-.864-.528,3.09,3.09,0,0,0-1.112-.184,3.127,3.127,0,0,0-1.36.272,2.751,2.751,0,0,0-.96.736,3.007,3.007,0,0,0-.568,1.088A4.685,4.685,0,0,0,7.8,10.9v.216a4.684,4.684,0,0,0,.184,1.312,2.908,2.908,0,0,0,.568,1.08,2.731,2.731,0,0,0,.96.728,3.246,3.246,0,0,0,1.36.272,3.051,3.051,0,0,0,1.056-.184,2.729,2.729,0,0,0,.864-.5,2.442,2.442,0,0,0,.592-.752,2.153,2.153,0,0,0,.24-.92H12.192a1.139,1.139,0,0,1-.12.464,1.177,1.177,0,0,1-.288.368,1.26,1.26,0,0,1-.416.24,1.589,1.589,0,0,1-.48.08,1.359,1.359,0,0,1-.712-.184,1.4,1.4,0,0,1-.472-.5,2.09,2.09,0,0,1-.24-.7,5.392,5.392,0,0,1-.064-.8V10.9a5.33,5.33,0,0,1,.064-.808ZM11,3a8,8,0,1,0,8,8A8,8,0,0,0,11,3Zm0,14.4A6.4,6.4,0,1,1,17.4,11,6.408,6.408,0,0,1,11,17.4Z\" transform=\"translate(1 1)\" fill=\"#4d4d4d\"\/>\n                                        <\/g>\n                                    <\/g>\n                                <\/svg>\n                                <span>Stefan Bernhardt \/ iDiv<\/span><\/a>                        \n                                                    <\/div>\n                                        <div class=\"sliderinhalt \" role=\"region\" aria-label=\"carousel\">\n\n                                            <h1 class=\"h1 align-center\" >Publikationen<\/h1>                                                    <p style=\"text-align: center;\">Alle Ver\u00f6ffentlichungen unseres Teams sind nach Jahren geordnet. Sie k\u00f6nnen auch nach Autor und Titel filtern<\/p>\n                                                \n                                                                                                            <\/div>\n                                            <\/div>\n\n                        \n                 <\/div>\n\n                              <\/div>\n<\/div>\n\n<div id=\"\" class=\"pt-24 pb-24 no-bg\"> <!-- Add dynamic background color class -->\n    <div class=\"container\">\n        <div class=\"filters row justify-content-center\">\n            <div class=\"col-md-6\">\n                <!-- <span class=\"fa fa-search form-control-feedback\"><\/span> -->\n                <input type=\"text\" id=\"search-input\" class=\"form-control form-search\" placeholder=\"Suche nach Autor oder Titel\" onkeyup=\"filterPublications()\">\n            <\/div>\n            <div class=\"col-md-2\">\n                <select id=\"year-select\" class=\"form-control form-dropdown\" onchange=\"filterByYear()\">\n                    <option value=\"\">Alle Jahre<\/option>\n                    <option value=\"2026\">2026<\/option><option value=\"2025\">2025<\/option><option value=\"2024\">2024<\/option><option value=\"2023\">2023<\/option><option value=\"2022\">2022<\/option><option value=\"2021\">2021<\/option><option value=\"2020\">2020<\/option>                <\/select>\n            <\/div>\n        <\/div>\n        <div class=\"row\">\n            <div class=\"col-md-8 offset-md-2\">\n                <!-- No publications message -->\n                <div id=\"no-publications-message\" style=\"display: none;\" class=\"mb-5\">\n                    Keine iDiv Publikation gefunden.                <\/div>\n                <div id=\"publications-list\">\n                                            <div class=\"year-group\" data-year=\"2026\">\n                            <h4>Publikationen 2026<\/h4>\n                                                            <div class=\"publication-entry\" data-title=\"Evolutionary history and the global distribution of seed dispersal modes in angiosperms\" data-authors=\"Jin, Lu, Li, Min, Wang, Zhi-Heng, Sauquet, Herv\u00e9, Onstein, Renske E., de Frens, Dieder, &lt;strong&gt;Clarke, John T.&lt;\/strong&gt;, Yan, Hai-Fei, Ge, Xue-Jun\" data-year=\"2026\">\n                                                                            <p>Jin, Lu, Li, Min, Wang, Zhi-Heng, Sauquet, Herv\u00e9, Onstein, Renske E., de Frens, Dieder, <strong>Clarke, John T.<\/strong>, Yan, Hai-Fei, Ge, Xue-Jun (2026): Evolutionary history and the global distribution of seed dispersal modes in angiosperms. <em>New Phytologist<\/em><\/p>\n                                                                        <div class=\"links\">\n                                                                                <a href=\"https:\/\/doi.org\/10.1111\/nph.70967\" target=\"_blank\" aria-label=\"open in new tab\" class=\"pub-doi-link\">10.1111\/nph.70967<\/a>                                                                                                                                                                                                    <\/div>\n                                <\/div>\n                                                            <div class=\"publication-entry\" data-title=\"Unlocking fruit dimensions: Quantification of functional traits driving plant\u2013frugivore interactions\" data-authors=\"&lt;strong&gt;Nguyen, Linh M. N.&lt;\/strong&gt;, &lt;strong&gt;Chronopoulou, Evangelia Linda&lt;\/strong&gt;, &lt;strong&gt;Escaliante, Gabriela A. S.&lt;\/strong&gt;, Valenta, Kim, &lt;strong&gt;Nevo, Omer&lt;\/strong&gt;\" data-year=\"2026\">\n                                                                            <p><strong>Nguyen, Linh M. N.<\/strong>, <strong>Chronopoulou, Evangelia Linda<\/strong>, <strong>Escaliante, Gabriela A. S.<\/strong>, Valenta, Kim, <strong>Nevo, Omer<\/strong> (2026): Unlocking fruit dimensions: Quantification of functional traits driving plant\u2013frugivore interactions. <em>Applications in Plant Sciences<\/em><\/p>\n                                                                        <div class=\"links\">\n                                                                                <a href=\"https:\/\/doi.org\/10.1002\/aps3.70036\" target=\"_blank\" aria-label=\"open in new tab\" class=\"pub-doi-link\">10.1002\/aps3.70036<\/a>                                                                                                                                                                                                    <\/div>\n                                <\/div>\n                                                            <div class=\"publication-entry\" data-title=\"The nature and prevalence of diversification rate shifts across the Tree of Life\" data-authors=\"Kopperud, Bj\u00f8rn T, Capobianco, Alessio, &lt;strong&gt;Clarke, John T&lt;\/strong&gt;, Palazzesi, Luis, H\u00f6hna, Sebastian\" data-year=\"2026\">\n                                                                            <p>Kopperud, Bj\u00f8rn T, Capobianco, Alessio, <strong>Clarke, John T<\/strong>, Palazzesi, Luis, H\u00f6hna, Sebastian (2026): The nature and prevalence of diversification rate shifts across the Tree of Life. <em>Evolution Letters<\/em><\/p>\n                                                                        <div class=\"links\">\n                                                                                <a href=\"https:\/\/doi.org\/10.1093\/evlett\/qrag005\" target=\"_blank\" aria-label=\"open in new tab\" class=\"pub-doi-link\">10.1093\/evlett\/qrag005<\/a>                                                                                                                                                                                                    <\/div>\n                                <\/div>\n                                                    <\/div>\n                                            <div class=\"year-group\" data-year=\"2025\">\n                            <h4>Publikationen 2025<\/h4>\n                                                            <div class=\"publication-entry\" data-title=\"First Evidence of Fallen Fruit Feeding by Bats Revealed by Camera Traps in a Tropical Dry Forest\" data-authors=\"DePasquale, Allegra N., Batchelor, Theo, Cejalvo Insausti, Blanca, Artavia Dur\u00e1n, Eduardo Jos\u00e9, &lt;strong&gt;Nevo, Omer&lt;\/strong&gt;, Melin, Amanda D.\" data-year=\"2025\">\n                                                                            <p>DePasquale, Allegra N., Batchelor, Theo, Cejalvo Insausti, Blanca, Artavia Dur\u00e1n, Eduardo Jos\u00e9, <strong>Nevo, Omer<\/strong>, Melin, Amanda D. (2025): First Evidence of Fallen Fruit Feeding by Bats Revealed by Camera Traps in a Tropical Dry Forest. <em>Biotropica<\/em><\/p>\n                                                                        <div class=\"links\">\n                                                                                <a href=\"https:\/\/doi.org\/10.1111\/btp.70072\" target=\"_blank\" aria-label=\"open in new tab\" class=\"pub-doi-link\">10.1111\/btp.70072<\/a>                                                                                                                                                                                                    <\/div>\n                                <\/div>\n                                                            <div class=\"publication-entry\" data-title=\"Effects of tree diversity on oak litter VOC emissions\" data-authors=\"&lt;strong&gt;Escaliante, Gabriela A. S.&lt;\/strong&gt;, Koller, Hannah, &lt;strong&gt;Nevo, Omer&lt;\/strong&gt;, &lt;strong&gt;Weinhold, Alexander&lt;\/strong&gt;, van Dam, Nicole M.\" data-year=\"2025\">\n                                                                            <p><strong>Escaliante, Gabriela A. S.<\/strong>, Koller, Hannah, <strong>Nevo, Omer<\/strong>, <strong>Weinhold, Alexander<\/strong>, van Dam, Nicole M. (2025): Effects of tree diversity on oak litter VOC emissions. <em>Chemoecology<\/em><\/p>\n                                                                        <div class=\"links\">\n                                                                                <a href=\"https:\/\/doi.org\/10.1007\/s00049-025-00429-6\" target=\"_blank\" aria-label=\"open in new tab\" class=\"pub-doi-link\">10.1007\/s00049-025-00429-6<\/a>                                                                                                                                                                                                    <\/div>\n                                <\/div>\n                                                            <div class=\"publication-entry\" data-title=\"Sources of variation in plant chemical diversity: Lessons from Malagasy Ficus\" data-authors=\"&lt;strong&gt;Nguyen, Linh M. N.&lt;\/strong&gt;, &lt;strong&gt;Ebersbach, Jana&lt;\/strong&gt;, Razafimandimby, Diary, Rasplus, Jean-Yves, Uthe, Henriette, Rafaliarison, Radoniaina R., &lt;strong&gt;D\u00f6ll, Stefanie&lt;\/strong&gt;, Poeschl, Yvonne, Valenta, Kim, &lt;strong&gt;van Dam, Nicole M.&lt;\/strong&gt;, &lt;strong&gt;Nevo, Omer&lt;\/strong&gt;\" data-year=\"2025\">\n                                                                            <p><strong>Nguyen, Linh M. N.<\/strong>, <strong>Ebersbach, Jana<\/strong>, Razafimandimby, Diary, Rasplus, Jean-Yves, Uthe, Henriette, Rafaliarison, Radoniaina R., <strong>D\u00f6ll, Stefanie<\/strong>, Poeschl, Yvonne, Valenta, Kim, <strong>van Dam, Nicole M.<\/strong>, <strong>Nevo, Omer<\/strong> (2025): Sources of variation in plant chemical diversity: Lessons from Malagasy Ficus. <em>American Journal of Botany<\/em><\/p>\n                                                                        <div class=\"links\">\n                                                                                <a href=\"https:\/\/doi.org\/10.1002\/ajb2.70102\" target=\"_blank\" aria-label=\"open in new tab\" class=\"pub-doi-link\">10.1002\/ajb2.70102<\/a>                                                                                                                                                                                                    <\/div>\n                                <\/div>\n                                                    <\/div>\n                                            <div class=\"year-group\" data-year=\"2024\">\n                            <h4>Publikationen 2024<\/h4>\n                                                            <div class=\"publication-entry\" data-title=\"Effects of temperature gradient on functional fruit traits: an elevation-for-temperature approach\" data-authors=\"&lt;strong&gt;G\u00f3mez-Devia, Laura&lt;\/strong&gt;, &lt;strong&gt;Nevo, Omer&lt;\/strong&gt;\" data-year=\"2024\">\n                                                                            <p><strong>G\u00f3mez-Devia, Laura<\/strong>, <strong>Nevo, Omer<\/strong> (2024): Effects of temperature gradient on functional fruit traits: an elevation-for-temperature approach. <em>BMC Ecology and Evolution<\/em><\/p>\n                                                                        <div class=\"links\">\n                                        <span class=\"badge rounded-pill bg-success text-white\">Open Access<\/span>                                        <a href=\"https:\/\/doi.org\/10.1186\/s12862-024-02271-w\" target=\"_blank\" aria-label=\"open in new tab\" class=\"pub-doi-link\">10.1186\/s12862-024-02271-w<\/a>                                                                                                                                                                                                    <\/div>\n                                <\/div>\n                                                            <div class=\"publication-entry\" data-title=\"A comparative study of body size evolution in moths: evidence of correlated evolution with feeding and phenology-related traits\" data-authors=\"Foerster, St\u00eanio \u00cdtalo Ara\u00fajo, &lt;strong&gt;Clarke, John T&lt;\/strong&gt;, \u00d5unap, Erki, Teder, Tiit, Tammaru, Toomas\" data-year=\"2024\">\n                                                                            <p>Foerster, St\u00eanio \u00cdtalo Ara\u00fajo, <strong>Clarke, John T<\/strong>, \u00d5unap, Erki, Teder, Tiit, Tammaru, Toomas (2024): A comparative study of body size evolution in moths: evidence of correlated evolution with feeding and phenology-related traits. <em>Journal of Evolutionary Biology<\/em><\/p>\n                                                                        <div class=\"links\">\n                                                                                <a href=\"https:\/\/www.doi.org\/10.1093\/jeb\/voae072\" target=\"_blank\" aria-label=\"open in new tab\" class=\"pub-doi-link\">10.1093\/jeb\/voae072<\/a>                                                                                                                                                                                                    <\/div>\n                                <\/div>\n                                                    <\/div>\n                                            <div class=\"year-group\" data-year=\"2023\">\n                            <h4>Publikationen 2023<\/h4>\n                                                            <div class=\"publication-entry\" data-title=\"Picking pithy plants: Criteria for pith selection by a wild frugivorous primate (Cebus imitator)\" data-authors=\"Depasquale, A. N., Poirier, A., Villalobos-Suarez, C., Mah, M. A., Guadamuz, A., Cheves-Hernandez, S., Lopez-Navarro, R., Rothman, J. M., &lt;strong&gt;Nevo, Omer&lt;\/strong&gt;, Melin, A. D.\" data-year=\"2023\">\n                                                                            <p>Depasquale, A. N., Poirier, A., Villalobos-Suarez, C., Mah, M. A., Guadamuz, A., Cheves-Hernandez, S., Lopez-Navarro, R., Rothman, J. M., <strong>Nevo, Omer<\/strong>, Melin, A. D. (2023): Picking pithy plants: Criteria for pith selection by a wild frugivorous primate (Cebus imitator). <em>American Journal of Biological Anthropology<\/em><\/p>\n                                                                        <div class=\"links\">\n                                                                                <a href=\"https:\/\/doi.org\/10.1002\/ajp.23549\" target=\"_blank\" aria-label=\"open in new tab\" class=\"pub-doi-link\">10.1002\/ajp.23549<\/a>                                                                                                                                                                                                    <\/div>\n                                <\/div>\n                                                            <div class=\"publication-entry\" data-title=\"Nature&#039;s chefs: Uniting the hidden diversity of food making and preparing species across the tree of life\" data-authors=\"Taylor, Brad W, Allf, Bradley, Hopkins, Skylar R, Irwin, Rebecca E, Jewell, Michelle, &lt;strong&gt;Nevo, Omer&lt;\/strong&gt;, Nichols, Lauren M, Rodr\u00edguez Valer\u00f3n, Nabila, Evans, Joshua D, S\u00f6rensen, Pia M, Dunn, Robert R\" data-year=\"2023\">\n                                                                            <p>Taylor, Brad W, Allf, Bradley, Hopkins, Skylar R, Irwin, Rebecca E, Jewell, Michelle, <strong>Nevo, Omer<\/strong>, Nichols, Lauren M, Rodr\u00edguez Valer\u00f3n, Nabila, Evans, Joshua D, S\u00f6rensen, Pia M, Dunn, Robert R (2023): Nature&#039;s chefs: Uniting the hidden diversity of food making and preparing species across the tree of life. <em>BioScience<\/em><\/p>\n                                                                        <div class=\"links\">\n                                                                                <a href=\"https:\/\/www.doi.org\/10.1093\/biosci\/biad026\" target=\"_blank\" aria-label=\"open in new tab\" class=\"pub-doi-link\">10.1093\/biosci\/biad026<\/a>                                                                                                                                                                                                    <\/div>\n                                <\/div>\n                                                            <div class=\"publication-entry\" data-title=\"What drives seed dispersal effectiveness?\" data-authors=\"&lt;strong&gt;Nevo, Omer&lt;\/strong&gt;, Filla, Caitlynn, Valenta, Kim, Schupp, Eugene W.\" data-year=\"2023\">\n                                                                            <p><strong>Nevo, Omer<\/strong>, Filla, Caitlynn, Valenta, Kim, Schupp, Eugene W. (2023): What drives seed dispersal effectiveness?. <em>Ecology and Evolution<\/em><\/p>\n                                                                        <div class=\"links\">\n                                                                                <a href=\"https:\/\/doi.org\/10.1002\/ece3.10459\" target=\"_blank\" aria-label=\"open in new tab\" class=\"pub-doi-link\">10.1002\/ece3.10459<\/a>                                                                                                                                                                                                    <\/div>\n                                <\/div>\n                                                            <div class=\"publication-entry\" data-title=\"Red fruits exhibit lower colour diversity than red flowers as perceived by birds\" data-authors=\"Chen, Zhe, &lt;strong&gt;Nevo, Omer&lt;\/strong&gt;, Valenta, Kim, Sun, Hang, Niu, Yang\" data-year=\"2023\">\n                                                                            <p>Chen, Zhe, <strong>Nevo, Omer<\/strong>, Valenta, Kim, Sun, Hang, Niu, Yang (2023): Red fruits exhibit lower colour diversity than red flowers as perceived by birds. <em>Functional Ecology<\/em><\/p>\n                                                                        <div class=\"links\">\n                                                                                <a href=\"https:\/\/doi.org\/10.1111\/1365-2435.14448\" target=\"_blank\" aria-label=\"open in new tab\" class=\"pub-doi-link\">10.1111\/1365-2435.14448<\/a>                                                                                                                                                                                                    <\/div>\n                                <\/div>\n                                                    <\/div>\n                                            <div class=\"year-group\" data-year=\"2022\">\n                            <h4>Publikationen 2022<\/h4>\n                                                            <div class=\"publication-entry\" data-title=\"HEPATOCELLULAR TOXICITY OF THE METABOLITE EMODIN PRODUCED BY THE COMMON BUCKTHORN (RHAMNUS CATHARTICA) IN GREEN FROG (LITHOBATES CLAMITANS) TADPOLES\" data-authors=\"Brenes, R., &lt;strong&gt;Nguyen, Linh Mai Nhat&lt;\/strong&gt;, Miller, D. L., Rohde, M. L.\" data-year=\"2022\">\n                                                                            <p>Brenes, R., <strong>Nguyen, Linh Mai Nhat<\/strong>, Miller, D. L., Rohde, M. L. (2022): HEPATOCELLULAR TOXICITY OF THE METABOLITE EMODIN PRODUCED BY THE COMMON BUCKTHORN (RHAMNUS CATHARTICA) IN GREEN FROG (LITHOBATES CLAMITANS) TADPOLES. <em>Journal of Wildlife Diseases<\/em><\/p>\n                                                                        <div class=\"links\">\n                                                                                <a href=\"https:\/\/www.doi.org\/10.7589\/jwd-d-21-00040\" target=\"_blank\" aria-label=\"open in new tab\" class=\"pub-doi-link\">10.7589\/jwd-d-21-00040<\/a>                                                                                                                                                                                                    <\/div>\n                                <\/div>\n                                                            <div class=\"publication-entry\" data-title=\"Editorial: Anthropogenic stressors and animal\u2013plant interactions: Implications for pollination and seed dispersal\" data-authors=\"&lt;strong&gt;Nevo, Omer&lt;\/strong&gt;, Cazetta, Eliana, Classen, Alice, Kuppler, Jonas\" data-year=\"2022\">\n                                                                            <p><strong>Nevo, Omer<\/strong>, Cazetta, Eliana, Classen, Alice, Kuppler, Jonas (2022): Editorial: Anthropogenic stressors and animal\u2013plant interactions: Implications for pollination and seed dispersal. <em>Frontiers in Ecology and Evolution<\/em><\/p>\n                                                                        <div class=\"links\">\n                                                                                <a href=\"https:\/\/www.doi.org\/10.3389\/fevo.2022.1048331\" target=\"_blank\" aria-label=\"open in new tab\" class=\"pub-doi-link\">10.3389\/fevo.2022.1048331<\/a>                                                                                                                                                                                                    <\/div>\n                                <\/div>\n                                                            <div class=\"publication-entry\" data-title=\"Fruit scent as an honest signal for fruit quality\" data-authors=\"&lt;strong&gt;Nevo, Omer&lt;\/strong&gt;, Valenta, Kim, Helman, Annabella, Ganzhorn, J\u00f6rg U., Ayasse, Manfred\" data-year=\"2022\">\n                                                                            <p><strong>Nevo, Omer<\/strong>, Valenta, Kim, Helman, Annabella, Ganzhorn, J\u00f6rg U., Ayasse, Manfred (2022): Fruit scent as an honest signal for fruit quality. <em>BMC Ecology and Evolution<\/em><\/p>\n                                                                        <div class=\"links\">\n                                                                                <a href=\"https:\/\/www.doi.org\/10.1186\/s12862-022-02064-z\" target=\"_blank\" aria-label=\"open in new tab\" class=\"pub-doi-link\">10.1186\/s12862-022-02064-z<\/a>                                                                                                                                                                                                    <\/div>\n                                <\/div>\n                                                            <div class=\"publication-entry\" data-title=\"Why eat flowers? Symphonia globulifera flowers provide a fatty resource for red-tailed monkeys\" data-authors=\"Ross, Abigail C., Bryer, Margaret A.H., Chapman, Colin A., Rothman, Jessica M., &lt;strong&gt;Nevo, Omer&lt;\/strong&gt;, Valenta, Kim\" data-year=\"2022\">\n                                                                            <p>Ross, Abigail C., Bryer, Margaret A.H., Chapman, Colin A., Rothman, Jessica M., <strong>Nevo, Omer<\/strong>, Valenta, Kim (2022): Why eat flowers? Symphonia globulifera flowers provide a fatty resource for red-tailed monkeys. <em>Folia Primatologica<\/em><\/p>\n                                                                        <div class=\"links\">\n                                                                                <a href=\"https:\/\/doi.org\/10.1163\/14219980-20211003\" target=\"_blank\" aria-label=\"open in new tab\" class=\"pub-doi-link\">10.1163\/14219980-20211003<\/a>                                                                                                                                                                                                    <\/div>\n                                <\/div>\n                                                            <div class=\"publication-entry\" data-title=\"The illusiveness of seed dispersal syndromes. A commentary on: Fleshy fruit traits and seed dispersers: which traits define syndromes?\" data-authors=\"Valenta, Kim, &lt;strong&gt;Nevo, Omer&lt;\/strong&gt;\" data-year=\"2022\">\n                                                                            <p>Valenta, Kim, <strong>Nevo, Omer<\/strong> (2022): The illusiveness of seed dispersal syndromes. A commentary on: Fleshy fruit traits and seed dispersers: which traits define syndromes?. <em>Annals of Botany<\/em><\/p>\n                                                                        <div class=\"links\">\n                                                                                <a href=\"https:\/\/www.doi.org\/10.1093\/aob\/mcac009\" target=\"_blank\" aria-label=\"open in new tab\" class=\"pub-doi-link\">10.1093\/aob\/mcac009<\/a>                                                                                                                                                                                                    <\/div>\n                                <\/div>\n                                                            <div class=\"publication-entry\" data-title=\"Linking bacteria, volatiles and insects on carrion: the role of temporal and spatial factors regulating inter-kingdom communication via volatiles\" data-authors=\"von Hoermann, Christian, Weithmann, Sandra, Sikorski, Johannes, &lt;strong&gt;Nevo, Omer&lt;\/strong&gt;, Szpila, Krzysztof, Grzywacz, Andrzej, Grunwald, Jan-Eric, Reckel, Frank, Overmann, J\u00f6rg, Steiger, Sandra, Ayasse, Manfred\" data-year=\"2022\">\n                                                                            <p>von Hoermann, Christian, Weithmann, Sandra, Sikorski, Johannes, <strong>Nevo, Omer<\/strong>, Szpila, Krzysztof, Grzywacz, Andrzej, Grunwald, Jan-Eric, Reckel, Frank, Overmann, J\u00f6rg, Steiger, Sandra, Ayasse, Manfred (2022): Linking bacteria, volatiles and insects on carrion: the role of temporal and spatial factors regulating inter-kingdom communication via volatiles. <em>Royal Society Open Science<\/em><\/p>\n                                                                        <div class=\"links\">\n                                                                                <a href=\"https:\/\/www.doi.org\/10.1098\/rsos.220555\" target=\"_blank\" aria-label=\"open in new tab\" class=\"pub-doi-link\">10.1098\/rsos.220555<\/a>                                                                                                                                                                                                    <\/div>\n                                <\/div>\n                                                    <\/div>\n                                            <div class=\"year-group\" data-year=\"2021\">\n                            <h4>Publikationen 2021<\/h4>\n                                                            <div class=\"publication-entry\" data-title=\"Variation in ripe fruit hardness: a mechanical constraint?\" data-authors=\"Valenta, Kim, Bhramdat, Henna D., Calhoun, Grace V., Daegling, David J., &lt;strong&gt;Nevo, Omer&lt;\/strong&gt;\" data-year=\"2021\">\n                                                                            <p>Valenta, Kim, Bhramdat, Henna D., Calhoun, Grace V., Daegling, David J., <strong>Nevo, Omer<\/strong> (2021): Variation in ripe fruit hardness: a mechanical constraint?. <em>Oikos<\/em><\/p>\n                                                                        <div class=\"links\">\n                                                                                <a href=\"https:\/\/doi.org\/10.1111\/oik.08074\" target=\"_blank\" aria-label=\"open in new tab\" class=\"pub-doi-link\">10.1111\/oik.08074<\/a>                                                                                                                                                                                                    <\/div>\n                                <\/div>\n                                                            <div class=\"publication-entry\" data-title=\"In the eye of the beholder: Is color classification consistent among human observers?\" data-authors=\"Valenta, Kim, Bornbusch, Sally L., Jacques, Yan-Daniel, &lt;strong&gt;Nevo, Omer&lt;\/strong&gt;\" data-year=\"2021\">\n                                                                            <p>Valenta, Kim, Bornbusch, Sally L., Jacques, Yan-Daniel, <strong>Nevo, Omer<\/strong> (2021): In the eye of the beholder: Is color classification consistent among human observers?. <em>Ecology and Evolution<\/em><\/p>\n                                                                        <div class=\"links\">\n                                                                                <a href=\"https:\/\/doi.org\/10.1002\/ece3.8093\" target=\"_blank\" aria-label=\"open in new tab\" class=\"pub-doi-link\">10.1002\/ece3.8093<\/a>                                                                                                                                                                                                    <\/div>\n                                <\/div>\n                                                    <\/div>\n                                            <div class=\"year-group\" data-year=\"2020\">\n                            <h4>Publikationen 2020<\/h4>\n                                                            <div class=\"publication-entry\" data-title=\"Sweet tooth: Elephants detect fruit sugar levels based on scent alone\" data-authors=\"&lt;strong&gt;Nevo, Omer&lt;\/strong&gt;, Schmitt, Melissa H., Ayasse, Manfred, Valenta, Kim\" data-year=\"2020\">\n                                                                            <p><strong>Nevo, Omer<\/strong>, Schmitt, Melissa H., Ayasse, Manfred, Valenta, Kim (2020): Sweet tooth: Elephants detect fruit sugar levels based on scent alone. <em>Ecology and Evolution<\/em><\/p>\n                                                                        <div class=\"links\">\n                                                                                <a href=\"https:\/\/www.doi.org\/10.1002\/ece3.6777\" target=\"_blank\" aria-label=\"open in new tab\" class=\"pub-doi-link\">10.1002\/ece3.6777<\/a>                                                                                                                                                                                                    <\/div>\n                                <\/div>\n                                                            <div class=\"publication-entry\" data-title=\"The evolution of fruit scent: phylogenetic and developmental constraints\" data-authors=\"&lt;strong&gt;Nevo, Omer&lt;\/strong&gt;, Valenta, Kim, Kleiner, Annemarie, Razafimandimby, Diary, Jeffrey, Juan Antonio James, Chapman, Colin A., Ayasse, Manfred\" data-year=\"2020\">\n                                                                            <p><strong>Nevo, Omer<\/strong>, Valenta, Kim, Kleiner, Annemarie, Razafimandimby, Diary, Jeffrey, Juan Antonio James, Chapman, Colin A., Ayasse, Manfred (2020): The evolution of fruit scent: phylogenetic and developmental constraints. <em>BMC Evolutionary Biology<\/em><\/p>\n                                                                        <div class=\"links\">\n                                                                                <a href=\"https:\/\/www.doi.org\/10.1186\/s12862-020-01708-2\" target=\"_blank\" aria-label=\"open in new tab\" class=\"pub-doi-link\">10.1186\/s12862-020-01708-2<\/a>                                                                                                                                                                                                    <\/div>\n                                <\/div>\n                                                            <div class=\"publication-entry\" data-title=\"The sensory ecology of fear: African elephants show aversion to olfactory predator signals\" data-authors=\"Valenta, Kim, Schmitt, Melissa H., Ayasse, Manfred, &lt;strong&gt;Nevo, Omer&lt;\/strong&gt;\" data-year=\"2020\">\n                                                                            <p>Valenta, Kim, Schmitt, Melissa H., Ayasse, Manfred, <strong>Nevo, Omer<\/strong> (2020): The sensory ecology of fear: African elephants show aversion to olfactory predator signals. <em>Conservation Science and Practice<\/em><\/p>\n                                                                        <div class=\"links\">\n                                                                                <a href=\"https:\/\/doi.org\/10.1111\/csp2.306\" target=\"_blank\" aria-label=\"open in new tab\" class=\"pub-doi-link\">10.1111\/csp2.306<\/a>                                                                                                                                                                                                    <\/div>\n                                <\/div>\n                                                    <\/div>\n                                    <\/div>\n            <\/div>\n        <\/div>\n    <\/div>\n<\/div>\n\n\n\n\n\n","protected":false},"excerpt":{"rendered":"","protected":false},"author":3,"featured_media":0,"parent":9871,"menu_order":2,"comment_status":"closed","ping_status":"closed","template":"","meta":{"_acf_changed":false,"advgb_blocks_editor_width":"","advgb_blocks_columns_visual_guide":"","footnotes":"","_links_to":"","_links_to_target":""},"class_list":["post-9873","page","type-page","status-publish","hentry"],"acf":{"search_thumb":"","search_kurzbeschreibung":"","breadcrumb":false},"yoast_head":"<!-- This site is optimized with the Yoast SEO plugin v27.5 - https:\/\/yoast.com\/product\/yoast-seo-wordpress\/ -->\n<title>Publikationen | iDiv<\/title>\n<meta name=\"robots\" content=\"index, follow, max-snippet:-1, max-image-preview:large, max-video-preview:-1\" \/>\n<link rel=\"canonical\" href=\"https:\/\/www.idiv.de\/de\/forschung\/juniorforschungsgruppen\/evolutionsoekologie\/publikationen\/\" \/>\n<meta property=\"og:locale\" content=\"de_DE\" \/>\n<meta property=\"og:type\" content=\"article\" \/>\n<meta property=\"og:title\" content=\"Publikationen | iDiv\" \/>\n<meta property=\"og:url\" content=\"https:\/\/www.idiv.de\/de\/forschung\/juniorforschungsgruppen\/evolutionsoekologie\/publikationen\/\" \/>\n<meta property=\"og:site_name\" content=\"iDiv\" \/>\n<meta property=\"article:modified_time\" content=\"2024-12-09T14:50:16+00:00\" \/>\n<meta property=\"og:image\" content=\"https:\/\/www.idiv.de\/wp-content\/uploads\/2024\/11\/iDivSocialMediaShare.jpg\" \/>\n\t<meta property=\"og:image:width\" content=\"1200\" \/>\n\t<meta property=\"og:image:height\" content=\"675\" \/>\n\t<meta property=\"og:image:type\" content=\"image\/jpeg\" \/>\n<meta name=\"twitter:card\" content=\"summary_large_image\" \/>\n<meta name=\"twitter:site\" content=\"@idiv\" \/>\n<script type=\"application\/ld+json\" class=\"yoast-schema-graph\">{\"@context\":\"https:\\\/\\\/schema.org\",\"@graph\":[{\"@type\":\"WebPage\",\"@id\":\"https:\\\/\\\/www.idiv.de\\\/de\\\/forschung\\\/juniorforschungsgruppen\\\/evolutionsoekologie\\\/publikationen\\\/\",\"url\":\"https:\\\/\\\/www.idiv.de\\\/de\\\/forschung\\\/juniorforschungsgruppen\\\/evolutionsoekologie\\\/publikationen\\\/\",\"name\":\"Publikationen | iDiv\",\"isPartOf\":{\"@id\":\"https:\\\/\\\/www.idiv.de\\\/de\\\/#website\"},\"datePublished\":\"2024-08-13T13:26:28+00:00\",\"dateModified\":\"2024-12-09T14:50:16+00:00\",\"breadcrumb\":{\"@id\":\"https:\\\/\\\/www.idiv.de\\\/de\\\/forschung\\\/juniorforschungsgruppen\\\/evolutionsoekologie\\\/publikationen\\\/#breadcrumb\"},\"inLanguage\":\"de\",\"potentialAction\":[{\"@type\":\"ReadAction\",\"target\":[\"https:\\\/\\\/www.idiv.de\\\/de\\\/forschung\\\/juniorforschungsgruppen\\\/evolutionsoekologie\\\/publikationen\\\/\"]}]},{\"@type\":\"BreadcrumbList\",\"@id\":\"https:\\\/\\\/www.idiv.de\\\/de\\\/forschung\\\/juniorforschungsgruppen\\\/evolutionsoekologie\\\/publikationen\\\/#breadcrumb\",\"itemListElement\":[{\"@type\":\"ListItem\",\"position\":1,\"name\":\"Startseite\",\"item\":\"https:\\\/\\\/www.idiv.de\\\/de\\\/\"},{\"@type\":\"ListItem\",\"position\":2,\"name\":\"Forschung\",\"item\":\"https:\\\/\\\/www.idiv.de\\\/de\\\/research\\\/\"},{\"@type\":\"ListItem\",\"position\":3,\"name\":\"Junior-Forschungsgruppen und -Professuren\",\"item\":\"https:\\\/\\\/www.idiv.de\\\/de\\\/forschung\\\/juniorforschungsgruppen\\\/\"},{\"@type\":\"ListItem\",\"position\":4,\"name\":\"Evolutions\u00f6kologie\",\"item\":\"https:\\\/\\\/www.idiv.de\\\/de\\\/forschung\\\/juniorforschungsgruppen\\\/evolutionsoekologie\\\/\"},{\"@type\":\"ListItem\",\"position\":5,\"name\":\"Publikationen\"}]},{\"@type\":\"WebSite\",\"@id\":\"https:\\\/\\\/www.idiv.de\\\/de\\\/#website\",\"url\":\"https:\\\/\\\/www.idiv.de\\\/de\\\/\",\"name\":\"iDiv\",\"description\":\"Hotspot in Biodiversity Research\",\"publisher\":{\"@id\":\"https:\\\/\\\/www.idiv.de\\\/de\\\/#organization\"},\"potentialAction\":[{\"@type\":\"SearchAction\",\"target\":{\"@type\":\"EntryPoint\",\"urlTemplate\":\"https:\\\/\\\/www.idiv.de\\\/de\\\/?s={search_term_string}\"},\"query-input\":{\"@type\":\"PropertyValueSpecification\",\"valueRequired\":true,\"valueName\":\"search_term_string\"}}],\"inLanguage\":\"de\"},{\"@type\":\"Organization\",\"@id\":\"https:\\\/\\\/www.idiv.de\\\/de\\\/#organization\",\"name\":\"idiv\",\"url\":\"https:\\\/\\\/www.idiv.de\\\/de\\\/\",\"logo\":{\"@type\":\"ImageObject\",\"inLanguage\":\"de\",\"@id\":\"https:\\\/\\\/www.idiv.de\\\/de\\\/#\\\/schema\\\/logo\\\/image\\\/\",\"url\":\"https:\\\/\\\/www.idiv.de\\\/wp-content\\\/uploads\\\/2024\\\/08\\\/iDiv_Logo_long_v1_EN_black_4c.jpg\",\"contentUrl\":\"https:\\\/\\\/www.idiv.de\\\/wp-content\\\/uploads\\\/2024\\\/08\\\/iDiv_Logo_long_v1_EN_black_4c.jpg\",\"width\":2448,\"height\":674,\"caption\":\"idiv\"},\"image\":{\"@id\":\"https:\\\/\\\/www.idiv.de\\\/de\\\/#\\\/schema\\\/logo\\\/image\\\/\"},\"sameAs\":[\"https:\\\/\\\/x.com\\\/idiv\",\"https:\\\/\\\/www.linkedin.com\\\/company\\\/idiv-biodiversity\\\/\",\"https:\\\/\\\/www.youtube.com\\\/idiv-research\"]}]}<\/script>\n<!-- \/ Yoast SEO plugin. -->","yoast_head_json":{"title":"Publikationen | iDiv","robots":{"index":"index","follow":"follow","max-snippet":"max-snippet:-1","max-image-preview":"max-image-preview:large","max-video-preview":"max-video-preview:-1"},"canonical":"https:\/\/www.idiv.de\/de\/forschung\/juniorforschungsgruppen\/evolutionsoekologie\/publikationen\/","og_locale":"de_DE","og_type":"article","og_title":"Publikationen | iDiv","og_url":"https:\/\/www.idiv.de\/de\/forschung\/juniorforschungsgruppen\/evolutionsoekologie\/publikationen\/","og_site_name":"iDiv","article_modified_time":"2024-12-09T14:50:16+00:00","og_image":[{"width":1200,"height":675,"url":"https:\/\/www.idiv.de\/wp-content\/uploads\/2024\/11\/iDivSocialMediaShare.jpg","type":"image\/jpeg"}],"twitter_card":"summary_large_image","twitter_site":"@idiv","schema":{"@context":"https:\/\/schema.org","@graph":[{"@type":"WebPage","@id":"https:\/\/www.idiv.de\/de\/forschung\/juniorforschungsgruppen\/evolutionsoekologie\/publikationen\/","url":"https:\/\/www.idiv.de\/de\/forschung\/juniorforschungsgruppen\/evolutionsoekologie\/publikationen\/","name":"Publikationen | iDiv","isPartOf":{"@id":"https:\/\/www.idiv.de\/de\/#website"},"datePublished":"2024-08-13T13:26:28+00:00","dateModified":"2024-12-09T14:50:16+00:00","breadcrumb":{"@id":"https:\/\/www.idiv.de\/de\/forschung\/juniorforschungsgruppen\/evolutionsoekologie\/publikationen\/#breadcrumb"},"inLanguage":"de","potentialAction":[{"@type":"ReadAction","target":["https:\/\/www.idiv.de\/de\/forschung\/juniorforschungsgruppen\/evolutionsoekologie\/publikationen\/"]}]},{"@type":"BreadcrumbList","@id":"https:\/\/www.idiv.de\/de\/forschung\/juniorforschungsgruppen\/evolutionsoekologie\/publikationen\/#breadcrumb","itemListElement":[{"@type":"ListItem","position":1,"name":"Startseite","item":"https:\/\/www.idiv.de\/de\/"},{"@type":"ListItem","position":2,"name":"Forschung","item":"https:\/\/www.idiv.de\/de\/research\/"},{"@type":"ListItem","position":3,"name":"Junior-Forschungsgruppen und -Professuren","item":"https:\/\/www.idiv.de\/de\/forschung\/juniorforschungsgruppen\/"},{"@type":"ListItem","position":4,"name":"Evolutions\u00f6kologie","item":"https:\/\/www.idiv.de\/de\/forschung\/juniorforschungsgruppen\/evolutionsoekologie\/"},{"@type":"ListItem","position":5,"name":"Publikationen"}]},{"@type":"WebSite","@id":"https:\/\/www.idiv.de\/de\/#website","url":"https:\/\/www.idiv.de\/de\/","name":"iDiv","description":"Hotspot in Biodiversity Research","publisher":{"@id":"https:\/\/www.idiv.de\/de\/#organization"},"potentialAction":[{"@type":"SearchAction","target":{"@type":"EntryPoint","urlTemplate":"https:\/\/www.idiv.de\/de\/?s={search_term_string}"},"query-input":{"@type":"PropertyValueSpecification","valueRequired":true,"valueName":"search_term_string"}}],"inLanguage":"de"},{"@type":"Organization","@id":"https:\/\/www.idiv.de\/de\/#organization","name":"idiv","url":"https:\/\/www.idiv.de\/de\/","logo":{"@type":"ImageObject","inLanguage":"de","@id":"https:\/\/www.idiv.de\/de\/#\/schema\/logo\/image\/","url":"https:\/\/www.idiv.de\/wp-content\/uploads\/2024\/08\/iDiv_Logo_long_v1_EN_black_4c.jpg","contentUrl":"https:\/\/www.idiv.de\/wp-content\/uploads\/2024\/08\/iDiv_Logo_long_v1_EN_black_4c.jpg","width":2448,"height":674,"caption":"idiv"},"image":{"@id":"https:\/\/www.idiv.de\/de\/#\/schema\/logo\/image\/"},"sameAs":["https:\/\/x.com\/idiv","https:\/\/www.linkedin.com\/company\/idiv-biodiversity\/","https:\/\/www.youtube.com\/idiv-research"]}]}},"coauthors":[],"author_meta":{"author_link":"https:\/\/www.idiv.de\/de\/author\/stefan\/","display_name":"Stefan Bernhardt"},"relative_dates":{"created":"Ver\u00f6ffentlicht 2\u00a0Jahren vor","modified":"Aktualisiert 1\u00a0Jahr vor"},"absolute_dates":{"created":"Ver\u00f6ffentlicht am 13. August 2024","modified":"Aktualisiert am 9. Dezember 2024"},"absolute_dates_time":{"created":"Ver\u00f6ffentlicht am 13. August 2024 14:26","modified":"Aktualisiert am 9. Dezember 2024 15:50"},"featured_img_caption":"","featured_img":false,"series_order":"","_links":{"self":[{"href":"https:\/\/www.idiv.de\/de\/wp-json\/wp\/v2\/pages\/9873","targetHints":{"allow":["GET"]}}],"collection":[{"href":"https:\/\/www.idiv.de\/de\/wp-json\/wp\/v2\/pages"}],"about":[{"href":"https:\/\/www.idiv.de\/de\/wp-json\/wp\/v2\/types\/page"}],"author":[{"embeddable":true,"href":"https:\/\/www.idiv.de\/de\/wp-json\/wp\/v2\/users\/3"}],"replies":[{"embeddable":true,"href":"https:\/\/www.idiv.de\/de\/wp-json\/wp\/v2\/comments?post=9873"}],"version-history":[{"count":4,"href":"https:\/\/www.idiv.de\/de\/wp-json\/wp\/v2\/pages\/9873\/revisions"}],"predecessor-version":[{"id":19909,"href":"https:\/\/www.idiv.de\/de\/wp-json\/wp\/v2\/pages\/9873\/revisions\/19909"}],"up":[{"embeddable":true,"href":"https:\/\/www.idiv.de\/de\/wp-json\/wp\/v2\/pages\/9871"}],"wp:attachment":[{"href":"https:\/\/www.idiv.de\/de\/wp-json\/wp\/v2\/media?parent=9873"}],"curies":[{"name":"wp","href":"https:\/\/api.w.org\/{rel}","templated":true}]}}