{"id":880,"date":"2025-01-13T09:17:11","date_gmt":"2025-01-13T08:17:11","guid":{"rendered":"https:\/\/idiv.caf-dev.de\/?page_id=880"},"modified":"2026-04-24T09:07:16","modified_gmt":"2026-04-24T08:07:16","slug":"start","status":"publish","type":"page","link":"https:\/\/www.idiv.de\/de\/","title":{"rendered":"Home"},"content":{"rendered":"<div class=\"herosection pb-0 pt-24 no-bg modulclass \" id=\"\">\n                     <div class=\"swiper1  nooverflow swiper  thinslider\" id=\"slide_69ef5d43bd38a\">\n            \n                <div class=\"swiper-wrapper\">\n                                            <div class=\"swiper-slide  style_ \" aria-hidden=\"true\" >\n                            <div class=\"backstretchwrap\">\n                        \n                            <div datasrc=\"https:\/\/www.idiv.de\/wp-content\/uploads\/2026\/04\/Robin_redbreast_by_Corey_Callaghan_12_5.jpg\" class=\"backstretchimg responsiv desktop\"><\/div>\n\n                            <a href=\"#\" class=\"cr\"><svg  xmlns=\"http:\/\/www.w3.org\/2000\/svg\" width=\"22\" height=\"22\" viewBox=\"0 0 22 22\">\n                                    <rect id=\"BG\" width=\"22\" height=\"22\" rx=\"11\" fill=\"#fff\"\/>\n                                    <g id=\"Wrapper\" transform=\"translate(-1 -1)\">\n                                        <g id=\"Icon_material-copyright\" data-name=\"Icon material-copyright\">\n                                            <circle id=\"Ellipse_30\" data-name=\"Ellipse 30\" cx=\"8\" cy=\"8\" r=\"8\" transform=\"translate(4 4)\" fill=\"#fff\"\/>\n                                            <path id=\"Icon_material-copyright-2\" data-name=\"Icon material-copyright\" d=\"M9.464,10.088a2.045,2.045,0,0,1,.24-.7,1.4,1.4,0,0,1,.472-.5,1.42,1.42,0,0,1,.728-.184,1.45,1.45,0,0,1,.5.1,1.29,1.29,0,0,1,.416.288,1.54,1.54,0,0,1,.272.424,1.4,1.4,0,0,1,.112.512H13.64a2.864,2.864,0,0,0-.224-1.032,2.4,2.4,0,0,0-.56-.808,2.613,2.613,0,0,0-.864-.528,3.09,3.09,0,0,0-1.112-.184,3.127,3.127,0,0,0-1.36.272,2.751,2.751,0,0,0-.96.736,3.007,3.007,0,0,0-.568,1.088A4.685,4.685,0,0,0,7.8,10.9v.216a4.684,4.684,0,0,0,.184,1.312,2.908,2.908,0,0,0,.568,1.08,2.731,2.731,0,0,0,.96.728,3.246,3.246,0,0,0,1.36.272,3.051,3.051,0,0,0,1.056-.184,2.729,2.729,0,0,0,.864-.5,2.442,2.442,0,0,0,.592-.752,2.153,2.153,0,0,0,.24-.92H12.192a1.139,1.139,0,0,1-.12.464,1.177,1.177,0,0,1-.288.368,1.26,1.26,0,0,1-.416.24,1.589,1.589,0,0,1-.48.08,1.359,1.359,0,0,1-.712-.184,1.4,1.4,0,0,1-.472-.5,2.09,2.09,0,0,1-.24-.7,5.392,5.392,0,0,1-.064-.8V10.9a5.33,5.33,0,0,1,.064-.808ZM11,3a8,8,0,1,0,8,8A8,8,0,0,0,11,3Zm0,14.4A6.4,6.4,0,1,1,17.4,11,6.408,6.408,0,0,1,11,17.4Z\" transform=\"translate(1 1)\" fill=\"#4d4d4d\"\/>\n                                        <\/g>\n                                    <\/g>\n                                <\/svg>\n                                <span>Corey Callaghan<\/span><\/a>                        \n                                                    <div datasrc=\"https:\/\/www.idiv.de\/wp-content\/uploads\/2026\/04\/Robin_redbreast_by_Corey_Callaghan_12_5.jpg\" class=\"backstretchimgmobile responsiv mobile\"><\/div>\n                                                    <\/div>\n                                        <div class=\"sliderinhalt \" role=\"region\" aria-label=\"carousel\">\n\n                                            <h1 class=\"h1 tleft\" >Waldger\u00e4usche erhellen das Gem\u00fct \u2013 besonders dann, wenn sie vertraut sind<\/h1>                                                    <p>Eine neue Studie untersuchte zudem, wie die zu h\u00f6rende Tierartenvielfalt auf den Menschen wirkt.<\/p>\n                                                \n                                                        <a href=\"https:\/\/www.idiv.de\/de\/waldgeraeusche-erhellen-das-gemuet-besonders-dann-wenn-sie-vertraut-sind\/\" target=\"\" class=\"btncf arrow\">Mehr <svg xmlns=\"http:\/\/www.w3.org\/2000\/svg\" width=\"7.621\" height=\"12.243\" aria-hidden=\"true\" viewBox=\"0 0 7.621 12.243\"><path id=\"Icon_feather-chevron-right\" data-name=\"Icon feather-chevron-right\" d=\"M17.5,17l-4-4,4-4\" transform=\"translate(19.621 19.121) rotate(180)\" fill=\"none\" stroke=\"#447226\" stroke-linecap=\"round\" stroke-linejoin=\"round\" stroke-width=\"3\"\/><\/svg><\/a>                                                    <\/div>\n                                            <\/div>\n\n                                                <div class=\"swiper-slide  style_ \" aria-hidden=\"true\" >\n                            <div class=\"backstretchwrap\">\n                        \n                            <div datasrc=\"https:\/\/www.idiv.de\/wp-content\/uploads\/2026\/04\/Podcast-Slider-Klink.jpg\" class=\"backstretchimg responsiv desktop\"><\/div>\n\n                            <a href=\"#\" class=\"cr\"><svg  xmlns=\"http:\/\/www.w3.org\/2000\/svg\" width=\"22\" height=\"22\" viewBox=\"0 0 22 22\">\n                                    <rect id=\"BG\" width=\"22\" height=\"22\" rx=\"11\" fill=\"#fff\"\/>\n                                    <g id=\"Wrapper\" transform=\"translate(-1 -1)\">\n                                        <g id=\"Icon_material-copyright\" data-name=\"Icon material-copyright\">\n                                            <circle id=\"Ellipse_30\" data-name=\"Ellipse 30\" cx=\"8\" cy=\"8\" r=\"8\" transform=\"translate(4 4)\" fill=\"#fff\"\/>\n                                            <path id=\"Icon_material-copyright-2\" data-name=\"Icon material-copyright\" d=\"M9.464,10.088a2.045,2.045,0,0,1,.24-.7,1.4,1.4,0,0,1,.472-.5,1.42,1.42,0,0,1,.728-.184,1.45,1.45,0,0,1,.5.1,1.29,1.29,0,0,1,.416.288,1.54,1.54,0,0,1,.272.424,1.4,1.4,0,0,1,.112.512H13.64a2.864,2.864,0,0,0-.224-1.032,2.4,2.4,0,0,0-.56-.808,2.613,2.613,0,0,0-.864-.528,3.09,3.09,0,0,0-1.112-.184,3.127,3.127,0,0,0-1.36.272,2.751,2.751,0,0,0-.96.736,3.007,3.007,0,0,0-.568,1.088A4.685,4.685,0,0,0,7.8,10.9v.216a4.684,4.684,0,0,0,.184,1.312,2.908,2.908,0,0,0,.568,1.08,2.731,2.731,0,0,0,.96.728,3.246,3.246,0,0,0,1.36.272,3.051,3.051,0,0,0,1.056-.184,2.729,2.729,0,0,0,.864-.5,2.442,2.442,0,0,0,.592-.752,2.153,2.153,0,0,0,.24-.92H12.192a1.139,1.139,0,0,1-.12.464,1.177,1.177,0,0,1-.288.368,1.26,1.26,0,0,1-.416.24,1.589,1.589,0,0,1-.48.08,1.359,1.359,0,0,1-.712-.184,1.4,1.4,0,0,1-.472-.5,2.09,2.09,0,0,1-.24-.7,5.392,5.392,0,0,1-.064-.8V10.9a5.33,5.33,0,0,1,.064-.808ZM11,3a8,8,0,1,0,8,8A8,8,0,0,0,11,3Zm0,14.4A6.4,6.4,0,1,1,17.4,11,6.408,6.408,0,0,1,11,17.4Z\" transform=\"translate(1 1)\" fill=\"#4d4d4d\"\/>\n                                        <\/g>\n                                    <\/g>\n                                <\/svg>\n                                <span>Stefan Bernhardt (Foto) und Gabriele Rada (Bildkomposition)<\/span><\/a>                        \n                                                    <\/div>\n                                        <div class=\"sliderinhalt \" role=\"region\" aria-label=\"carousel\">\n\n                                            <h1 class=\"h1 tleft\" >Wie geht es den Insekten?<\/h1>                                                    <p>In unserer neuesten Podcast-Folge sprechen wir mit iDiv-Forscher Roel van Klink. Wie \u00e4ndern sich die Best\u00e4nde bei den Insekten und was sind die Ursachen daf\u00fcr? Was wissen wir und was wissen wir nicht?<\/p>\n                                                \n                                                        <a href=\"https:\/\/www.idiv.de\/de\/news\/podcast\/\" target=\"\" class=\"btncf arrow\">Mehr <svg xmlns=\"http:\/\/www.w3.org\/2000\/svg\" width=\"7.621\" height=\"12.243\" aria-hidden=\"true\" viewBox=\"0 0 7.621 12.243\"><path id=\"Icon_feather-chevron-right\" data-name=\"Icon feather-chevron-right\" d=\"M17.5,17l-4-4,4-4\" transform=\"translate(19.621 19.121) rotate(180)\" fill=\"none\" stroke=\"#447226\" stroke-linecap=\"round\" stroke-linejoin=\"round\" stroke-width=\"3\"\/><\/svg><\/a>                                                    <\/div>\n                                            <\/div>\n\n                                                <div class=\"swiper-slide  style_ \" aria-hidden=\"true\" >\n                            <div class=\"backstretchwrap\">\n                        \n                            <div datasrc=\"https:\/\/www.idiv.de\/wp-content\/uploads\/2026\/04\/Oranges_Habichtskraut_Essl.jpg\" class=\"backstretchimg responsiv desktop\"><\/div>\n\n                            <a href=\"#\" class=\"cr\"><svg  xmlns=\"http:\/\/www.w3.org\/2000\/svg\" width=\"22\" height=\"22\" viewBox=\"0 0 22 22\">\n                                    <rect id=\"BG\" width=\"22\" height=\"22\" rx=\"11\" fill=\"#fff\"\/>\n                                    <g id=\"Wrapper\" transform=\"translate(-1 -1)\">\n                                        <g id=\"Icon_material-copyright\" data-name=\"Icon material-copyright\">\n                                            <circle id=\"Ellipse_30\" data-name=\"Ellipse 30\" cx=\"8\" cy=\"8\" r=\"8\" transform=\"translate(4 4)\" fill=\"#fff\"\/>\n                                            <path id=\"Icon_material-copyright-2\" data-name=\"Icon material-copyright\" d=\"M9.464,10.088a2.045,2.045,0,0,1,.24-.7,1.4,1.4,0,0,1,.472-.5,1.42,1.42,0,0,1,.728-.184,1.45,1.45,0,0,1,.5.1,1.29,1.29,0,0,1,.416.288,1.54,1.54,0,0,1,.272.424,1.4,1.4,0,0,1,.112.512H13.64a2.864,2.864,0,0,0-.224-1.032,2.4,2.4,0,0,0-.56-.808,2.613,2.613,0,0,0-.864-.528,3.09,3.09,0,0,0-1.112-.184,3.127,3.127,0,0,0-1.36.272,2.751,2.751,0,0,0-.96.736,3.007,3.007,0,0,0-.568,1.088A4.685,4.685,0,0,0,7.8,10.9v.216a4.684,4.684,0,0,0,.184,1.312,2.908,2.908,0,0,0,.568,1.08,2.731,2.731,0,0,0,.96.728,3.246,3.246,0,0,0,1.36.272,3.051,3.051,0,0,0,1.056-.184,2.729,2.729,0,0,0,.864-.5,2.442,2.442,0,0,0,.592-.752,2.153,2.153,0,0,0,.24-.92H12.192a1.139,1.139,0,0,1-.12.464,1.177,1.177,0,0,1-.288.368,1.26,1.26,0,0,1-.416.24,1.589,1.589,0,0,1-.48.08,1.359,1.359,0,0,1-.712-.184,1.4,1.4,0,0,1-.472-.5,2.09,2.09,0,0,1-.24-.7,5.392,5.392,0,0,1-.064-.8V10.9a5.33,5.33,0,0,1,.064-.808ZM11,3a8,8,0,1,0,8,8A8,8,0,0,0,11,3Zm0,14.4A6.4,6.4,0,1,1,17.4,11,6.408,6.408,0,0,1,11,17.4Z\" transform=\"translate(1 1)\" fill=\"#4d4d4d\"\/>\n                                        <\/g>\n                                    <\/g>\n                                <\/svg>\n                                <span>F. Essl<\/span><\/a>                        \n                                                    <\/div>\n                                        <div class=\"sliderinhalt \" role=\"region\" aria-label=\"carousel\">\n\n                                            <h1 class=\"h1 tleft\" >Modelle prognostizieren globale Verschiebungen der Verbreitung gebietsfremder Pflanzen<\/h1>                                                    <p><span style=\"font-weight: 400;\">Berechnungen zeigen, dass sich Verbreitungsmuster von subtropischen in gem\u00e4\u00dfigte Regionen verlagern k\u00f6nnten \u2013 begleitet von erheblichen Ver\u00e4nderungen in der Artenzusammensetzung.<\/span><\/p>\n                                                \n                                                        <a href=\"https:\/\/www.idiv.de\/de\/global-models-predict-future-shifts-non-native-plant-expansions\/\" target=\"\" class=\"btncf arrow\">Mehr <svg xmlns=\"http:\/\/www.w3.org\/2000\/svg\" width=\"7.621\" height=\"12.243\" aria-hidden=\"true\" viewBox=\"0 0 7.621 12.243\"><path id=\"Icon_feather-chevron-right\" data-name=\"Icon feather-chevron-right\" d=\"M17.5,17l-4-4,4-4\" transform=\"translate(19.621 19.121) rotate(180)\" fill=\"none\" stroke=\"#447226\" stroke-linecap=\"round\" stroke-linejoin=\"round\" stroke-width=\"3\"\/><\/svg><\/a>                                                    <\/div>\n                                            <\/div>\n\n                                                <div class=\"swiper-slide  style_ \" aria-hidden=\"true\" >\n                            <div class=\"backstretchwrap\">\n                        \n                            <div datasrc=\"https:\/\/www.idiv.de\/wp-content\/uploads\/2026\/03\/Planneralm_Gernot_Kunz-002_12_5.jpg\" class=\"backstretchimg responsiv desktop\"><\/div>\n\n                            <a href=\"#\" class=\"cr\"><svg  xmlns=\"http:\/\/www.w3.org\/2000\/svg\" width=\"22\" height=\"22\" viewBox=\"0 0 22 22\">\n                                    <rect id=\"BG\" width=\"22\" height=\"22\" rx=\"11\" fill=\"#fff\"\/>\n                                    <g id=\"Wrapper\" transform=\"translate(-1 -1)\">\n                                        <g id=\"Icon_material-copyright\" data-name=\"Icon material-copyright\">\n                                            <circle id=\"Ellipse_30\" data-name=\"Ellipse 30\" cx=\"8\" cy=\"8\" r=\"8\" transform=\"translate(4 4)\" fill=\"#fff\"\/>\n                                            <path id=\"Icon_material-copyright-2\" data-name=\"Icon material-copyright\" d=\"M9.464,10.088a2.045,2.045,0,0,1,.24-.7,1.4,1.4,0,0,1,.472-.5,1.42,1.42,0,0,1,.728-.184,1.45,1.45,0,0,1,.5.1,1.29,1.29,0,0,1,.416.288,1.54,1.54,0,0,1,.272.424,1.4,1.4,0,0,1,.112.512H13.64a2.864,2.864,0,0,0-.224-1.032,2.4,2.4,0,0,0-.56-.808,2.613,2.613,0,0,0-.864-.528,3.09,3.09,0,0,0-1.112-.184,3.127,3.127,0,0,0-1.36.272,2.751,2.751,0,0,0-.96.736,3.007,3.007,0,0,0-.568,1.088A4.685,4.685,0,0,0,7.8,10.9v.216a4.684,4.684,0,0,0,.184,1.312,2.908,2.908,0,0,0,.568,1.08,2.731,2.731,0,0,0,.96.728,3.246,3.246,0,0,0,1.36.272,3.051,3.051,0,0,0,1.056-.184,2.729,2.729,0,0,0,.864-.5,2.442,2.442,0,0,0,.592-.752,2.153,2.153,0,0,0,.24-.92H12.192a1.139,1.139,0,0,1-.12.464,1.177,1.177,0,0,1-.288.368,1.26,1.26,0,0,1-.416.24,1.589,1.589,0,0,1-.48.08,1.359,1.359,0,0,1-.712-.184,1.4,1.4,0,0,1-.472-.5,2.09,2.09,0,0,1-.24-.7,5.392,5.392,0,0,1-.064-.8V10.9a5.33,5.33,0,0,1,.064-.808ZM11,3a8,8,0,1,0,8,8A8,8,0,0,0,11,3Zm0,14.4A6.4,6.4,0,1,1,17.4,11,6.408,6.408,0,0,1,11,17.4Z\" transform=\"translate(1 1)\" fill=\"#4d4d4d\"\/>\n                                        <\/g>\n                                    <\/g>\n                                <\/svg>\n                                <span>Gernot Kunz<\/span><\/a>                        \n                                                    <\/div>\n                                        <div class=\"sliderinhalt \" role=\"region\" aria-label=\"carousel\">\n\n                                            <h1 class=\"h1 tleft\" >Pflanzenwandel folgt Klimawandel: Berggipfel reagieren am schnellsten auf Erw\u00e4rmung<\/h1>                                                    <p>Neue Studie in der Zeitschrift Nature<\/p>\n                                                \n                                                        <a href=\"https:\/\/www.idiv.de\/de\/pflanzenwandel-folgt-klimawandel-berggipfel-reagieren-am-schnellsten-auf-erwaermung\/\" target=\"\" class=\"btncf arrow\">Mehr <svg xmlns=\"http:\/\/www.w3.org\/2000\/svg\" width=\"7.621\" height=\"12.243\" aria-hidden=\"true\" viewBox=\"0 0 7.621 12.243\"><path id=\"Icon_feather-chevron-right\" data-name=\"Icon feather-chevron-right\" d=\"M17.5,17l-4-4,4-4\" transform=\"translate(19.621 19.121) rotate(180)\" fill=\"none\" stroke=\"#447226\" stroke-linecap=\"round\" stroke-linejoin=\"round\" stroke-width=\"3\"\/><\/svg><\/a>                                                    <\/div>\n                                            <\/div>\n\n                        \n                 <\/div>\n\n                 \n                   <div class=\"swiperbtncf\">\n                       <div class=\"swiper-button-prev\">\n                           <svg xmlns=\"http:\/\/www.w3.org\/2000\/svg\" width=\"11.621\" height=\"20.243\" viewBox=\"0 0 11.621 20.243\">\n                               <path id=\"Icon_feather-chevron-right\" data-name=\"Icon feather-chevron-right\" d=\"M21.5,25l-8-8,8-8\" transform=\"translate(-12 -6.879)\" fill=\"none\" stroke=\"#4d4d4d\" stroke-linecap=\"round\" stroke-linejoin=\"round\" stroke-width=\"3\"\/>\n                           <\/svg>\n                       <\/div>\n                       <div class=\"swiper-button-next\">\n                           <svg xmlns=\"http:\/\/www.w3.org\/2000\/svg\" width=\"11.621\" height=\"20.243\" viewBox=\"0 0 11.621 20.243\">\n                               <path id=\"Icon_feather-chevron-right\" data-name=\"Icon feather-chevron-right\" d=\"M13.5,25l8-8-8-8\" transform=\"translate(-11.379 -6.879)\" fill=\"none\" stroke=\"#4d4d4d\" stroke-linecap=\"round\" stroke-linejoin=\"round\" stroke-width=\"3\"\/>\n                           <\/svg>\n                       <\/div>\n                   <\/div>\n\n\n                              <\/div>\n<\/div>\n\n\n<div class=\"sprungnav pb-24 pt-0  \" id=\"\">\n    <div class=\"container\">\n        <div class=\"row \">\n           <div class=\"col-md-12 nml npl nmr npr bordert borderb \">\n                   <div class=\"wrapper\">\n                       <p>\n                           AUF DIESER SEITE                       <\/p>\n                                                      <a href=\"#offene-ausschreibungen\" class=\"p jump\">Offene Ausschreibungen<\/a>\n                                                          <a href=\"#veranstaltungen\" class=\"p jump\">Veranstaltungen<\/a>\n                                                          <a href=\"#fokus\" class=\"p jump\">Zahlen<\/a>\n                                                          <a href=\"#zentrum\" class=\"p jump\">Das Zentrum<\/a>\n                                                          <a href=\"#initiativen\" class=\"p jump\">Ausgew\u00e4hlte iDiv-Initiativen<\/a>\n                                              <\/div>\n           <\/div>\n        <\/div>\n    <\/div>\n<\/div>\n\n<div class=\"callscta pb-48 pt-48 no-bg modulclass  block advgb-dyn-d41d8cd9\" id=\"\">\n    \n        <div class=\"container\">\n        <div class=\"row\">\n            <div class=\"col-md-10 offset-md-1\">\n                                <div class=\"shadowcta\">\n                    <div class=\"row\">\n                        <div class=\"col-md-12 nml npl nmr npr\">\n                            <hr class=\"modulborder nm np\">\n                        <\/div>\n                    <\/div>\n                    <div class=\"row\">\n                        <div class=\"col-md-4 bg-white nml npl\">\n                            <div \n        class=\"relativ bwa-cover-image\"\n        style=\"background-image:url(https:\/\/www.idiv.de\/wp-content\/uploads\/2026\/04\/iDivConference2026-Teaser.jpg);\"\n        data-mobile=\"https:\/\/www.idiv.de\/wp-content\/uploads\/2026\/04\/iDivConference2026-Teaser.jpg\"\n        role=\"img\"\n        aria-label=\"Rathaus von Jena umgeben von Kastanienbl\u00fcten (Foto: Juergen \/ Adobe Stock)\"><a href=\"#\" class=\"cr\" role=\"button\">\n<svg  xmlns=\"http:\/\/www.w3.org\/2000\/svg\" width=\"22\" height=\"22\" viewBox=\"0 0 22 22\">\n    <rect id=\"BG\" width=\"22\" height=\"22\" rx=\"11\" fill=\"#fff\"\/>\n    <g id=\"Wrapper\" transform=\"translate(-1 -1)\">\n        <g id=\"Icon_material-copyright\" data-name=\"Icon material-copyright\">\n            <circle id=\"Ellipse_30\" data-name=\"Ellipse 30\" cx=\"8\" cy=\"8\" r=\"8\" transform=\"translate(4 4)\" fill=\"#fff\"\/>\n            <path id=\"Icon_material-copyright-2\" data-name=\"Icon material-copyright\" d=\"M9.464,10.088a2.045,2.045,0,0,1,.24-.7,1.4,1.4,0,0,1,.472-.5,1.42,1.42,0,0,1,.728-.184,1.45,1.45,0,0,1,.5.1,1.29,1.29,0,0,1,.416.288,1.54,1.54,0,0,1,.272.424,1.4,1.4,0,0,1,.112.512H13.64a2.864,2.864,0,0,0-.224-1.032,2.4,2.4,0,0,0-.56-.808,2.613,2.613,0,0,0-.864-.528,3.09,3.09,0,0,0-1.112-.184,3.127,3.127,0,0,0-1.36.272,2.751,2.751,0,0,0-.96.736,3.007,3.007,0,0,0-.568,1.088A4.685,4.685,0,0,0,7.8,10.9v.216a4.684,4.684,0,0,0,.184,1.312,2.908,2.908,0,0,0,.568,1.08,2.731,2.731,0,0,0,.96.728,3.246,3.246,0,0,0,1.36.272,3.051,3.051,0,0,0,1.056-.184,2.729,2.729,0,0,0,.864-.5,2.442,2.442,0,0,0,.592-.752,2.153,2.153,0,0,0,.24-.92H12.192a1.139,1.139,0,0,1-.12.464,1.177,1.177,0,0,1-.288.368,1.26,1.26,0,0,1-.416.24,1.589,1.589,0,0,1-.48.08,1.359,1.359,0,0,1-.712-.184,1.4,1.4,0,0,1-.472-.5,2.09,2.09,0,0,1-.24-.7,5.392,5.392,0,0,1-.064-.8V10.9a5.33,5.33,0,0,1,.064-.808ZM11,3a8,8,0,1,0,8,8A8,8,0,0,0,11,3Zm0,14.4A6.4,6.4,0,1,1,17.4,11,6.408,6.408,0,0,1,11,17.4Z\" transform=\"translate(1 1)\" fill=\"#4d4d4d\"\/>\n        <\/g>\n    <\/g>\n<\/svg>\n\n        <span>Juergen \/ Adobe Stock<\/span><\/a><\/div>                        <\/div>\n                        <div class=\"col-md-8 centercenter bg-white nmr pb-24\">\n                            <h2 class=\" h2 mb-24 mt-24\" >iDiv Conference 2026 \u2013 Einreichungen ab sofort m\u00f6glich<\/h2>                            <div class=\"mb-36\" ><p><strong>8. bis 9. September 2026, Friedrich-Schiller-Universit\u00e4t Jena. <\/strong>Forschende aus dem gesamten iDiv-Konsortium k\u00f6nnen Beitr\u00e4ge f\u00fcr Vortr\u00e4ge, Poster und Workshops einreichen.<br \/>\nBewerbungsfrist: 15. Mai 2026<\/p>\n<\/div>                            <div>\n                                <a href=\"https:\/\/conference.idiv.de\/event\/5\/abstracts\/\" target=\"_blank\" aria-label=\"open in new tab\" class=\"btncf primary\" type=\"button\" >mehr <svg tabindex=\"0\" xmlns=\"http:\/\/www.w3.org\/2000\/svg\" width=\"7.621\" height=\"12.243\" aria-hidden=\"true\" viewBox=\"0 0 7.621 12.243\"><path  data-name=\"Icon feather-chevron-right\" d=\"M17.5,17l-4-4,4-4\" transform=\"translate(19.621 19.121) rotate(180)\" fill=\"none\" stroke=\"#447226\" stroke-linecap=\"round\" stroke-linejoin=\"round\" stroke-width=\"3\"\/><\/svg><\/a>                            <\/div>\n                        <\/div>\n                    <\/div>\n                <\/div>\n\n                            <\/div>\n        <\/div>\n    <\/div>\n<\/div>\n\n\n\n\n\n\n<hr class=\"modulborder nm np advgb-dyn-d41d8cd9\"><div class=\"karussell pb-24 pt-48 no-bg modulclass  block\" id=\"offene-ausschreibungen\">\n    <div class=\"container\"><div class=\"row\"><div class=\"col-md-12 relative\"><h2 class=\"h2 tcenter mb-64\" >Offene Ausschreibungen<\/h2><\/div><\/div><\/div>\n        <div class=\"container\">\n        <div class=\"row\">\n            <div class=\"col-md-12 \">\n                \n\n                                <div class=\"carouselllist\" id=\"slide_69ef5d43c7e51\">\n                    <div class=\"swiper-wrapper row\">\n                                                                        <div class=\"col-md-4 mb-30\">\n                                <div class=\"swiper-slide  style_text\" aria-hidden=\"true\">\n                                                                                        <a href=\"https:\/\/www.idiv.de\/research\/sdiv\/calls\/#working-group-call\" target=\"\">\n                                \n\n                                    \n                                    <div class=\"sliderinhalt bg-yellow\">\n                                        <h3 class=\"nmb\" >iDiv Synthesis Centre Working Group Projects<\/h3><p class=\"nmb align-right\"><svg xmlns=\"http:\/\/www.w3.org\/2000\/svg\" width=\"32\" height=\"32\" viewBox=\"0 0 32 32\"><circle id=\"Ellipse_15\" data-name=\"Ellipse 15\" cx=\"16\" cy=\"16\" r=\"16\" fill=\"#fff\"\/><path id=\"Icon_feather-chevron-right\" data-name=\"Icon feather-chevron-right\" d=\"M13.5,19.667l5.333-5.333L13.5,9\" transform=\"translate(0.5 1.667)\" fill=\"none\" stroke=\"#4d4d4d\" stroke-linecap=\"round\" stroke-linejoin=\"round\" stroke-width=\"3\"\/><\/svg><\/p>                                    <\/div>\n                                                                <\/a>\n                            \n                        \n                                <\/div>\n                    <\/div>\n\n                                                            <div class=\"col-md-4 mb-30\">\n                                <div class=\"swiper-slide  style_text\" aria-hidden=\"true\">\n                                                                                        <a href=\"https:\/\/www.idiv.de\/de\/forschung\/fellowships\/\" target=\"\">\n                                \n\n                                    \n                                    <div class=\"sliderinhalt bg-yellow\">\n                                        <h3 class=\"nmb\" >iDiv-Fellowship-Projekte<\/h3><p class=\"nmb align-right\"><svg xmlns=\"http:\/\/www.w3.org\/2000\/svg\" width=\"32\" height=\"32\" viewBox=\"0 0 32 32\"><circle id=\"Ellipse_15\" data-name=\"Ellipse 15\" cx=\"16\" cy=\"16\" r=\"16\" fill=\"#fff\"\/><path id=\"Icon_feather-chevron-right\" data-name=\"Icon feather-chevron-right\" d=\"M13.5,19.667l5.333-5.333L13.5,9\" transform=\"translate(0.5 1.667)\" fill=\"none\" stroke=\"#4d4d4d\" stroke-linecap=\"round\" stroke-linejoin=\"round\" stroke-width=\"3\"\/><\/svg><\/p>                                    <\/div>\n                                                                <\/a>\n                            \n                        \n                                <\/div>\n                    <\/div>\n\n                                                            <div class=\"col-md-4 mb-30\">\n                                <div class=\"swiper-slide  style_text\" aria-hidden=\"true\">\n                                                                                        <a href=\"https:\/\/www.idiv.de\/research\/projects\/start-fund\/\" target=\"\">\n                                \n\n                                    \n                                    <div class=\"sliderinhalt bg-yellow\">\n                                        <h3 class=\"nmb\" >iDiv Start Fund<\/h3><p class=\"nmb align-right\"><svg xmlns=\"http:\/\/www.w3.org\/2000\/svg\" width=\"32\" height=\"32\" viewBox=\"0 0 32 32\"><circle id=\"Ellipse_15\" data-name=\"Ellipse 15\" cx=\"16\" cy=\"16\" r=\"16\" fill=\"#fff\"\/><path id=\"Icon_feather-chevron-right\" data-name=\"Icon feather-chevron-right\" d=\"M13.5,19.667l5.333-5.333L13.5,9\" transform=\"translate(0.5 1.667)\" fill=\"none\" stroke=\"#4d4d4d\" stroke-linecap=\"round\" stroke-linejoin=\"round\" stroke-width=\"3\"\/><\/svg><\/p>                                    <\/div>\n                                                                <\/a>\n                            \n                        \n                                <\/div>\n                    <\/div>\n\n                    <\/div>\n    <\/div>\n    \n\n    <\/div>\n    <\/div>\n    <\/div>\n<\/div>\n\n\n<div class=\"sprungpunkt pb-48 pt-0  \" id=\"\"><\/div>\n\n<hr class=\"modulborder nm np\"><div class=\"headline pb-0 pt-24 bg-lightgrey  block\" id=\"veranstaltungen\">\n    <div class=\"container\"><div class=\"row\"><div class=\"col-md-12 relative\"><h2 class=\"h2 tcenter mb-64\" >Veranstaltungen<\/h2><\/div><\/div><\/div><\/div>\n\n\n<div class=\"ical karussell pb-80 pt-24 bg-lightgrey  block\" id=\"\">\n        <div class=\"container\">\n        <div class=\"row\">\n\n            <div class=\"swiper4 mb-40 nooverflow swiper   eventswiper\" id=\"slide_69ef5d4449de9\">\n                <div class=\"swiper-wrapper\">\n            \n\n                    <div class=\"swiper-slide eventitem bg-white\">\n\n                            <div class=\"eventwrapper  \">\n\n                                    <div class=\"ftop\">\n\n                                        <p class=\"mb-8\"><\/p>\n                                        <p class=\"h3 mb-24\">sRealBioFun 1 working group meeting<\/p>\n                                        <p> 27.04.2026 09:00\n &#8211;  30.04.2026 15:00\n<\/p>\n                                    <\/div>\n\n\n\n                            <\/div>\n\n                    <\/div>\n\n\n\n            \n\n                    <div class=\"swiper-slide eventitem bg-white\">\n\n                            <div class=\"eventwrapper  \">\n\n                                    <div class=\"ftop\">\n\n                                        <p class=\"mb-8\"><\/p>\n                                        <p class=\"h3 mb-24\">Seminar talks by Yuxin Chen, Xiamen University &#8211; Are we having sRealBioFun yet? Research focus &#038; progress &#038; Yue Qiu, Xiamen University &#8211; Climate changes alter how land-use intensification affects grassland plant species persistence in Germany.<\/p>\n                                        <p> 29.04.2026 13:00\n &#8211;  14:00\n<\/p>\n                                    <\/div>\n\n\n\n                            <\/div>\n\n                    <\/div>\n\n\n\n            \n\n                    <div class=\"swiper-slide eventitem bg-white\">\n\n                            <div class=\"eventwrapper  \">\n\n                                    <div class=\"ftop\">\n\n                                        <p class=\"mb-8\"><\/p>\n                                        <p class=\"h3 mb-24\">sRED 2 working group meeting<\/p>\n                                        <p> 18.05.2026 09:00\n &#8211;  22.05.2026 15:00\n<\/p>\n                                    <\/div>\n\n\n\n                            <\/div>\n\n                    <\/div>\n\n\n\n            \n\n                    <div class=\"swiper-slide eventitem bg-white\">\n\n                            <div class=\"eventwrapper  \">\n\n                                    <div class=\"ftop\">\n\n                                        <p class=\"mb-8\"><\/p>\n                                        <p class=\"h3 mb-24\">sMacros 2 working group meeting<\/p>\n                                        <p> 26.05.2026 09:00\n &#8211;  29.05.2026 15:00\n<\/p>\n                                    <\/div>\n\n\n\n                            <\/div>\n\n                    <\/div>\n\n\n\n            \n\n                    <div class=\"swiper-slide eventitem bg-white\">\n\n                            <div class=\"eventwrapper  \">\n\n                                    <div class=\"ftop\">\n\n                                        <p class=\"mb-8\"><\/p>\n                                        <p class=\"h3 mb-24\">sFragment 3 (reserved)<\/p>\n                                        <p> 01.06.2026 09:00\n &#8211;  05.06.2026 15:00\n<\/p>\n                                    <\/div>\n\n\n\n                            <\/div>\n\n                    <\/div>\n\n\n\n            \n\n                    <div class=\"swiper-slide eventitem bg-white\">\n\n                            <div class=\"eventwrapper  \">\n\n                                    <div class=\"ftop\">\n\n                                        <p class=\"mb-8\"><\/p>\n                                        <p class=\"h3 mb-24\">sNEXT 2<\/p>\n                                        <p> 29.06.2026 09:00\n &#8211;  03.07.2026 15:00\n<\/p>\n                                    <\/div>\n\n\n\n                            <\/div>\n\n                    <\/div>\n\n\n\n            \n\n                    <div class=\"swiper-slide eventitem bg-white\">\n\n                            <div class=\"eventwrapper  \">\n\n                                    <div class=\"ftop\">\n\n                                        <p class=\"mb-8\"><\/p>\n                                        <p class=\"h3 mb-24\">sCREATE 2<\/p>\n                                        <p> 29.06.2026 09:00\n &#8211;  03.07.2026 15:00\n<\/p>\n                                    <\/div>\n\n\n\n                            <\/div>\n\n                    <\/div>\n\n\n\n            \n\n                    <div class=\"swiper-slide eventitem bg-white\">\n\n                            <div class=\"eventwrapper  \">\n\n                                    <div class=\"ftop\">\n\n                                        <p class=\"mb-8\"><\/p>\n                                        <p class=\"h3 mb-24\">sFutures 3<\/p>\n                                        <p> 06.07.2026 09:00\n &#8211;  10.07.2026 15:00\n<\/p>\n                                    <\/div>\n\n\n\n                            <\/div>\n\n                    <\/div>\n\n\n\n            \n\n                    <div class=\"swiper-slide eventitem bg-white\">\n\n                            <div class=\"eventwrapper  \">\n\n                                    <div class=\"ftop\">\n\n                                        <p class=\"mb-8\"><\/p>\n                                        <p class=\"h3 mb-24\">sEcoCarbonMarkets 1<\/p>\n                                        <p> 28.09.2026 09:00\n &#8211;  02.10.2026 15:00\n<\/p>\n                                    <\/div>\n\n\n\n                            <\/div>\n\n                    <\/div>\n\n\n\n            \n\n                    <div class=\"swiper-slide eventitem bg-white\">\n\n                            <div class=\"eventwrapper  \">\n\n                                    <div class=\"ftop\">\n\n                                        <p class=\"mb-8\"><\/p>\n                                        <p class=\"h3 mb-24\">sEXCRETE 1<\/p>\n                                        <p> 05.10.2026 09:00\n &#8211;  09.10.2026 15:00\n<\/p>\n                                    <\/div>\n\n\n\n                            <\/div>\n\n                    <\/div>\n\n\n\n            \n\n                    <div class=\"swiper-slide eventitem bg-white\">\n\n                            <div class=\"eventwrapper  \">\n\n                                    <div class=\"ftop\">\n\n                                        <p class=\"mb-8\"><\/p>\n                                        <p class=\"h3 mb-24\">sTime 3 working group meeting<\/p>\n                                        <p> 02.11.2026 09:00\n &#8211;  06.11.2026 15:00\n<\/p>\n                                    <\/div>\n\n\n\n                            <\/div>\n\n                    <\/div>\n\n\n\n                            <\/div>\n\n                <div class=\"swiperbtncf\">\n                    <div class=\"swiper-button-prev\">\n                        <img loading=\"lazy\" decoding=\"async\" src=\"\/wp-content\/themes\/bwa_starter\/block\/img\/sliderarrowleft.svg\" height=\"60\" width=\"60\"\/>\n                    <\/div>\n                    <div class=\"swiper-button-next\">\n                        <img loading=\"lazy\" decoding=\"async\" src=\"\/wp-content\/themes\/bwa_starter\/block\/img\/sliderarrowright.svg\" height=\"60\" width=\"60\"\/>\n\n                    <\/div>\n                <\/div>\n\n            <\/div>\n\n            <div class=\"col-md-12\">\n                \n                                    <p class=\"align-center nmb \">\n                        <a href=\"https:\/\/www.idiv.de\/news\/events\/\" class=\"mr-24 btncf primary\" target=\"\">Alle Events                                                    <\/a>\n                    <\/p>\n                            <\/div>\n        <\/div>\n    <\/div>\n<\/div>\n\n<hr class=\"modulborder nm np\"><div class=\"karussell pb-24 pt-24 no-bg modulclass  block\" id=\"fokus\">\n    <div class=\"container\"><div class=\"row\"><div class=\"col-md-12 relative\"><h2 class=\"h2 tcenter mb-64\" >Zahlen<\/h2><\/div><\/div><\/div>\n        <div class=\"container\">\n        <div class=\"row\">\n            <div class=\"col-md-12 \">\n                \n\n                    <div class=\"swiper4  nooverflow swiper\" id=\"slide_69ef5d444a3af\">\n        <div class=\"swiper-wrapper\">\n                        <div class=\"swiper-slide  style_btt\" aria-hidden=\"true\">\n                \n        \n                <a href=\"https:\/\/www.idiv.de\/de\/weniger-laufkaefer-in-deutschland\/\" target=\"\"\n           class=\" bg-lightgrey\">\n                            <div class=\"topimage\">\n                    <img class=\"backstretchimg\" role=\"presentation\" datasrc=\"https:\/\/www.idiv.de\/wp-content\/uploads\/2025\/11\/Ground-beetle_16-9.jpg\" height=\"\" width=\"\" alt=\"\"\/>                <\/div>\n                <div class=\"sliderinhalt bg-lightgrey\" role=\"region\" aria-label=\"carousel\">\n                    <div class=\"\">\n                        <h4  >52 Prozent aller Laufk\u00e4fer&shy;arten in Deutschland sind r\u00fcckl\u00e4ufig<\/h4><p  >22 Prozent der Arten haben hingegen zugenommen, so eine neue Studie.<\/p>                    <\/div>\n                    <p class=\"nmb btncf arrow\" >Mehr <svg xmlns=\"http:\/\/www.w3.org\/2000\/svg\" width=\"7.621\" height=\"12.243\" aria-hidden=\"true\" viewBox=\"0 0 7.621 12.243\"><path id=\"Icon_feather-chevron-right\" data-name=\"Icon feather-chevron-right\" d=\"M17.5,17l-4-4,4-4\" transform=\"translate(19.621 19.121) rotate(180)\" fill=\"none\" stroke=\"#447226\" stroke-linecap=\"round\" stroke-linejoin=\"round\" stroke-width=\"3\"\/><\/svg><\/p>                <\/div>\n                        <\/a>\n        \n\n<\/div>\n\n            <div class=\"swiper-slide  style_btt\" aria-hidden=\"true\">\n                \n        \n                <a href=\"https:\/\/www.idiv.de\/de\/sieben-idiv-forschende-auf-der-highly-cited-researchers-2025-liste\/\" target=\"\"\n           class=\" bg-lightgrey\">\n                            <div class=\"topimage\">\n                    <img class=\"backstretchimg\" role=\"presentation\" datasrc=\"https:\/\/www.idiv.de\/wp-content\/uploads\/2025\/11\/AdobeStock_1337842648_Magazine_Publikation_Publication_Bildungslizenz-scaled.jpeg\" height=\"\" width=\"\" alt=\"\"\/>                <\/div>\n                <div class=\"sliderinhalt bg-lightgrey\" role=\"region\" aria-label=\"carousel\">\n                    <div class=\"\">\n                        <h4  >Sieben iDiv-Forschende auf der \u201eHighly Cited Researchers 2025\u201c-Liste<\/h4><p  >Um in die Liste aufgenommen zu werden, m\u00fcssen die Publikationen eines Forschenden weltweit zu den meistzitierten ein Prozent geh\u00f6ren.<\/p>                    <\/div>\n                    <p class=\"nmb btncf arrow\" >Mehr <svg xmlns=\"http:\/\/www.w3.org\/2000\/svg\" width=\"7.621\" height=\"12.243\" aria-hidden=\"true\" viewBox=\"0 0 7.621 12.243\"><path id=\"Icon_feather-chevron-right\" data-name=\"Icon feather-chevron-right\" d=\"M17.5,17l-4-4,4-4\" transform=\"translate(19.621 19.121) rotate(180)\" fill=\"none\" stroke=\"#447226\" stroke-linecap=\"round\" stroke-linejoin=\"round\" stroke-width=\"3\"\/><\/svg><\/p>                <\/div>\n                        <\/a>\n        \n\n<\/div>\n\n            <div class=\"swiper-slide  style_btt\" aria-hidden=\"true\">\n                \n        \n                <a href=\"https:\/\/www.idiv.de\/de\/neues-kapitel-der-biodiversitaetsforschung-in-mitteldeutschland\/\" target=\"\"\n           class=\" bg-lightgrey\">\n                            <div class=\"topimage\">\n                    <img class=\"backstretchimg\" role=\"presentation\" datasrc=\"https:\/\/www.idiv.de\/wp-content\/uploads\/2025\/10\/DFG-Festakt-Halle-2025-3309-SBernhardt-iDiv.png\" height=\"\" width=\"\" alt=\"DFG Festakt Halle 2025 (Photo: Stefan Bernhardt \/ iDiv)\"\/>                <\/div>\n                <div class=\"sliderinhalt bg-lightgrey\" role=\"region\" aria-label=\"carousel\">\n                    <div class=\"\">\n                        <h4  >13 Jahre F\u00f6rderung durch die Deutsche Forschungs&shy;gemeinschaft endete im Dezember 2025<\/h4><p  >Die Ministerpr\u00e4sidenten Sachsen-Anhalts, Th\u00fcringens und Sachsens bekennen sich zur F\u00f6rderung von iDiv \u00fcber das Jahr 2030 hinaus.<\/p>                    <\/div>\n                    <p class=\"nmb btncf arrow\" >Mehr <svg xmlns=\"http:\/\/www.w3.org\/2000\/svg\" width=\"7.621\" height=\"12.243\" aria-hidden=\"true\" viewBox=\"0 0 7.621 12.243\"><path id=\"Icon_feather-chevron-right\" data-name=\"Icon feather-chevron-right\" d=\"M17.5,17l-4-4,4-4\" transform=\"translate(19.621 19.121) rotate(180)\" fill=\"none\" stroke=\"#447226\" stroke-linecap=\"round\" stroke-linejoin=\"round\" stroke-width=\"3\"\/><\/svg><\/p>                <\/div>\n                        <\/a>\n        \n\n<\/div>\n\n            <div class=\"swiper-slide  style_btt\" aria-hidden=\"true\">\n                \n        \n                <a href=\"https:\/\/www.idiv.de\/de\/faktencheck-artenvielfalt-zeigt-wie-es-um-die-biologische-vielfalt-in-deutschland-steht\/\" target=\"\"\n           class=\" bg-lightgrey\">\n                            <div class=\"topimage\">\n                    <img class=\"backstretchimg\" role=\"presentation\" datasrc=\"https:\/\/www.idiv.de\/wp-content\/uploads\/2024\/11\/iDiv_ZEIT-ONLINE_Faktencheck_Impact.jpeg\" height=\"\" width=\"\" alt=\"\"\/>                <\/div>\n                <div class=\"sliderinhalt bg-lightgrey\" role=\"region\" aria-label=\"carousel\">\n                    <div class=\"\">\n                        <h4  >60 % der Lebensraumtypen in Deutschland weisen einen \u00f6kologisch ung\u00fcnstigen Zustand auf<\/h4><p  >Faktencheck Artenvielfalt zeigt, wie es um die biologische Vielfalt in Deutschland steht.<\/p>                    <\/div>\n                    <p class=\"nmb btncf arrow\" >Mehr <svg xmlns=\"http:\/\/www.w3.org\/2000\/svg\" width=\"7.621\" height=\"12.243\" aria-hidden=\"true\" viewBox=\"0 0 7.621 12.243\"><path id=\"Icon_feather-chevron-right\" data-name=\"Icon feather-chevron-right\" d=\"M17.5,17l-4-4,4-4\" transform=\"translate(19.621 19.121) rotate(180)\" fill=\"none\" stroke=\"#447226\" stroke-linecap=\"round\" stroke-linejoin=\"round\" stroke-width=\"3\"\/><\/svg><\/p>                <\/div>\n                        <\/a>\n        \n\n<\/div>\n\n    <\/div>\n\n\n    <div class=\"swiperbtncf\">\n        <div class=\"swiper-button-prev\">\n            <img loading=\"lazy\" decoding=\"async\" src=\"\/wp-content\/themes\/bwa_starter\/block\/img\/sliderarrowleft.svg\" height=\"60\" width=\"60\"\/>\n        <\/div>\n        <div class=\"swiper-button-next\">\n            <img loading=\"lazy\" decoding=\"async\" src=\"\/wp-content\/themes\/bwa_starter\/block\/img\/sliderarrowright.svg\" height=\"60\" width=\"60\"\/>\n\n        <\/div>\n    <\/div>\n\n    <div class=\"swiper-pagination\"><\/div>\n\n    <\/div>\n\n\n    <\/div>\n    <\/div>\n    <\/div>\n<\/div>\n\n\n<hr class=\"modulborder nm np\"><div class=\"textbildrepeater pb-24 pt-80 no-bg modulclass \" id=\"zentrum\">\n    <div class=\"container\">\n        <div class=\"row\">\n                                                                <div class=\"pb-24   mod_bild  col-md-5 offset-md-1 pos_top\">\n                            <div class=\"bildrepeater \" id=\"\">\n    <div class=\"relativ\"><img decoding=\"async\" class=\"responsiv desktop\" src=\"https:\/\/www.idiv.de\/wp-content\/uploads\/2025\/09\/iDiv-Claim-Hotspot-in-BD-Science.svg\" height=\"\" width=\"\" alt=\"idiv-Hotspot in Biodiversity Science\"\/><img decoding=\"async\" class=\"responsiv mobile\" src=\"https:\/\/www.idiv.de\/wp-content\/uploads\/2025\/09\/iDiv-Claim-Hotspot-in-BD-Science.svg\" height=\"\" width=\"\" alt=\"idiv-Hotspot in Biodiversity Science\"\/><\/div><\/div>\n                            <\/div>\n                                                                    <div class=\"pb-24   mod_textheadlinebtn  col-md-6 offset-md-0 pos_mittig\">\n                            <div class=\"textrepeater \" id=\"\">\n\n\n    <h2 class=\"h2 tleft\" >Deutsches Zentrum f\u00fcr integrative Biodiversit\u00e4tsforschung Halle-Jena-Leipzig \u2013 iDiv<\/h2>\n    <div class=\"contentrepeater\">\n        <p>iDiv ist eine weltweit anerkannte Forschungseinrichtung auf dem Gebiet der Biodiversit\u00e4tswissenschaft.<\/p>\n<p>Unser Schwerpunkt liegt darin, die Vielfalt des Lebens auf der Erde besser zu verstehen. Wir untersuchen, wie sich diese Vielfalt \u00e4ndert und wie diese Ver\u00e4nderungen auf die \u00d6kosysteme und \u00d6kosystemleistungen auswirken.<\/p>\n<p>Wir schaffen die wissenschaftliche Grundlage f\u00fcr ein nachhaltiges Management, den Schutz und die Wiederherstellung der Biodiversit\u00e4t und machen sie so f\u00fcr die Zukunft widerstandsf\u00e4higer.<\/p>\n    <\/div>\n\n\n        <div class=\"btncf-block  tleft\">\n        <a href=\"https:\/\/www.idiv.de\/de\/impact\/\" class=\"mr-24 btncf primary\" target=\"\" type=\"button\">iDivs Wirken                    <\/a>\n    <\/div>\n    <\/div>\n                            <\/div>\n                        <\/div>\n    <\/div>\n<\/div>\n\n<hr class=\"modulborder nm np\"><div class=\"karussell pb-48 pt-48 no-bg modulclass  block\" id=\"initiativen\">\n    <div class=\"container\"><div class=\"row\"><div class=\"col-md-12 relative\"><h2 class=\"h2 tleft mb-64\" >Ausgew\u00e4hlte iDiv-Initiativen<\/h2><\/div><\/div><\/div>\n        <div class=\"container\">\n        <div class=\"row\">\n            <div class=\"col-md-12 \">\n                \n\n                                <div class=\"carouselllist\" id=\"slide_69ef5d444d9f3\">\n                    <div class=\"swiper-wrapper row\">\n                                                                        <div class=\"col-md-6 mb-30\">\n                                <div class=\"swiper-slide  style_bt\" aria-hidden=\"true\">\n                                                                <img class=\"backstretchimg\" role=\"presentation\" datasrc=\"https:\/\/www.idiv.de\/wp-content\/uploads\/2024\/07\/iDiv-sDiv-working-group-4952-VHahn.jpg\" height=\"\" width=\"\" alt=\"People discussing in a meeting room with laptop on the desk (Photo: Dr. Volker Hahn \/ iDiv)\"\/>                                                                <a href=\"https:\/\/www.idiv.de\/de\/forschung\/sdiv-synthesis-centre\/\"\n                                   target=\"\">\n                                    \n                                                                                <div class=\"sliderinhalt imageexist\" role=\"region\" aria-label=\"carousel\">\n                                            \n                                                <h3 class=\"nmb\" >Synthesezentrum sDiv<\/h3><svg xmlns=\"http:\/\/www.w3.org\/2000\/svg\" width=\"32\" height=\"32\" viewBox=\"0 0 32 32\"><circle id=\"Ellipse_15\" data-name=\"Ellipse 15\" cx=\"16\" cy=\"16\" r=\"16\" fill=\"#fff\"\/><path id=\"Icon_feather-chevron-right\" data-name=\"Icon feather-chevron-right\" d=\"M13.5,19.667l5.333-5.333L13.5,9\" transform=\"translate(0.5 1.667)\" fill=\"none\" stroke=\"#4d4d4d\" stroke-linecap=\"round\" stroke-linejoin=\"round\" stroke-width=\"3\"\/><\/svg>                                            <\/div>\n                                                                            <\/a>\n                                                            \n                                <\/div>\n                    <\/div>\n\n                                                            <div class=\"col-md-6 mb-30\">\n                                <div class=\"swiper-slide  style_bt\" aria-hidden=\"true\">\n                                                                <img class=\"backstretchimg\" role=\"presentation\" datasrc=\"https:\/\/www.idiv.de\/wp-content\/uploads\/2024\/06\/iDiv-yDiv.jpg\" height=\"\" width=\"\" alt=\"\"\/>                                                                <a href=\"https:\/\/www.idiv.de\/de\/karriere\/graduiertenschule\/\"\n                                   target=\"\">\n                                    \n                                                                                <div class=\"sliderinhalt imageexist\" role=\"region\" aria-label=\"carousel\">\n                                            \n                                                <h3 class=\"nmb\" >Graduiertenschule<\/h3><svg xmlns=\"http:\/\/www.w3.org\/2000\/svg\" width=\"32\" height=\"32\" viewBox=\"0 0 32 32\"><circle id=\"Ellipse_15\" data-name=\"Ellipse 15\" cx=\"16\" cy=\"16\" r=\"16\" fill=\"#fff\"\/><path id=\"Icon_feather-chevron-right\" data-name=\"Icon feather-chevron-right\" d=\"M13.5,19.667l5.333-5.333L13.5,9\" transform=\"translate(0.5 1.667)\" fill=\"none\" stroke=\"#4d4d4d\" stroke-linecap=\"round\" stroke-linejoin=\"round\" stroke-width=\"3\"\/><\/svg>                                            <\/div>\n                                                                            <\/a>\n                                                            \n                                <\/div>\n                    <\/div>\n\n                    <\/div>\n    <\/div>\n    \n\n    <\/div>\n    <\/div>\n    <\/div>\n<\/div>\n","protected":false},"excerpt":{"rendered":"","protected":false},"author":3,"featured_media":0,"parent":0,"menu_order":0,"comment_status":"closed","ping_status":"closed","template":"","meta":{"_acf_changed":false,"advgb_blocks_editor_width":"","advgb_blocks_columns_visual_guide":"","footnotes":"","_links_to":"","_links_to_target":""},"class_list":["post-880","page","type-page","status-publish","hentry"],"acf":{"search_thumb":"","search_kurzbeschreibung":"","breadcrumb":true},"yoast_head":"<!-- This site is optimized with the Yoast SEO plugin v27.4 - https:\/\/yoast.com\/product\/yoast-seo-wordpress\/ -->\n<title>Home | iDiv<\/title>\n<meta name=\"robots\" content=\"index, follow, max-snippet:-1, max-image-preview:large, max-video-preview:-1\" \/>\n<link rel=\"canonical\" href=\"https:\/\/www.idiv.de\/de\/\" \/>\n<meta property=\"og:locale\" content=\"de_DE\" \/>\n<meta property=\"og:type\" content=\"article\" \/>\n<meta property=\"og:title\" content=\"Home | iDiv\" \/>\n<meta property=\"og:url\" content=\"https:\/\/www.idiv.de\/de\/\" \/>\n<meta property=\"og:site_name\" content=\"iDiv\" \/>\n<meta property=\"article:modified_time\" content=\"2026-04-24T08:07:16+00:00\" \/>\n<meta property=\"og:image\" content=\"https:\/\/www.idiv.de\/wp-content\/uploads\/2024\/11\/iDiv-New-Funding-2024-SB-1024x768.jpg\" \/>\n<meta name=\"twitter:card\" content=\"summary_large_image\" \/>\n<meta name=\"twitter:image\" content=\"https:\/\/www.idiv.de\/wp-content\/uploads\/2024\/11\/iDiv-New-Funding-2024-SB-1024x768.jpg\" \/>\n<meta name=\"twitter:site\" content=\"@idiv\" \/>\n<script type=\"application\/ld+json\" class=\"yoast-schema-graph\">{\"@context\":\"https:\\\/\\\/schema.org\",\"@graph\":[{\"@type\":\"WebPage\",\"@id\":\"https:\\\/\\\/www.idiv.de\\\/de\\\/\",\"url\":\"https:\\\/\\\/www.idiv.de\\\/de\\\/\",\"name\":\"Home | iDiv\",\"isPartOf\":{\"@id\":\"https:\\\/\\\/www.idiv.de\\\/de\\\/#website\"},\"datePublished\":\"2025-01-13T08:17:11+00:00\",\"dateModified\":\"2026-04-24T08:07:16+00:00\",\"breadcrumb\":{\"@id\":\"https:\\\/\\\/www.idiv.de\\\/de\\\/#breadcrumb\"},\"inLanguage\":\"de\",\"potentialAction\":[{\"@type\":\"ReadAction\",\"target\":[\"https:\\\/\\\/www.idiv.de\\\/de\\\/\"]}]},{\"@type\":\"BreadcrumbList\",\"@id\":\"https:\\\/\\\/www.idiv.de\\\/de\\\/#breadcrumb\",\"itemListElement\":[{\"@type\":\"ListItem\",\"position\":1,\"name\":\"Startseite\",\"item\":\"https:\\\/\\\/www.idiv.de\\\/de\\\/\"},{\"@type\":\"ListItem\",\"position\":2,\"name\":\"Home\"}]},{\"@type\":\"WebSite\",\"@id\":\"https:\\\/\\\/www.idiv.de\\\/de\\\/#website\",\"url\":\"https:\\\/\\\/www.idiv.de\\\/de\\\/\",\"name\":\"iDiv\",\"description\":\"Hotspot in Biodiversity Research\",\"publisher\":{\"@id\":\"https:\\\/\\\/www.idiv.de\\\/de\\\/#organization\"},\"potentialAction\":[{\"@type\":\"SearchAction\",\"target\":{\"@type\":\"EntryPoint\",\"urlTemplate\":\"https:\\\/\\\/www.idiv.de\\\/de\\\/?s={search_term_string}\"},\"query-input\":{\"@type\":\"PropertyValueSpecification\",\"valueRequired\":true,\"valueName\":\"search_term_string\"}}],\"inLanguage\":\"de\"},{\"@type\":\"Organization\",\"@id\":\"https:\\\/\\\/www.idiv.de\\\/de\\\/#organization\",\"name\":\"idiv\",\"url\":\"https:\\\/\\\/www.idiv.de\\\/de\\\/\",\"logo\":{\"@type\":\"ImageObject\",\"inLanguage\":\"de\",\"@id\":\"https:\\\/\\\/www.idiv.de\\\/de\\\/#\\\/schema\\\/logo\\\/image\\\/\",\"url\":\"https:\\\/\\\/www.idiv.de\\\/wp-content\\\/uploads\\\/2024\\\/08\\\/iDiv_Logo_long_v1_EN_black_4c.jpg\",\"contentUrl\":\"https:\\\/\\\/www.idiv.de\\\/wp-content\\\/uploads\\\/2024\\\/08\\\/iDiv_Logo_long_v1_EN_black_4c.jpg\",\"width\":2448,\"height\":674,\"caption\":\"idiv\"},\"image\":{\"@id\":\"https:\\\/\\\/www.idiv.de\\\/de\\\/#\\\/schema\\\/logo\\\/image\\\/\"},\"sameAs\":[\"https:\\\/\\\/x.com\\\/idiv\",\"https:\\\/\\\/www.linkedin.com\\\/company\\\/idiv-biodiversity\\\/\",\"https:\\\/\\\/www.youtube.com\\\/idiv-research\"]}]}<\/script>\n<!-- \/ Yoast SEO plugin. -->","yoast_head_json":{"title":"Home | iDiv","robots":{"index":"index","follow":"follow","max-snippet":"max-snippet:-1","max-image-preview":"max-image-preview:large","max-video-preview":"max-video-preview:-1"},"canonical":"https:\/\/www.idiv.de\/de\/","og_locale":"de_DE","og_type":"article","og_title":"Home | iDiv","og_url":"https:\/\/www.idiv.de\/de\/","og_site_name":"iDiv","article_modified_time":"2026-04-24T08:07:16+00:00","og_image":[{"url":"https:\/\/www.idiv.de\/wp-content\/uploads\/2024\/11\/iDiv-New-Funding-2024-SB-1024x768.jpg","type":"","width":"","height":""}],"twitter_card":"summary_large_image","twitter_image":"https:\/\/www.idiv.de\/wp-content\/uploads\/2024\/11\/iDiv-New-Funding-2024-SB-1024x768.jpg","twitter_site":"@idiv","schema":{"@context":"https:\/\/schema.org","@graph":[{"@type":"WebPage","@id":"https:\/\/www.idiv.de\/de\/","url":"https:\/\/www.idiv.de\/de\/","name":"Home | iDiv","isPartOf":{"@id":"https:\/\/www.idiv.de\/de\/#website"},"datePublished":"2025-01-13T08:17:11+00:00","dateModified":"2026-04-24T08:07:16+00:00","breadcrumb":{"@id":"https:\/\/www.idiv.de\/de\/#breadcrumb"},"inLanguage":"de","potentialAction":[{"@type":"ReadAction","target":["https:\/\/www.idiv.de\/de\/"]}]},{"@type":"BreadcrumbList","@id":"https:\/\/www.idiv.de\/de\/#breadcrumb","itemListElement":[{"@type":"ListItem","position":1,"name":"Startseite","item":"https:\/\/www.idiv.de\/de\/"},{"@type":"ListItem","position":2,"name":"Home"}]},{"@type":"WebSite","@id":"https:\/\/www.idiv.de\/de\/#website","url":"https:\/\/www.idiv.de\/de\/","name":"iDiv","description":"Hotspot in Biodiversity Research","publisher":{"@id":"https:\/\/www.idiv.de\/de\/#organization"},"potentialAction":[{"@type":"SearchAction","target":{"@type":"EntryPoint","urlTemplate":"https:\/\/www.idiv.de\/de\/?s={search_term_string}"},"query-input":{"@type":"PropertyValueSpecification","valueRequired":true,"valueName":"search_term_string"}}],"inLanguage":"de"},{"@type":"Organization","@id":"https:\/\/www.idiv.de\/de\/#organization","name":"idiv","url":"https:\/\/www.idiv.de\/de\/","logo":{"@type":"ImageObject","inLanguage":"de","@id":"https:\/\/www.idiv.de\/de\/#\/schema\/logo\/image\/","url":"https:\/\/www.idiv.de\/wp-content\/uploads\/2024\/08\/iDiv_Logo_long_v1_EN_black_4c.jpg","contentUrl":"https:\/\/www.idiv.de\/wp-content\/uploads\/2024\/08\/iDiv_Logo_long_v1_EN_black_4c.jpg","width":2448,"height":674,"caption":"idiv"},"image":{"@id":"https:\/\/www.idiv.de\/de\/#\/schema\/logo\/image\/"},"sameAs":["https:\/\/x.com\/idiv","https:\/\/www.linkedin.com\/company\/idiv-biodiversity\/","https:\/\/www.youtube.com\/idiv-research"]}]}},"coauthors":[],"author_meta":{"author_link":"https:\/\/www.idiv.de\/de\/author\/stefan\/","display_name":"Stefan Bernhardt"},"relative_dates":{"created":"Ver\u00f6ffentlicht 1\u00a0Jahr vor","modified":"Aktualisiert 3\u00a0Tagen vor"},"absolute_dates":{"created":"Ver\u00f6ffentlicht am 13. Januar 2025","modified":"Aktualisiert am 24. April 2026"},"absolute_dates_time":{"created":"Ver\u00f6ffentlicht am 13. Januar 2025 9:17","modified":"Aktualisiert am 24. April 2026 9:07"},"featured_img_caption":"","featured_img":false,"series_order":"","_links":{"self":[{"href":"https:\/\/www.idiv.de\/de\/wp-json\/wp\/v2\/pages\/880","targetHints":{"allow":["GET"]}}],"collection":[{"href":"https:\/\/www.idiv.de\/de\/wp-json\/wp\/v2\/pages"}],"about":[{"href":"https:\/\/www.idiv.de\/de\/wp-json\/wp\/v2\/types\/page"}],"author":[{"embeddable":true,"href":"https:\/\/www.idiv.de\/de\/wp-json\/wp\/v2\/users\/3"}],"replies":[{"embeddable":true,"href":"https:\/\/www.idiv.de\/de\/wp-json\/wp\/v2\/comments?post=880"}],"version-history":[{"count":285,"href":"https:\/\/www.idiv.de\/de\/wp-json\/wp\/v2\/pages\/880\/revisions"}],"predecessor-version":[{"id":41905,"href":"https:\/\/www.idiv.de\/de\/wp-json\/wp\/v2\/pages\/880\/revisions\/41905"}],"wp:attachment":[{"href":"https:\/\/www.idiv.de\/de\/wp-json\/wp\/v2\/media?parent=880"}],"curies":[{"name":"wp","href":"https:\/\/api.w.org\/{rel}","templated":true}]}}