{"id":37800,"date":"2024-07-04T10:05:34","date_gmt":"2024-07-04T09:05:34","guid":{"rendered":"https:\/\/www.idiv.de\/imodules\/"},"modified":"2026-04-02T12:28:07","modified_gmt":"2026-04-02T11:28:07","slug":"imodules","status":"publish","type":"page","link":"https:\/\/www.idiv.de\/de\/imodules\/","title":{"rendered":"iModules"},"content":{"rendered":"<div class=\"herosection pb-24 pt-0 no-bg modulclass \" id=\"\">\n                    <div class=\"swiper1noslider  nooverflow swiper thinslider\" id=\"slide_69f547e99a7aa\">\n        \n                <div class=\"swiper-wrapper\">\n                                            <div class=\"swiper-slide  style_ \" aria-hidden=\"true\" >\n                            <div class=\"backstretchwrap\">\n                        \n                            <div datasrc=\"https:\/\/www.idiv.de\/wp-content\/uploads\/2026\/03\/iModules-March-2026-4741-SBernhardt-iDiv.jpg\" class=\"backstretchimg responsiv desktop\"><\/div>\n\n                            <a href=\"#\" class=\"cr\"><svg  xmlns=\"http:\/\/www.w3.org\/2000\/svg\" width=\"22\" height=\"22\" viewBox=\"0 0 22 22\">\n                                    <rect id=\"BG\" width=\"22\" height=\"22\" rx=\"11\" fill=\"#fff\"\/>\n                                    <g id=\"Wrapper\" transform=\"translate(-1 -1)\">\n                                        <g id=\"Icon_material-copyright\" data-name=\"Icon material-copyright\">\n                                            <circle id=\"Ellipse_30\" data-name=\"Ellipse 30\" cx=\"8\" cy=\"8\" r=\"8\" transform=\"translate(4 4)\" fill=\"#fff\"\/>\n                                            <path id=\"Icon_material-copyright-2\" data-name=\"Icon material-copyright\" d=\"M9.464,10.088a2.045,2.045,0,0,1,.24-.7,1.4,1.4,0,0,1,.472-.5,1.42,1.42,0,0,1,.728-.184,1.45,1.45,0,0,1,.5.1,1.29,1.29,0,0,1,.416.288,1.54,1.54,0,0,1,.272.424,1.4,1.4,0,0,1,.112.512H13.64a2.864,2.864,0,0,0-.224-1.032,2.4,2.4,0,0,0-.56-.808,2.613,2.613,0,0,0-.864-.528,3.09,3.09,0,0,0-1.112-.184,3.127,3.127,0,0,0-1.36.272,2.751,2.751,0,0,0-.96.736,3.007,3.007,0,0,0-.568,1.088A4.685,4.685,0,0,0,7.8,10.9v.216a4.684,4.684,0,0,0,.184,1.312,2.908,2.908,0,0,0,.568,1.08,2.731,2.731,0,0,0,.96.728,3.246,3.246,0,0,0,1.36.272,3.051,3.051,0,0,0,1.056-.184,2.729,2.729,0,0,0,.864-.5,2.442,2.442,0,0,0,.592-.752,2.153,2.153,0,0,0,.24-.92H12.192a1.139,1.139,0,0,1-.12.464,1.177,1.177,0,0,1-.288.368,1.26,1.26,0,0,1-.416.24,1.589,1.589,0,0,1-.48.08,1.359,1.359,0,0,1-.712-.184,1.4,1.4,0,0,1-.472-.5,2.09,2.09,0,0,1-.24-.7,5.392,5.392,0,0,1-.064-.8V10.9a5.33,5.33,0,0,1,.064-.808ZM11,3a8,8,0,1,0,8,8A8,8,0,0,0,11,3Zm0,14.4A6.4,6.4,0,1,1,17.4,11,6.408,6.408,0,0,1,11,17.4Z\" transform=\"translate(1 1)\" fill=\"#4d4d4d\"\/>\n                                        <\/g>\n                                    <\/g>\n                                <\/svg>\n                                <span>Photo: Stefan Bernhardt\/iDiv<\/span><\/a>                        \n                                                    <\/div>\n                                        <div class=\"sliderinhalt \" role=\"region\" aria-label=\"carousel\">\n\n                                            <h1 class=\"h1 tcenter\" >iModules<\/h1>\n                                                                                                            <\/div>\n                                            <\/div>\n\n                        \n                 <\/div>\n\n                              <\/div>\n<\/div>\n\n\n<div class=\"sprungnav pb-24 pt-0  \" id=\"\">\n    <div class=\"container\">\n        <div class=\"row \">\n           <div class=\"col-md-12 nml npl nmr npr bordert borderb \">\n                   <div class=\"wrapper\">\n                       <p>\n                                                  <\/p>\n                                                      <a href=\"#about\" class=\"p jump\">Generelle Informationen<\/a>\n                                                          <a href=\"#winter\" class=\"p jump\">Wintersemester<\/a>\n                                                          <a href=\"#sommer\" class=\"p jump\">Sommersemester<\/a>\n                                                          <a href=\"#plan\" class=\"p jump\">Geplante iModules<\/a>\n                                              <\/div>\n           <\/div>\n        <\/div>\n    <\/div>\n<\/div>\n\n<div class=\"textbildrepeater pb-24 pt-0 no-bg modulclass \" id=\"about\">\n    <div class=\"container\">\n        <div class=\"row\">\n                                                                <div class=\"pb-24   mod_text  col-md-12 offset-md-0 pos_top\">\n                            <div class=\"textrepeater \" id=\"\">\n    <h2 style=\"text-align: center;\">Integrative Module f\u00fcr drei Masterstudieng\u00e4nge<\/h2>\n<\/div>\n                            <\/div>\n                                                                    <div class=\"pb-48   mod_textheadlinebtn  col-md-8 offset-md-2 pos_top\">\n                            <div class=\"textrepeater \" id=\"\">\n\n\n    \n    <div class=\"contentrepeater\">\n        <p style=\"text-align: left;\">Die iModule sind neue, interdisziplin\u00e4re Modulangebote in den folgenden Masterstudieng\u00e4ngen:<\/p>\n<ul style=\"text-align: left;\">\n<li>Biodiversity Sciences an der Martin Luther Universit\u00e4t Halle-Wittenberg<\/li>\n<li>Evolution, Ecology and Systematics an der Friedrich Schiller Universit\u00e4t Jena<\/li>\n<li>Biodiversity, Ecology and Evolution an der Universit\u00e4t Leipzig<\/li>\n<\/ul>\n<p style=\"text-align: left;\">Die iModule werden gemeinsam von iDiv-Wissenschaftler:innen der drei Universit\u00e4ten konzipiert und gelehrt, um interdisziplin\u00e4re Perspektiven und eine Einbindung von verschiedenen iDiv Arbeitsgruppen zu erm\u00f6glichen.<\/p>\n<p>Die Lehrveranstaltungen finden abwechselnd im iDiv-Kernzentrum in Leipzig sowie an der MLU und der Uni Jena statt. Studierende, die anreisen m\u00fcssen, k\u00f6nnen bei iDiv einen Antrag auf finanzielle Unterst\u00fctzung f\u00fcr ihre Unterkunftskosten stellen (30 EUR pro Nacht).<\/p>\n<p style=\"text-align: left;\">F\u00fcr Fragen zu den iModulen k\u00f6nnen Sie sich an <a href=\"https:\/\/www.idiv.de\/de\/staff\/nicole-sachmerda-schulz\/\">Dr. Nicole Sachmerda-Schulz<\/a>, Leiterin Education Unit, wenden.<\/p>\n    <\/div>\n\n\n    <\/div>\n                            <\/div>\n                                                                    <div class=\"pb-48   mod_text  col-md-8 offset-md-2 pos_top\">\n                            <div class=\"textrepeater \" id=\"\">\n    <h4><strong>Zeiten und Orte<\/strong><\/h4>\n<ul>\n<li>Die Module werden als zweiw\u00f6chige Blockseminare in der vorlesungsfreien Zeit im M\u00e4rz und September gehalten.<\/li>\n<li>Die Lehrorte wechseln zwischen dem iDiv Core Center und den R\u00e4umlichkeiten der teilnehmenden Universit\u00e4ten Martin-Luther-Universit\u00e4t Halle-Wittenberg und Friedrich-Schiller-Universit\u00e4t Jena.<\/li>\n<\/ul>\n<\/div>\n                            <\/div>\n                        <\/div>\n    <\/div>\n<\/div>\n\n<hr class=\"modulborder nm np\"><div class=\"textbildrepeater pb-24 pt-48 bg-lightgrey \" id=\"winter\">\n    <div class=\"container\">\n        <div class=\"row\">\n                                                                <div class=\"pb-24   mod_text  col-md-12 offset-md-0 pos_top\">\n                            <div class=\"textrepeater \" id=\"\">\n    <h2 style=\"text-align: center;\"><strong>Wintersemester<\/strong><\/h2>\n<\/div>\n                            <\/div>\n                                                                    <div class=\"pb-24   mod_textheadlinebtn  col-md-8 offset-md-2 pos_top\">\n                            <div class=\"textrepeater \" id=\"\">\n\n\n    <h3 class=\"h3 tleft\" >Biodiversit\u00e4t und Gesellschaft<\/h3>\n    <div class=\"contentrepeater\">\n        <p>Das Modul stellt die verschiedenen Beitr\u00e4ge der Biodiversit\u00e4t zur Gesellschaft und zum menschlichen Wohlbefinden, die politischen und rechtlichen Rahmenbedingungen f\u00fcr den Schutz der Biodiversit\u00e4t auf lokaler, nationaler, europ\u00e4ischer und globaler Ebene sowie Standards f\u00fcr die Nachhaltigkeitsberichterstattung von Unternehmen vor. Es bietet einen \u00dcberblick \u00fcber verschiedene Ans\u00e4tze zum Schutz der Biodiversit\u00e4t (Schutzgebiete, angepasstes Management, Wiederherstellung), die Herausforderungen, denen diese Ans\u00e4tze im Zuge des globalen Wandels gegen\u00fcberstehen, sowie die Zielkonflikte zwischen dem Schutz der Biodiversit\u00e4t und anderen gesellschaftlichen Zielen, wie beispielsweise dem wirtschaftlichen Nutzen. Das Modul behandelt auch Methoden zur wirtschaftlichen Bewertung der Biodiversit\u00e4t.<\/p>\n<p>Hintergrundwissen zu den Themen wird in Vorlesungen vermittelt, in \u00dcbungen werden aktuelle Probleme und Themen von Biodiversit\u00e4tmanagement erkundet und diskutiert. Im praktischen Teil des Moduls werden spezifische Fragen in Gruppen bearbeitet.<\/p>\n<p><strong>Lehrende:<\/strong> Dr. Alke Voskamp (Modulkoordinatorin, Uni Jena), Prof. Susanne Fritz (Uni Jena), Dr. Nestor Fernandez (MLU), Dr. Nadja R\u00fcger (UL), Dr. Marten Winter (UL)<\/p>\n<h4>Lernziele:<\/h4>\n<ul>\n<li>Verst\u00e4ndnis der Beitr\u00e4ge der biologischen Vielfalt f\u00fcr die Gesellschaft, rechtliche Rahmenbedingungen f\u00fcr ihren Schutz und die Berichterstattung dar\u00fcber, Ans\u00e4tze und aktuelle Herausforderungen ihres Schutzes sowie Zielkonflikte zwischen ihrem Schutz und anderen gesellschaftlichen Zielen.<\/li>\n<li>Die Studierenden entwickeln eine kritische Sichtweise auf die Rolle der Biodiversit\u00e4t f\u00fcr die Gesellschaft und auf Ans\u00e4tze zum Schutz der Biodiversit\u00e4t, verstehen gesellschaftliche Priorisierungsprozesse und entwickeln eine Vision f\u00fcr m\u00f6gliche Zukunftsszenarien zum Schutz der Biodiversit\u00e4t.<\/li>\n<\/ul>\n<p>Regelm\u00e4\u00dfige Teilnahme an den \u00dcbungen ist verpflichtend, um das Modul erfolgreich abzuschlie\u00dfen. Weitere Details folgen nach Beginn der Lehrphase.<\/p>\n<h4>Zeit und Ort:<\/h4>\n<ul>\n<li>M\u00e4rz 2027 (Daten werden zeitnah bekannt gegeben)<\/li>\n<li>tba<\/li>\n<\/ul>\n<p>Studierende, die nach Leipzig pendeln, k\u00f6nnen sich f\u00fcr eine finanzielle Unterst\u00fctzung f\u00fcr \u00dcbernachtungskosten an iDiv wenden.<\/p>\n    <\/div>\n\n\n    <\/div>\n                            <\/div>\n                        <\/div>\n    <\/div>\n<\/div>\n\n<hr class=\"modulborder nm np\"><div class=\"textbildrepeater pb-24 pt-48 no-bg modulclass \" id=\"sommer\">\n    <div class=\"container\">\n        <div class=\"row\">\n                                                                <div class=\"pb-24   mod_text  col-md-12 offset-md-0 pos_top\">\n                            <div class=\"textrepeater \" id=\"\">\n    <h2 style=\"text-align: center;\"><strong>Sommersemester<\/strong><\/h2>\n<\/div>\n                            <\/div>\n                                                                    <div class=\"pb-24   mod_textheadlinebtn  col-md-8 offset-md-2 pos_top\">\n                            <div class=\"textrepeater \" id=\"\">\n\n\n    <h3 class=\"h3 tleft\" >Biodiversit\u00e4ts Metastudien<\/h3>\n    <div class=\"contentrepeater\">\n        <p>Das Modul vermittelt die Methoden und Ans\u00e4tze von Metastudien. In der Vorlesung werden ausgew\u00e4hlte Metastudien der Biodiversit\u00e4tsforschung und die eingesetzten statistischen Methoden vorgestellt. In der \u00dcbung werden publizierte Daten zu einem Thema erfasst, in Datenbanken organisiert und mit den vorgestellten Methoden statistisch ausgewertet. Anschlie\u00dfend werden die Ergebnisse der eigenen Metastudie von den Studierenden pr\u00e4sentiert und ihr Bezug zu theoretischen Konzepten der Biodiversit\u00e4tsforschung diskutiert.<\/p>\n<p><strong>Lehrende:<\/strong> Prof Ulrich Brose (Uni Jena), Myriam Hirt (Uni Jena), Prof Nico Eisenhauer (UL), Dr Yuanyuan Huang (UL)<\/p>\n<p><strong>Credits (ECTS):<\/strong> 5 LP; Schriftliche Ausarbeitung zur \u00dcbung (100%). Studierende der Universit\u00e4t Leipzig k\u00f6nnen 10 LP erwerben, wenn sie zus\u00e4tzlich das Modul &#8222;EIE Paper Club&#8220; besuchen (2 SWS). Um alle Credit Points anrechnen zu k\u00f6nnen, m\u00fcssen alle schriftlichen Arbeiten vollst\u00e4ndig eingereicht und alle Pr\u00fcfungen bestanden werden.<\/p>\n<p><strong>Lehrziele:<\/strong><\/p>\n<p>Verst\u00e4ndnis der Konzepte und M\u00f6glichkeiten von Metastudien, Erfassung von publizierten Daten und Organisation in Datenbanken, statistische Methoden f\u00fcr Metastudien, Bericht von Methoden und Ergebnissen in Metastudien.<\/p>\n<p>Zur Erreichung der Studienziele des Moduls ist eine regelm\u00e4\u00dfige Teilnahme an der \u00dcbung n\u00f6tig. N\u00e4here Einzelheiten teilen die jeweiligen Lehrkr\u00e4fte zu Beginn dieser Lehrveranstaltungen mit<\/p>\n<p><strong>Zeit und Ort:<\/strong><\/p>\n<ul>\n<li>14. &#8211; 23. September 2026<\/li>\n<li>German Centre for integrative Biodiversity Research (iDiv), Puschstra\u00dfe 4, 04103 Leipzig<\/li>\n<\/ul>\n<p>Studierende, die nach Leipzig pendeln, k\u00f6nnen sich f\u00fcr eine finanzielle Unterst\u00fctzung f\u00fcr \u00dcbernachtungskosten an iDiv wenden.<\/p>\n<p><strong>Anmeldung:<\/strong><\/p>\n<p>Die Anmeldung ist geschlossen. Wenn Sie am Modul teilnehmen m\u00f6chten, wenden Sie sich bitte an <a href=\"https:\/\/www.idiv.de\/de\/staff\/nicole-sachmerda-schulz\/\" target=\"_blank\" aria-label=\"open in new tab\" rel=\"noopener\">Dr. Nicole Sachmerda-Schulz<\/a>.<\/p>\n<p>&nbsp;<\/p>\n    <\/div>\n\n\n    <\/div>\n                            <\/div>\n                                                                    <div class=\"pb-24   mod_textheadlinebtn  col-md-8 offset-md-2 pos_top\">\n                            <div class=\"textrepeater \" id=\"\">\n\n\n    <h3 class=\"h3 tleft\" >Bewegungs\u00f6kologie von Tieren<\/h3>\n    <div class=\"contentrepeater\">\n        <p>Das Modul behandelt die \u00d6kologie der Tierbewegung und deren Bedeutung f\u00fcr Biodiversit\u00e4tsmuster und die Naturschutzplanung. Behandelt werden verschiedene Formen der Tierbewegung, darunter Nahrungssuche, Ausbreitung und Migration, sowie deren \u00f6kologische Implikationen. Dar\u00fcber hinaus vermittelt das Modul einen \u00dcberblick \u00fcber Methoden zur Erfassung von Tierbewegungen sowie deren jeweilige Vorteile und Grenzen. Theoretische Grundlagen der Bewegungs\u00f6kologie, mechanistische Vorhersagen von Bewegungsmustern und die Integration von Bewegungsdaten in \u00f6kologische Modelle sind weitere zentrale Inhalte. Ein weiterer Themenblock widmet sich den Auswirkungen globaler Umweltver\u00e4nderungen auf Tierbewegungen. Dabei werden insbesondere die Effekte von Klimawandel, Lichtverschmutzung und Habitatfragmentierung auf Bewegungsmuster sowie deren \u00f6kologische Konsequenzen behandelt. Abschlie\u00dfend behandelt das Modul die Anwendung von Bewegungsdaten im Naturschutz, insbesondere Konnektivit\u00e4tsanalysen und die Entwicklung von Naturschutzkonzepten unter expliziter Ber\u00fccksichtigung von Tierbewegungen.<\/p>\n<p><strong>Lehrende:<\/strong> Dr Myriam Hirt (Uni Jena), Dr Emilio Berti (Uni Jena), Dr Andr\u00e9s Camilo Marmol Guijarro (MLU)<\/p>\n<p><strong>Credits (ECTS):<\/strong> 5 LP; Schriftliche Ausarbeitung zur \u00dcbung (100%)<\/p>\n<p><strong>Lehrziele:\u00a0<\/strong><\/p>\n<p>Nach erfolgreichem Abschluss des Moduls sind die Studierenden in der Lage, verschiedene Formen der Tierbewegung sowie deren \u00f6kologische Bedeutung zu erkl\u00e4ren und einzuordnen, g\u00e4ngige Methoden der Bewegungserfassung kritisch zu bewerten und situationsgerecht anzuwenden, theoretische Konzepte und Modelle der Bewegungs\u00f6kologie zu verstehen und Bewegungsdaten in \u00f6kologische Modelle zu integrieren, sowie Bewegungsdaten f\u00fcr Konnektivit\u00e4tsanalysen zu nutzen.<\/p>\n<p>&nbsp;<\/p>\n<p><strong>Zeit und Ort:<\/strong><\/p>\n<ul>\n<li>14. &#8211; 23. September 2026<\/li>\n<li>German Centre for integrative Biodiversity Research (iDiv), Puschstra\u00dfe 4, 04103 Leipzig<\/li>\n<\/ul>\n<p>Studierende, die nach Leipzig pendeln, k\u00f6nnen sich f\u00fcr eine finanzielle Unterst\u00fctzung f\u00fcr \u00dcbernachtungskosten an iDiv wenden.<\/p>\n<p><strong>Weitere Informationen:<\/strong><\/p>\n<p>Das Modul ist f\u00fcr das dritte Fachsemester vorgesehen.<\/p>\n<p><strong>Anmeldung:\u00a0<\/strong><\/p>\n<p>Die Anmeldung ist geschlossen. Wenn Sie am Modul teilnehmen m\u00f6chten, wenden Sie sich bitte an <a href=\"https:\/\/www.idiv.de\/de\/staff\/nicole-sachmerda-schulz\/\" target=\"_blank\" aria-label=\"open in new tab\" rel=\"noopener\">Dr. Nicole Sachmerda-Schulz<\/a>.<\/p>\n<p>&nbsp;<\/p>\n<p>&nbsp;<\/p>\n    <\/div>\n\n\n    <\/div>\n                            <\/div>\n                        <\/div>\n    <\/div>\n<\/div>\n\n\n\n<hr class=\"modulborder nm np\">\n<div class=\"faq pb-80 pt-48 bg-lightgrey  block\" id=\"plan\">\n    <div class=\"container\"><div class=\"row\"><div class=\"col-md-12 relative\"><h2 class=\"h2 tleft mb-64\" >Weitere geplante Module<\/h2><\/div><\/div><\/div>\n        <div class=\"container\">\n        <div class=\"row\">\n                        <div class=\"col-md-8 offset-md-2 npl nmr npr\">\n\n                                <div class=\"accordeon\">\n                                                    <div class=\"accordeonitem\">\n                                    <div class=\"accordionHeadline h3 pb-24 mt-0  \">\n                                        \u201cBiodiversity and the Anthropocene\u201d                                        <svg xmlns=\"http:\/\/www.w3.org\/2000\/svg\" width=\"20.243\" height=\"11.621\" viewBox=\"0 0 20.243 11.621\">\n                                            <path id=\"Icon_feather-chevron-right\" data-name=\"Icon feather-chevron-right\" d=\"M0,16,8,8,0,0\" transform=\"translate(18.121 2.121) rotate(90)\" fill=\"none\" stroke=\"#4d4d4d\" stroke-linecap=\"round\" stroke-linejoin=\"round\" stroke-width=\"3\"\/>\n                                        <\/svg>\n                                    <\/div>\n                                    <div class=\"accordionContent\" style=\"display: none\">\n                                        <p>Dieser Kurs besch\u00e4ftigt sich damit, wie sich Biodiversit\u00e4t im Anthropoz\u00e4n ver\u00e4ndert und welche Folgen dies f\u00fcr die Funktionsweise und Stabilit\u00e4t von \u00d6kosystemen hat. Die Studierenden befassen sich mit der Erfassung von Biodiversit\u00e4tsaspekten, mit neuen globalen Trends und damit, wie wichtige Einflussfaktoren \u2013 Land- und Meeresnutzung, Ausbeutung, invasive Arten und Klimawandel \u2013 diese Muster pr\u00e4gen. Wichtige Instrumente wie die Rote Liste der IUCN und Programme zur \u00dcberwachung der Biodiversit\u00e4t auf globaler, europ\u00e4ischer und nationaler Ebene werden vorgestellt. Die Vorlesungen bieten einen \u00dcberblick \u00fcber den Wandel der Biodiversit\u00e4t und aktuelle Strategien, um dem Verlust der Biodiversit\u00e4t entgegenzuwirken. Praktische \u00dcbungen konzentrieren sich auf die Modellierung von Biodiversit\u00e4tstrends und die Analyse von Zeitreihendaten zur Interpretation und Vorhersage der Biodiversit\u00e4tsdynamik.<\/p>\n\n                                    <\/div>\n                                <\/div>\n                                                    <div class=\"accordeonitem\">\n                                    <div class=\"accordionHeadline h3 pb-24 mt-0  \">\n                                        \u201cEcological Renaissance: Rewilding and Ecosystem Restoration\u201d                                        <svg xmlns=\"http:\/\/www.w3.org\/2000\/svg\" width=\"20.243\" height=\"11.621\" viewBox=\"0 0 20.243 11.621\">\n                                            <path id=\"Icon_feather-chevron-right\" data-name=\"Icon feather-chevron-right\" d=\"M0,16,8,8,0,0\" transform=\"translate(18.121 2.121) rotate(90)\" fill=\"none\" stroke=\"#4d4d4d\" stroke-linecap=\"round\" stroke-linejoin=\"round\" stroke-width=\"3\"\/>\n                                        <\/svg>\n                                    <\/div>\n                                    <div class=\"accordionContent\" style=\"display: none\">\n                                        <p>Die Wiederherstellung von \u00d6kosystemen und die Renaturierung sind entscheidende Strategien zum Schutz der biologischen Vielfalt und der \u00d6kosystemleistungen. Dieser Kurs befasst sich mit der Wissenschaft und Praxis der Renaturierung. Er stellt verschiedene Ans\u00e4tze zur Wiederherstellung von \u00d6kosystemen vor, die auf der \u00f6kologischen Theorie komplexer \u00d6kosysteme und auf prozessorientierten Ans\u00e4tzen zur Wiederherstellung der biologischen Vielfalt aufbauen. Der Kurs untersucht die Wissenschaft der Renaturierung aus der Perspektive \u00f6kologischer, wirtschaftlicher und gesellschaftlicher Werte und vertieft naturbasierte L\u00f6sungen f\u00fcr Umweltprobleme wie \u00d6kosystemdegradierung und Klimawandel. Der Kurs beinhaltet weiterhin eine Exkursion in eine Renaturierungsregion und Vortr\u00e4ge von Expert:innen.<\/p>\n\n                                    <\/div>\n                                <\/div>\n                                                    <div class=\"accordeonitem\">\n                                    <div class=\"accordionHeadline h3 pb-24 mt-0  \">\n                                        &#8222;Ecological-Economic Modelling&#8220;                                        <svg xmlns=\"http:\/\/www.w3.org\/2000\/svg\" width=\"20.243\" height=\"11.621\" viewBox=\"0 0 20.243 11.621\">\n                                            <path id=\"Icon_feather-chevron-right\" data-name=\"Icon feather-chevron-right\" d=\"M0,16,8,8,0,0\" transform=\"translate(18.121 2.121) rotate(90)\" fill=\"none\" stroke=\"#4d4d4d\" stroke-linecap=\"round\" stroke-linejoin=\"round\" stroke-width=\"3\"\/>\n                                        <\/svg>\n                                    <\/div>\n                                    <div class=\"accordionContent\" style=\"display: none\">\n                                        <p>Das Modul vermittelt die wirtschaftlichen Grundlagen f\u00fcr die Nutzung von Biodiversit\u00e4t und nat\u00fcrlichen Gemeing\u00fctern sowie die \u00f6kologischen Prozesse in strukturierten Populationsmodellen und \u00f6kologischen Netzwerken (Demografie, Konkurrenz um Ressourcen, Populationsdynamik, trophische Beziehungen). Die Vorlesungen geben einen \u00dcberblick \u00fcber verschiedene Ans\u00e4tze zur Parametrisierung, Validierung, Analyse und Dokumentation \u00f6kologisch-\u00f6konomischer Modelle unterschiedlicher Komplexit\u00e4t sowie zur Optimierung des Managements. In den \u00dcbungen entwickeln und analysieren die Studierenden einfache \u00f6kologisch-\u00f6konomische Modelle oder wenden komplexere Modelle an, um das optimale Management von Biodiversit\u00e4t und nat\u00fcrlichen Gemeing\u00fctern zu untersuchen.<\/p>\n\n                                    <\/div>\n                                <\/div>\n                                    <\/div>\n                \n            <\/div>\n        <\/div>\n    <\/div>\n<\/div>\n","protected":false},"excerpt":{"rendered":"","protected":false},"author":3,"featured_media":0,"parent":0,"menu_order":0,"comment_status":"closed","ping_status":"closed","template":"","meta":{"_acf_changed":false,"advgb_blocks_editor_width":"","advgb_blocks_columns_visual_guide":"","footnotes":"","_links_to":"","_links_to_target":""},"class_list":["post-37800","page","type-page","status-publish","hentry"],"acf":{"search_thumb":"","search_kurzbeschreibung":"","breadcrumb":true},"yoast_head":"<!-- This site is optimized with the Yoast SEO plugin v27.5 - https:\/\/yoast.com\/product\/yoast-seo-wordpress\/ -->\n<title>iModules | iDiv<\/title>\n<meta name=\"robots\" content=\"index, follow, max-snippet:-1, max-image-preview:large, max-video-preview:-1\" \/>\n<link rel=\"canonical\" href=\"https:\/\/www.idiv.de\/de\/imodules\/\" \/>\n<meta property=\"og:locale\" content=\"de_DE\" \/>\n<meta property=\"og:type\" content=\"article\" \/>\n<meta property=\"og:title\" content=\"iModules | iDiv\" \/>\n<meta property=\"og:url\" content=\"https:\/\/www.idiv.de\/de\/imodules\/\" \/>\n<meta property=\"og:site_name\" content=\"iDiv\" \/>\n<meta property=\"article:modified_time\" content=\"2026-04-02T11:28:07+00:00\" \/>\n<meta property=\"og:image\" content=\"https:\/\/www.idiv.de\/wp-content\/uploads\/2024\/11\/iDivSocialMediaShare.jpg\" \/>\n\t<meta property=\"og:image:width\" content=\"1200\" \/>\n\t<meta property=\"og:image:height\" content=\"675\" \/>\n\t<meta property=\"og:image:type\" content=\"image\/jpeg\" \/>\n<meta name=\"twitter:card\" content=\"summary_large_image\" \/>\n<meta name=\"twitter:site\" content=\"@idiv\" \/>\n<script type=\"application\/ld+json\" class=\"yoast-schema-graph\">{\"@context\":\"https:\\\/\\\/schema.org\",\"@graph\":[{\"@type\":\"WebPage\",\"@id\":\"https:\\\/\\\/www.idiv.de\\\/de\\\/imodules\\\/\",\"url\":\"https:\\\/\\\/www.idiv.de\\\/de\\\/imodules\\\/\",\"name\":\"iModules | iDiv\",\"isPartOf\":{\"@id\":\"https:\\\/\\\/www.idiv.de\\\/de\\\/#website\"},\"datePublished\":\"2024-07-04T09:05:34+00:00\",\"dateModified\":\"2026-04-02T11:28:07+00:00\",\"breadcrumb\":{\"@id\":\"https:\\\/\\\/www.idiv.de\\\/de\\\/imodules\\\/#breadcrumb\"},\"inLanguage\":\"de\",\"potentialAction\":[{\"@type\":\"ReadAction\",\"target\":[\"https:\\\/\\\/www.idiv.de\\\/de\\\/imodules\\\/\"]}]},{\"@type\":\"BreadcrumbList\",\"@id\":\"https:\\\/\\\/www.idiv.de\\\/de\\\/imodules\\\/#breadcrumb\",\"itemListElement\":[{\"@type\":\"ListItem\",\"position\":1,\"name\":\"Startseite\",\"item\":\"https:\\\/\\\/www.idiv.de\\\/de\\\/\"},{\"@type\":\"ListItem\",\"position\":2,\"name\":\"iModules\"}]},{\"@type\":\"WebSite\",\"@id\":\"https:\\\/\\\/www.idiv.de\\\/de\\\/#website\",\"url\":\"https:\\\/\\\/www.idiv.de\\\/de\\\/\",\"name\":\"iDiv\",\"description\":\"Hotspot in Biodiversity Research\",\"publisher\":{\"@id\":\"https:\\\/\\\/www.idiv.de\\\/de\\\/#organization\"},\"potentialAction\":[{\"@type\":\"SearchAction\",\"target\":{\"@type\":\"EntryPoint\",\"urlTemplate\":\"https:\\\/\\\/www.idiv.de\\\/de\\\/?s={search_term_string}\"},\"query-input\":{\"@type\":\"PropertyValueSpecification\",\"valueRequired\":true,\"valueName\":\"search_term_string\"}}],\"inLanguage\":\"de\"},{\"@type\":\"Organization\",\"@id\":\"https:\\\/\\\/www.idiv.de\\\/de\\\/#organization\",\"name\":\"idiv\",\"url\":\"https:\\\/\\\/www.idiv.de\\\/de\\\/\",\"logo\":{\"@type\":\"ImageObject\",\"inLanguage\":\"de\",\"@id\":\"https:\\\/\\\/www.idiv.de\\\/de\\\/#\\\/schema\\\/logo\\\/image\\\/\",\"url\":\"https:\\\/\\\/www.idiv.de\\\/wp-content\\\/uploads\\\/2024\\\/08\\\/iDiv_Logo_long_v1_EN_black_4c.jpg\",\"contentUrl\":\"https:\\\/\\\/www.idiv.de\\\/wp-content\\\/uploads\\\/2024\\\/08\\\/iDiv_Logo_long_v1_EN_black_4c.jpg\",\"width\":2448,\"height\":674,\"caption\":\"idiv\"},\"image\":{\"@id\":\"https:\\\/\\\/www.idiv.de\\\/de\\\/#\\\/schema\\\/logo\\\/image\\\/\"},\"sameAs\":[\"https:\\\/\\\/x.com\\\/idiv\",\"https:\\\/\\\/www.linkedin.com\\\/company\\\/idiv-biodiversity\\\/\",\"https:\\\/\\\/www.youtube.com\\\/idiv-research\"]}]}<\/script>\n<!-- \/ Yoast SEO plugin. -->","yoast_head_json":{"title":"iModules | iDiv","robots":{"index":"index","follow":"follow","max-snippet":"max-snippet:-1","max-image-preview":"max-image-preview:large","max-video-preview":"max-video-preview:-1"},"canonical":"https:\/\/www.idiv.de\/de\/imodules\/","og_locale":"de_DE","og_type":"article","og_title":"iModules | iDiv","og_url":"https:\/\/www.idiv.de\/de\/imodules\/","og_site_name":"iDiv","article_modified_time":"2026-04-02T11:28:07+00:00","og_image":[{"width":1200,"height":675,"url":"https:\/\/www.idiv.de\/wp-content\/uploads\/2024\/11\/iDivSocialMediaShare.jpg","type":"image\/jpeg"}],"twitter_card":"summary_large_image","twitter_site":"@idiv","schema":{"@context":"https:\/\/schema.org","@graph":[{"@type":"WebPage","@id":"https:\/\/www.idiv.de\/de\/imodules\/","url":"https:\/\/www.idiv.de\/de\/imodules\/","name":"iModules | iDiv","isPartOf":{"@id":"https:\/\/www.idiv.de\/de\/#website"},"datePublished":"2024-07-04T09:05:34+00:00","dateModified":"2026-04-02T11:28:07+00:00","breadcrumb":{"@id":"https:\/\/www.idiv.de\/de\/imodules\/#breadcrumb"},"inLanguage":"de","potentialAction":[{"@type":"ReadAction","target":["https:\/\/www.idiv.de\/de\/imodules\/"]}]},{"@type":"BreadcrumbList","@id":"https:\/\/www.idiv.de\/de\/imodules\/#breadcrumb","itemListElement":[{"@type":"ListItem","position":1,"name":"Startseite","item":"https:\/\/www.idiv.de\/de\/"},{"@type":"ListItem","position":2,"name":"iModules"}]},{"@type":"WebSite","@id":"https:\/\/www.idiv.de\/de\/#website","url":"https:\/\/www.idiv.de\/de\/","name":"iDiv","description":"Hotspot in Biodiversity Research","publisher":{"@id":"https:\/\/www.idiv.de\/de\/#organization"},"potentialAction":[{"@type":"SearchAction","target":{"@type":"EntryPoint","urlTemplate":"https:\/\/www.idiv.de\/de\/?s={search_term_string}"},"query-input":{"@type":"PropertyValueSpecification","valueRequired":true,"valueName":"search_term_string"}}],"inLanguage":"de"},{"@type":"Organization","@id":"https:\/\/www.idiv.de\/de\/#organization","name":"idiv","url":"https:\/\/www.idiv.de\/de\/","logo":{"@type":"ImageObject","inLanguage":"de","@id":"https:\/\/www.idiv.de\/de\/#\/schema\/logo\/image\/","url":"https:\/\/www.idiv.de\/wp-content\/uploads\/2024\/08\/iDiv_Logo_long_v1_EN_black_4c.jpg","contentUrl":"https:\/\/www.idiv.de\/wp-content\/uploads\/2024\/08\/iDiv_Logo_long_v1_EN_black_4c.jpg","width":2448,"height":674,"caption":"idiv"},"image":{"@id":"https:\/\/www.idiv.de\/de\/#\/schema\/logo\/image\/"},"sameAs":["https:\/\/x.com\/idiv","https:\/\/www.linkedin.com\/company\/idiv-biodiversity\/","https:\/\/www.youtube.com\/idiv-research"]}]}},"coauthors":[],"author_meta":{"author_link":"https:\/\/www.idiv.de\/de\/author\/stefan\/","display_name":"Stefan Bernhardt"},"relative_dates":{"created":"Ver\u00f6ffentlicht 2\u00a0Jahren vor","modified":"Aktualisiert 4\u00a0Wochen vor"},"absolute_dates":{"created":"Ver\u00f6ffentlicht am 4. Juli 2024","modified":"Aktualisiert am 2. April 2026"},"absolute_dates_time":{"created":"Ver\u00f6ffentlicht am 4. Juli 2024 10:05","modified":"Aktualisiert am 2. April 2026 12:28"},"featured_img_caption":"","featured_img":false,"series_order":"","_links":{"self":[{"href":"https:\/\/www.idiv.de\/de\/wp-json\/wp\/v2\/pages\/37800","targetHints":{"allow":["GET"]}}],"collection":[{"href":"https:\/\/www.idiv.de\/de\/wp-json\/wp\/v2\/pages"}],"about":[{"href":"https:\/\/www.idiv.de\/de\/wp-json\/wp\/v2\/types\/page"}],"author":[{"embeddable":true,"href":"https:\/\/www.idiv.de\/de\/wp-json\/wp\/v2\/users\/3"}],"replies":[{"embeddable":true,"href":"https:\/\/www.idiv.de\/de\/wp-json\/wp\/v2\/comments?post=37800"}],"version-history":[{"count":26,"href":"https:\/\/www.idiv.de\/de\/wp-json\/wp\/v2\/pages\/37800\/revisions"}],"predecessor-version":[{"id":41320,"href":"https:\/\/www.idiv.de\/de\/wp-json\/wp\/v2\/pages\/37800\/revisions\/41320"}],"wp:attachment":[{"href":"https:\/\/www.idiv.de\/de\/wp-json\/wp\/v2\/media?parent=37800"}],"curies":[{"name":"wp","href":"https:\/\/api.w.org\/{rel}","templated":true}]}}