{"id":36398,"date":"2025-09-02T14:17:51","date_gmt":"2025-09-02T13:17:51","guid":{"rendered":"https:\/\/www.idiv.de\/?page_id=36398"},"modified":"2025-10-16T01:51:47","modified_gmt":"2025-10-16T00:51:47","slug":"research-theme-human-impacts","status":"publish","type":"page","link":"https:\/\/www.idiv.de\/de\/forschung\/kernforschungsgruppen\/biodiversitat-im-anthropozan\/research-theme-human-impacts\/","title":{"rendered":"Research Theme: Human Impacts"},"content":{"rendered":"<div class=\"herosection pb-24 pt-0 no-bg modulclass \" id=\"\">\n                    <div class=\"swiper1noslider  nooverflow swiper thinslider\" id=\"slide_69f171f05e11b\">\n        \n                <div class=\"swiper-wrapper\">\n                                            <div class=\"swiper-slide  style_ \" aria-hidden=\"true\" >\n                            <div class=\"backstretchwrap\">\n                        \n                            <div datasrc=\"https:\/\/www.idiv.de\/wp-content\/uploads\/2025\/10\/Aerial-view-deforestation-AdobeStock-925687093.jpg\" class=\"backstretchimg responsiv desktop\"><\/div>\n\n                                                    \n                                                    <\/div>\n                                        <div class=\"sliderinhalt \" role=\"region\" aria-label=\"carousel\">\n\n                                            <h1 class=\"h1 tcenter\" >Makro\u00f6kologie und Naturschutz<\/h1>\n                                                                                                            <\/div>\n                                            <\/div>\n\n                        \n                 <\/div>\n\n                              <\/div>\n<\/div>\n\n<div class=\"textbildrepeater pb-24 pt-0 no-bg modulclass \" id=\"\">\n    <div class=\"container\">\n        <div class=\"row\">\n                                                                <div class=\"pb-24   mod_textheadlinebtn  col-md-8 offset-md-2 pos_top\">\n                            <div class=\"textrepeater \" id=\"\">\n\n\n    <h2 class=\"h2 \" >Biodiversit\u00e4t in Vergangenheit, Gegenwart und Zukunft: Makro\u00f6kologie und Naturschutz<\/h2>\n    <div class=\"contentrepeater\">\n        <p>Unsere Forschung in diesem Themenbereich untersucht aktuelle menschliche Einfl\u00fcsse auf die Biodiversit\u00e4t, vergleicht diese Zusammenh\u00e4nge mit Perspektiven aus der tieferen geologischen Vergangenheit und erstellt Projektionen zuk\u00fcnftiger Biodiversit\u00e4t. Dies umfasst einige Hauptthemen unserer Forschungsgruppe <em>Biodiversit\u00e4t im Anthropoz\u00e4n<\/em>.<\/p>\n<p>Das Anthropoz\u00e4n als \u201eZeitalter der Menschen\u201c wurde urspr\u00fcnglich als unsere heutige Zeit charakterisiert, in der menschliche Aktivit\u00e4ten die Erde wie nie zuvor dominieren. Obwohl der Begriff nicht als Name einer offiziellen geologischen Zeitspanne anerkannt wurde, wird das Wort Anthropoz\u00e4n oft zur Umschreibung der Situation genutzt, dass eine gro\u00dfe Vielfalt an menschlichen Faktoren nun alle Komponenten des Erdsystems beeinflussen, von der Ern\u00e4hrung als J\u00e4ger und Sammler und dem Beginn der Landwirtschaft \u00fcber moderne industrielle Fischerei und intensive Landnutzung zu zuk\u00fcnftigen Auswirkungen des anthropogenen Klimawandels. Unsere Forschung hierzu umfasst eine Reihe von Themen, z.B. Studien zur Ver\u00e4nderung \u00f6kologischer Zusammenh\u00e4nge auf geologischen Zeitskalen durch (pr\u00e4-)historische Biodiversit\u00e4tsverluste oder Projektionen zuk\u00fcnftiger Artverbreitungen unter Klima- und Landnutzungwandel.<\/p>\n    <\/div>\n\n\n    <\/div>\n                            <\/div>\n                        <\/div>\n    <\/div>\n<\/div>\n\n<hr class=\"modulborder nm np\"><div class=\"headline pb-0 pt-48 no-bg modulclass  block\" id=\"\">\n    <div class=\"container\"><div class=\"row\"><div class=\"col-md-12 relative\"><h2 class=\"h2 tleft mb-64\" >Extern gef\u00f6rderte Projekte<\/h2><\/div><\/div><\/div><\/div>\n\n\n\n\n<div class=\"faq pb-24 pt-0 no-bg modulclass  block\" id=\"\">\n    \n        <div class=\"container\">\n        <div class=\"row\">\n                        <div class=\"col-md-8 offset-md-2 npl nmr npr\">\n\n                                <div class=\"accordeon\">\n                                                    <div class=\"accordeonitem\">\n                                    <div class=\"accordionHeadline h3 pb-24 mt-0  \">\n                                        Leibniz-Lab Systemische Nachhaltigkeit                                        <svg xmlns=\"http:\/\/www.w3.org\/2000\/svg\" width=\"20.243\" height=\"11.621\" viewBox=\"0 0 20.243 11.621\">\n                                            <path id=\"Icon_feather-chevron-right\" data-name=\"Icon feather-chevron-right\" d=\"M0,16,8,8,0,0\" transform=\"translate(18.121 2.121) rotate(90)\" fill=\"none\" stroke=\"#4d4d4d\" stroke-linecap=\"round\" stroke-linejoin=\"round\" stroke-width=\"3\"\/>\n                                        <\/svg>\n                                    <\/div>\n                                    <div class=\"accordionContent\" style=\"display: none\">\n                                        <p>2024-2027 <a href=\"https:\/\/www.leibniz-gemeinschaft.de\/forschung\/leibniz-labs\/systemische-nachhaltigkeit\"><strong>Leibniz-Lab <em>Systemische Nachhaltigkeit<\/em><\/strong><\/a>, Konsortiumsf\u00f6rderung der Leibniz Gemeinschaft mit Senckenberg Gesellschaft f\u00fcr Naturforschung als eine der Haupt-Antragsstellenden, Susanne Fritz als Mitglied der Steuerungsgruppe.<\/p>\n\n                                    <\/div>\n                                <\/div>\n                                                    <div class=\"accordeonitem\">\n                                    <div class=\"accordionHeadline h3 pb-24 mt-0  \">\n                                        Business for Biodiversity                                        <svg xmlns=\"http:\/\/www.w3.org\/2000\/svg\" width=\"20.243\" height=\"11.621\" viewBox=\"0 0 20.243 11.621\">\n                                            <path id=\"Icon_feather-chevron-right\" data-name=\"Icon feather-chevron-right\" d=\"M0,16,8,8,0,0\" transform=\"translate(18.121 2.121) rotate(90)\" fill=\"none\" stroke=\"#4d4d4d\" stroke-linecap=\"round\" stroke-linejoin=\"round\" stroke-width=\"3\"\/>\n                                        <\/svg>\n                                    <\/div>\n                                    <div class=\"accordionContent\" style=\"display: none\">\n                                        <p>2024-2027 <strong><em>Business for Biodiversity<\/em><\/strong><em>: T-Labs as experimental spaces to foster social-ecological transformations<\/em>, F\u00f6rderung der Volkswagenstiftung in der F\u00f6rderlinie \u201ePioniervorhaben \u2013 Gesellschaftliche Transformationen\u201c an das Helmholtzzentrum f\u00fcr Umweltforschung (UFZ) und das Institut f\u00fcr sozial-\u00f6kologische Forschung (ISOE), Alke Voskamp als Ko-Projektleiterin.<\/p>\n\n                                    <\/div>\n                                <\/div>\n                                                    <div class=\"accordeonitem\">\n                                    <div class=\"accordionHeadline h3 pb-24 mt-0  \">\n                                        Promotionsstipendium der Deutschen Bundesstiftung Umwelt (DBU)                                        <svg xmlns=\"http:\/\/www.w3.org\/2000\/svg\" width=\"20.243\" height=\"11.621\" viewBox=\"0 0 20.243 11.621\">\n                                            <path id=\"Icon_feather-chevron-right\" data-name=\"Icon feather-chevron-right\" d=\"M0,16,8,8,0,0\" transform=\"translate(18.121 2.121) rotate(90)\" fill=\"none\" stroke=\"#4d4d4d\" stroke-linecap=\"round\" stroke-linejoin=\"round\" stroke-width=\"3\"\/>\n                                        <\/svg>\n                                    <\/div>\n                                    <div class=\"accordionContent\" style=\"display: none\">\n                                        <p>2023-2026 <strong>Promotionsstipendium<\/strong> der Deutschen Bundesstiftung Umwelt (DBU) an Aaron Hagen Kauffeldt: <em><a href=\"https:\/\/www.dbu.de\/promotionsstipendium\/20023-008\/\">Effekte von Extremwetterereignissen auf die Verbreitung und Populationsdynamik von Brutv\u00f6geln in Deutschland und deren Implikationen f\u00fcr den Naturschutz<\/a>.<\/em><\/p>\n\n                                    <\/div>\n                                <\/div>\n                                    <\/div>\n                \n            <\/div>\n        <\/div>\n    <\/div>\n<\/div>\n\n\n<hr class=\"modulborder nm np\"><div class=\"headline pb-0 pt-80 no-bg modulclass  block\" id=\"\">\n    <div class=\"container\"><div class=\"row\"><div class=\"col-md-12 relative\"><h2 class=\"h2 tcenter mb-64\" >Weitere BinA Lab Forschungsthemen<\/h2><\/div><\/div><\/div><\/div>\n\n<div class=\"karussell pb-24 pt-0 no-bg modulclass  block\" id=\"\">\n    \n        <div class=\"container\">\n        <div class=\"row\">\n            <div class=\"col-md-12 \">\n                \n\n                                <div class=\"carouselllist\" id=\"slide_69f171f05f899\">\n                    <div class=\"swiper-wrapper row\">\n                                                                        <div class=\"col-md-6 mb-30\">\n                                <div class=\"swiper-slide  style_bt\" aria-hidden=\"true\">\n                                                                <img class=\"backstretchimg\" role=\"presentation\" datasrc=\"https:\/\/www.idiv.de\/wp-content\/uploads\/2025\/10\/Capybara-Family-AdobeStock-318691295.jpg\" height=\"\" width=\"\" alt=\"Capybara family and a bird staring at lizard crossing their path (Photo: Marcel \/ Adobe Stock)\"\/>                                                                <a href=\"https:\/\/www.idiv.de\/de\/forschung\/kernforschungsgruppen\/biodiversitat-im-anthropozan\/research-theme-macroecology\/\"\n                                   target=\"\">\n                                    \n                                                                                <div class=\"sliderinhalt imageexist\" role=\"region\" aria-label=\"carousel\">\n                                            \n                                                <h3 class=\"nmb\" >Makroevolution und Pal\u00e4obiologie der S\u00e4ugetiere<\/h3><svg xmlns=\"http:\/\/www.w3.org\/2000\/svg\" width=\"32\" height=\"32\" viewBox=\"0 0 32 32\"><circle id=\"Ellipse_15\" data-name=\"Ellipse 15\" cx=\"16\" cy=\"16\" r=\"16\" fill=\"#fff\"\/><path id=\"Icon_feather-chevron-right\" data-name=\"Icon feather-chevron-right\" d=\"M13.5,19.667l5.333-5.333L13.5,9\" transform=\"translate(0.5 1.667)\" fill=\"none\" stroke=\"#4d4d4d\" stroke-linecap=\"round\" stroke-linejoin=\"round\" stroke-width=\"3\"\/><\/svg>                                            <\/div>\n                                                                            <\/a>\n                                                            \n                                <\/div>\n                    <\/div>\n\n                                                            <div class=\"col-md-6 mb-30\">\n                                <div class=\"swiper-slide  style_bt\" aria-hidden=\"true\">\n                                                                <img class=\"backstretchimg\" role=\"presentation\" datasrc=\"https:\/\/www.idiv.de\/wp-content\/uploads\/2025\/10\/Cave-bear-skull-AdobeStock-140927564.jpg\" height=\"\" width=\"\" alt=\"The skull of a cave bear in the hands of men (Photo: Stanislav Samoylik \/ Adobe Stock)\"\/>                                                                <a href=\"https:\/\/www.idiv.de\/de\/forschung\/kernforschungsgruppen\/biodiversitat-im-anthropozan\/research-theme-paleobiology\/\"\n                                   target=\"\">\n                                    \n                                                                                <div class=\"sliderinhalt imageexist\" role=\"region\" aria-label=\"carousel\">\n                                            \n                                                <h3 class=\"nmb\" > Makroevolution und Pal\u00e4obiologie der S\u00e4ugetiere<\/h3><svg xmlns=\"http:\/\/www.w3.org\/2000\/svg\" width=\"32\" height=\"32\" viewBox=\"0 0 32 32\"><circle id=\"Ellipse_15\" data-name=\"Ellipse 15\" cx=\"16\" cy=\"16\" r=\"16\" fill=\"#fff\"\/><path id=\"Icon_feather-chevron-right\" data-name=\"Icon feather-chevron-right\" d=\"M13.5,19.667l5.333-5.333L13.5,9\" transform=\"translate(0.5 1.667)\" fill=\"none\" stroke=\"#4d4d4d\" stroke-linecap=\"round\" stroke-linejoin=\"round\" stroke-width=\"3\"\/><\/svg>                                            <\/div>\n                                                                            <\/a>\n                                                            \n                                <\/div>\n                    <\/div>\n\n                    <\/div>\n    <\/div>\n    \n\n    <\/div>\n    <\/div>\n    <\/div>\n<\/div>\n","protected":false},"excerpt":{"rendered":"","protected":false},"author":3,"featured_media":0,"parent":15267,"menu_order":3,"comment_status":"closed","ping_status":"closed","template":"","meta":{"_acf_changed":false,"advgb_blocks_editor_width":"","advgb_blocks_columns_visual_guide":"","footnotes":"","_links_to":"","_links_to_target":""},"class_list":["post-36398","page","type-page","status-publish","hentry"],"acf":{"search_thumb":"","search_kurzbeschreibung":"","breadcrumb":false},"yoast_head":"<!-- This site is optimized with the Yoast SEO plugin v27.4 - https:\/\/yoast.com\/product\/yoast-seo-wordpress\/ -->\n<title>Research Theme: Human Impacts | iDiv<\/title>\n<meta name=\"robots\" content=\"index, follow, max-snippet:-1, max-image-preview:large, max-video-preview:-1\" \/>\n<link rel=\"canonical\" href=\"https:\/\/www.idiv.de\/de\/forschung\/kernforschungsgruppen\/biodiversitat-im-anthropozan\/research-theme-human-impacts\/\" \/>\n<meta property=\"og:locale\" content=\"de_DE\" \/>\n<meta property=\"og:type\" content=\"article\" \/>\n<meta property=\"og:title\" content=\"Research Theme: Human Impacts | iDiv\" \/>\n<meta property=\"og:url\" content=\"https:\/\/www.idiv.de\/de\/forschung\/kernforschungsgruppen\/biodiversitat-im-anthropozan\/research-theme-human-impacts\/\" \/>\n<meta property=\"og:site_name\" content=\"iDiv\" \/>\n<meta property=\"article:modified_time\" content=\"2025-10-16T00:51:47+00:00\" \/>\n<meta property=\"og:image\" content=\"https:\/\/www.idiv.de\/wp-content\/uploads\/2024\/11\/iDivSocialMediaShare.jpg\" \/>\n\t<meta property=\"og:image:width\" content=\"1200\" \/>\n\t<meta property=\"og:image:height\" content=\"675\" \/>\n\t<meta property=\"og:image:type\" content=\"image\/jpeg\" \/>\n<meta name=\"twitter:card\" content=\"summary_large_image\" \/>\n<meta name=\"twitter:site\" content=\"@idiv\" \/>\n<script type=\"application\/ld+json\" class=\"yoast-schema-graph\">{\"@context\":\"https:\\\/\\\/schema.org\",\"@graph\":[{\"@type\":\"WebPage\",\"@id\":\"https:\\\/\\\/www.idiv.de\\\/de\\\/forschung\\\/kernforschungsgruppen\\\/biodiversitat-im-anthropozan\\\/research-theme-human-impacts\\\/\",\"url\":\"https:\\\/\\\/www.idiv.de\\\/de\\\/forschung\\\/kernforschungsgruppen\\\/biodiversitat-im-anthropozan\\\/research-theme-human-impacts\\\/\",\"name\":\"Research Theme: Human Impacts | iDiv\",\"isPartOf\":{\"@id\":\"https:\\\/\\\/www.idiv.de\\\/de\\\/#website\"},\"datePublished\":\"2025-09-02T13:17:51+00:00\",\"dateModified\":\"2025-10-16T00:51:47+00:00\",\"breadcrumb\":{\"@id\":\"https:\\\/\\\/www.idiv.de\\\/de\\\/forschung\\\/kernforschungsgruppen\\\/biodiversitat-im-anthropozan\\\/research-theme-human-impacts\\\/#breadcrumb\"},\"inLanguage\":\"de\",\"potentialAction\":[{\"@type\":\"ReadAction\",\"target\":[\"https:\\\/\\\/www.idiv.de\\\/de\\\/forschung\\\/kernforschungsgruppen\\\/biodiversitat-im-anthropozan\\\/research-theme-human-impacts\\\/\"]}]},{\"@type\":\"BreadcrumbList\",\"@id\":\"https:\\\/\\\/www.idiv.de\\\/de\\\/forschung\\\/kernforschungsgruppen\\\/biodiversitat-im-anthropozan\\\/research-theme-human-impacts\\\/#breadcrumb\",\"itemListElement\":[{\"@type\":\"ListItem\",\"position\":1,\"name\":\"Startseite\",\"item\":\"https:\\\/\\\/www.idiv.de\\\/de\\\/\"},{\"@type\":\"ListItem\",\"position\":2,\"name\":\"Forschung\",\"item\":\"https:\\\/\\\/www.idiv.de\\\/de\\\/research\\\/\"},{\"@type\":\"ListItem\",\"position\":3,\"name\":\"Kernprofessuren\",\"item\":\"https:\\\/\\\/www.idiv.de\\\/de\\\/forschung\\\/kernforschungsgruppen\\\/\"},{\"@type\":\"ListItem\",\"position\":4,\"name\":\"Biodiversit\u00e4t im Anthropoz\u00e4n\",\"item\":\"https:\\\/\\\/www.idiv.de\\\/de\\\/forschung\\\/kernforschungsgruppen\\\/biodiversitat-im-anthropozan\\\/\"},{\"@type\":\"ListItem\",\"position\":5,\"name\":\"Research Theme: Human Impacts\"}]},{\"@type\":\"WebSite\",\"@id\":\"https:\\\/\\\/www.idiv.de\\\/de\\\/#website\",\"url\":\"https:\\\/\\\/www.idiv.de\\\/de\\\/\",\"name\":\"iDiv\",\"description\":\"Hotspot in Biodiversity Research\",\"publisher\":{\"@id\":\"https:\\\/\\\/www.idiv.de\\\/de\\\/#organization\"},\"potentialAction\":[{\"@type\":\"SearchAction\",\"target\":{\"@type\":\"EntryPoint\",\"urlTemplate\":\"https:\\\/\\\/www.idiv.de\\\/de\\\/?s={search_term_string}\"},\"query-input\":{\"@type\":\"PropertyValueSpecification\",\"valueRequired\":true,\"valueName\":\"search_term_string\"}}],\"inLanguage\":\"de\"},{\"@type\":\"Organization\",\"@id\":\"https:\\\/\\\/www.idiv.de\\\/de\\\/#organization\",\"name\":\"idiv\",\"url\":\"https:\\\/\\\/www.idiv.de\\\/de\\\/\",\"logo\":{\"@type\":\"ImageObject\",\"inLanguage\":\"de\",\"@id\":\"https:\\\/\\\/www.idiv.de\\\/de\\\/#\\\/schema\\\/logo\\\/image\\\/\",\"url\":\"https:\\\/\\\/www.idiv.de\\\/wp-content\\\/uploads\\\/2024\\\/08\\\/iDiv_Logo_long_v1_EN_black_4c.jpg\",\"contentUrl\":\"https:\\\/\\\/www.idiv.de\\\/wp-content\\\/uploads\\\/2024\\\/08\\\/iDiv_Logo_long_v1_EN_black_4c.jpg\",\"width\":2448,\"height\":674,\"caption\":\"idiv\"},\"image\":{\"@id\":\"https:\\\/\\\/www.idiv.de\\\/de\\\/#\\\/schema\\\/logo\\\/image\\\/\"},\"sameAs\":[\"https:\\\/\\\/x.com\\\/idiv\",\"https:\\\/\\\/www.linkedin.com\\\/company\\\/idiv-biodiversity\\\/\",\"https:\\\/\\\/www.youtube.com\\\/idiv-research\"]}]}<\/script>\n<!-- \/ Yoast SEO plugin. -->","yoast_head_json":{"title":"Research Theme: Human Impacts | iDiv","robots":{"index":"index","follow":"follow","max-snippet":"max-snippet:-1","max-image-preview":"max-image-preview:large","max-video-preview":"max-video-preview:-1"},"canonical":"https:\/\/www.idiv.de\/de\/forschung\/kernforschungsgruppen\/biodiversitat-im-anthropozan\/research-theme-human-impacts\/","og_locale":"de_DE","og_type":"article","og_title":"Research Theme: Human Impacts | iDiv","og_url":"https:\/\/www.idiv.de\/de\/forschung\/kernforschungsgruppen\/biodiversitat-im-anthropozan\/research-theme-human-impacts\/","og_site_name":"iDiv","article_modified_time":"2025-10-16T00:51:47+00:00","og_image":[{"width":1200,"height":675,"url":"https:\/\/www.idiv.de\/wp-content\/uploads\/2024\/11\/iDivSocialMediaShare.jpg","type":"image\/jpeg"}],"twitter_card":"summary_large_image","twitter_site":"@idiv","schema":{"@context":"https:\/\/schema.org","@graph":[{"@type":"WebPage","@id":"https:\/\/www.idiv.de\/de\/forschung\/kernforschungsgruppen\/biodiversitat-im-anthropozan\/research-theme-human-impacts\/","url":"https:\/\/www.idiv.de\/de\/forschung\/kernforschungsgruppen\/biodiversitat-im-anthropozan\/research-theme-human-impacts\/","name":"Research Theme: Human Impacts | iDiv","isPartOf":{"@id":"https:\/\/www.idiv.de\/de\/#website"},"datePublished":"2025-09-02T13:17:51+00:00","dateModified":"2025-10-16T00:51:47+00:00","breadcrumb":{"@id":"https:\/\/www.idiv.de\/de\/forschung\/kernforschungsgruppen\/biodiversitat-im-anthropozan\/research-theme-human-impacts\/#breadcrumb"},"inLanguage":"de","potentialAction":[{"@type":"ReadAction","target":["https:\/\/www.idiv.de\/de\/forschung\/kernforschungsgruppen\/biodiversitat-im-anthropozan\/research-theme-human-impacts\/"]}]},{"@type":"BreadcrumbList","@id":"https:\/\/www.idiv.de\/de\/forschung\/kernforschungsgruppen\/biodiversitat-im-anthropozan\/research-theme-human-impacts\/#breadcrumb","itemListElement":[{"@type":"ListItem","position":1,"name":"Startseite","item":"https:\/\/www.idiv.de\/de\/"},{"@type":"ListItem","position":2,"name":"Forschung","item":"https:\/\/www.idiv.de\/de\/research\/"},{"@type":"ListItem","position":3,"name":"Kernprofessuren","item":"https:\/\/www.idiv.de\/de\/forschung\/kernforschungsgruppen\/"},{"@type":"ListItem","position":4,"name":"Biodiversit\u00e4t im Anthropoz\u00e4n","item":"https:\/\/www.idiv.de\/de\/forschung\/kernforschungsgruppen\/biodiversitat-im-anthropozan\/"},{"@type":"ListItem","position":5,"name":"Research Theme: Human Impacts"}]},{"@type":"WebSite","@id":"https:\/\/www.idiv.de\/de\/#website","url":"https:\/\/www.idiv.de\/de\/","name":"iDiv","description":"Hotspot in Biodiversity Research","publisher":{"@id":"https:\/\/www.idiv.de\/de\/#organization"},"potentialAction":[{"@type":"SearchAction","target":{"@type":"EntryPoint","urlTemplate":"https:\/\/www.idiv.de\/de\/?s={search_term_string}"},"query-input":{"@type":"PropertyValueSpecification","valueRequired":true,"valueName":"search_term_string"}}],"inLanguage":"de"},{"@type":"Organization","@id":"https:\/\/www.idiv.de\/de\/#organization","name":"idiv","url":"https:\/\/www.idiv.de\/de\/","logo":{"@type":"ImageObject","inLanguage":"de","@id":"https:\/\/www.idiv.de\/de\/#\/schema\/logo\/image\/","url":"https:\/\/www.idiv.de\/wp-content\/uploads\/2024\/08\/iDiv_Logo_long_v1_EN_black_4c.jpg","contentUrl":"https:\/\/www.idiv.de\/wp-content\/uploads\/2024\/08\/iDiv_Logo_long_v1_EN_black_4c.jpg","width":2448,"height":674,"caption":"idiv"},"image":{"@id":"https:\/\/www.idiv.de\/de\/#\/schema\/logo\/image\/"},"sameAs":["https:\/\/x.com\/idiv","https:\/\/www.linkedin.com\/company\/idiv-biodiversity\/","https:\/\/www.youtube.com\/idiv-research"]}]}},"coauthors":[],"author_meta":{"author_link":"https:\/\/www.idiv.de\/de\/author\/stefan\/","display_name":"Stefan Bernhardt"},"relative_dates":{"created":"Ver\u00f6ffentlicht 8\u00a0Monaten vor","modified":"Aktualisiert 7\u00a0Monaten vor"},"absolute_dates":{"created":"Ver\u00f6ffentlicht am 2. September 2025","modified":"Aktualisiert am 16. Oktober 2025"},"absolute_dates_time":{"created":"Ver\u00f6ffentlicht am 2. September 2025 14:17","modified":"Aktualisiert am 16. Oktober 2025 1:51"},"featured_img_caption":"","featured_img":false,"series_order":"","_links":{"self":[{"href":"https:\/\/www.idiv.de\/de\/wp-json\/wp\/v2\/pages\/36398","targetHints":{"allow":["GET"]}}],"collection":[{"href":"https:\/\/www.idiv.de\/de\/wp-json\/wp\/v2\/pages"}],"about":[{"href":"https:\/\/www.idiv.de\/de\/wp-json\/wp\/v2\/types\/page"}],"author":[{"embeddable":true,"href":"https:\/\/www.idiv.de\/de\/wp-json\/wp\/v2\/users\/3"}],"replies":[{"embeddable":true,"href":"https:\/\/www.idiv.de\/de\/wp-json\/wp\/v2\/comments?post=36398"}],"version-history":[{"count":11,"href":"https:\/\/www.idiv.de\/de\/wp-json\/wp\/v2\/pages\/36398\/revisions"}],"predecessor-version":[{"id":36478,"href":"https:\/\/www.idiv.de\/de\/wp-json\/wp\/v2\/pages\/36398\/revisions\/36478"}],"up":[{"embeddable":true,"href":"https:\/\/www.idiv.de\/de\/wp-json\/wp\/v2\/pages\/15267"}],"wp:attachment":[{"href":"https:\/\/www.idiv.de\/de\/wp-json\/wp\/v2\/media?parent=36398"}],"curies":[{"name":"wp","href":"https:\/\/api.w.org\/{rel}","templated":true}]}}