{"id":36375,"date":"2025-10-15T15:01:01","date_gmt":"2025-10-15T14:01:01","guid":{"rendered":"https:\/\/www.idiv.de\/?page_id=36375"},"modified":"2025-10-16T00:09:07","modified_gmt":"2025-10-15T23:09:07","slug":"research-theme-macroecology","status":"publish","type":"page","link":"https:\/\/www.idiv.de\/de\/forschung\/kernforschungsgruppen\/biodiversitat-im-anthropozan\/research-theme-macroecology\/","title":{"rendered":"Research Theme: Macroecology"},"content":{"rendered":"<div class=\"herosection pb-24 pt-0 no-bg modulclass \" id=\"\">\n                    <div class=\"swiper1noslider  nooverflow swiper thinslider\" id=\"slide_69f182a70ccc2\">\n        \n                <div class=\"swiper-wrapper\">\n                                            <div class=\"swiper-slide  style_ \" aria-hidden=\"true\" >\n                            <div class=\"backstretchwrap\">\n                        \n                            <div datasrc=\"https:\/\/www.idiv.de\/wp-content\/uploads\/2025\/10\/Capybara-Family-AdobeStock-318691295.jpg\" class=\"backstretchimg responsiv desktop\"><\/div>\n\n                                                    \n                                                    <\/div>\n                                        <div class=\"sliderinhalt \" role=\"region\" aria-label=\"carousel\">\n\n                                            <h1 class=\"h1 tcenter\" >Makro\u00f6kologie<\/h1>\n                                                                                                            <\/div>\n                                            <\/div>\n\n                        \n                 <\/div>\n\n                              <\/div>\n<\/div>\n\n<div class=\"textbildrepeater pb-24 pt-0 no-bg modulclass \" id=\"\">\n    <div class=\"container\">\n        <div class=\"row\">\n                                                                <div class=\"pb-24   mod_textheadlinebtn  col-md-8 offset-md-2 pos_top\">\n                            <div class=\"textrepeater \" id=\"\">\n\n\n    <h2 class=\"h2 \" >Makro\u00f6kologie, Makroevolution und Biogeografie: das Gro\u00dfe Ganze<\/h2>\n    <div class=\"contentrepeater\">\n        <p>In diesem Forschungsbereich untersuchen wir die Auswirkungen der Evolutionsgeschichte, der Merkmale von Arten und der Variation in gegenw\u00e4rtigen und vergangenen Umweltbedingungen auf globale oder regionale Biodiversit\u00e4tsmuster. Unsere Forschung erstreckt sich von empirischen Analysen der Landwirbeltiere bis zu konzeptionellen Studien zur Integration phylogenetischer und r\u00e4umlicher Daten.<\/p>\n<p>Die Makro\u00f6kologie untersucht die Beziehungen von Organismen untereinander und mit ihrer Umwelt auf gro\u00dfen r\u00e4umlichen, zeitlichen oder taxonomischen Skalen, und konzentriert sich daher oft auf globale oder regionale \u00f6kologische Muster basierend auf Arten und h\u00f6heren Gruppen. In der Biogeografie liegt der Fokus auf r\u00e4umlichen Biodiversit\u00e4tsmustern; sie beschreibt, welche Organismen und Arten wo vorkommen, und versucht zu verstehen warum. Unsere aktuellen Untersuchungen in diesen Disziplinen konzentrieren sich auf die globalen Muster von Diversit\u00e4t auf Inseln und in Gebirgen. Zum Beispiel untersuchen wir, wie die Vielfalt \u00f6kologischer Funktionen sich mit Inseleigenschaften, mit der Evolutionsgeschichte der Artengruppen, die nur auf Inseln vorkommen, und mit menschlichem Einfluss ver\u00e4ndert.<\/p>\n<p>In der Makroevolution werden Prozesse untersucht, die \u00fcber lange geologische Zeitr\u00e4ume verlaufen, insbesondere die Dynamik von Artbildung, Aussterben und Ver\u00e4nderung von Arteigenschaften \u00fcber Millionen von Jahren. Die Verkn\u00fcpfung von Daten und Methoden aus Makro\u00f6kologie und Makroevolution erm\u00f6glicht integrative Einsichten zu Ursprung, Evolution und Verlust von Biodiversit\u00e4t. Ein besonderer Forschungsfokus liegt f\u00fcr uns auf den evolution\u00e4ren und \u00f6kologischen Prozessen, die die \u00f6kologischen Nischen von Arten beeinflussen, d.h. alle abiotischen und biotischen Bedingungen, unter denen eine Art \u00fcberleben und sich fortpflanzen kann. Vergleichende Analysen der Position und Breite von Nischen sowie der Nischenevolution erlauben ein tieferes Verst\u00e4ndnis davon, wie Arten miteinander \u00f6kologische Gemeinschaften bilden und wie sie sich an ihre belebte und unbelebte Umwelt \u00fcber die Zeit anpassen. Insbesondere die Untersuchung der klimatischen Nische, die die Klimabedingungen beschreibt, unter denen eine Art vorkommt, ist wichtig, um die Reaktionen von Arten auf aktuellen und zuk\u00fcnftigen Klimawandel abzusch\u00e4tzen.<\/p>\n    <\/div>\n\n\n    <\/div>\n                            <\/div>\n                        <\/div>\n    <\/div>\n<\/div>\n\n<hr class=\"modulborder nm np\"><div class=\"headline pb-0 pt-48 no-bg modulclass  block\" id=\"\">\n    <div class=\"container\"><div class=\"row\"><div class=\"col-md-12 relative\"><h2 class=\"h2 tcenter mb-64\" >Extern gef\u00f6rderte Projekte<\/h2><\/div><\/div><\/div><\/div>\n\n\n\n\n<div class=\"faq pb-24 pt-0 no-bg modulclass  block\" id=\"\">\n    \n        <div class=\"container\">\n        <div class=\"row\">\n                        <div class=\"col-md-8 offset-md-2 npl nmr npr\">\n\n                                <div class=\"accordeon\">\n                                                    <div class=\"accordeonitem\">\n                                    <div class=\"accordionHeadline h3 pb-24 mt-0  \">\n                                        Forschungsgruppe DynaCom                                        <svg xmlns=\"http:\/\/www.w3.org\/2000\/svg\" width=\"20.243\" height=\"11.621\" viewBox=\"0 0 20.243 11.621\">\n                                            <path id=\"Icon_feather-chevron-right\" data-name=\"Icon feather-chevron-right\" d=\"M0,16,8,8,0,0\" transform=\"translate(18.121 2.121) rotate(90)\" fill=\"none\" stroke=\"#4d4d4d\" stroke-linecap=\"round\" stroke-linejoin=\"round\" stroke-width=\"3\"\/>\n                                        <\/svg>\n                                    <\/div>\n                                    <div class=\"accordionContent\" style=\"display: none\">\n                                        <p>2022-2025 <strong>Forschungsgruppe <em>DynaCom<\/em><\/strong><em> \u2013 <a href=\"https:\/\/uol.de\/en\/icbm\/collaborative-projects\/dynacom\">R\u00e4umliche \u00d6kologie von Lebensgemeinschaften in hochdynamischen Landschaften: von der Inselbiogeographie zu Meta-\u00d6kosystemen<\/a><\/em>, F\u00f6rderung der Deutschen Forschungsgemeinschaft (DFG), Susanne Fritz als Ko-Teilprojektleiterin in der 2. Phase der Forschungsgruppe<\/p>\n\n                                    <\/div>\n                                <\/div>\n                                                    <div class=\"accordeonitem\">\n                                    <div class=\"accordionHeadline h3 pb-24 mt-0  \">\n                                        Emmy-Noether-Nachwuchsgruppe                                        <svg xmlns=\"http:\/\/www.w3.org\/2000\/svg\" width=\"20.243\" height=\"11.621\" viewBox=\"0 0 20.243 11.621\">\n                                            <path id=\"Icon_feather-chevron-right\" data-name=\"Icon feather-chevron-right\" d=\"M0,16,8,8,0,0\" transform=\"translate(18.121 2.121) rotate(90)\" fill=\"none\" stroke=\"#4d4d4d\" stroke-linecap=\"round\" stroke-linejoin=\"round\" stroke-width=\"3\"\/>\n                                        <\/svg>\n                                    <\/div>\n                                    <div class=\"accordionContent\" style=\"display: none\">\n                                        <p>2014-2021 <strong>Emmy-Noether-Nachwuchsgruppe<\/strong> <a href=\"http:\/\/gepris.dfg.de\/gepris\/projekt\/251959543\"><em>Makroevolution klimatischer Nischen von V\u00f6geln<\/em><\/a>, F\u00f6rderung der Deutschen Forschungsgemeinschaft (DFG) an Susanne Fritz<\/p>\n\n                                    <\/div>\n                                <\/div>\n                                    <\/div>\n                \n            <\/div>\n        <\/div>\n    <\/div>\n<\/div>\n\n\n<hr class=\"modulborder nm np\"><div class=\"headline pb-0 pt-48 no-bg modulclass  block\" id=\"\">\n    <div class=\"container\"><div class=\"row\"><div class=\"col-md-12 relative\"><h2 class=\"h2 tcenter mb-64\" >Weitere BinA Lab Forschungsthemen<\/h2><\/div><\/div><\/div><\/div>\n\n<div class=\"karussell pb-24 pt-0 no-bg modulclass  block\" id=\"\">\n    \n        <div class=\"container\">\n        <div class=\"row\">\n            <div class=\"col-md-12 \">\n                \n\n                                <div class=\"carouselllist\" id=\"slide_69f182a70e442\">\n                    <div class=\"swiper-wrapper row\">\n                                                                        <div class=\"col-md-6 mb-30\">\n                                <div class=\"swiper-slide  style_bt\" aria-hidden=\"true\">\n                                                                <img class=\"backstretchimg\" role=\"presentation\" datasrc=\"https:\/\/www.idiv.de\/wp-content\/uploads\/2025\/10\/Cave-bear-skull-AdobeStock-140927564.jpg\" height=\"\" width=\"\" alt=\"The skull of a cave bear in the hands of men (Photo: Stanislav Samoylik \/ Adobe Stock)\"\/>                                                                <a href=\"https:\/\/www.idiv.de\/de\/forschung\/kernforschungsgruppen\/biodiversitat-im-anthropozan\/research-theme-paleobiology\/\"\n                                   target=\"\">\n                                    \n                                                                                <div class=\"sliderinhalt imageexist\" role=\"region\" aria-label=\"carousel\">\n                                            \n                                                <h3 class=\"nmb\" >Makroevolution und Pal\u00e4obiologie der S\u00e4ugetiere<\/h3><svg xmlns=\"http:\/\/www.w3.org\/2000\/svg\" width=\"32\" height=\"32\" viewBox=\"0 0 32 32\"><circle id=\"Ellipse_15\" data-name=\"Ellipse 15\" cx=\"16\" cy=\"16\" r=\"16\" fill=\"#fff\"\/><path id=\"Icon_feather-chevron-right\" data-name=\"Icon feather-chevron-right\" d=\"M13.5,19.667l5.333-5.333L13.5,9\" transform=\"translate(0.5 1.667)\" fill=\"none\" stroke=\"#4d4d4d\" stroke-linecap=\"round\" stroke-linejoin=\"round\" stroke-width=\"3\"\/><\/svg>                                            <\/div>\n                                                                            <\/a>\n                                                            \n                                <\/div>\n                    <\/div>\n\n                                                            <div class=\"col-md-6 mb-30\">\n                                <div class=\"swiper-slide  style_bt\" aria-hidden=\"true\">\n                                                                <img class=\"backstretchimg\" role=\"presentation\" datasrc=\"https:\/\/www.idiv.de\/wp-content\/uploads\/2025\/10\/Aerial-view-deforestation-AdobeStock-925687093.jpg\" height=\"\" width=\"\" alt=\"Aerial view of land clearing or deforestation on hilly terrain. A process to prepare the land for palm oil plantation, or farming (Photo: Hasim Ramle \/ Adobe Stock)\"\/>                                                                <a href=\"https:\/\/www.idiv.de\/de\/forschung\/kernforschungsgruppen\/biodiversitat-im-anthropozan\/research-theme-human-impacts\/\"\n                                   target=\"\">\n                                    \n                                                                                <div class=\"sliderinhalt imageexist\" role=\"region\" aria-label=\"carousel\">\n                                            \n                                                <h3 class=\"nmb\" >Biodiversit\u00e4t in Vergangenheit, Gegenwart und Zukunft: Makro\u00f6kologie und Naturschutz<\/h3><svg xmlns=\"http:\/\/www.w3.org\/2000\/svg\" width=\"32\" height=\"32\" viewBox=\"0 0 32 32\"><circle id=\"Ellipse_15\" data-name=\"Ellipse 15\" cx=\"16\" cy=\"16\" r=\"16\" fill=\"#fff\"\/><path id=\"Icon_feather-chevron-right\" data-name=\"Icon feather-chevron-right\" d=\"M13.5,19.667l5.333-5.333L13.5,9\" transform=\"translate(0.5 1.667)\" fill=\"none\" stroke=\"#4d4d4d\" stroke-linecap=\"round\" stroke-linejoin=\"round\" stroke-width=\"3\"\/><\/svg>                                            <\/div>\n                                                                            <\/a>\n                                                            \n                                <\/div>\n                    <\/div>\n\n                    <\/div>\n    <\/div>\n    \n\n    <\/div>\n    <\/div>\n    <\/div>\n<\/div>\n","protected":false},"excerpt":{"rendered":"","protected":false},"author":3,"featured_media":0,"parent":15267,"menu_order":1,"comment_status":"closed","ping_status":"closed","template":"","meta":{"_acf_changed":false,"advgb_blocks_editor_width":"","advgb_blocks_columns_visual_guide":"","footnotes":"","_links_to":"","_links_to_target":""},"class_list":["post-36375","page","type-page","status-publish","hentry"],"acf":{"search_thumb":"","search_kurzbeschreibung":"","breadcrumb":false},"yoast_head":"<!-- This site is optimized with the Yoast SEO plugin v27.4 - https:\/\/yoast.com\/product\/yoast-seo-wordpress\/ -->\n<title>Research Theme: Macroecology | iDiv<\/title>\n<meta name=\"robots\" content=\"index, follow, max-snippet:-1, max-image-preview:large, max-video-preview:-1\" \/>\n<link rel=\"canonical\" href=\"https:\/\/www.idiv.de\/de\/forschung\/kernforschungsgruppen\/biodiversitat-im-anthropozan\/research-theme-macroecology\/\" \/>\n<meta property=\"og:locale\" content=\"de_DE\" \/>\n<meta property=\"og:type\" content=\"article\" \/>\n<meta property=\"og:title\" content=\"Research Theme: Macroecology | iDiv\" \/>\n<meta property=\"og:url\" content=\"https:\/\/www.idiv.de\/de\/forschung\/kernforschungsgruppen\/biodiversitat-im-anthropozan\/research-theme-macroecology\/\" \/>\n<meta property=\"og:site_name\" content=\"iDiv\" \/>\n<meta property=\"article:modified_time\" content=\"2025-10-15T23:09:07+00:00\" \/>\n<meta property=\"og:image\" content=\"https:\/\/www.idiv.de\/wp-content\/uploads\/2024\/11\/iDivSocialMediaShare.jpg\" \/>\n\t<meta property=\"og:image:width\" content=\"1200\" \/>\n\t<meta property=\"og:image:height\" content=\"675\" \/>\n\t<meta property=\"og:image:type\" content=\"image\/jpeg\" \/>\n<meta name=\"twitter:card\" content=\"summary_large_image\" \/>\n<meta name=\"twitter:site\" content=\"@idiv\" \/>\n<script type=\"application\/ld+json\" class=\"yoast-schema-graph\">{\"@context\":\"https:\\\/\\\/schema.org\",\"@graph\":[{\"@type\":\"WebPage\",\"@id\":\"https:\\\/\\\/www.idiv.de\\\/de\\\/forschung\\\/kernforschungsgruppen\\\/biodiversitat-im-anthropozan\\\/research-theme-macroecology\\\/\",\"url\":\"https:\\\/\\\/www.idiv.de\\\/de\\\/forschung\\\/kernforschungsgruppen\\\/biodiversitat-im-anthropozan\\\/research-theme-macroecology\\\/\",\"name\":\"Research Theme: Macroecology | iDiv\",\"isPartOf\":{\"@id\":\"https:\\\/\\\/www.idiv.de\\\/de\\\/#website\"},\"datePublished\":\"2025-10-15T14:01:01+00:00\",\"dateModified\":\"2025-10-15T23:09:07+00:00\",\"breadcrumb\":{\"@id\":\"https:\\\/\\\/www.idiv.de\\\/de\\\/forschung\\\/kernforschungsgruppen\\\/biodiversitat-im-anthropozan\\\/research-theme-macroecology\\\/#breadcrumb\"},\"inLanguage\":\"de\",\"potentialAction\":[{\"@type\":\"ReadAction\",\"target\":[\"https:\\\/\\\/www.idiv.de\\\/de\\\/forschung\\\/kernforschungsgruppen\\\/biodiversitat-im-anthropozan\\\/research-theme-macroecology\\\/\"]}]},{\"@type\":\"BreadcrumbList\",\"@id\":\"https:\\\/\\\/www.idiv.de\\\/de\\\/forschung\\\/kernforschungsgruppen\\\/biodiversitat-im-anthropozan\\\/research-theme-macroecology\\\/#breadcrumb\",\"itemListElement\":[{\"@type\":\"ListItem\",\"position\":1,\"name\":\"Startseite\",\"item\":\"https:\\\/\\\/www.idiv.de\\\/de\\\/\"},{\"@type\":\"ListItem\",\"position\":2,\"name\":\"Forschung\",\"item\":\"https:\\\/\\\/www.idiv.de\\\/de\\\/research\\\/\"},{\"@type\":\"ListItem\",\"position\":3,\"name\":\"Kernprofessuren\",\"item\":\"https:\\\/\\\/www.idiv.de\\\/de\\\/forschung\\\/kernforschungsgruppen\\\/\"},{\"@type\":\"ListItem\",\"position\":4,\"name\":\"Biodiversit\u00e4t im Anthropoz\u00e4n\",\"item\":\"https:\\\/\\\/www.idiv.de\\\/de\\\/forschung\\\/kernforschungsgruppen\\\/biodiversitat-im-anthropozan\\\/\"},{\"@type\":\"ListItem\",\"position\":5,\"name\":\"Research Theme: Macroecology\"}]},{\"@type\":\"WebSite\",\"@id\":\"https:\\\/\\\/www.idiv.de\\\/de\\\/#website\",\"url\":\"https:\\\/\\\/www.idiv.de\\\/de\\\/\",\"name\":\"iDiv\",\"description\":\"Hotspot in Biodiversity Research\",\"publisher\":{\"@id\":\"https:\\\/\\\/www.idiv.de\\\/de\\\/#organization\"},\"potentialAction\":[{\"@type\":\"SearchAction\",\"target\":{\"@type\":\"EntryPoint\",\"urlTemplate\":\"https:\\\/\\\/www.idiv.de\\\/de\\\/?s={search_term_string}\"},\"query-input\":{\"@type\":\"PropertyValueSpecification\",\"valueRequired\":true,\"valueName\":\"search_term_string\"}}],\"inLanguage\":\"de\"},{\"@type\":\"Organization\",\"@id\":\"https:\\\/\\\/www.idiv.de\\\/de\\\/#organization\",\"name\":\"idiv\",\"url\":\"https:\\\/\\\/www.idiv.de\\\/de\\\/\",\"logo\":{\"@type\":\"ImageObject\",\"inLanguage\":\"de\",\"@id\":\"https:\\\/\\\/www.idiv.de\\\/de\\\/#\\\/schema\\\/logo\\\/image\\\/\",\"url\":\"https:\\\/\\\/www.idiv.de\\\/wp-content\\\/uploads\\\/2024\\\/08\\\/iDiv_Logo_long_v1_EN_black_4c.jpg\",\"contentUrl\":\"https:\\\/\\\/www.idiv.de\\\/wp-content\\\/uploads\\\/2024\\\/08\\\/iDiv_Logo_long_v1_EN_black_4c.jpg\",\"width\":2448,\"height\":674,\"caption\":\"idiv\"},\"image\":{\"@id\":\"https:\\\/\\\/www.idiv.de\\\/de\\\/#\\\/schema\\\/logo\\\/image\\\/\"},\"sameAs\":[\"https:\\\/\\\/x.com\\\/idiv\",\"https:\\\/\\\/www.linkedin.com\\\/company\\\/idiv-biodiversity\\\/\",\"https:\\\/\\\/www.youtube.com\\\/idiv-research\"]}]}<\/script>\n<!-- \/ Yoast SEO plugin. -->","yoast_head_json":{"title":"Research Theme: Macroecology | iDiv","robots":{"index":"index","follow":"follow","max-snippet":"max-snippet:-1","max-image-preview":"max-image-preview:large","max-video-preview":"max-video-preview:-1"},"canonical":"https:\/\/www.idiv.de\/de\/forschung\/kernforschungsgruppen\/biodiversitat-im-anthropozan\/research-theme-macroecology\/","og_locale":"de_DE","og_type":"article","og_title":"Research Theme: Macroecology | iDiv","og_url":"https:\/\/www.idiv.de\/de\/forschung\/kernforschungsgruppen\/biodiversitat-im-anthropozan\/research-theme-macroecology\/","og_site_name":"iDiv","article_modified_time":"2025-10-15T23:09:07+00:00","og_image":[{"width":1200,"height":675,"url":"https:\/\/www.idiv.de\/wp-content\/uploads\/2024\/11\/iDivSocialMediaShare.jpg","type":"image\/jpeg"}],"twitter_card":"summary_large_image","twitter_site":"@idiv","schema":{"@context":"https:\/\/schema.org","@graph":[{"@type":"WebPage","@id":"https:\/\/www.idiv.de\/de\/forschung\/kernforschungsgruppen\/biodiversitat-im-anthropozan\/research-theme-macroecology\/","url":"https:\/\/www.idiv.de\/de\/forschung\/kernforschungsgruppen\/biodiversitat-im-anthropozan\/research-theme-macroecology\/","name":"Research Theme: Macroecology | iDiv","isPartOf":{"@id":"https:\/\/www.idiv.de\/de\/#website"},"datePublished":"2025-10-15T14:01:01+00:00","dateModified":"2025-10-15T23:09:07+00:00","breadcrumb":{"@id":"https:\/\/www.idiv.de\/de\/forschung\/kernforschungsgruppen\/biodiversitat-im-anthropozan\/research-theme-macroecology\/#breadcrumb"},"inLanguage":"de","potentialAction":[{"@type":"ReadAction","target":["https:\/\/www.idiv.de\/de\/forschung\/kernforschungsgruppen\/biodiversitat-im-anthropozan\/research-theme-macroecology\/"]}]},{"@type":"BreadcrumbList","@id":"https:\/\/www.idiv.de\/de\/forschung\/kernforschungsgruppen\/biodiversitat-im-anthropozan\/research-theme-macroecology\/#breadcrumb","itemListElement":[{"@type":"ListItem","position":1,"name":"Startseite","item":"https:\/\/www.idiv.de\/de\/"},{"@type":"ListItem","position":2,"name":"Forschung","item":"https:\/\/www.idiv.de\/de\/research\/"},{"@type":"ListItem","position":3,"name":"Kernprofessuren","item":"https:\/\/www.idiv.de\/de\/forschung\/kernforschungsgruppen\/"},{"@type":"ListItem","position":4,"name":"Biodiversit\u00e4t im Anthropoz\u00e4n","item":"https:\/\/www.idiv.de\/de\/forschung\/kernforschungsgruppen\/biodiversitat-im-anthropozan\/"},{"@type":"ListItem","position":5,"name":"Research Theme: Macroecology"}]},{"@type":"WebSite","@id":"https:\/\/www.idiv.de\/de\/#website","url":"https:\/\/www.idiv.de\/de\/","name":"iDiv","description":"Hotspot in Biodiversity Research","publisher":{"@id":"https:\/\/www.idiv.de\/de\/#organization"},"potentialAction":[{"@type":"SearchAction","target":{"@type":"EntryPoint","urlTemplate":"https:\/\/www.idiv.de\/de\/?s={search_term_string}"},"query-input":{"@type":"PropertyValueSpecification","valueRequired":true,"valueName":"search_term_string"}}],"inLanguage":"de"},{"@type":"Organization","@id":"https:\/\/www.idiv.de\/de\/#organization","name":"idiv","url":"https:\/\/www.idiv.de\/de\/","logo":{"@type":"ImageObject","inLanguage":"de","@id":"https:\/\/www.idiv.de\/de\/#\/schema\/logo\/image\/","url":"https:\/\/www.idiv.de\/wp-content\/uploads\/2024\/08\/iDiv_Logo_long_v1_EN_black_4c.jpg","contentUrl":"https:\/\/www.idiv.de\/wp-content\/uploads\/2024\/08\/iDiv_Logo_long_v1_EN_black_4c.jpg","width":2448,"height":674,"caption":"idiv"},"image":{"@id":"https:\/\/www.idiv.de\/de\/#\/schema\/logo\/image\/"},"sameAs":["https:\/\/x.com\/idiv","https:\/\/www.linkedin.com\/company\/idiv-biodiversity\/","https:\/\/www.youtube.com\/idiv-research"]}]}},"coauthors":[],"author_meta":{"author_link":"https:\/\/www.idiv.de\/de\/author\/stefan\/","display_name":"Stefan Bernhardt"},"relative_dates":{"created":"Ver\u00f6ffentlicht 7\u00a0Monaten vor","modified":"Aktualisiert 7\u00a0Monaten vor"},"absolute_dates":{"created":"Ver\u00f6ffentlicht am 15. Oktober 2025","modified":"Aktualisiert am 16. Oktober 2025"},"absolute_dates_time":{"created":"Ver\u00f6ffentlicht am 15. Oktober 2025 15:01","modified":"Aktualisiert am 16. Oktober 2025 0:09"},"featured_img_caption":"","featured_img":false,"series_order":"","_links":{"self":[{"href":"https:\/\/www.idiv.de\/de\/wp-json\/wp\/v2\/pages\/36375","targetHints":{"allow":["GET"]}}],"collection":[{"href":"https:\/\/www.idiv.de\/de\/wp-json\/wp\/v2\/pages"}],"about":[{"href":"https:\/\/www.idiv.de\/de\/wp-json\/wp\/v2\/types\/page"}],"author":[{"embeddable":true,"href":"https:\/\/www.idiv.de\/de\/wp-json\/wp\/v2\/users\/3"}],"replies":[{"embeddable":true,"href":"https:\/\/www.idiv.de\/de\/wp-json\/wp\/v2\/comments?post=36375"}],"version-history":[{"count":9,"href":"https:\/\/www.idiv.de\/de\/wp-json\/wp\/v2\/pages\/36375\/revisions"}],"predecessor-version":[{"id":36465,"href":"https:\/\/www.idiv.de\/de\/wp-json\/wp\/v2\/pages\/36375\/revisions\/36465"}],"up":[{"embeddable":true,"href":"https:\/\/www.idiv.de\/de\/wp-json\/wp\/v2\/pages\/15267"}],"wp:attachment":[{"href":"https:\/\/www.idiv.de\/de\/wp-json\/wp\/v2\/media?parent=36375"}],"curies":[{"name":"wp","href":"https:\/\/api.w.org\/{rel}","templated":true}]}}