{"id":36196,"date":"2025-09-02T14:17:51","date_gmt":"2025-09-02T13:17:51","guid":{"rendered":"https:\/\/www.idiv.de\/?page_id=36196"},"modified":"2025-10-16T00:04:41","modified_gmt":"2025-10-15T23:04:41","slug":"research-theme-paleobiology","status":"publish","type":"page","link":"https:\/\/www.idiv.de\/de\/forschung\/kernforschungsgruppen\/biodiversitat-im-anthropozan\/research-theme-paleobiology\/","title":{"rendered":"Research Theme: Paleobiology"},"content":{"rendered":"<div class=\"herosection pb-24 pt-0 no-bg modulclass \" id=\"\">\n                    <div class=\"swiper1noslider  nooverflow swiper thinslider\" id=\"slide_69f1848f20059\">\n        \n                <div class=\"swiper-wrapper\">\n                                            <div class=\"swiper-slide  style_ \" aria-hidden=\"true\" >\n                            <div class=\"backstretchwrap\">\n                        \n                            <div datasrc=\"https:\/\/www.idiv.de\/wp-content\/uploads\/2025\/10\/Cave-bear-skull-AdobeStock-140927564.jpg\" class=\"backstretchimg responsiv desktop\"><\/div>\n\n                                                    \n                                                    <\/div>\n                                        <div class=\"sliderinhalt \" role=\"region\" aria-label=\"carousel\">\n\n                                            <h1 class=\"h1 tcenter\" >Pal\u00e4obiologie<\/h1>\n                                                                                                            <\/div>\n                                            <\/div>\n\n                        \n                 <\/div>\n\n                              <\/div>\n<\/div>\n\n<div class=\"textbildrepeater pb-24 pt-0 no-bg modulclass \" id=\"\">\n    <div class=\"container\">\n        <div class=\"row\">\n                                                                <div class=\"pb-24   mod_textheadlinebtn  col-md-8 offset-md-2 pos_top\">\n                            <div class=\"textrepeater \" id=\"\">\n\n\n    <h2 class=\"h2 \" >Makroevolution und Pal\u00e4obiologie der S\u00e4ugetiere<\/h2>\n    <div class=\"contentrepeater\">\n        <p>In diesem Forschungsthemenbereich konzentrieren wir uns auf die Evolution und \u00d6kologie gro\u00dfer S\u00e4ugetiere \u00fcber das K\u00e4nozoikum bis heute. Hierzu kombinieren wir pal\u00e4ontologische und geologische Daten zu vergangenen Umweltbedingungen und ausgestorbenen Arten mit heutigen Daten zur aktuellen Umwelt und lebenden Arten.<\/p>\n<p>Der Fokus unserer Untersuchungen lag und liegt hierbei auf dem hervorragenden Fossilbericht gro\u00dfer S\u00e4ugetiere in der Nordhemisph\u00e4re, insbesondere auf Vergleichen des Neogens (der Zeitabschnitt vor ca. 23 bis 2 Millionen Jahren) mit der heutigen Zeit. Solche Vergleiche erlauben es uns, die Stabilit\u00e4t \u00f6kologischer Beziehungen auf geologischen Zeitskalen festzustellen, die Evolutionsgeschichte hinter der heutigen Diversit\u00e4t zu verstehen und einen Bezugspunkt in der tiefen Vergangenheit f\u00fcr die Messung der Folgen heutiger und zuk\u00fcnftiger Biodiversit\u00e4tsverluste zu etablieren. Zus\u00e4tzlich arbeiten wir mit Geowissenschaftler*innen zusammen, um die Ver\u00e4nderungen gro\u00dfr\u00e4umiger Diversit\u00e4tsmuster \u00fcber Millionen von Jahren sowie die Zusammenh\u00e4nge dieser Ver\u00e4nderungen mit abiotischen treibenden Faktoren, insbesondere Gebirgsbildung und Klimawandel, zu untersuchen.<\/p>\n    <\/div>\n\n\n    <\/div>\n                            <\/div>\n                        <\/div>\n    <\/div>\n<\/div>\n\n<hr class=\"modulborder nm np\"><div class=\"headline pb-0 pt-48 no-bg modulclass  block\" id=\"\">\n    <div class=\"container\"><div class=\"row\"><div class=\"col-md-12 relative\"><h2 class=\"h2 tcenter mb-64\" >Extern gef\u00f6rderte Projekte<\/h2><\/div><\/div><\/div><\/div>\n\n\n\n\n<div class=\"faq pb-24 pt-0 no-bg modulclass  block\" id=\"\">\n    \n        <div class=\"container\">\n        <div class=\"row\">\n                        <div class=\"col-md-8 offset-md-2 npl nmr npr\">\n\n                                <div class=\"accordeon\">\n                                                    <div class=\"accordeonitem\">\n                                    <div class=\"accordionHeadline h3 pb-24 mt-0  \">\n                                        Leibniz-Professur f\u00fcr Geobiodiversit\u00e4tsforschung                                        <svg xmlns=\"http:\/\/www.w3.org\/2000\/svg\" width=\"20.243\" height=\"11.621\" viewBox=\"0 0 20.243 11.621\">\n                                            <path id=\"Icon_feather-chevron-right\" data-name=\"Icon feather-chevron-right\" d=\"M0,16,8,8,0,0\" transform=\"translate(18.121 2.121) rotate(90)\" fill=\"none\" stroke=\"#4d4d4d\" stroke-linecap=\"round\" stroke-linejoin=\"round\" stroke-width=\"3\"\/>\n                                        <\/svg>\n                                    <\/div>\n                                    <div class=\"accordionContent\" style=\"display: none\">\n                                        <p>2021-2026 <a href=\"https:\/\/www.leibniz-gemeinschaft.de\/forschung\/leibniz-wettbewerb\/leibniz-professorinnenprogramm\"><strong>Leibniz-Professur f\u00fcr Geobiodiversit\u00e4tsforschung<\/strong><\/a>\u00a0von Susanne Fritz als Kooperationsprofessur am Institut f\u00fcr Geowissenschaften, Goethe-Universit\u00e4t Frankfurt; F\u00f6rderung an die Senckenberg Gesellschaft f\u00fcr Naturforschung im Wettbewerb der Leibniz Gemeinschaft 2018: <em>Geobiodiversit\u00e4tsforschung: Untersuchung der Effekte von Gebirgsbildung und Klimawandel auf die Evolution und \u00d6kologie von S\u00e4ugetieren und V\u00f6geln.<\/em><\/p>\n\n                                    <\/div>\n                                <\/div>\n                                                    <div class=\"accordeonitem\">\n                                    <div class=\"accordionHeadline h3 pb-24 mt-0  \">\n                                        LOEWE Schwerpunkt VeWA                                        <svg xmlns=\"http:\/\/www.w3.org\/2000\/svg\" width=\"20.243\" height=\"11.621\" viewBox=\"0 0 20.243 11.621\">\n                                            <path id=\"Icon_feather-chevron-right\" data-name=\"Icon feather-chevron-right\" d=\"M0,16,8,8,0,0\" transform=\"translate(18.121 2.121) rotate(90)\" fill=\"none\" stroke=\"#4d4d4d\" stroke-linecap=\"round\" stroke-linejoin=\"round\" stroke-width=\"3\"\/>\n                                        <\/svg>\n                                    <\/div>\n                                    <div class=\"accordionContent\" style=\"display: none\">\n                                        <p>2020-2024 <a href=\"http:\/\/www.vewa-project.de\"><strong>LOEWE Schwerpunkt<\/strong> <\/a><strong><em>VeWA \u2013 Vergangene Warmzeiten als nat\u00fcrliche Analoge unserer ,hoch-CO<sub>2<\/sub>&#8218; Klimazukunft<\/em><\/strong>,Verbundprojekt-F\u00f6rderung des Hessischen Ministeriums f\u00fcr Wissenschaft und Kunst an Goethe-Universit\u00e4t Frankfurt und Senckenberg Gesellschaft f\u00fcr Naturforschung, Susanne Fritz als eine der Haupt-Antragsstellenden.<\/p>\n\n                                    <\/div>\n                                <\/div>\n                                                    <div class=\"accordeonitem\">\n                                    <div class=\"accordionHeadline h3 pb-24 mt-0  \">\n                                        DFG-F\u00f6rderung                                        <svg xmlns=\"http:\/\/www.w3.org\/2000\/svg\" width=\"20.243\" height=\"11.621\" viewBox=\"0 0 20.243 11.621\">\n                                            <path id=\"Icon_feather-chevron-right\" data-name=\"Icon feather-chevron-right\" d=\"M0,16,8,8,0,0\" transform=\"translate(18.121 2.121) rotate(90)\" fill=\"none\" stroke=\"#4d4d4d\" stroke-linecap=\"round\" stroke-linejoin=\"round\" stroke-width=\"3\"\/>\n                                        <\/svg>\n                                    <\/div>\n                                    <div class=\"accordionContent\" style=\"display: none\">\n                                        <p>2019-2022 <strong>DFG-F\u00f6rderung<\/strong> (Deutsche Forschungsgemeinschaft) einer Eigenen Stelle an Shan Huang: <em><a href=\"https:\/\/gepris.dfg.de\/gepris\/projekt\/414011051?language=de\">Auswirkungen des Klimawandels auf die Evolution von K\u00f6rpergr\u00f6\u00dfe in Gro\u00dfs\u00e4ugern des sp\u00e4ten K\u00e4nozoikums<\/a>.<\/em><\/p>\n\n                                    <\/div>\n                                <\/div>\n                                                    <div class=\"accordeonitem\">\n                                    <div class=\"accordionHeadline h3 pb-24 mt-0  \">\n                                        Alexander von Humboldt Forschungsstipendium                                        <svg xmlns=\"http:\/\/www.w3.org\/2000\/svg\" width=\"20.243\" height=\"11.621\" viewBox=\"0 0 20.243 11.621\">\n                                            <path id=\"Icon_feather-chevron-right\" data-name=\"Icon feather-chevron-right\" d=\"M0,16,8,8,0,0\" transform=\"translate(18.121 2.121) rotate(90)\" fill=\"none\" stroke=\"#4d4d4d\" stroke-linecap=\"round\" stroke-linejoin=\"round\" stroke-width=\"3\"\/>\n                                        <\/svg>\n                                    <\/div>\n                                    <div class=\"accordionContent\" style=\"display: none\">\n                                        <p>2015-2019 <strong>Humboldt-Forschungsstipendium<\/strong> der <a href=\"http:\/\/www.humboldt-foundation.de\">Alexander von Humboldt Stiftung<\/a>\u00a0an Shan Huang: <em>Biodiversity-environment association in space and time: How Cenozoic climate influenced large mammals in the Northern Hemisphere.<\/em><\/p>\n\n                                    <\/div>\n                                <\/div>\n                                    <\/div>\n                \n            <\/div>\n        <\/div>\n    <\/div>\n<\/div>\n\n\n<hr class=\"modulborder nm np\"><div class=\"headline pb-0 pt-80 no-bg modulclass  block\" id=\"\">\n    <div class=\"container\"><div class=\"row\"><div class=\"col-md-12 relative\"><h2 class=\"h2 tcenter mb-64\" >Weitere BinA Lab Forschungsthemen<\/h2><\/div><\/div><\/div><\/div>\n\n<div class=\"karussell pb-24 pt-0 no-bg modulclass  block\" id=\"\">\n    \n        <div class=\"container\">\n        <div class=\"row\">\n            <div class=\"col-md-12 \">\n                \n\n                    <div class=\"swiper2  nooverflow swiper\" id=\"slide_69f1848f2188b\">\n        <div class=\"swiper-wrapper\">\n                        <div class=\"swiper-slide  style_bt\" aria-hidden=\"true\">\n                                <img class=\"backstretchimg\" role=\"presentation\" datasrc=\"https:\/\/www.idiv.de\/wp-content\/uploads\/2025\/10\/Capybara-Family-AdobeStock-318691295.jpg\" height=\"\" width=\"\" alt=\"Capybara family and a bird staring at lizard crossing their path\"\/>                                <a href=\"https:\/\/www.idiv.de\/de\/forschung\/kernforschungsgruppen\/biodiversitat-im-anthropozan\/research-theme-macroecology\/\" target=\"\">\n                    \n                                                <div class=\"sliderinhalt imageexist\" role=\"region\" aria-label=\"carousel\">\n                            \n                                <h3 class=\"nmb\" >Makro\u00f6kologie, Makroevolution und Biogeografie: das Gro\u00dfe Ganze<\/h3><svg xmlns=\"http:\/\/www.w3.org\/2000\/svg\" width=\"32\" height=\"32\" viewBox=\"0 0 32 32\"><circle id=\"Ellipse_15\" data-name=\"Ellipse 15\" cx=\"16\" cy=\"16\" r=\"16\" fill=\"#fff\"\/><path id=\"Icon_feather-chevron-right\" data-name=\"Icon feather-chevron-right\" d=\"M13.5,19.667l5.333-5.333L13.5,9\" transform=\"translate(0.5 1.667)\" fill=\"none\" stroke=\"#4d4d4d\" stroke-linecap=\"round\" stroke-linejoin=\"round\" stroke-width=\"3\"\/><\/svg>                            <\/div>\n                                            <\/a>\n                            \n<\/div>\n\n            <div class=\"swiper-slide  style_bt\" aria-hidden=\"true\">\n                                <img class=\"backstretchimg\" role=\"presentation\" datasrc=\"https:\/\/www.idiv.de\/wp-content\/uploads\/2025\/10\/Aerial-view-deforestation-AdobeStock-925687093.jpg\" height=\"\" width=\"\" alt=\"Aerial view of land clearing or deforestation on hilly terrain. A process to prepare the land for palm oil plantation, or farming (Photo: \"\/>                                <a href=\"https:\/\/www.idiv.de\/de\/forschung\/kernforschungsgruppen\/biodiversitat-im-anthropozan\/research-theme-human-impacts\/\" target=\"\">\n                    \n                                                <div class=\"sliderinhalt imageexist\" role=\"region\" aria-label=\"carousel\">\n                            \n                                <h3 class=\"nmb\" >Biodiversit\u00e4t in Vergangenheit, Gegenwart und Zukunft: Makro\u00f6kologie und Naturschutz<\/h3><svg xmlns=\"http:\/\/www.w3.org\/2000\/svg\" width=\"32\" height=\"32\" viewBox=\"0 0 32 32\"><circle id=\"Ellipse_15\" data-name=\"Ellipse 15\" cx=\"16\" cy=\"16\" r=\"16\" fill=\"#fff\"\/><path id=\"Icon_feather-chevron-right\" data-name=\"Icon feather-chevron-right\" d=\"M13.5,19.667l5.333-5.333L13.5,9\" transform=\"translate(0.5 1.667)\" fill=\"none\" stroke=\"#4d4d4d\" stroke-linecap=\"round\" stroke-linejoin=\"round\" stroke-width=\"3\"\/><\/svg>                            <\/div>\n                                            <\/a>\n                            \n<\/div>\n\n    <\/div>\n\n\n    <div class=\"swiperbtncf\">\n        <div class=\"swiper-button-prev\">\n            <img loading=\"lazy\" decoding=\"async\" src=\"\/wp-content\/themes\/bwa_starter\/block\/img\/sliderarrowleft.svg\" height=\"60\" width=\"60\"\/>\n        <\/div>\n        <div class=\"swiper-button-next\">\n            <img loading=\"lazy\" decoding=\"async\" src=\"\/wp-content\/themes\/bwa_starter\/block\/img\/sliderarrowright.svg\" height=\"60\" width=\"60\"\/>\n\n        <\/div>\n    <\/div>\n\n    <div class=\"swiper-pagination\"><\/div>\n\n    <\/div>\n\n\n    <\/div>\n    <\/div>\n    <\/div>\n<\/div>\n\n\n\n<p><\/p>\n","protected":false},"excerpt":{"rendered":"","protected":false},"author":3,"featured_media":0,"parent":15267,"menu_order":2,"comment_status":"closed","ping_status":"closed","template":"","meta":{"_acf_changed":false,"advgb_blocks_editor_width":"","advgb_blocks_columns_visual_guide":"","footnotes":"","_links_to":"","_links_to_target":""},"class_list":["post-36196","page","type-page","status-publish","hentry"],"acf":{"search_thumb":"","search_kurzbeschreibung":"","breadcrumb":false},"yoast_head":"<!-- This site is optimized with the Yoast SEO plugin v27.4 - https:\/\/yoast.com\/product\/yoast-seo-wordpress\/ -->\n<title>Research Theme: Paleobiology | iDiv<\/title>\n<meta name=\"robots\" content=\"index, follow, max-snippet:-1, max-image-preview:large, max-video-preview:-1\" \/>\n<link rel=\"canonical\" href=\"https:\/\/www.idiv.de\/de\/forschung\/kernforschungsgruppen\/biodiversitat-im-anthropozan\/research-theme-paleobiology\/\" \/>\n<meta property=\"og:locale\" content=\"de_DE\" \/>\n<meta property=\"og:type\" content=\"article\" \/>\n<meta property=\"og:title\" content=\"Research Theme: Paleobiology | iDiv\" \/>\n<meta property=\"og:url\" content=\"https:\/\/www.idiv.de\/de\/forschung\/kernforschungsgruppen\/biodiversitat-im-anthropozan\/research-theme-paleobiology\/\" \/>\n<meta property=\"og:site_name\" content=\"iDiv\" \/>\n<meta property=\"article:modified_time\" content=\"2025-10-15T23:04:41+00:00\" \/>\n<meta property=\"og:image\" content=\"https:\/\/www.idiv.de\/wp-content\/uploads\/2024\/11\/iDivSocialMediaShare.jpg\" \/>\n\t<meta property=\"og:image:width\" content=\"1200\" \/>\n\t<meta property=\"og:image:height\" content=\"675\" \/>\n\t<meta property=\"og:image:type\" content=\"image\/jpeg\" \/>\n<meta name=\"twitter:card\" content=\"summary_large_image\" \/>\n<meta name=\"twitter:site\" content=\"@idiv\" \/>\n<script type=\"application\/ld+json\" class=\"yoast-schema-graph\">{\"@context\":\"https:\\\/\\\/schema.org\",\"@graph\":[{\"@type\":\"WebPage\",\"@id\":\"https:\\\/\\\/www.idiv.de\\\/de\\\/forschung\\\/kernforschungsgruppen\\\/biodiversitat-im-anthropozan\\\/research-theme-paleobiology\\\/\",\"url\":\"https:\\\/\\\/www.idiv.de\\\/de\\\/forschung\\\/kernforschungsgruppen\\\/biodiversitat-im-anthropozan\\\/research-theme-paleobiology\\\/\",\"name\":\"Research Theme: Paleobiology | iDiv\",\"isPartOf\":{\"@id\":\"https:\\\/\\\/www.idiv.de\\\/de\\\/#website\"},\"datePublished\":\"2025-09-02T13:17:51+00:00\",\"dateModified\":\"2025-10-15T23:04:41+00:00\",\"breadcrumb\":{\"@id\":\"https:\\\/\\\/www.idiv.de\\\/de\\\/forschung\\\/kernforschungsgruppen\\\/biodiversitat-im-anthropozan\\\/research-theme-paleobiology\\\/#breadcrumb\"},\"inLanguage\":\"de\",\"potentialAction\":[{\"@type\":\"ReadAction\",\"target\":[\"https:\\\/\\\/www.idiv.de\\\/de\\\/forschung\\\/kernforschungsgruppen\\\/biodiversitat-im-anthropozan\\\/research-theme-paleobiology\\\/\"]}]},{\"@type\":\"BreadcrumbList\",\"@id\":\"https:\\\/\\\/www.idiv.de\\\/de\\\/forschung\\\/kernforschungsgruppen\\\/biodiversitat-im-anthropozan\\\/research-theme-paleobiology\\\/#breadcrumb\",\"itemListElement\":[{\"@type\":\"ListItem\",\"position\":1,\"name\":\"Startseite\",\"item\":\"https:\\\/\\\/www.idiv.de\\\/de\\\/\"},{\"@type\":\"ListItem\",\"position\":2,\"name\":\"Forschung\",\"item\":\"https:\\\/\\\/www.idiv.de\\\/de\\\/research\\\/\"},{\"@type\":\"ListItem\",\"position\":3,\"name\":\"Kernprofessuren\",\"item\":\"https:\\\/\\\/www.idiv.de\\\/de\\\/forschung\\\/kernforschungsgruppen\\\/\"},{\"@type\":\"ListItem\",\"position\":4,\"name\":\"Biodiversit\u00e4t im Anthropoz\u00e4n\",\"item\":\"https:\\\/\\\/www.idiv.de\\\/de\\\/forschung\\\/kernforschungsgruppen\\\/biodiversitat-im-anthropozan\\\/\"},{\"@type\":\"ListItem\",\"position\":5,\"name\":\"Research Theme: Paleobiology\"}]},{\"@type\":\"WebSite\",\"@id\":\"https:\\\/\\\/www.idiv.de\\\/de\\\/#website\",\"url\":\"https:\\\/\\\/www.idiv.de\\\/de\\\/\",\"name\":\"iDiv\",\"description\":\"Hotspot in Biodiversity Research\",\"publisher\":{\"@id\":\"https:\\\/\\\/www.idiv.de\\\/de\\\/#organization\"},\"potentialAction\":[{\"@type\":\"SearchAction\",\"target\":{\"@type\":\"EntryPoint\",\"urlTemplate\":\"https:\\\/\\\/www.idiv.de\\\/de\\\/?s={search_term_string}\"},\"query-input\":{\"@type\":\"PropertyValueSpecification\",\"valueRequired\":true,\"valueName\":\"search_term_string\"}}],\"inLanguage\":\"de\"},{\"@type\":\"Organization\",\"@id\":\"https:\\\/\\\/www.idiv.de\\\/de\\\/#organization\",\"name\":\"idiv\",\"url\":\"https:\\\/\\\/www.idiv.de\\\/de\\\/\",\"logo\":{\"@type\":\"ImageObject\",\"inLanguage\":\"de\",\"@id\":\"https:\\\/\\\/www.idiv.de\\\/de\\\/#\\\/schema\\\/logo\\\/image\\\/\",\"url\":\"https:\\\/\\\/www.idiv.de\\\/wp-content\\\/uploads\\\/2024\\\/08\\\/iDiv_Logo_long_v1_EN_black_4c.jpg\",\"contentUrl\":\"https:\\\/\\\/www.idiv.de\\\/wp-content\\\/uploads\\\/2024\\\/08\\\/iDiv_Logo_long_v1_EN_black_4c.jpg\",\"width\":2448,\"height\":674,\"caption\":\"idiv\"},\"image\":{\"@id\":\"https:\\\/\\\/www.idiv.de\\\/de\\\/#\\\/schema\\\/logo\\\/image\\\/\"},\"sameAs\":[\"https:\\\/\\\/x.com\\\/idiv\",\"https:\\\/\\\/www.linkedin.com\\\/company\\\/idiv-biodiversity\\\/\",\"https:\\\/\\\/www.youtube.com\\\/idiv-research\"]}]}<\/script>\n<!-- \/ Yoast SEO plugin. -->","yoast_head_json":{"title":"Research Theme: Paleobiology | iDiv","robots":{"index":"index","follow":"follow","max-snippet":"max-snippet:-1","max-image-preview":"max-image-preview:large","max-video-preview":"max-video-preview:-1"},"canonical":"https:\/\/www.idiv.de\/de\/forschung\/kernforschungsgruppen\/biodiversitat-im-anthropozan\/research-theme-paleobiology\/","og_locale":"de_DE","og_type":"article","og_title":"Research Theme: Paleobiology | iDiv","og_url":"https:\/\/www.idiv.de\/de\/forschung\/kernforschungsgruppen\/biodiversitat-im-anthropozan\/research-theme-paleobiology\/","og_site_name":"iDiv","article_modified_time":"2025-10-15T23:04:41+00:00","og_image":[{"width":1200,"height":675,"url":"https:\/\/www.idiv.de\/wp-content\/uploads\/2024\/11\/iDivSocialMediaShare.jpg","type":"image\/jpeg"}],"twitter_card":"summary_large_image","twitter_site":"@idiv","schema":{"@context":"https:\/\/schema.org","@graph":[{"@type":"WebPage","@id":"https:\/\/www.idiv.de\/de\/forschung\/kernforschungsgruppen\/biodiversitat-im-anthropozan\/research-theme-paleobiology\/","url":"https:\/\/www.idiv.de\/de\/forschung\/kernforschungsgruppen\/biodiversitat-im-anthropozan\/research-theme-paleobiology\/","name":"Research Theme: Paleobiology | iDiv","isPartOf":{"@id":"https:\/\/www.idiv.de\/de\/#website"},"datePublished":"2025-09-02T13:17:51+00:00","dateModified":"2025-10-15T23:04:41+00:00","breadcrumb":{"@id":"https:\/\/www.idiv.de\/de\/forschung\/kernforschungsgruppen\/biodiversitat-im-anthropozan\/research-theme-paleobiology\/#breadcrumb"},"inLanguage":"de","potentialAction":[{"@type":"ReadAction","target":["https:\/\/www.idiv.de\/de\/forschung\/kernforschungsgruppen\/biodiversitat-im-anthropozan\/research-theme-paleobiology\/"]}]},{"@type":"BreadcrumbList","@id":"https:\/\/www.idiv.de\/de\/forschung\/kernforschungsgruppen\/biodiversitat-im-anthropozan\/research-theme-paleobiology\/#breadcrumb","itemListElement":[{"@type":"ListItem","position":1,"name":"Startseite","item":"https:\/\/www.idiv.de\/de\/"},{"@type":"ListItem","position":2,"name":"Forschung","item":"https:\/\/www.idiv.de\/de\/research\/"},{"@type":"ListItem","position":3,"name":"Kernprofessuren","item":"https:\/\/www.idiv.de\/de\/forschung\/kernforschungsgruppen\/"},{"@type":"ListItem","position":4,"name":"Biodiversit\u00e4t im Anthropoz\u00e4n","item":"https:\/\/www.idiv.de\/de\/forschung\/kernforschungsgruppen\/biodiversitat-im-anthropozan\/"},{"@type":"ListItem","position":5,"name":"Research Theme: Paleobiology"}]},{"@type":"WebSite","@id":"https:\/\/www.idiv.de\/de\/#website","url":"https:\/\/www.idiv.de\/de\/","name":"iDiv","description":"Hotspot in Biodiversity Research","publisher":{"@id":"https:\/\/www.idiv.de\/de\/#organization"},"potentialAction":[{"@type":"SearchAction","target":{"@type":"EntryPoint","urlTemplate":"https:\/\/www.idiv.de\/de\/?s={search_term_string}"},"query-input":{"@type":"PropertyValueSpecification","valueRequired":true,"valueName":"search_term_string"}}],"inLanguage":"de"},{"@type":"Organization","@id":"https:\/\/www.idiv.de\/de\/#organization","name":"idiv","url":"https:\/\/www.idiv.de\/de\/","logo":{"@type":"ImageObject","inLanguage":"de","@id":"https:\/\/www.idiv.de\/de\/#\/schema\/logo\/image\/","url":"https:\/\/www.idiv.de\/wp-content\/uploads\/2024\/08\/iDiv_Logo_long_v1_EN_black_4c.jpg","contentUrl":"https:\/\/www.idiv.de\/wp-content\/uploads\/2024\/08\/iDiv_Logo_long_v1_EN_black_4c.jpg","width":2448,"height":674,"caption":"idiv"},"image":{"@id":"https:\/\/www.idiv.de\/de\/#\/schema\/logo\/image\/"},"sameAs":["https:\/\/x.com\/idiv","https:\/\/www.linkedin.com\/company\/idiv-biodiversity\/","https:\/\/www.youtube.com\/idiv-research"]}]}},"coauthors":[],"author_meta":{"author_link":"https:\/\/www.idiv.de\/de\/author\/stefan\/","display_name":"Stefan Bernhardt"},"relative_dates":{"created":"Ver\u00f6ffentlicht 8\u00a0Monaten vor","modified":"Aktualisiert 7\u00a0Monaten vor"},"absolute_dates":{"created":"Ver\u00f6ffentlicht am 2. September 2025","modified":"Aktualisiert am 16. Oktober 2025"},"absolute_dates_time":{"created":"Ver\u00f6ffentlicht am 2. September 2025 14:17","modified":"Aktualisiert am 16. Oktober 2025 0:04"},"featured_img_caption":"","featured_img":false,"series_order":"","_links":{"self":[{"href":"https:\/\/www.idiv.de\/de\/wp-json\/wp\/v2\/pages\/36196","targetHints":{"allow":["GET"]}}],"collection":[{"href":"https:\/\/www.idiv.de\/de\/wp-json\/wp\/v2\/pages"}],"about":[{"href":"https:\/\/www.idiv.de\/de\/wp-json\/wp\/v2\/types\/page"}],"author":[{"embeddable":true,"href":"https:\/\/www.idiv.de\/de\/wp-json\/wp\/v2\/users\/3"}],"replies":[{"embeddable":true,"href":"https:\/\/www.idiv.de\/de\/wp-json\/wp\/v2\/comments?post=36196"}],"version-history":[{"count":7,"href":"https:\/\/www.idiv.de\/de\/wp-json\/wp\/v2\/pages\/36196\/revisions"}],"predecessor-version":[{"id":36462,"href":"https:\/\/www.idiv.de\/de\/wp-json\/wp\/v2\/pages\/36196\/revisions\/36462"}],"up":[{"embeddable":true,"href":"https:\/\/www.idiv.de\/de\/wp-json\/wp\/v2\/pages\/15267"}],"wp:attachment":[{"href":"https:\/\/www.idiv.de\/de\/wp-json\/wp\/v2\/media?parent=36196"}],"curies":[{"name":"wp","href":"https:\/\/api.w.org\/{rel}","templated":true}]}}