{"id":3336,"date":"2024-07-18T12:14:28","date_gmt":"2024-07-18T11:14:28","guid":{"rendered":"https:\/\/www.idiv.de\/zentrum\/services-fuer-forschende\/councelling\/"},"modified":"2024-11-27T07:36:10","modified_gmt":"2024-11-27T06:36:10","slug":"vertrauenspersonen","status":"publish","type":"page","link":"https:\/\/www.idiv.de\/de\/zentrum\/support-fuer-forschende\/vertrauenspersonen\/","title":{"rendered":"Vertrauenspersonen"},"content":{"rendered":"<div class=\"textbildrepeater pb-24 pt-0 no-bg modulclass \" id=\"\">\n    <div class=\"container\">\n        <div class=\"row\">\n                                                                <div class=\"pb-24   mod_textheadlinebtn  col-md-8 offset-md-2 pos_top\">\n                            <div class=\"textrepeater \" id=\"\">\n\n\n    <h1 class=\"h1 \" >Vertrauenspersonen bei iDiv<\/h1>\n    <div class=\"contentrepeater\">\n        <p>iDiv hat zwei Vertrauenspersonen benannt: <strong>Nicole Sachmerda-Schulz<\/strong> und <strong>Marten Winter<\/strong>. An diese k\u00f6nnen sich alle bei iDiv Besch\u00e4ftigte mit individuellen Problemen am Arbeitsplatz wenden\u00a0 und um ein pers\u00f6nliches Gespr\u00e4ch bitten. Dort\u00a0finden sie ein offenes Ohr sowie Unterst\u00fctzung. Beide h\u00f6ren zu, geben Ratschl\u00e4ge und helfen bei der L\u00f6sung von Problemen am Arbeitsplatz, bspw. bei Gleichstellungs-\/Geschlechterfragen oder Problemen mit Vorgesetzten. Alles, was in diesem pers\u00f6nlichen Gespr\u00e4ch gesagt wird, bleibt vertraulich, sofern nichts anderes vereinbart wird.<\/p>\n<p>Auf Wunsch nehmen die Vertrauenspersonen an Gespr\u00e4chen zwischen Betroffenen und einer anderen Partei bei iDiv teil. Die Rolle der\u00a0Vertrauensperson\u00a0bei einem solchen Gespr\u00e4ch besteht lediglich darin, anwesend zu sein. Dabei handelt sie stehts neutral. Nur auf ausdr\u00fccklichen Wunsch und Zustimmung beider am Gespr\u00e4ch anwesenden Parteien wird die Vertrauensperson als Vermittler t\u00e4tig.<\/p>\n<p>Die Vertrauenspersonen bei iDiv k\u00f6nnen keine juristische, psychologische oder medizinische Beratung leisten. Sie vermitteln\/verweisen an die richtige Abteilung\/Person an der Dienststelle oder an andere Fachleute.<\/p>\n    <\/div>\n\n\n    <\/div>\n                            <\/div>\n                        <\/div>\n    <\/div>\n<\/div>\n\n\n\n<div class='pt-48 pb-24 no-bg'><div class='container'><div class='row justify-content-center pb-3 profile-short gx-4 gy-4'>\n                <div class='col-12 col-sm-6 col-md-6 col-lg-4 pb-3'>\n                    <div class='row align-items-center'>\n                        <div class='col-4 col-sm-6'>\n                            <img loading=\"lazy\" decoding=\"async\" width=\"472\" height=\"472\" src=\"https:\/\/www.idiv.de\/wp-content\/uploads\/2024\/08\/Nicole-Sachmerda-Schulz-Portrait.png\" class=\"img-fluid rounded-circle w-100 wp-post-image\" alt=\"Portrait of Nicole-Sachmerda-Schulz-Portrait (Photo: private)\" \/>\n                        <\/div>\n                        <div class='col-8 col-sm-6'>\n                            <p class='mb-2'>\n                                <strong>Dr. Nicole Sachmerda-Schulz<\/strong>\n                            <\/p>\n                            <p class='mb-1'>\n                                Leiterin der Abteilung Education, Wissenschaftsmanagerin Graduiertenschule und iDiv Councellor<br>\n                                Telefon: <a href='tel:+49 341 9733125' class='text-decoration-none'>+49 341 9733125<\/a><br>\n                                E-Mail: <a href='&#x6d;a&#x69;&#108;&#x74;&#111;:&#x6e;i&#x63;&#111;&#x6c;&#101;&#46;&#x73;&#97;&#x63;&#104;m&#x65;r&#x64;&#97;&#x2d;&#115;c&#x68;u&#x6c;&#122;&#x40;&#x69;d&#x69;&#118;&#x2e;&#100;e' class='text-decoration-none'>&#x6e;&#105;&#x63;&#x6f;&#108;&#x65;&#x2e;&#115;&#x61;&#x63;&#104;&#x6d;&#x65;r&#x64;&#x61;-&#x73;&#99;h&#x75;&#108;z&#x40;&#105;d&#x69;&#118;&#46;&#x64;&#101;<\/a><br>\n                            <\/p>\n                            <span class='profile-short-link'>\n                                <a href='https:\/\/www.idiv.de\/de\/staff\/nicole-sachmerda-schulz\/' class='ps-0 pe-1 btncf arrow'>\n                                    Zum Profil\n                                    <svg xmlns='http:\/\/www.w3.org\/2000\/svg' width='5.621' height='12.243' viewBox='0 0 7.621 12.243'>\n                                        <path id='Icon_feather-chevron-right' d='M17.5,17l-4-4,4-4' transform='translate(19.621 19.121) rotate(180)' fill='none' stroke='#447226' stroke-linecap='round' stroke-linejoin='round' stroke-width='3'><\/path>\n                                    <\/svg>\n                                <\/a>\n                            <\/span>\n                        <\/div>\n                    <\/div>\n                <\/div>\n                <div class='col-12 col-sm-6 col-md-6 col-lg-4 pb-3'>\n                    <div class='row align-items-center'>\n                        <div class='col-4 col-sm-6'>\n                            <img loading=\"lazy\" decoding=\"async\" width=\"472\" height=\"472\" src=\"https:\/\/www.idiv.de\/wp-content\/uploads\/2024\/08\/Marten-Winter-Portrait.png\" class=\"img-fluid rounded-circle w-100 wp-post-image\" alt=\"\" srcset=\"https:\/\/www.idiv.de\/wp-content\/uploads\/2024\/08\/Marten-Winter-Portrait.png 472w, https:\/\/www.idiv.de\/wp-content\/uploads\/2024\/08\/Marten-Winter-Portrait-300x300.png 300w, https:\/\/www.idiv.de\/wp-content\/uploads\/2024\/08\/Marten-Winter-Portrait-150x150.png 150w\" sizes=\"auto, (max-width: 472px) 100vw, 472px\" \/>\n                        <\/div>\n                        <div class='col-8 col-sm-6'>\n                            <p class='mb-2'>\n                                <strong>Dr. Marten Winter<\/strong>\n                            <\/p>\n                            <p class='mb-1'>\n                                Leiter der Abteilung Integration, Leiter von sDiv und iDiv Counsellor<br>\n                                Telefon: <a href='tel:+49 341 9733129' class='text-decoration-none'>+49 341 9733129<\/a><br>\n                                E-Mail: <a href='&#109;&#x61;&#x69;l&#116;&#x6f;:&#109;&#x61;r&#116;&#x65;n&#46;&#x77;&#x69;&#110;&#x74;&#x65;r&#64;&#x69;d&#105;&#x76;&#46;&#100;&#x65;' class='text-decoration-none'>m&#97;&#x72;&#x74;e&#110;&#x2e;&#x77;i&#110;&#116;&#x65;&#x72;&#64;&#105;&#x64;&#x69;v&#46;&#x64;&#x65;<\/a><br>\n                            <\/p>\n                            <span class='profile-short-link'>\n                                <a href='https:\/\/www.idiv.de\/de\/staff\/marten-winter\/' class='ps-0 pe-1 btncf arrow'>\n                                    Zum Profil\n                                    <svg xmlns='http:\/\/www.w3.org\/2000\/svg' width='5.621' height='12.243' viewBox='0 0 7.621 12.243'>\n                                        <path id='Icon_feather-chevron-right' d='M17.5,17l-4-4,4-4' transform='translate(19.621 19.121) rotate(180)' fill='none' stroke='#447226' stroke-linecap='round' stroke-linejoin='round' stroke-width='3'><\/path>\n                                    <\/svg>\n                                <\/a>\n                            <\/span>\n                        <\/div>\n                    <\/div>\n                <\/div><\/div><\/div><\/div>","protected":false},"excerpt":{"rendered":"","protected":false},"author":3,"featured_media":0,"parent":870,"menu_order":0,"comment_status":"closed","ping_status":"closed","template":"","meta":{"_acf_changed":false,"advgb_blocks_editor_width":"","advgb_blocks_columns_visual_guide":"","footnotes":"","_links_to":"","_links_to_target":""},"class_list":["post-3336","page","type-page","status-publish","hentry"],"acf":{"search_thumb":"","search_kurzbeschreibung":"","breadcrumb":false},"yoast_head":"<!-- This site is optimized with the Yoast SEO plugin v27.5 - https:\/\/yoast.com\/product\/yoast-seo-wordpress\/ -->\n<title>Vertrauenspersonen | iDiv<\/title>\n<meta name=\"robots\" content=\"index, follow, max-snippet:-1, max-image-preview:large, max-video-preview:-1\" \/>\n<link rel=\"canonical\" href=\"https:\/\/www.idiv.de\/de\/zentrum\/support-fuer-forschende\/vertrauenspersonen\/\" \/>\n<meta property=\"og:locale\" content=\"de_DE\" \/>\n<meta property=\"og:type\" content=\"article\" \/>\n<meta property=\"og:title\" content=\"Vertrauenspersonen | iDiv\" \/>\n<meta property=\"og:url\" content=\"https:\/\/www.idiv.de\/de\/zentrum\/support-fuer-forschende\/vertrauenspersonen\/\" \/>\n<meta property=\"og:site_name\" content=\"iDiv\" \/>\n<meta property=\"article:modified_time\" content=\"2024-11-27T06:36:10+00:00\" \/>\n<meta property=\"og:image\" content=\"https:\/\/www.idiv.de\/wp-content\/uploads\/2024\/11\/iDivSocialMediaShare.jpg\" \/>\n\t<meta property=\"og:image:width\" content=\"1200\" \/>\n\t<meta property=\"og:image:height\" content=\"675\" \/>\n\t<meta property=\"og:image:type\" content=\"image\/jpeg\" \/>\n<meta name=\"twitter:card\" content=\"summary_large_image\" \/>\n<meta name=\"twitter:site\" content=\"@idiv\" \/>\n<script type=\"application\/ld+json\" class=\"yoast-schema-graph\">{\"@context\":\"https:\\\/\\\/schema.org\",\"@graph\":[{\"@type\":\"WebPage\",\"@id\":\"https:\\\/\\\/www.idiv.de\\\/de\\\/zentrum\\\/support-fuer-forschende\\\/vertrauenspersonen\\\/\",\"url\":\"https:\\\/\\\/www.idiv.de\\\/de\\\/zentrum\\\/support-fuer-forschende\\\/vertrauenspersonen\\\/\",\"name\":\"Vertrauenspersonen | iDiv\",\"isPartOf\":{\"@id\":\"https:\\\/\\\/www.idiv.de\\\/de\\\/#website\"},\"datePublished\":\"2024-07-18T11:14:28+00:00\",\"dateModified\":\"2024-11-27T06:36:10+00:00\",\"breadcrumb\":{\"@id\":\"https:\\\/\\\/www.idiv.de\\\/de\\\/zentrum\\\/support-fuer-forschende\\\/vertrauenspersonen\\\/#breadcrumb\"},\"inLanguage\":\"de\",\"potentialAction\":[{\"@type\":\"ReadAction\",\"target\":[\"https:\\\/\\\/www.idiv.de\\\/de\\\/zentrum\\\/support-fuer-forschende\\\/vertrauenspersonen\\\/\"]}]},{\"@type\":\"BreadcrumbList\",\"@id\":\"https:\\\/\\\/www.idiv.de\\\/de\\\/zentrum\\\/support-fuer-forschende\\\/vertrauenspersonen\\\/#breadcrumb\",\"itemListElement\":[{\"@type\":\"ListItem\",\"position\":1,\"name\":\"Startseite\",\"item\":\"https:\\\/\\\/www.idiv.de\\\/de\\\/\"},{\"@type\":\"ListItem\",\"position\":2,\"name\":\"Zentrum\",\"item\":\"https:\\\/\\\/www.idiv.de\\\/de\\\/zentrum\\\/\"},{\"@type\":\"ListItem\",\"position\":3,\"name\":\"Support f\u00fcr Forschende\",\"item\":\"https:\\\/\\\/www.idiv.de\\\/de\\\/zentrum\\\/support-fuer-forschende\\\/\"},{\"@type\":\"ListItem\",\"position\":4,\"name\":\"Vertrauenspersonen\"}]},{\"@type\":\"WebSite\",\"@id\":\"https:\\\/\\\/www.idiv.de\\\/de\\\/#website\",\"url\":\"https:\\\/\\\/www.idiv.de\\\/de\\\/\",\"name\":\"iDiv\",\"description\":\"Hotspot in Biodiversity Research\",\"publisher\":{\"@id\":\"https:\\\/\\\/www.idiv.de\\\/de\\\/#organization\"},\"potentialAction\":[{\"@type\":\"SearchAction\",\"target\":{\"@type\":\"EntryPoint\",\"urlTemplate\":\"https:\\\/\\\/www.idiv.de\\\/de\\\/?s={search_term_string}\"},\"query-input\":{\"@type\":\"PropertyValueSpecification\",\"valueRequired\":true,\"valueName\":\"search_term_string\"}}],\"inLanguage\":\"de\"},{\"@type\":\"Organization\",\"@id\":\"https:\\\/\\\/www.idiv.de\\\/de\\\/#organization\",\"name\":\"idiv\",\"url\":\"https:\\\/\\\/www.idiv.de\\\/de\\\/\",\"logo\":{\"@type\":\"ImageObject\",\"inLanguage\":\"de\",\"@id\":\"https:\\\/\\\/www.idiv.de\\\/de\\\/#\\\/schema\\\/logo\\\/image\\\/\",\"url\":\"https:\\\/\\\/www.idiv.de\\\/wp-content\\\/uploads\\\/2024\\\/08\\\/iDiv_Logo_long_v1_EN_black_4c.jpg\",\"contentUrl\":\"https:\\\/\\\/www.idiv.de\\\/wp-content\\\/uploads\\\/2024\\\/08\\\/iDiv_Logo_long_v1_EN_black_4c.jpg\",\"width\":2448,\"height\":674,\"caption\":\"idiv\"},\"image\":{\"@id\":\"https:\\\/\\\/www.idiv.de\\\/de\\\/#\\\/schema\\\/logo\\\/image\\\/\"},\"sameAs\":[\"https:\\\/\\\/x.com\\\/idiv\",\"https:\\\/\\\/www.linkedin.com\\\/company\\\/idiv-biodiversity\\\/\",\"https:\\\/\\\/www.youtube.com\\\/idiv-research\"]}]}<\/script>\n<!-- \/ Yoast SEO plugin. -->","yoast_head_json":{"title":"Vertrauenspersonen | iDiv","robots":{"index":"index","follow":"follow","max-snippet":"max-snippet:-1","max-image-preview":"max-image-preview:large","max-video-preview":"max-video-preview:-1"},"canonical":"https:\/\/www.idiv.de\/de\/zentrum\/support-fuer-forschende\/vertrauenspersonen\/","og_locale":"de_DE","og_type":"article","og_title":"Vertrauenspersonen | iDiv","og_url":"https:\/\/www.idiv.de\/de\/zentrum\/support-fuer-forschende\/vertrauenspersonen\/","og_site_name":"iDiv","article_modified_time":"2024-11-27T06:36:10+00:00","og_image":[{"width":1200,"height":675,"url":"https:\/\/www.idiv.de\/wp-content\/uploads\/2024\/11\/iDivSocialMediaShare.jpg","type":"image\/jpeg"}],"twitter_card":"summary_large_image","twitter_site":"@idiv","schema":{"@context":"https:\/\/schema.org","@graph":[{"@type":"WebPage","@id":"https:\/\/www.idiv.de\/de\/zentrum\/support-fuer-forschende\/vertrauenspersonen\/","url":"https:\/\/www.idiv.de\/de\/zentrum\/support-fuer-forschende\/vertrauenspersonen\/","name":"Vertrauenspersonen | iDiv","isPartOf":{"@id":"https:\/\/www.idiv.de\/de\/#website"},"datePublished":"2024-07-18T11:14:28+00:00","dateModified":"2024-11-27T06:36:10+00:00","breadcrumb":{"@id":"https:\/\/www.idiv.de\/de\/zentrum\/support-fuer-forschende\/vertrauenspersonen\/#breadcrumb"},"inLanguage":"de","potentialAction":[{"@type":"ReadAction","target":["https:\/\/www.idiv.de\/de\/zentrum\/support-fuer-forschende\/vertrauenspersonen\/"]}]},{"@type":"BreadcrumbList","@id":"https:\/\/www.idiv.de\/de\/zentrum\/support-fuer-forschende\/vertrauenspersonen\/#breadcrumb","itemListElement":[{"@type":"ListItem","position":1,"name":"Startseite","item":"https:\/\/www.idiv.de\/de\/"},{"@type":"ListItem","position":2,"name":"Zentrum","item":"https:\/\/www.idiv.de\/de\/zentrum\/"},{"@type":"ListItem","position":3,"name":"Support f\u00fcr Forschende","item":"https:\/\/www.idiv.de\/de\/zentrum\/support-fuer-forschende\/"},{"@type":"ListItem","position":4,"name":"Vertrauenspersonen"}]},{"@type":"WebSite","@id":"https:\/\/www.idiv.de\/de\/#website","url":"https:\/\/www.idiv.de\/de\/","name":"iDiv","description":"Hotspot in Biodiversity Research","publisher":{"@id":"https:\/\/www.idiv.de\/de\/#organization"},"potentialAction":[{"@type":"SearchAction","target":{"@type":"EntryPoint","urlTemplate":"https:\/\/www.idiv.de\/de\/?s={search_term_string}"},"query-input":{"@type":"PropertyValueSpecification","valueRequired":true,"valueName":"search_term_string"}}],"inLanguage":"de"},{"@type":"Organization","@id":"https:\/\/www.idiv.de\/de\/#organization","name":"idiv","url":"https:\/\/www.idiv.de\/de\/","logo":{"@type":"ImageObject","inLanguage":"de","@id":"https:\/\/www.idiv.de\/de\/#\/schema\/logo\/image\/","url":"https:\/\/www.idiv.de\/wp-content\/uploads\/2024\/08\/iDiv_Logo_long_v1_EN_black_4c.jpg","contentUrl":"https:\/\/www.idiv.de\/wp-content\/uploads\/2024\/08\/iDiv_Logo_long_v1_EN_black_4c.jpg","width":2448,"height":674,"caption":"idiv"},"image":{"@id":"https:\/\/www.idiv.de\/de\/#\/schema\/logo\/image\/"},"sameAs":["https:\/\/x.com\/idiv","https:\/\/www.linkedin.com\/company\/idiv-biodiversity\/","https:\/\/www.youtube.com\/idiv-research"]}]}},"coauthors":[],"author_meta":{"author_link":"https:\/\/www.idiv.de\/de\/author\/stefan\/","display_name":"Stefan Bernhardt"},"relative_dates":{"created":"Ver\u00f6ffentlicht 2\u00a0Jahren vor","modified":"Aktualisiert 1\u00a0Jahr vor"},"absolute_dates":{"created":"Ver\u00f6ffentlicht am 18. Juli 2024","modified":"Aktualisiert am 27. November 2024"},"absolute_dates_time":{"created":"Ver\u00f6ffentlicht am 18. Juli 2024 12:14","modified":"Aktualisiert am 27. November 2024 7:36"},"featured_img_caption":"","featured_img":false,"series_order":"","_links":{"self":[{"href":"https:\/\/www.idiv.de\/de\/wp-json\/wp\/v2\/pages\/3336","targetHints":{"allow":["GET"]}}],"collection":[{"href":"https:\/\/www.idiv.de\/de\/wp-json\/wp\/v2\/pages"}],"about":[{"href":"https:\/\/www.idiv.de\/de\/wp-json\/wp\/v2\/types\/page"}],"author":[{"embeddable":true,"href":"https:\/\/www.idiv.de\/de\/wp-json\/wp\/v2\/users\/3"}],"replies":[{"embeddable":true,"href":"https:\/\/www.idiv.de\/de\/wp-json\/wp\/v2\/comments?post=3336"}],"version-history":[{"count":5,"href":"https:\/\/www.idiv.de\/de\/wp-json\/wp\/v2\/pages\/3336\/revisions"}],"predecessor-version":[{"id":16395,"href":"https:\/\/www.idiv.de\/de\/wp-json\/wp\/v2\/pages\/3336\/revisions\/16395"}],"up":[{"embeddable":true,"href":"https:\/\/www.idiv.de\/de\/wp-json\/wp\/v2\/pages\/870"}],"wp:attachment":[{"href":"https:\/\/www.idiv.de\/de\/wp-json\/wp\/v2\/media?parent=3336"}],"curies":[{"name":"wp","href":"https:\/\/api.w.org\/{rel}","templated":true}]}}