{"id":30935,"date":"2025-05-27T07:56:03","date_gmt":"2025-05-27T06:56:03","guid":{"rendered":"https:\/\/www.idiv.de\/?page_id=30935"},"modified":"2025-05-27T08:06:05","modified_gmt":"2025-05-27T07:06:05","slug":"gartendiv","status":"publish","type":"page","link":"https:\/\/www.idiv.de\/de\/impact\/buergerwissenschaft\/gartendiv\/","title":{"rendered":"GartenDiv"},"content":{"rendered":"<div class=\"herosection pb-24 pt-0 no-bg modulclass \" id=\"\">\n                    <div class=\"swiper1noslider  nooverflow swiper thinslider\" id=\"slide_69f35d220d23e\">\n        \n                <div class=\"swiper-wrapper\">\n                                            <div class=\"swiper-slide  style_ \" aria-hidden=\"true\" >\n                            <div class=\"backstretchwrap\">\n                        \n                            <div datasrc=\"https:\/\/www.idiv.de\/wp-content\/uploads\/2025\/05\/kleingarten-gemuese-biodiversitaet-bkd-2-1.jpg\" class=\"backstretchimg responsiv desktop\"><\/div>\n\n                            <a href=\"#\" class=\"cr\"><svg  xmlns=\"http:\/\/www.w3.org\/2000\/svg\" width=\"22\" height=\"22\" viewBox=\"0 0 22 22\">\n                                    <rect id=\"BG\" width=\"22\" height=\"22\" rx=\"11\" fill=\"#fff\"\/>\n                                    <g id=\"Wrapper\" transform=\"translate(-1 -1)\">\n                                        <g id=\"Icon_material-copyright\" data-name=\"Icon material-copyright\">\n                                            <circle id=\"Ellipse_30\" data-name=\"Ellipse 30\" cx=\"8\" cy=\"8\" r=\"8\" transform=\"translate(4 4)\" fill=\"#fff\"\/>\n                                            <path id=\"Icon_material-copyright-2\" data-name=\"Icon material-copyright\" d=\"M9.464,10.088a2.045,2.045,0,0,1,.24-.7,1.4,1.4,0,0,1,.472-.5,1.42,1.42,0,0,1,.728-.184,1.45,1.45,0,0,1,.5.1,1.29,1.29,0,0,1,.416.288,1.54,1.54,0,0,1,.272.424,1.4,1.4,0,0,1,.112.512H13.64a2.864,2.864,0,0,0-.224-1.032,2.4,2.4,0,0,0-.56-.808,2.613,2.613,0,0,0-.864-.528,3.09,3.09,0,0,0-1.112-.184,3.127,3.127,0,0,0-1.36.272,2.751,2.751,0,0,0-.96.736,3.007,3.007,0,0,0-.568,1.088A4.685,4.685,0,0,0,7.8,10.9v.216a4.684,4.684,0,0,0,.184,1.312,2.908,2.908,0,0,0,.568,1.08,2.731,2.731,0,0,0,.96.728,3.246,3.246,0,0,0,1.36.272,3.051,3.051,0,0,0,1.056-.184,2.729,2.729,0,0,0,.864-.5,2.442,2.442,0,0,0,.592-.752,2.153,2.153,0,0,0,.24-.92H12.192a1.139,1.139,0,0,1-.12.464,1.177,1.177,0,0,1-.288.368,1.26,1.26,0,0,1-.416.24,1.589,1.589,0,0,1-.48.08,1.359,1.359,0,0,1-.712-.184,1.4,1.4,0,0,1-.472-.5,2.09,2.09,0,0,1-.24-.7,5.392,5.392,0,0,1-.064-.8V10.9a5.33,5.33,0,0,1,.064-.808ZM11,3a8,8,0,1,0,8,8A8,8,0,0,0,11,3Zm0,14.4A6.4,6.4,0,1,1,17.4,11,6.408,6.408,0,0,1,11,17.4Z\" transform=\"translate(1 1)\" fill=\"#4d4d4d\"\/>\n                                        <\/g>\n                                    <\/g>\n                                <\/svg>\n                                <span>BKD<\/span><\/a>                        \n                                                    <\/div>\n                                        <div class=\"sliderinhalt \" role=\"region\" aria-label=\"carousel\">\n\n                                            <h1 class=\"h1 tcenter\" >GartenDiv<\/h1>                                                    <p style=\"text-align: center;\">G\u00e4rten z\u00e4hlen f\u00fcr die Vielfalt<\/p>\n                                                \n                                                                                                            <\/div>\n                                            <\/div>\n\n                        \n                 <\/div>\n\n                              <\/div>\n<\/div>\n\n<div class=\"textbildrepeater pb-24 pt-0 no-bg modulclass \" id=\"\">\n    <div class=\"container\">\n        <div class=\"row\">\n                                                                <div class=\"pb-24   mod_textheadlinebtn  col-md-8 offset-md-2 pos_top\">\n                            <div class=\"textrepeater \" id=\"\">\n\n\n    \n    <div class=\"contentrepeater\">\n        <header>\u00a0<\/header>\n<div id=\"c28273\" class=\"frame frame-default frame-type-text frame-layout-0\">\n<h3><strong>Biodiversit\u00e4t in G\u00e4rten<\/strong><\/h3>\n<p>G\u00e4rten wurden lange als bewusst k\u00fcnstlich und naturfern gestaltete, neuartige R\u00e4ume mit geringem Wert f\u00fcr den Naturschutz betrachtet. Doch zunehmend zeigt sich, dass G\u00e4rten ein gro\u00dfes Potenzial als \u00f6kologische Nischen f\u00fcr Flora und Fauna bieten, die in der modernen Agrarlandschaft selten geworden sind. Die tats\u00e4chliche Biodiversit\u00e4t in deutschen G\u00e4rten ist jedoch bisher kaum erfasst. Mit diesem Projekt wollen wir erstmals die Pflanzenvielfalt in Deutschlands G\u00e4rten im Rahmen eines bundesweiten B\u00fcrgerwissenschaftsprojekts erfassen und kartieren.<\/p>\n<\/div>\n    <\/div>\n\n\n    <\/div>\n                            <\/div>\n                        <\/div>\n    <\/div>\n<\/div>\n\n\n    \n                                    <div class=\"accordeon pb-0 pt-0 no-bg modulclass \">\n                    <div class=\"accordeonitem\">\n\n                                                <div class=\"container\">\n                            <div class=\"row\">\n                                                        \n                                <div class=\"col-md-8 offset-md-2 \">\n                                                                        <div class=\"accordionHeadline h3 pb-0 mt-0 no-bg modulclass  \" id=\"\">\n                                        Projektziele                                        <svg xmlns=\"http:\/\/www.w3.org\/2000\/svg\" width=\"20.243\" height=\"11.621\" viewBox=\"0 0 20.243 11.621\">\n                                            <path id=\"Icon_feather-chevron-right\" data-name=\"Icon feather-chevron-right\" d=\"M0,16,8,8,0,0\" transform=\"translate(18.121 2.121) rotate(90)\" fill=\"none\" stroke=\"#4d4d4d\" stroke-linecap=\"round\" stroke-linejoin=\"round\" stroke-width=\"3\"\/>\n                                        <\/svg>\n                                    <\/div>\n                                                            <\/div>\n                                <\/div>\n                            <\/div>\n                        \n                        <div class=\"accordionContent\" style=\"display: none\" >\n                    \n\n\n\n<div class=\"textbildrepeater pb-24 pt-0 no-bg modulclass \" id=\"\">\n    <div class=\"container\">\n        <div class=\"row\">\n                                                                <div class=\"pb-24   mod_textheadlinebtn  col-md-8 offset-md-2 pos_top\">\n                            <div class=\"textrepeater \" id=\"\">\n\n\n    \n    <div class=\"contentrepeater\">\n        <p>&nbsp;<\/p>\n<p>Unser Ziel ist es, ein umfassendes Bild der pflanzlichen Vielfalt in deutschen G\u00e4rten zu zeichnen \u2013 von heimischen und gebietsfremden Arten \u00fcber Kultivare und Wildformen bis hin zu spontan auftretender Vegetation. Wir untersuchen, wie sich diese Vielfalt \u00fcber verschiedene Gartentypen, Gr\u00f6\u00dfen und Regionen verteilt und welche \u00f6kologischen, sozialen und \u00f6konomischen Potenziale sich daraus ergeben. Unser Projekt verbindet wissenschaftliche Forschung mit gesellschaftlichem Engagement. Es soll nicht nur Erkenntnisse zur Biodiversit\u00e4t in G\u00e4rten liefern, sondern auch zum aktiven Mitmachen anregen, Umweltbildung f\u00f6rdern und das Verst\u00e4ndnis f\u00fcr G\u00e4rten als wichtige Lebensr\u00e4ume und Orte des Wandels st\u00e4rken.<\/p>\n    <\/div>\n\n\n    <\/div>\n                            <\/div>\n                        <\/div>\n    <\/div>\n<\/div>\n\n\n    \n                                        <\/div>\n                        <\/div>\n                        <\/div>\n                        <div class=\"accordeonende pb-24 pt-0 no-bg modulclass \" id=\"\"><\/div>\n                    \n\n\n\n\n    \n                                    <div class=\"accordeon pb-0 pt-0 no-bg modulclass \">\n                    <div class=\"accordeonitem\">\n\n                                                <div class=\"container\">\n                            <div class=\"row\">\n                                                        \n                                <div class=\"col-md-8 offset-md-2 \">\n                                                                        <div class=\"accordionHeadline h3 pb-0 mt-0 no-bg modulclass  \" id=\"\">\n                                        Zielgruppen                                        <svg xmlns=\"http:\/\/www.w3.org\/2000\/svg\" width=\"20.243\" height=\"11.621\" viewBox=\"0 0 20.243 11.621\">\n                                            <path id=\"Icon_feather-chevron-right\" data-name=\"Icon feather-chevron-right\" d=\"M0,16,8,8,0,0\" transform=\"translate(18.121 2.121) rotate(90)\" fill=\"none\" stroke=\"#4d4d4d\" stroke-linecap=\"round\" stroke-linejoin=\"round\" stroke-width=\"3\"\/>\n                                        <\/svg>\n                                    <\/div>\n                                                            <\/div>\n                                <\/div>\n                            <\/div>\n                        \n                        <div class=\"accordionContent\" style=\"display: none\" >\n                    \n\n\n\n<div class=\"textbildrepeater pb-24 pt-0 no-bg modulclass \" id=\"\">\n    <div class=\"container\">\n        <div class=\"row\">\n                                                                <div class=\"pb-24   mod_textheadlinebtn  col-md-8 offset-md-2 pos_top\">\n                            <div class=\"textrepeater \" id=\"\">\n\n\n    \n    <div class=\"contentrepeater\">\n        <p>&nbsp;<\/p>\n<p>Menschen mit Hausg\u00e4rten, Kleing\u00e4rten, Vorg\u00e4rten oder Balkonen, darunter Einzelpersonen, Gartenvereine, Umweltinitiativen und Akteur*innen aus Gartenbau und Naturschutz.<\/p>\n    <\/div>\n\n\n    <\/div>\n                            <\/div>\n                        <\/div>\n    <\/div>\n<\/div>\n\n\n    \n                                        <\/div>\n                        <\/div>\n                        <\/div>\n                        <div class=\"accordeonende pb-24 pt-0 no-bg modulclass \" id=\"\"><\/div>\n                    \n\n\n\n\n    \n                                    <div class=\"accordeon pb-0 pt-0 no-bg modulclass \">\n                    <div class=\"accordeonitem\">\n\n                                                <div class=\"container\">\n                            <div class=\"row\">\n                                                        \n                                <div class=\"col-md-8 offset-md-2 \">\n                                                                        <div class=\"accordionHeadline h3 pb-0 mt-0 no-bg modulclass  \" id=\"\">\n                                        Methoden und Aktivit\u00e4ten                                        <svg xmlns=\"http:\/\/www.w3.org\/2000\/svg\" width=\"20.243\" height=\"11.621\" viewBox=\"0 0 20.243 11.621\">\n                                            <path id=\"Icon_feather-chevron-right\" data-name=\"Icon feather-chevron-right\" d=\"M0,16,8,8,0,0\" transform=\"translate(18.121 2.121) rotate(90)\" fill=\"none\" stroke=\"#4d4d4d\" stroke-linecap=\"round\" stroke-linejoin=\"round\" stroke-width=\"3\"\/>\n                                        <\/svg>\n                                    <\/div>\n                                                            <\/div>\n                                <\/div>\n                            <\/div>\n                        \n                        <div class=\"accordionContent\" style=\"display: none\" >\n                    \n\n\n\n<div class=\"textbildrepeater pb-24 pt-0 no-bg modulclass \" id=\"\">\n    <div class=\"container\">\n        <div class=\"row\">\n                                                                <div class=\"pb-24   mod_textheadlinebtn  col-md-8 offset-md-2 pos_top\">\n                            <div class=\"textrepeater \" id=\"\">\n\n\n    \n    <div class=\"contentrepeater\">\n        <p>&nbsp;<\/p>\n<p>Das Projekt GartenDiv ist \u00fcber die Flora-Incognita-App zug\u00e4nglich: https:\/\/floraincognita.de\/gartendiv\/. Nach der Aktivierung erscheint ein kurzer Fragebogen, \u00fcber den eine pers\u00f6nliche GartenID generiert wird. Diese ID erm\u00f6glicht eine eindeutige Zuordnung der Beobachtungen und wird im weiteren Verlauf des Projekts erneut abgefragt. Im Laufe des Jahres sollten m\u00f6glichst viele Pflanzen im eigenen Garten fotografisch erfasst werden \u2013 darunter gezielt gepflanzte, sich selbst vermehrende sowie spontan aufgetretene Arten. Die Beobachtungen werden mit dem Projektstichwort \u201eGartenDiv\u201c gespeichert, sodass sie eindeutig dem Projekt zugeordnet und wissenschaftlich ausgewertet werden k\u00f6nnen. Nach Eingabe des Stichworts erscheint ein kurzes Zusatzprotokoll mit weiteren Fragen zur jeweiligen Beobachtung. Die so erhobenen Daten liefern wichtige Erkenntnisse zur Pflanzenvielfalt in G\u00e4rten in Deutschland.<\/p>\n    <\/div>\n\n\n    <\/div>\n                            <\/div>\n                        <\/div>\n    <\/div>\n<\/div>\n\n\n    \n                                        <\/div>\n                        <\/div>\n                        <\/div>\n                        <div class=\"accordeonende pb-24 pt-0 no-bg modulclass \" id=\"\"><\/div>\n                    \n\n\n\n\n    \n                                    <div class=\"accordeon pb-0 pt-0 no-bg modulclass \">\n                    <div class=\"accordeonitem\">\n\n                                                <div class=\"container\">\n                            <div class=\"row\">\n                                                        \n                                <div class=\"col-md-8 offset-md-2 \">\n                                                                        <div class=\"accordionHeadline h3 pb-0 mt-0 no-bg modulclass  \" id=\"\">\n                                        Ergebnisse und Relevanz                                        <svg xmlns=\"http:\/\/www.w3.org\/2000\/svg\" width=\"20.243\" height=\"11.621\" viewBox=\"0 0 20.243 11.621\">\n                                            <path id=\"Icon_feather-chevron-right\" data-name=\"Icon feather-chevron-right\" d=\"M0,16,8,8,0,0\" transform=\"translate(18.121 2.121) rotate(90)\" fill=\"none\" stroke=\"#4d4d4d\" stroke-linecap=\"round\" stroke-linejoin=\"round\" stroke-width=\"3\"\/>\n                                        <\/svg>\n                                    <\/div>\n                                                            <\/div>\n                                <\/div>\n                            <\/div>\n                        \n                        <div class=\"accordionContent\" style=\"display: none\" >\n                    \n\n\n\n<div class=\"textbildrepeater pb-24 pt-0 no-bg modulclass \" id=\"\">\n    <div class=\"container\">\n        <div class=\"row\">\n                                                                <div class=\"pb-24   mod_text  col-md-8 offset-md-2 pos_top\">\n                            <div class=\"textrepeater \" id=\"\">\n    <p>&nbsp;<\/p>\n<p>GartenDiv soll die erste umfassende Erhebung zur Pflanzenvielfalt in deutschen G\u00e4rten werden: fl\u00e4chendeckend und mit Tausenden Teilnehmenden aus allen Bundesl\u00e4ndern. Unser Ziel ist es, langfristig das gr\u00f6\u00dfte Citizen-Science-Projekt zur Gartenbiodiversit\u00e4t im deutschsprachigen Raum aufzubauen. Damit wollen wir nicht nur wissenschaftliche Grundlagen schaffen, sondern auch ein gesellschaftliches Signal senden: G\u00e4rten z\u00e4hlen f\u00fcr die Vielfalt. Und jede:r kann etwas beitragen.<\/p>\n<\/div>\n                            <\/div>\n                        <\/div>\n    <\/div>\n<\/div>\n\n\n    \n                                        <\/div>\n                        <\/div>\n                        <\/div>\n                        <div class=\"accordeonende pb-24 pt-0 no-bg modulclass \" id=\"\"><\/div>\n                    \n\n\n\n<div class=\"textbildrepeater pb-24 pt-48 no-bg modulclass \" id=\"\">\n    <div class=\"container\">\n        <div class=\"row\">\n                                                                <div class=\"pb-24   mod_textheadlinebtn  col-md-8 offset-md-2 pos_top\">\n                            <div class=\"textrepeater \" id=\"\">\n\n\n    \n    <div class=\"contentrepeater\">\n        <header>\n<h2 class=\"\"><strong>Contact<\/strong><\/h2>\n<\/header>\n<p>For more information or to get involved, contact us at <a href=\"m&#97;&#105;&#x6c;&#x74;o&#58;&#103;&#x61;&#x72;&#x74;e&#110;&#100;&#x69;&#x76;&#64;u&#110;&#x69;&#x2d;&#x6c;e&#105;&#112;&#x7a;&#x69;g&#46;&#100;&#x65;\">&#x67;&#x61;&#114;t&#x65;&#x6e;&#100;iv&#x40;&#x75;&#110;i&#x2d;&#x6c;&#101;&#105;p&#x7a;&#x69;&#103;&#46;&#x64;&#x65;<\/a><\/p>\n<p><a href=\"https:\/\/floraincognita.de\/gartendiv\/\">https:\/\/floraincognita.de\/gartendiv\/<\/a><\/p>\n<p>&nbsp;<\/p>\n    <\/div>\n\n\n    <\/div>\n                            <\/div>\n                        <\/div>\n    <\/div>\n<\/div>","protected":false},"excerpt":{"rendered":"","protected":false},"author":4,"featured_media":0,"parent":30869,"menu_order":0,"comment_status":"closed","ping_status":"closed","template":"","meta":{"_acf_changed":false,"advgb_blocks_editor_width":"","advgb_blocks_columns_visual_guide":"","footnotes":"","_links_to":"","_links_to_target":""},"class_list":["post-30935","page","type-page","status-publish","hentry"],"acf":{"search_thumb":"","search_kurzbeschreibung":"","breadcrumb":false},"yoast_head":"<!-- This site is optimized with the Yoast SEO plugin v27.5 - https:\/\/yoast.com\/product\/yoast-seo-wordpress\/ -->\n<title>GartenDiv | iDiv<\/title>\n<meta name=\"robots\" content=\"index, follow, max-snippet:-1, max-image-preview:large, max-video-preview:-1\" \/>\n<link rel=\"canonical\" href=\"https:\/\/www.idiv.de\/de\/impact\/buergerwissenschaft\/gartendiv\/\" \/>\n<meta property=\"og:locale\" content=\"de_DE\" \/>\n<meta property=\"og:type\" content=\"article\" \/>\n<meta property=\"og:title\" content=\"GartenDiv | iDiv\" \/>\n<meta property=\"og:url\" content=\"https:\/\/www.idiv.de\/de\/impact\/buergerwissenschaft\/gartendiv\/\" \/>\n<meta property=\"og:site_name\" content=\"iDiv\" \/>\n<meta property=\"article:modified_time\" content=\"2025-05-27T07:06:05+00:00\" \/>\n<meta property=\"og:image\" content=\"https:\/\/www.idiv.de\/wp-content\/uploads\/2024\/11\/iDivSocialMediaShare.jpg\" \/>\n\t<meta property=\"og:image:width\" content=\"1200\" \/>\n\t<meta property=\"og:image:height\" content=\"675\" \/>\n\t<meta property=\"og:image:type\" content=\"image\/jpeg\" \/>\n<meta name=\"twitter:card\" content=\"summary_large_image\" \/>\n<meta name=\"twitter:site\" content=\"@idiv\" \/>\n<script type=\"application\/ld+json\" class=\"yoast-schema-graph\">{\"@context\":\"https:\\\/\\\/schema.org\",\"@graph\":[{\"@type\":\"WebPage\",\"@id\":\"https:\\\/\\\/www.idiv.de\\\/de\\\/impact\\\/buergerwissenschaft\\\/gartendiv\\\/\",\"url\":\"https:\\\/\\\/www.idiv.de\\\/de\\\/impact\\\/buergerwissenschaft\\\/gartendiv\\\/\",\"name\":\"GartenDiv | iDiv\",\"isPartOf\":{\"@id\":\"https:\\\/\\\/www.idiv.de\\\/de\\\/#website\"},\"datePublished\":\"2025-05-27T06:56:03+00:00\",\"dateModified\":\"2025-05-27T07:06:05+00:00\",\"breadcrumb\":{\"@id\":\"https:\\\/\\\/www.idiv.de\\\/de\\\/impact\\\/buergerwissenschaft\\\/gartendiv\\\/#breadcrumb\"},\"inLanguage\":\"de\",\"potentialAction\":[{\"@type\":\"ReadAction\",\"target\":[\"https:\\\/\\\/www.idiv.de\\\/de\\\/impact\\\/buergerwissenschaft\\\/gartendiv\\\/\"]}]},{\"@type\":\"BreadcrumbList\",\"@id\":\"https:\\\/\\\/www.idiv.de\\\/de\\\/impact\\\/buergerwissenschaft\\\/gartendiv\\\/#breadcrumb\",\"itemListElement\":[{\"@type\":\"ListItem\",\"position\":1,\"name\":\"Startseite\",\"item\":\"https:\\\/\\\/www.idiv.de\\\/de\\\/\"},{\"@type\":\"ListItem\",\"position\":2,\"name\":\"Wirken\",\"item\":\"https:\\\/\\\/www.idiv.de\\\/de\\\/impact\\\/\"},{\"@type\":\"ListItem\",\"position\":3,\"name\":\"B\u00fcrgerwissenschaft\",\"item\":\"https:\\\/\\\/www.idiv.de\\\/de\\\/impact\\\/buergerwissenschaft\\\/\"},{\"@type\":\"ListItem\",\"position\":4,\"name\":\"GartenDiv\"}]},{\"@type\":\"WebSite\",\"@id\":\"https:\\\/\\\/www.idiv.de\\\/de\\\/#website\",\"url\":\"https:\\\/\\\/www.idiv.de\\\/de\\\/\",\"name\":\"iDiv\",\"description\":\"Hotspot in Biodiversity Research\",\"publisher\":{\"@id\":\"https:\\\/\\\/www.idiv.de\\\/de\\\/#organization\"},\"potentialAction\":[{\"@type\":\"SearchAction\",\"target\":{\"@type\":\"EntryPoint\",\"urlTemplate\":\"https:\\\/\\\/www.idiv.de\\\/de\\\/?s={search_term_string}\"},\"query-input\":{\"@type\":\"PropertyValueSpecification\",\"valueRequired\":true,\"valueName\":\"search_term_string\"}}],\"inLanguage\":\"de\"},{\"@type\":\"Organization\",\"@id\":\"https:\\\/\\\/www.idiv.de\\\/de\\\/#organization\",\"name\":\"idiv\",\"url\":\"https:\\\/\\\/www.idiv.de\\\/de\\\/\",\"logo\":{\"@type\":\"ImageObject\",\"inLanguage\":\"de\",\"@id\":\"https:\\\/\\\/www.idiv.de\\\/de\\\/#\\\/schema\\\/logo\\\/image\\\/\",\"url\":\"https:\\\/\\\/www.idiv.de\\\/wp-content\\\/uploads\\\/2024\\\/08\\\/iDiv_Logo_long_v1_EN_black_4c.jpg\",\"contentUrl\":\"https:\\\/\\\/www.idiv.de\\\/wp-content\\\/uploads\\\/2024\\\/08\\\/iDiv_Logo_long_v1_EN_black_4c.jpg\",\"width\":2448,\"height\":674,\"caption\":\"idiv\"},\"image\":{\"@id\":\"https:\\\/\\\/www.idiv.de\\\/de\\\/#\\\/schema\\\/logo\\\/image\\\/\"},\"sameAs\":[\"https:\\\/\\\/x.com\\\/idiv\",\"https:\\\/\\\/www.linkedin.com\\\/company\\\/idiv-biodiversity\\\/\",\"https:\\\/\\\/www.youtube.com\\\/idiv-research\"]}]}<\/script>\n<!-- \/ Yoast SEO plugin. -->","yoast_head_json":{"title":"GartenDiv | iDiv","robots":{"index":"index","follow":"follow","max-snippet":"max-snippet:-1","max-image-preview":"max-image-preview:large","max-video-preview":"max-video-preview:-1"},"canonical":"https:\/\/www.idiv.de\/de\/impact\/buergerwissenschaft\/gartendiv\/","og_locale":"de_DE","og_type":"article","og_title":"GartenDiv | iDiv","og_url":"https:\/\/www.idiv.de\/de\/impact\/buergerwissenschaft\/gartendiv\/","og_site_name":"iDiv","article_modified_time":"2025-05-27T07:06:05+00:00","og_image":[{"width":1200,"height":675,"url":"https:\/\/www.idiv.de\/wp-content\/uploads\/2024\/11\/iDivSocialMediaShare.jpg","type":"image\/jpeg"}],"twitter_card":"summary_large_image","twitter_site":"@idiv","schema":{"@context":"https:\/\/schema.org","@graph":[{"@type":"WebPage","@id":"https:\/\/www.idiv.de\/de\/impact\/buergerwissenschaft\/gartendiv\/","url":"https:\/\/www.idiv.de\/de\/impact\/buergerwissenschaft\/gartendiv\/","name":"GartenDiv | iDiv","isPartOf":{"@id":"https:\/\/www.idiv.de\/de\/#website"},"datePublished":"2025-05-27T06:56:03+00:00","dateModified":"2025-05-27T07:06:05+00:00","breadcrumb":{"@id":"https:\/\/www.idiv.de\/de\/impact\/buergerwissenschaft\/gartendiv\/#breadcrumb"},"inLanguage":"de","potentialAction":[{"@type":"ReadAction","target":["https:\/\/www.idiv.de\/de\/impact\/buergerwissenschaft\/gartendiv\/"]}]},{"@type":"BreadcrumbList","@id":"https:\/\/www.idiv.de\/de\/impact\/buergerwissenschaft\/gartendiv\/#breadcrumb","itemListElement":[{"@type":"ListItem","position":1,"name":"Startseite","item":"https:\/\/www.idiv.de\/de\/"},{"@type":"ListItem","position":2,"name":"Wirken","item":"https:\/\/www.idiv.de\/de\/impact\/"},{"@type":"ListItem","position":3,"name":"B\u00fcrgerwissenschaft","item":"https:\/\/www.idiv.de\/de\/impact\/buergerwissenschaft\/"},{"@type":"ListItem","position":4,"name":"GartenDiv"}]},{"@type":"WebSite","@id":"https:\/\/www.idiv.de\/de\/#website","url":"https:\/\/www.idiv.de\/de\/","name":"iDiv","description":"Hotspot in Biodiversity Research","publisher":{"@id":"https:\/\/www.idiv.de\/de\/#organization"},"potentialAction":[{"@type":"SearchAction","target":{"@type":"EntryPoint","urlTemplate":"https:\/\/www.idiv.de\/de\/?s={search_term_string}"},"query-input":{"@type":"PropertyValueSpecification","valueRequired":true,"valueName":"search_term_string"}}],"inLanguage":"de"},{"@type":"Organization","@id":"https:\/\/www.idiv.de\/de\/#organization","name":"idiv","url":"https:\/\/www.idiv.de\/de\/","logo":{"@type":"ImageObject","inLanguage":"de","@id":"https:\/\/www.idiv.de\/de\/#\/schema\/logo\/image\/","url":"https:\/\/www.idiv.de\/wp-content\/uploads\/2024\/08\/iDiv_Logo_long_v1_EN_black_4c.jpg","contentUrl":"https:\/\/www.idiv.de\/wp-content\/uploads\/2024\/08\/iDiv_Logo_long_v1_EN_black_4c.jpg","width":2448,"height":674,"caption":"idiv"},"image":{"@id":"https:\/\/www.idiv.de\/de\/#\/schema\/logo\/image\/"},"sameAs":["https:\/\/x.com\/idiv","https:\/\/www.linkedin.com\/company\/idiv-biodiversity\/","https:\/\/www.youtube.com\/idiv-research"]}]}},"coauthors":[],"author_meta":{"author_link":"https:\/\/www.idiv.de\/de\/author\/volker-hahn\/","display_name":"Volker Hahn"},"relative_dates":{"created":"Ver\u00f6ffentlicht 11\u00a0Monaten vor","modified":"Aktualisiert 11\u00a0Monaten vor"},"absolute_dates":{"created":"Ver\u00f6ffentlicht am 27. Mai 2025","modified":"Aktualisiert am 27. Mai 2025"},"absolute_dates_time":{"created":"Ver\u00f6ffentlicht am 27. Mai 2025 7:56","modified":"Aktualisiert am 27. Mai 2025 8:06"},"featured_img_caption":"","featured_img":false,"series_order":"","_links":{"self":[{"href":"https:\/\/www.idiv.de\/de\/wp-json\/wp\/v2\/pages\/30935","targetHints":{"allow":["GET"]}}],"collection":[{"href":"https:\/\/www.idiv.de\/de\/wp-json\/wp\/v2\/pages"}],"about":[{"href":"https:\/\/www.idiv.de\/de\/wp-json\/wp\/v2\/types\/page"}],"author":[{"embeddable":true,"href":"https:\/\/www.idiv.de\/de\/wp-json\/wp\/v2\/users\/4"}],"replies":[{"embeddable":true,"href":"https:\/\/www.idiv.de\/de\/wp-json\/wp\/v2\/comments?post=30935"}],"version-history":[{"count":6,"href":"https:\/\/www.idiv.de\/de\/wp-json\/wp\/v2\/pages\/30935\/revisions"}],"predecessor-version":[{"id":31018,"href":"https:\/\/www.idiv.de\/de\/wp-json\/wp\/v2\/pages\/30935\/revisions\/31018"}],"up":[{"embeddable":true,"href":"https:\/\/www.idiv.de\/de\/wp-json\/wp\/v2\/pages\/30869"}],"wp:attachment":[{"href":"https:\/\/www.idiv.de\/de\/wp-json\/wp\/v2\/media?parent=30935"}],"curies":[{"name":"wp","href":"https:\/\/api.w.org\/{rel}","templated":true}]}}