{"id":18993,"date":"2024-07-02T15:18:22","date_gmt":"2024-07-02T14:18:22","guid":{"rendered":"https:\/\/www.idiv.de\/forschung\/kernforschungsgruppen\/biodiversitat-im-anthropozan\/publications\/"},"modified":"2025-10-15T19:05:09","modified_gmt":"2025-10-15T18:05:09","slug":"publications","status":"publish","type":"page","link":"https:\/\/www.idiv.de\/de\/forschung\/kernforschungsgruppen\/biodiversitat-im-anthropozan\/publications\/","title":{"rendered":"Publikationen"},"content":{"rendered":"<div class=\"herosection pb-24 pt-0 no-bg modulclass \" id=\"\">\n                    <div class=\"swiper1noslider  nooverflow swiper thinslider\" id=\"slide_69f3346926f34\">\n        \n                <div class=\"swiper-wrapper\">\n                                            <div class=\"swiper-slide  style_ \" aria-hidden=\"true\" >\n                            <div class=\"backstretchwrap\">\n                        \n                            <div datasrc=\"https:\/\/www.idiv.de\/wp-content\/uploads\/2024\/05\/iDiv-journal-stack.jpg\" class=\"backstretchimg responsiv desktop\"><\/div>\n\n                            <a href=\"#\" class=\"cr\"><svg  xmlns=\"http:\/\/www.w3.org\/2000\/svg\" width=\"22\" height=\"22\" viewBox=\"0 0 22 22\">\n                                    <rect id=\"BG\" width=\"22\" height=\"22\" rx=\"11\" fill=\"#fff\"\/>\n                                    <g id=\"Wrapper\" transform=\"translate(-1 -1)\">\n                                        <g id=\"Icon_material-copyright\" data-name=\"Icon material-copyright\">\n                                            <circle id=\"Ellipse_30\" data-name=\"Ellipse 30\" cx=\"8\" cy=\"8\" r=\"8\" transform=\"translate(4 4)\" fill=\"#fff\"\/>\n                                            <path id=\"Icon_material-copyright-2\" data-name=\"Icon material-copyright\" d=\"M9.464,10.088a2.045,2.045,0,0,1,.24-.7,1.4,1.4,0,0,1,.472-.5,1.42,1.42,0,0,1,.728-.184,1.45,1.45,0,0,1,.5.1,1.29,1.29,0,0,1,.416.288,1.54,1.54,0,0,1,.272.424,1.4,1.4,0,0,1,.112.512H13.64a2.864,2.864,0,0,0-.224-1.032,2.4,2.4,0,0,0-.56-.808,2.613,2.613,0,0,0-.864-.528,3.09,3.09,0,0,0-1.112-.184,3.127,3.127,0,0,0-1.36.272,2.751,2.751,0,0,0-.96.736,3.007,3.007,0,0,0-.568,1.088A4.685,4.685,0,0,0,7.8,10.9v.216a4.684,4.684,0,0,0,.184,1.312,2.908,2.908,0,0,0,.568,1.08,2.731,2.731,0,0,0,.96.728,3.246,3.246,0,0,0,1.36.272,3.051,3.051,0,0,0,1.056-.184,2.729,2.729,0,0,0,.864-.5,2.442,2.442,0,0,0,.592-.752,2.153,2.153,0,0,0,.24-.92H12.192a1.139,1.139,0,0,1-.12.464,1.177,1.177,0,0,1-.288.368,1.26,1.26,0,0,1-.416.24,1.589,1.589,0,0,1-.48.08,1.359,1.359,0,0,1-.712-.184,1.4,1.4,0,0,1-.472-.5,2.09,2.09,0,0,1-.24-.7,5.392,5.392,0,0,1-.064-.8V10.9a5.33,5.33,0,0,1,.064-.808ZM11,3a8,8,0,1,0,8,8A8,8,0,0,0,11,3Zm0,14.4A6.4,6.4,0,1,1,17.4,11,6.408,6.408,0,0,1,11,17.4Z\" transform=\"translate(1 1)\" fill=\"#4d4d4d\"\/>\n                                        <\/g>\n                                    <\/g>\n                                <\/svg>\n                                <span>Stefan Bernhardt \/ iDiv<\/span><\/a>                        \n                                                    <\/div>\n                                        <div class=\"sliderinhalt \" role=\"region\" aria-label=\"carousel\">\n\n                                            <h1 class=\"h1 tcenter\" >Publikationen<\/h1>                                                    <p style=\"text-align: center;\">Alle Ver\u00f6ffentlichungen unseres Teams sind nach Jahr aufgelistet. Sie k\u00f6nnen auch nach Autoren und anderen Kerngruppen von iDiv filtern.<\/p>\n                                                \n                                                                                                            <\/div>\n                                            <\/div>\n\n                        \n                 <\/div>\n\n                              <\/div>\n<\/div>\n\n<div class=\"textbildrepeater pb-24 pt-0 no-bg modulclass \" id=\"\">\n    <div class=\"container\">\n        <div class=\"row\">\n                                                                <div class=\"pb-24   mod_textheadlinebtn  col-md-8 offset-md-2 pos_top\">\n                            <div class=\"textrepeater \" id=\"\">\n\n\n    <h2 class=\"h2 \" >Zehn ausgew\u00e4hlte Forschungsergebnisse<\/h2>\n    <div class=\"contentrepeater\">\n        <p>Weitere\u00a0 Informationen \u00fcber unsere Forschung sind auf unserer Seite zu Forschungsprojekten zu finden. Eine vollst\u00e4ndige Publikationsliste seit Einrichtung der Forschungsgruppe am iDiv finden Sie unten auf dieser Seite nach der Top-Ten-Liste.<\/p>\n<p>In den Publikationslisten sind die Namen aktueller oder ehemaliger Teammitglieder fett hervorgehoben.<\/p>\n<p>&nbsp;<\/p>\n<p class=\"h3\"><strong>Makro\u00f6kologie, Makroevolution und Biogeografie: das Gro\u00dfe Ganze<\/strong><\/p>\n<p>Unsere Studie zu 65 Arten der Vogelfamilie der Fliegenschn\u00e4pper (Muscicapidae) fand <strong>keinen Zusammenhang von Klimawandel mit der Geschwindigkeit evolution\u00e4rer Ver\u00e4nderung der klimatischen Nischen<\/strong> dieser V\u00f6gel \u00fcber die letzten 17 Millionen Jahre: K\u00fchlere Temperaturen hingen zwar mit schnelleren Ver\u00e4nderungen der Klimanischen zusammen, aber nur in Analysen mit einem von zwei verschiedenen Datens\u00e4tzen zu Pal\u00e4oklima-Rekonstruktionen: <strong>Eyres, A.,<\/strong> J. T. Eronen, O. Hagen, K. B\u00f6hning-Gaese, <strong>S. A. Fritz<\/strong> (2021) <a href=\"https:\/\/doi.org\/10.1111\/evo.14209\">Climatic effects on niche evolution in a passerine bird clade depend on paleoclimate reconstruction method<\/a>. <em>Evolution<\/em> 75: 1046-1060.<\/p>\n<p>Unsere vergleichende Studie \u00fcber 500 ziehender und nicht ziehender Vogelarten belegte <strong>unterschiedliche Evolution von morphologischen Arteigenschaften in Zug- und Standv\u00f6geln<\/strong>, was auf die Existenz verschiedener evolutionsbiologischer Selektionsregimes sogar bei relativ nah verwandten Arten hinweist. So ver\u00e4nderte sich z.B. die Fl\u00fcgelform bei Zugv\u00f6geln in mehreren Abstammungslinien von f\u00fcnf der acht untersuchten Vogelgruppen konsistent zu spitzeren Fl\u00fcgeln als bei Standv\u00f6geln, wohl weil spitzere Fl\u00fcgel einen geringeren Energieverbrauch f\u00fcr Langstreckenfl\u00fcge verursachen: <strong>Phillips, A. G.<\/strong>, T. T\u00f6pfer, K. B\u00f6hning-Gaese, <strong>S. A. Fritz<\/strong> (2018) <a href=\"https:\/\/doi.org\/10.1111\/jav.01807\">Evidence for distinct evolutionary optima in the morphology of migratory and resident birds<\/a>. <em>Journal of Avian Biology <\/em>49: e01807.<\/p>\n<p>Diese Studie gibt einen \u00dcberblick \u00fcber den <strong>Einfluss von<\/strong> <strong>Geologie und Klima auf Biodiversit\u00e4t in Gebirgen <\/strong>und zeigte die Wirkung von Klima, topographischem Relief, unterschiedlichen Bodentypen und Erosionsraten auf die Anzahl von Landwirbeltierarten in Gebirgsz\u00fcgen weltweit: Antonelli, A., W. D. Kissling, S. G. A. Flantua, M. A. Berm\u00fadez, A. Mulch, A. N. Muellner-Riehl, H. Kreft, H. P. Linder, C. Badgley, J. Fjelds\u00e5, <strong>S. A. Fritz<\/strong>, C. Rahbek, F. Herman, H. Hooghiemstra, C. Hoorn (2018) <a href=\"https:\/\/doi.org\/10.1038\/s41561-018-0236-z\">Geological and climatic influences on mountain biodiversity<\/a>. <em>Nature Geoscience<\/em> 11: 718-725.<\/p>\n<p>Wir identifizierten <strong>11 zoogeographische Gro\u00dfregionen an Land weltweit<\/strong>, was den klassischen sechs Gro\u00dfregionen widerspricht, die durch A. R. Wallace im 19. Jahrhundert definiert und seither breit genutzt wurden. Dieser Widerspruch entstand, da unsere neueren Analysen auf Daten nicht nur zu den geographischen Verbreitungen von Arten, sondern auch zu ihrer phylogenetischen Verwandtschaft basierte (&gt;21.000 Arten nicht-mariner Amphibien, V\u00f6gel und S\u00e4ugetiere): Holt, B. G., J.-P. Lessard, M. K. Borregaard, <strong>S. A. Fritz<\/strong>, M. B. Ara\u00fajo, D. Dimitrov, P.-H. Fabre, C. H. Graham, G. R. Graves, K. A. J\u00f8nsson, D. Nogu\u00e9s-Bravo, Z. Wang, R. J. Whittaker, J. Fjelds\u00e5, C. Rahbek (2013) <a href=\"https:\/\/doi.org\/10.1126\/science.1228282\">An update of Wallace\u2019s zoogeographic regions of the world<\/a>. <em>Science<\/em> 339: 74-78.<\/p>\n<p>&nbsp;<\/p>\n<p class=\"h3\"><strong>Makroevolution und Pal\u00e4obiologie der S\u00e4ugetiere<\/strong><\/p>\n<p>Unsere Analyse eines umfassenden Fossilberichts f\u00fcr verschiedene Gruppen zeigte, dass die <strong>zeitlichen Ver\u00e4nderungen der K\u00f6rpergr\u00f6\u00dfe von S\u00e4ugetieren<\/strong> w\u00e4hrend des Neogens (vor etwa 23 bis 2 Millionen Jahren) sich nicht nur zwischen den beiden Kontinenten Nordamerika und Europa deutlich unterschieden, sondern auch zwischen verschiedenen Nahrungskategorien wie Fleisch- oder Pflanzenfressern: <strong>Huang, S.<\/strong>, J. J. Saarinen, <strong>A. Eyres<\/strong>, J. T. Eronen &amp; <strong>S. A. Fritz<\/strong> (2022) <a href=\"http:\/\/doi.org\/10.1111\/geb.13594\">Mammalian body size evolution was shaped by habitat transitions as an indirect effect of climate change<\/a>. <em>Global Ecology and Biogeography<\/em> 31: 2463-2474.<\/p>\n<p>Unsere Studie stellte ein Konzept f\u00fcr zuk\u00fcnftige <strong>interdisziplin\u00e4re Untersuchungen der Effekte von Gebirgsbildung und Klimawandel auf Biodiversit\u00e4t<\/strong> \u00fcber lange evolution\u00e4re Zeitskalen vor und belegte in einer Fallstudie, dass der Beginn der tektonischen Hebung des Zentralanatolischen Plateaus in der heutigen T\u00fcrkei vor ca. 11 Millionen Jahren zeitlich mit starken regionalen Ver\u00e4nderungen in der Zusammensetzung an S\u00e4ugetierarten zusammenf\u00e4llt: <strong>Huang, S.<\/strong>, M. J. M. Meijers, <strong>A. Eyres<\/strong>, A. Mulch, <strong>S. A. Fritz<\/strong> (2019) <a href=\"https:\/\/doi.org\/10.1111\/jbi.13622\">Unravelling the history of biodiversity in mountain ranges through integrating geology and biogeography<\/a>. <em>Journal of Biogeography<\/em> 46: 1777-1791.<\/p>\n<p>Diese Studie zeigte einen signifikanten <strong>Zusammenhang der fossilen S\u00e4ugetierdiversit\u00e4t mit der Prim\u00e4rproduktion von Biomasse durch Pflanzen<\/strong>. Dieser Zusammenhang bestand w\u00e4hrend des gesamten Neogens (vor ca. 23 bis 1,8 Millionen Jahren), ver\u00e4nderte sich aber grundlegend bis heute, da viele Gro\u00dfs\u00e4uger w\u00e4hrend und seit der Eiszeit ausstarben und der Mensch heute einen Gro\u00dfteil der pflanzlichen Prim\u00e4rproduktion f\u00fcr sich beansprucht: <strong>Fritz, S. A.<\/strong>, J. T. Eronen, J. Schnitzler, C. Hof, C. M. Janis, A. Mulch, K. B\u00f6hning-Gaese, C. H. Graham (2016) <a href=\"https:\/\/doi.org\/10.1073\/pnas.1602145113\">Twenty-million-year relationship between mammalian diversity and primary productivity<\/a>. <em>Proceedings of the National Academy of Sciences of the United States of America<\/em> 113: 10908-10913.<\/p>\n<p>&nbsp;<\/p>\n<p class=\"h3\"><strong>Biodiversit\u00e4t in Vergangenheit, Gegenwart und Zukunft \u2013 Makro\u00f6kologie und Naturschutz<\/strong><\/p>\n<p>Unsere Studie zeigte globale Konflikte und Widerspr\u00fcche zwischen zahlreichen existierenden <strong>Zielsetzungen f\u00fcr die Natur in Schutzgebieten<\/strong>, z.B. Biodiversit\u00e4tsschutz, Verf\u00fcgbarkeit von \u00d6kosystemleistungen und Risikominderung bei Klimawandel. Zus\u00e4tzlich stellten wir ein flexibles und transparentes Werkzeug vor, das eine Gewichtung und Priorisierung unterschiedlicher Ziele sowie sofortige Vergleiche der Auswirkungen dieser Zielsetzungen erlaubt: <strong>Voskamp, A.<\/strong>, <strong>S. A. Fritz<\/strong>, V. K\u00f6cke, M. F. Biber, T. Nogueira Brockmeyer, B. Bertzky, M. Forrest, A. Goldstein, S. Henderson, T. Hickler, C. Hof, T. Kastner, S. Lang, P. Manning, M. B. Mascia, I. R. McFadden, A. Niamir, M. Noon, B. O\u2019Donnell, M. Opel, G. Schwede, P. West, C. Schenck, K. B\u00f6hning-Gaese (2023) <a href=\"http:\/\/doi.org\/10.1016\/j.oneear.2023.08.009\">Utilizing multi-objective decision support tools for protected area selection<\/a>. <em>One Earth<\/em> 6: 1143-1156.<\/p>\n<p>Diese Modellierungsstudie untersuchte <strong>die m\u00f6glichen Auswirkungen des aktuellen Klimawandels auf die Zusammensetzung lokaler Vogelgemeinschaften<\/strong>, spezifisch auf phylogenetische Diversit\u00e4t, d.h. die evolution\u00e4re Verwandtschaft (oder Einzigartigkeit) von Arten an einem Ort. Wir konnten zeigen, dass klimabedingte lokale Artenverluste und insbesondere -gewinne global zu tiefgreifender phylogenetischer Umstrukturierung der lokalen Zusammensetzung f\u00fchren, auch an Orten, an denen keine Ver\u00e4nderung der Artenzahl vorhergesagt wird: <strong>Voskamp, A<\/strong>., C. Hof, M. F. Biber, K. B\u00f6hning-Gaese, T. Hickler, A. Niamir, S. G. Willis &amp; <strong>S. A. Fritz<\/strong> (2022) <a href=\"http:\/\/doi.org\/10.1098\/rspb.2021.2184\">Projected climate change impacts on the phylogenetic diversity of the world\u2019s terrestrial birds: more than species numbers<\/a>. <em>Proceedings of the Royal Society B: Biological Sciences<\/em> 289: 20212184.<\/p>\n<p>Anhand fruchtfressender V\u00f6gel entlang eines H\u00f6hengradienten in den Anden pr\u00fcften wir <strong>die Beziehung zwischen der Klimatoleranz von Arten und ihrer \u00f6kologischen Anpassungsf\u00e4higkeit<\/strong>. W\u00e4hrend die Breite der Klimanischen von Arten mit der H\u00f6he zunahm, nahmen die anhand von Artmerkmalen gemessene Ausbreitungsf\u00e4higkeit und Breite der Nahrungsnischen mit der H\u00f6he ab, was zu unterschiedlichen Reaktionen von Tiefland- und Hochlandgemeinschaften auf zuk\u00fcnftigen Klimawandel f\u00fchren sollte: <strong>Nowak, L.<\/strong>, M. Schleuning, I. M. A. Bender, W. D. Kissling &amp; <strong>S. A. Fritz<\/strong> (2022) <a href=\"http:\/\/doi.org\/10.1111\/ddi.13518\">Independent variation of avian sensitivity to climate change and trait-based adaptive capacity along a tropical elevational gradient<\/a>. <em>Diversity and Distributions <\/em>28: 1123-1135.<\/p>\n    <\/div>\n\n\n    <\/div>\n                            <\/div>\n                        <\/div>\n    <\/div>\n<\/div>\n\n<div id=\"\" class=\"pt-24 pb-24 no-bg\"> <!-- Add dynamic background color class -->\n    <div class=\"container\">\n        <div class=\"filters row justify-content-center\">\n            <div class=\"col-md-6\">\n                <!-- <span class=\"fa fa-search form-control-feedback\"><\/span> -->\n                <input type=\"text\" id=\"search-input\" class=\"form-control form-search\" placeholder=\"Suche nach Autor oder Titel\" onkeyup=\"filterPublications()\">\n            <\/div>\n            <div class=\"col-md-2\">\n                <select id=\"year-select\" class=\"form-control form-dropdown\" onchange=\"filterByYear()\">\n                    <option value=\"\">Alle Jahre<\/option>\n                                    <\/select>\n            <\/div>\n        <\/div>\n        <div class=\"row\">\n            <div class=\"col-md-8 offset-md-2\">\n                <!-- No publications message -->\n                <div id=\"no-publications-message\" style=\"display: none;\" class=\"mb-5\">\n                    Keine iDiv Publikation gefunden.                <\/div>\n                <div id=\"publications-list\">\n                                    <\/div>\n            <\/div>\n        <\/div>\n    <\/div>\n<\/div>\n\n\n\n\n\n","protected":false},"excerpt":{"rendered":"","protected":false},"author":3,"featured_media":0,"parent":15267,"menu_order":4,"comment_status":"closed","ping_status":"closed","template":"","meta":{"_acf_changed":false,"advgb_blocks_editor_width":"","advgb_blocks_columns_visual_guide":"","footnotes":"","_links_to":"","_links_to_target":""},"class_list":["post-18993","page","type-page","status-publish","hentry"],"acf":{"search_thumb":"","search_kurzbeschreibung":"","breadcrumb":false},"yoast_head":"<!-- This site is optimized with the Yoast SEO plugin v27.5 - https:\/\/yoast.com\/product\/yoast-seo-wordpress\/ -->\n<title>Publikationen | iDiv<\/title>\n<meta name=\"robots\" content=\"index, follow, max-snippet:-1, max-image-preview:large, max-video-preview:-1\" \/>\n<link rel=\"canonical\" href=\"https:\/\/www.idiv.de\/de\/forschung\/kernforschungsgruppen\/biodiversitat-im-anthropozan\/publications\/\" \/>\n<meta property=\"og:locale\" content=\"de_DE\" \/>\n<meta property=\"og:type\" content=\"article\" \/>\n<meta property=\"og:title\" content=\"Publikationen | iDiv\" \/>\n<meta property=\"og:url\" content=\"https:\/\/www.idiv.de\/de\/forschung\/kernforschungsgruppen\/biodiversitat-im-anthropozan\/publications\/\" \/>\n<meta property=\"og:site_name\" content=\"iDiv\" \/>\n<meta property=\"article:modified_time\" content=\"2025-10-15T18:05:09+00:00\" \/>\n<meta property=\"og:image\" content=\"https:\/\/www.idiv.de\/wp-content\/uploads\/2024\/11\/iDivSocialMediaShare.jpg\" \/>\n\t<meta property=\"og:image:width\" content=\"1200\" \/>\n\t<meta property=\"og:image:height\" content=\"675\" \/>\n\t<meta property=\"og:image:type\" content=\"image\/jpeg\" \/>\n<meta name=\"twitter:card\" content=\"summary_large_image\" \/>\n<meta name=\"twitter:site\" content=\"@idiv\" \/>\n<script type=\"application\/ld+json\" class=\"yoast-schema-graph\">{\"@context\":\"https:\\\/\\\/schema.org\",\"@graph\":[{\"@type\":\"WebPage\",\"@id\":\"https:\\\/\\\/www.idiv.de\\\/de\\\/forschung\\\/kernforschungsgruppen\\\/biodiversitat-im-anthropozan\\\/publications\\\/\",\"url\":\"https:\\\/\\\/www.idiv.de\\\/de\\\/forschung\\\/kernforschungsgruppen\\\/biodiversitat-im-anthropozan\\\/publications\\\/\",\"name\":\"Publikationen | iDiv\",\"isPartOf\":{\"@id\":\"https:\\\/\\\/www.idiv.de\\\/de\\\/#website\"},\"datePublished\":\"2024-07-02T14:18:22+00:00\",\"dateModified\":\"2025-10-15T18:05:09+00:00\",\"breadcrumb\":{\"@id\":\"https:\\\/\\\/www.idiv.de\\\/de\\\/forschung\\\/kernforschungsgruppen\\\/biodiversitat-im-anthropozan\\\/publications\\\/#breadcrumb\"},\"inLanguage\":\"de\",\"potentialAction\":[{\"@type\":\"ReadAction\",\"target\":[\"https:\\\/\\\/www.idiv.de\\\/de\\\/forschung\\\/kernforschungsgruppen\\\/biodiversitat-im-anthropozan\\\/publications\\\/\"]}]},{\"@type\":\"BreadcrumbList\",\"@id\":\"https:\\\/\\\/www.idiv.de\\\/de\\\/forschung\\\/kernforschungsgruppen\\\/biodiversitat-im-anthropozan\\\/publications\\\/#breadcrumb\",\"itemListElement\":[{\"@type\":\"ListItem\",\"position\":1,\"name\":\"Startseite\",\"item\":\"https:\\\/\\\/www.idiv.de\\\/de\\\/\"},{\"@type\":\"ListItem\",\"position\":2,\"name\":\"Forschung\",\"item\":\"https:\\\/\\\/www.idiv.de\\\/de\\\/research\\\/\"},{\"@type\":\"ListItem\",\"position\":3,\"name\":\"Kernprofessuren\",\"item\":\"https:\\\/\\\/www.idiv.de\\\/de\\\/forschung\\\/kernforschungsgruppen\\\/\"},{\"@type\":\"ListItem\",\"position\":4,\"name\":\"Biodiversit\u00e4t im Anthropoz\u00e4n\",\"item\":\"https:\\\/\\\/www.idiv.de\\\/de\\\/forschung\\\/kernforschungsgruppen\\\/biodiversitat-im-anthropozan\\\/\"},{\"@type\":\"ListItem\",\"position\":5,\"name\":\"Publikationen\"}]},{\"@type\":\"WebSite\",\"@id\":\"https:\\\/\\\/www.idiv.de\\\/de\\\/#website\",\"url\":\"https:\\\/\\\/www.idiv.de\\\/de\\\/\",\"name\":\"iDiv\",\"description\":\"Hotspot in Biodiversity Research\",\"publisher\":{\"@id\":\"https:\\\/\\\/www.idiv.de\\\/de\\\/#organization\"},\"potentialAction\":[{\"@type\":\"SearchAction\",\"target\":{\"@type\":\"EntryPoint\",\"urlTemplate\":\"https:\\\/\\\/www.idiv.de\\\/de\\\/?s={search_term_string}\"},\"query-input\":{\"@type\":\"PropertyValueSpecification\",\"valueRequired\":true,\"valueName\":\"search_term_string\"}}],\"inLanguage\":\"de\"},{\"@type\":\"Organization\",\"@id\":\"https:\\\/\\\/www.idiv.de\\\/de\\\/#organization\",\"name\":\"idiv\",\"url\":\"https:\\\/\\\/www.idiv.de\\\/de\\\/\",\"logo\":{\"@type\":\"ImageObject\",\"inLanguage\":\"de\",\"@id\":\"https:\\\/\\\/www.idiv.de\\\/de\\\/#\\\/schema\\\/logo\\\/image\\\/\",\"url\":\"https:\\\/\\\/www.idiv.de\\\/wp-content\\\/uploads\\\/2024\\\/08\\\/iDiv_Logo_long_v1_EN_black_4c.jpg\",\"contentUrl\":\"https:\\\/\\\/www.idiv.de\\\/wp-content\\\/uploads\\\/2024\\\/08\\\/iDiv_Logo_long_v1_EN_black_4c.jpg\",\"width\":2448,\"height\":674,\"caption\":\"idiv\"},\"image\":{\"@id\":\"https:\\\/\\\/www.idiv.de\\\/de\\\/#\\\/schema\\\/logo\\\/image\\\/\"},\"sameAs\":[\"https:\\\/\\\/x.com\\\/idiv\",\"https:\\\/\\\/www.linkedin.com\\\/company\\\/idiv-biodiversity\\\/\",\"https:\\\/\\\/www.youtube.com\\\/idiv-research\"]}]}<\/script>\n<!-- \/ Yoast SEO plugin. -->","yoast_head_json":{"title":"Publikationen | iDiv","robots":{"index":"index","follow":"follow","max-snippet":"max-snippet:-1","max-image-preview":"max-image-preview:large","max-video-preview":"max-video-preview:-1"},"canonical":"https:\/\/www.idiv.de\/de\/forschung\/kernforschungsgruppen\/biodiversitat-im-anthropozan\/publications\/","og_locale":"de_DE","og_type":"article","og_title":"Publikationen | iDiv","og_url":"https:\/\/www.idiv.de\/de\/forschung\/kernforschungsgruppen\/biodiversitat-im-anthropozan\/publications\/","og_site_name":"iDiv","article_modified_time":"2025-10-15T18:05:09+00:00","og_image":[{"width":1200,"height":675,"url":"https:\/\/www.idiv.de\/wp-content\/uploads\/2024\/11\/iDivSocialMediaShare.jpg","type":"image\/jpeg"}],"twitter_card":"summary_large_image","twitter_site":"@idiv","schema":{"@context":"https:\/\/schema.org","@graph":[{"@type":"WebPage","@id":"https:\/\/www.idiv.de\/de\/forschung\/kernforschungsgruppen\/biodiversitat-im-anthropozan\/publications\/","url":"https:\/\/www.idiv.de\/de\/forschung\/kernforschungsgruppen\/biodiversitat-im-anthropozan\/publications\/","name":"Publikationen | iDiv","isPartOf":{"@id":"https:\/\/www.idiv.de\/de\/#website"},"datePublished":"2024-07-02T14:18:22+00:00","dateModified":"2025-10-15T18:05:09+00:00","breadcrumb":{"@id":"https:\/\/www.idiv.de\/de\/forschung\/kernforschungsgruppen\/biodiversitat-im-anthropozan\/publications\/#breadcrumb"},"inLanguage":"de","potentialAction":[{"@type":"ReadAction","target":["https:\/\/www.idiv.de\/de\/forschung\/kernforschungsgruppen\/biodiversitat-im-anthropozan\/publications\/"]}]},{"@type":"BreadcrumbList","@id":"https:\/\/www.idiv.de\/de\/forschung\/kernforschungsgruppen\/biodiversitat-im-anthropozan\/publications\/#breadcrumb","itemListElement":[{"@type":"ListItem","position":1,"name":"Startseite","item":"https:\/\/www.idiv.de\/de\/"},{"@type":"ListItem","position":2,"name":"Forschung","item":"https:\/\/www.idiv.de\/de\/research\/"},{"@type":"ListItem","position":3,"name":"Kernprofessuren","item":"https:\/\/www.idiv.de\/de\/forschung\/kernforschungsgruppen\/"},{"@type":"ListItem","position":4,"name":"Biodiversit\u00e4t im Anthropoz\u00e4n","item":"https:\/\/www.idiv.de\/de\/forschung\/kernforschungsgruppen\/biodiversitat-im-anthropozan\/"},{"@type":"ListItem","position":5,"name":"Publikationen"}]},{"@type":"WebSite","@id":"https:\/\/www.idiv.de\/de\/#website","url":"https:\/\/www.idiv.de\/de\/","name":"iDiv","description":"Hotspot in Biodiversity Research","publisher":{"@id":"https:\/\/www.idiv.de\/de\/#organization"},"potentialAction":[{"@type":"SearchAction","target":{"@type":"EntryPoint","urlTemplate":"https:\/\/www.idiv.de\/de\/?s={search_term_string}"},"query-input":{"@type":"PropertyValueSpecification","valueRequired":true,"valueName":"search_term_string"}}],"inLanguage":"de"},{"@type":"Organization","@id":"https:\/\/www.idiv.de\/de\/#organization","name":"idiv","url":"https:\/\/www.idiv.de\/de\/","logo":{"@type":"ImageObject","inLanguage":"de","@id":"https:\/\/www.idiv.de\/de\/#\/schema\/logo\/image\/","url":"https:\/\/www.idiv.de\/wp-content\/uploads\/2024\/08\/iDiv_Logo_long_v1_EN_black_4c.jpg","contentUrl":"https:\/\/www.idiv.de\/wp-content\/uploads\/2024\/08\/iDiv_Logo_long_v1_EN_black_4c.jpg","width":2448,"height":674,"caption":"idiv"},"image":{"@id":"https:\/\/www.idiv.de\/de\/#\/schema\/logo\/image\/"},"sameAs":["https:\/\/x.com\/idiv","https:\/\/www.linkedin.com\/company\/idiv-biodiversity\/","https:\/\/www.youtube.com\/idiv-research"]}]}},"coauthors":[],"author_meta":{"author_link":"https:\/\/www.idiv.de\/de\/author\/stefan\/","display_name":"Stefan Bernhardt"},"relative_dates":{"created":"Ver\u00f6ffentlicht 2\u00a0Jahren vor","modified":"Aktualisiert 7\u00a0Monaten vor"},"absolute_dates":{"created":"Ver\u00f6ffentlicht am 2. Juli 2024","modified":"Aktualisiert am 15. Oktober 2025"},"absolute_dates_time":{"created":"Ver\u00f6ffentlicht am 2. Juli 2024 15:18","modified":"Aktualisiert am 15. Oktober 2025 19:05"},"featured_img_caption":"","featured_img":false,"series_order":"","_links":{"self":[{"href":"https:\/\/www.idiv.de\/de\/wp-json\/wp\/v2\/pages\/18993","targetHints":{"allow":["GET"]}}],"collection":[{"href":"https:\/\/www.idiv.de\/de\/wp-json\/wp\/v2\/pages"}],"about":[{"href":"https:\/\/www.idiv.de\/de\/wp-json\/wp\/v2\/types\/page"}],"author":[{"embeddable":true,"href":"https:\/\/www.idiv.de\/de\/wp-json\/wp\/v2\/users\/3"}],"replies":[{"embeddable":true,"href":"https:\/\/www.idiv.de\/de\/wp-json\/wp\/v2\/comments?post=18993"}],"version-history":[{"count":4,"href":"https:\/\/www.idiv.de\/de\/wp-json\/wp\/v2\/pages\/18993\/revisions"}],"predecessor-version":[{"id":36441,"href":"https:\/\/www.idiv.de\/de\/wp-json\/wp\/v2\/pages\/18993\/revisions\/36441"}],"up":[{"embeddable":true,"href":"https:\/\/www.idiv.de\/de\/wp-json\/wp\/v2\/pages\/15267"}],"wp:attachment":[{"href":"https:\/\/www.idiv.de\/de\/wp-json\/wp\/v2\/media?parent=18993"}],"curies":[{"name":"wp","href":"https:\/\/api.w.org\/{rel}","templated":true}]}}