{"id":17771,"date":"2024-05-10T14:25:24","date_gmt":"2024-05-10T13:25:24","guid":{"rendered":"https:\/\/www.idiv.de\/news-3\/"},"modified":"2024-11-21T15:22:48","modified_gmt":"2024-11-21T14:22:48","slug":"news","status":"publish","type":"page","link":"https:\/\/www.idiv.de\/de\/impact\/science-policy\/news\/","title":{"rendered":"News"},"content":{"rendered":"\n<div class=\"news pb-24 pt-0 no-bg modulclass  block\" id=\"\">\n    \n        <div class=\"container\">\n        <div class=\"row\">\n            <div class=\"col-md-12 nml npl nmr npr\">\n                \n\n                \n                        <div class=\"row mt-40\">\n                            <div class=\"col-md-12 align-right\">\n                                <form class=\"newsjsform\">\n\n                                                                            <select name=\"searceYears\" class=\"searceYears\">\n                                            <option value=\"y2026\">Filter nach Jahr<\/option>\n                                            <option value=\"y2022\">2022<\/option><option value=\"y2024\">2024<\/option><option value=\"y2025\">2025<\/option>                                        <\/select>\n                                        <select name=\"searceCat\" class=\"searceCat\">\n                                            <option value=\"\">Filter nach Kategorie<\/option>\n                                            <option value=\"c36\">Arten-Interaktions\u00f6kologie<\/option><option value=\"c79\">Biodiversit\u00e4t im Anthropoz\u00e4n<\/option><option value=\"c56\">Biodiversit\u00e4t und Evolution<\/option><option value=\"c63\">Biodiversit\u00e4t und Funktionen des Bodens<\/option><option value=\"c57\">Biodiversit\u00e4t und Mensch<\/option><option value=\"c33\">Biodiversit\u00e4t und Naturschutz<\/option><option value=\"c54\">Biodiversit\u00e4ts\u00f6konomik<\/option><option value=\"c55\">Biodiversit\u00e4tssynthese<\/option><option value=\"c38\">Biodiversit\u00e4tstheorie<\/option><option value=\"c77\">Blog Post<\/option><option value=\"c34\">Evolution und Adaptation<\/option><option value=\"c65\">Evolution von Symbiosen<\/option><option value=\"c59\">Evolutions\u00f6kologie<\/option><option value=\"c35\">Experimentelle Interaktions\u00f6kologie<\/option><option value=\"c37\">Forschung<\/option><option value=\"c28\">iDiv<\/option><option value=\"c74\">iDiv Newsletter<\/option><option value=\"c39\">iDiv-Mitglieder<\/option><option value=\"c60\">Makro\u00f6kologie und Gesellschaft<\/option><option value=\"c29\">Medienmitteilung<\/option><option value=\"c53\">MLU News<\/option><option value=\"c61\">Molekulare Interaktions\u00f6kologie<\/option><option value=\"c64\">Nachhaltigkeit und Komplexit\u00e4t der Lebensr\u00e4ume von Menschenaffen<\/option><option value=\"c62\">Physiologische Diversit\u00e4t<\/option><option value=\"c71\">Science-Policy<\/option><option value=\"c40\">sDiv<\/option><option value=\"c30\">TOP NEWS<\/option><option value=\"c32\">UFZ-News<\/option><option value=\"c58\">Wald\u00f6kologie und -modellierung<\/option><option value=\"c66\">yDiv<\/option>                                        <\/select>\n                                        <input name=\"searce\" class=\"searce\" placeholder=\"Suche\" \/>\n                                    \n\n                                <\/form>\n                            <\/div>\n                        <\/div>\n\n                        \n                                                            <div class=\"newsitems y2025  c57 c28 c29 c70 c71 \">\n                                   <div class=\"row\">\n                                       <div class=\"col-md-4\">\n                                           <div class=\"relativ\"><img decoding=\"async\" class=\"responsiv \" src=\"https:\/\/www.idiv.de\/wp-content\/uploads\/2025\/12\/ParlAbend-CitizenScience2025_16-9.jpg\" height=\"\" width=\"\" alt=\"idiv-\"\/><a href=\"#\" class=\"cr\" role=\"button\">\n<svg  xmlns=\"http:\/\/www.w3.org\/2000\/svg\" width=\"22\" height=\"22\" viewBox=\"0 0 22 22\">\n    <rect id=\"BG\" width=\"22\" height=\"22\" rx=\"11\" fill=\"#fff\"\/>\n    <g id=\"Wrapper\" transform=\"translate(-1 -1)\">\n        <g id=\"Icon_material-copyright\" data-name=\"Icon material-copyright\">\n            <circle id=\"Ellipse_30\" data-name=\"Ellipse 30\" cx=\"8\" cy=\"8\" r=\"8\" transform=\"translate(4 4)\" fill=\"#fff\"\/>\n            <path id=\"Icon_material-copyright-2\" data-name=\"Icon material-copyright\" d=\"M9.464,10.088a2.045,2.045,0,0,1,.24-.7,1.4,1.4,0,0,1,.472-.5,1.42,1.42,0,0,1,.728-.184,1.45,1.45,0,0,1,.5.1,1.29,1.29,0,0,1,.416.288,1.54,1.54,0,0,1,.272.424,1.4,1.4,0,0,1,.112.512H13.64a2.864,2.864,0,0,0-.224-1.032,2.4,2.4,0,0,0-.56-.808,2.613,2.613,0,0,0-.864-.528,3.09,3.09,0,0,0-1.112-.184,3.127,3.127,0,0,0-1.36.272,2.751,2.751,0,0,0-.96.736,3.007,3.007,0,0,0-.568,1.088A4.685,4.685,0,0,0,7.8,10.9v.216a4.684,4.684,0,0,0,.184,1.312,2.908,2.908,0,0,0,.568,1.08,2.731,2.731,0,0,0,.96.728,3.246,3.246,0,0,0,1.36.272,3.051,3.051,0,0,0,1.056-.184,2.729,2.729,0,0,0,.864-.5,2.442,2.442,0,0,0,.592-.752,2.153,2.153,0,0,0,.24-.92H12.192a1.139,1.139,0,0,1-.12.464,1.177,1.177,0,0,1-.288.368,1.26,1.26,0,0,1-.416.24,1.589,1.589,0,0,1-.48.08,1.359,1.359,0,0,1-.712-.184,1.4,1.4,0,0,1-.472-.5,2.09,2.09,0,0,1-.24-.7,5.392,5.392,0,0,1-.064-.8V10.9a5.33,5.33,0,0,1,.064-.808ZM11,3a8,8,0,1,0,8,8A8,8,0,0,0,11,3Zm0,14.4A6.4,6.4,0,1,1,17.4,11,6.408,6.408,0,0,1,11,17.4Z\" transform=\"translate(1 1)\" fill=\"#4d4d4d\"\/>\n        <\/g>\n    <\/g>\n<\/svg>\n<span>L. Friedrich \/ iDiv<\/span><\/a><\/div>                                       <\/div>\n                                       <div class=\"col-md-8 centercenter newsinfo\">\n                                           <p class=\"big\" >16.12.2025 | Biodiversit\u00e4t und Mensch, iDiv, Medienmitteilung, Science-Policy, Science-Policy<\/p>                                           <p class=\"h3\"  role=\"heading\" aria-level=\"2\">Citizen Science \u2013 Gemeinsam forschen!<\/p>                                                                                                                                     <a href=\"https:\/\/www.idiv.de\/de\/citizen-science-gemeinsam-forschen-2\/\" target=\"\" class=\"btncf normal\" type=\"button\" >Mehr <svg tabindex=\"0\" xmlns=\"http:\/\/www.w3.org\/2000\/svg\" width=\"7.621\" height=\"12.243\" aria-hidden=\"true\" viewBox=\"0 0 7.621 12.243\"><path  data-name=\"Icon feather-chevron-right\" d=\"M17.5,17l-4-4,4-4\" transform=\"translate(19.621 19.121) rotate(180)\" fill=\"none\" stroke=\"#447226\" stroke-linecap=\"round\" stroke-linejoin=\"round\" stroke-width=\"3\"\/><\/svg><\/a>                                           \n                                       <\/div>\n                                   <\/div>\n                                    <hr>\n                                <\/div>\n\n                            \n                                                            <div class=\"newsitems y2025  c33 c29 c71 \">\n                                   <div class=\"row\">\n                                       <div class=\"col-md-4\">\n                                           <div class=\"relativ\"><img decoding=\"async\" class=\"responsiv \" src=\"https:\/\/www.idiv.de\/wp-content\/uploads\/2025\/06\/landscape_southernSpain_by_Jose_Rey_Benayas_ratio_16_9.jpg\" height=\"\" width=\"\" alt=\"idiv-\"\/><a href=\"#\" class=\"cr\" role=\"button\">\n<svg  xmlns=\"http:\/\/www.w3.org\/2000\/svg\" width=\"22\" height=\"22\" viewBox=\"0 0 22 22\">\n    <rect id=\"BG\" width=\"22\" height=\"22\" rx=\"11\" fill=\"#fff\"\/>\n    <g id=\"Wrapper\" transform=\"translate(-1 -1)\">\n        <g id=\"Icon_material-copyright\" data-name=\"Icon material-copyright\">\n            <circle id=\"Ellipse_30\" data-name=\"Ellipse 30\" cx=\"8\" cy=\"8\" r=\"8\" transform=\"translate(4 4)\" fill=\"#fff\"\/>\n            <path id=\"Icon_material-copyright-2\" data-name=\"Icon material-copyright\" d=\"M9.464,10.088a2.045,2.045,0,0,1,.24-.7,1.4,1.4,0,0,1,.472-.5,1.42,1.42,0,0,1,.728-.184,1.45,1.45,0,0,1,.5.1,1.29,1.29,0,0,1,.416.288,1.54,1.54,0,0,1,.272.424,1.4,1.4,0,0,1,.112.512H13.64a2.864,2.864,0,0,0-.224-1.032,2.4,2.4,0,0,0-.56-.808,2.613,2.613,0,0,0-.864-.528,3.09,3.09,0,0,0-1.112-.184,3.127,3.127,0,0,0-1.36.272,2.751,2.751,0,0,0-.96.736,3.007,3.007,0,0,0-.568,1.088A4.685,4.685,0,0,0,7.8,10.9v.216a4.684,4.684,0,0,0,.184,1.312,2.908,2.908,0,0,0,.568,1.08,2.731,2.731,0,0,0,.96.728,3.246,3.246,0,0,0,1.36.272,3.051,3.051,0,0,0,1.056-.184,2.729,2.729,0,0,0,.864-.5,2.442,2.442,0,0,0,.592-.752,2.153,2.153,0,0,0,.24-.92H12.192a1.139,1.139,0,0,1-.12.464,1.177,1.177,0,0,1-.288.368,1.26,1.26,0,0,1-.416.24,1.589,1.589,0,0,1-.48.08,1.359,1.359,0,0,1-.712-.184,1.4,1.4,0,0,1-.472-.5,2.09,2.09,0,0,1-.24-.7,5.392,5.392,0,0,1-.064-.8V10.9a5.33,5.33,0,0,1,.064-.808ZM11,3a8,8,0,1,0,8,8A8,8,0,0,0,11,3Zm0,14.4A6.4,6.4,0,1,1,17.4,11,6.408,6.408,0,0,1,11,17.4Z\" transform=\"translate(1 1)\" fill=\"#4d4d4d\"\/>\n        <\/g>\n    <\/g>\n<\/svg>\n<span>Jos\u00e9 M. Rey Benayas<\/span><\/a><\/div>                                       <\/div>\n                                       <div class=\"col-md-8 centercenter newsinfo\">\n                                           <p class=\"big\" >16.06.2025 | Biodiversit\u00e4t und Naturschutz, Medienmitteilung, Science-Policy<\/p>                                           <p class=\"h3\"  role=\"heading\" aria-level=\"2\">Rewilding auf landwirtschaftlich genutzten Fl\u00e4chen<\/p>                                                                                                                                     <a href=\"https:\/\/www.idiv.de\/de\/rewilding-auf-landwirtschaftlichen-flaechen\/\" target=\"\" class=\"btncf normal\" type=\"button\" >Mehr <svg tabindex=\"0\" xmlns=\"http:\/\/www.w3.org\/2000\/svg\" width=\"7.621\" height=\"12.243\" aria-hidden=\"true\" viewBox=\"0 0 7.621 12.243\"><path  data-name=\"Icon feather-chevron-right\" d=\"M17.5,17l-4-4,4-4\" transform=\"translate(19.621 19.121) rotate(180)\" fill=\"none\" stroke=\"#447226\" stroke-linecap=\"round\" stroke-linejoin=\"round\" stroke-width=\"3\"\/><\/svg><\/a>                                           \n                                       <\/div>\n                                   <\/div>\n                                    <hr>\n                                <\/div>\n\n                            \n                                                            <div class=\"newsitems y2025  c33 c37 c28 c29 c71 \">\n                                   <div class=\"row\">\n                                       <div class=\"col-md-4\">\n                                           <div class=\"relativ\"><img decoding=\"async\" class=\"responsiv \" src=\"https:\/\/www.idiv.de\/wp-content\/uploads\/2025\/06\/Slider_Amphibian16-9.jpg\" height=\"\" width=\"\" alt=\"idiv-\"\/><a href=\"#\" class=\"cr\" role=\"button\">\n<svg  xmlns=\"http:\/\/www.w3.org\/2000\/svg\" width=\"22\" height=\"22\" viewBox=\"0 0 22 22\">\n    <rect id=\"BG\" width=\"22\" height=\"22\" rx=\"11\" fill=\"#fff\"\/>\n    <g id=\"Wrapper\" transform=\"translate(-1 -1)\">\n        <g id=\"Icon_material-copyright\" data-name=\"Icon material-copyright\">\n            <circle id=\"Ellipse_30\" data-name=\"Ellipse 30\" cx=\"8\" cy=\"8\" r=\"8\" transform=\"translate(4 4)\" fill=\"#fff\"\/>\n            <path id=\"Icon_material-copyright-2\" data-name=\"Icon material-copyright\" d=\"M9.464,10.088a2.045,2.045,0,0,1,.24-.7,1.4,1.4,0,0,1,.472-.5,1.42,1.42,0,0,1,.728-.184,1.45,1.45,0,0,1,.5.1,1.29,1.29,0,0,1,.416.288,1.54,1.54,0,0,1,.272.424,1.4,1.4,0,0,1,.112.512H13.64a2.864,2.864,0,0,0-.224-1.032,2.4,2.4,0,0,0-.56-.808,2.613,2.613,0,0,0-.864-.528,3.09,3.09,0,0,0-1.112-.184,3.127,3.127,0,0,0-1.36.272,2.751,2.751,0,0,0-.96.736,3.007,3.007,0,0,0-.568,1.088A4.685,4.685,0,0,0,7.8,10.9v.216a4.684,4.684,0,0,0,.184,1.312,2.908,2.908,0,0,0,.568,1.08,2.731,2.731,0,0,0,.96.728,3.246,3.246,0,0,0,1.36.272,3.051,3.051,0,0,0,1.056-.184,2.729,2.729,0,0,0,.864-.5,2.442,2.442,0,0,0,.592-.752,2.153,2.153,0,0,0,.24-.92H12.192a1.139,1.139,0,0,1-.12.464,1.177,1.177,0,0,1-.288.368,1.26,1.26,0,0,1-.416.24,1.589,1.589,0,0,1-.48.08,1.359,1.359,0,0,1-.712-.184,1.4,1.4,0,0,1-.472-.5,2.09,2.09,0,0,1-.24-.7,5.392,5.392,0,0,1-.064-.8V10.9a5.33,5.33,0,0,1,.064-.808ZM11,3a8,8,0,1,0,8,8A8,8,0,0,0,11,3Zm0,14.4A6.4,6.4,0,1,1,17.4,11,6.408,6.408,0,0,1,11,17.4Z\" transform=\"translate(1 1)\" fill=\"#4d4d4d\"\/>\n        <\/g>\n    <\/g>\n<\/svg>\n<span>Jose Valdez<\/span><\/a><\/div>                                       <\/div>\n                                       <div class=\"col-md-8 centercenter newsinfo\">\n                                           <p class=\"big\" >02.06.2025 | Biodiversit\u00e4t und Naturschutz, Forschung, iDiv, Medienmitteilung, Science-Policy<\/p>                                           <p class=\"h3\"  role=\"heading\" aria-level=\"2\">Kulturelles Erbe erhalten, Lebensr\u00e4ume sch\u00fctzen: Ehemalige Dorfstrukturen bieten Zufluchtsorte f\u00fcr Amphibien<\/p>                                                                                                                                     <a href=\"https:\/\/www.idiv.de\/de\/ehemalige-dorfstrukturen-zuflucht-fur-amphibien\/\" target=\"\" class=\"btncf normal\" type=\"button\" >Mehr <svg tabindex=\"0\" xmlns=\"http:\/\/www.w3.org\/2000\/svg\" width=\"7.621\" height=\"12.243\" aria-hidden=\"true\" viewBox=\"0 0 7.621 12.243\"><path  data-name=\"Icon feather-chevron-right\" d=\"M17.5,17l-4-4,4-4\" transform=\"translate(19.621 19.121) rotate(180)\" fill=\"none\" stroke=\"#447226\" stroke-linecap=\"round\" stroke-linejoin=\"round\" stroke-width=\"3\"\/><\/svg><\/a>                                           \n                                       <\/div>\n                                   <\/div>\n                                    <hr>\n                                <\/div>\n\n                            \n                                                            <div class=\"newsitems y2024  c71 c30 \">\n                                   <div class=\"row\">\n                                       <div class=\"col-md-4\">\n                                           <div class=\"relativ\"><img decoding=\"async\" class=\"responsiv \" src=\"https:\/\/www.idiv.de\/wp-content\/uploads\/2024\/11\/image3.jpg\" height=\"\" width=\"\" alt=\"idiv-iDiv researchers at COP16 in Cali, Colombia\"\/><a href=\"#\" class=\"cr\" role=\"button\">\n<svg  xmlns=\"http:\/\/www.w3.org\/2000\/svg\" width=\"22\" height=\"22\" viewBox=\"0 0 22 22\">\n    <rect id=\"BG\" width=\"22\" height=\"22\" rx=\"11\" fill=\"#fff\"\/>\n    <g id=\"Wrapper\" transform=\"translate(-1 -1)\">\n        <g id=\"Icon_material-copyright\" data-name=\"Icon material-copyright\">\n            <circle id=\"Ellipse_30\" data-name=\"Ellipse 30\" cx=\"8\" cy=\"8\" r=\"8\" transform=\"translate(4 4)\" fill=\"#fff\"\/>\n            <path id=\"Icon_material-copyright-2\" data-name=\"Icon material-copyright\" d=\"M9.464,10.088a2.045,2.045,0,0,1,.24-.7,1.4,1.4,0,0,1,.472-.5,1.42,1.42,0,0,1,.728-.184,1.45,1.45,0,0,1,.5.1,1.29,1.29,0,0,1,.416.288,1.54,1.54,0,0,1,.272.424,1.4,1.4,0,0,1,.112.512H13.64a2.864,2.864,0,0,0-.224-1.032,2.4,2.4,0,0,0-.56-.808,2.613,2.613,0,0,0-.864-.528,3.09,3.09,0,0,0-1.112-.184,3.127,3.127,0,0,0-1.36.272,2.751,2.751,0,0,0-.96.736,3.007,3.007,0,0,0-.568,1.088A4.685,4.685,0,0,0,7.8,10.9v.216a4.684,4.684,0,0,0,.184,1.312,2.908,2.908,0,0,0,.568,1.08,2.731,2.731,0,0,0,.96.728,3.246,3.246,0,0,0,1.36.272,3.051,3.051,0,0,0,1.056-.184,2.729,2.729,0,0,0,.864-.5,2.442,2.442,0,0,0,.592-.752,2.153,2.153,0,0,0,.24-.92H12.192a1.139,1.139,0,0,1-.12.464,1.177,1.177,0,0,1-.288.368,1.26,1.26,0,0,1-.416.24,1.589,1.589,0,0,1-.48.08,1.359,1.359,0,0,1-.712-.184,1.4,1.4,0,0,1-.472-.5,2.09,2.09,0,0,1-.24-.7,5.392,5.392,0,0,1-.064-.8V10.9a5.33,5.33,0,0,1,.064-.808ZM11,3a8,8,0,1,0,8,8A8,8,0,0,0,11,3Zm0,14.4A6.4,6.4,0,1,1,17.4,11,6.408,6.408,0,0,1,11,17.4Z\" transform=\"translate(1 1)\" fill=\"#4d4d4d\"\/>\n        <\/g>\n    <\/g>\n<\/svg>\n<span>iDiv<\/span><\/a><\/div>                                       <\/div>\n                                       <div class=\"col-md-8 centercenter newsinfo\">\n                                           <p class=\"big\" >21.11.2024 | Science-Policy, TOP NEWS<\/p>                                           <p class=\"h3\"  role=\"heading\" aria-level=\"2\">iDiv auf der COP16<\/p>                                           <p class=\"big\" >Mit wissenschaftlich fundierten Strategien den Biodiversit\u00e4tsverlust bek\u00e4mpfen<\/p>                                                                                          <a href=\"https:\/\/www.idiv.de\/de\/idiv-auf-der-cop16\/\" target=\"\" class=\"btncf normal\" type=\"button\" >Mehr <svg tabindex=\"0\" xmlns=\"http:\/\/www.w3.org\/2000\/svg\" width=\"7.621\" height=\"12.243\" aria-hidden=\"true\" viewBox=\"0 0 7.621 12.243\"><path  data-name=\"Icon feather-chevron-right\" d=\"M17.5,17l-4-4,4-4\" transform=\"translate(19.621 19.121) rotate(180)\" fill=\"none\" stroke=\"#447226\" stroke-linecap=\"round\" stroke-linejoin=\"round\" stroke-width=\"3\"\/><\/svg><\/a>                                           \n                                       <\/div>\n                                   <\/div>\n                                    <hr>\n                                <\/div>\n\n                            \n                                                            <div class=\"newsitems y2024  c37 c29 c71 c30 \">\n                                   <div class=\"row\">\n                                       <div class=\"col-md-4\">\n                                           <div class=\"relativ\"><img decoding=\"async\" class=\"responsiv \" src=\"https:\/\/www.idiv.de\/wp-content\/uploads\/2024\/09\/pic_289913907120241001104038.jpg\" height=\"\" width=\"\" alt=\"idiv-Fields and grassland, moors, moorland forests, swamps and springs are in the worst shape, according to the Faktencheck Artenvielfalt (Picture: M. Zimmer)\"\/><a href=\"#\" class=\"cr\" role=\"button\">\n<svg  xmlns=\"http:\/\/www.w3.org\/2000\/svg\" width=\"22\" height=\"22\" viewBox=\"0 0 22 22\">\n    <rect id=\"BG\" width=\"22\" height=\"22\" rx=\"11\" fill=\"#fff\"\/>\n    <g id=\"Wrapper\" transform=\"translate(-1 -1)\">\n        <g id=\"Icon_material-copyright\" data-name=\"Icon material-copyright\">\n            <circle id=\"Ellipse_30\" data-name=\"Ellipse 30\" cx=\"8\" cy=\"8\" r=\"8\" transform=\"translate(4 4)\" fill=\"#fff\"\/>\n            <path id=\"Icon_material-copyright-2\" data-name=\"Icon material-copyright\" d=\"M9.464,10.088a2.045,2.045,0,0,1,.24-.7,1.4,1.4,0,0,1,.472-.5,1.42,1.42,0,0,1,.728-.184,1.45,1.45,0,0,1,.5.1,1.29,1.29,0,0,1,.416.288,1.54,1.54,0,0,1,.272.424,1.4,1.4,0,0,1,.112.512H13.64a2.864,2.864,0,0,0-.224-1.032,2.4,2.4,0,0,0-.56-.808,2.613,2.613,0,0,0-.864-.528,3.09,3.09,0,0,0-1.112-.184,3.127,3.127,0,0,0-1.36.272,2.751,2.751,0,0,0-.96.736,3.007,3.007,0,0,0-.568,1.088A4.685,4.685,0,0,0,7.8,10.9v.216a4.684,4.684,0,0,0,.184,1.312,2.908,2.908,0,0,0,.568,1.08,2.731,2.731,0,0,0,.96.728,3.246,3.246,0,0,0,1.36.272,3.051,3.051,0,0,0,1.056-.184,2.729,2.729,0,0,0,.864-.5,2.442,2.442,0,0,0,.592-.752,2.153,2.153,0,0,0,.24-.92H12.192a1.139,1.139,0,0,1-.12.464,1.177,1.177,0,0,1-.288.368,1.26,1.26,0,0,1-.416.24,1.589,1.589,0,0,1-.48.08,1.359,1.359,0,0,1-.712-.184,1.4,1.4,0,0,1-.472-.5,2.09,2.09,0,0,1-.24-.7,5.392,5.392,0,0,1-.064-.8V10.9a5.33,5.33,0,0,1,.064-.808ZM11,3a8,8,0,1,0,8,8A8,8,0,0,0,11,3Zm0,14.4A6.4,6.4,0,1,1,17.4,11,6.408,6.408,0,0,1,11,17.4Z\" transform=\"translate(1 1)\" fill=\"#4d4d4d\"\/>\n        <\/g>\n    <\/g>\n<\/svg>\n<span>M. Zimmer<\/span><\/a><\/div>                                       <\/div>\n                                       <div class=\"col-md-8 centercenter newsinfo\">\n                                           <p class=\"big\" >01.10.2024 | Forschung, Medienmitteilung, Science-Policy, TOP NEWS<\/p>                                           <p class=\"h3\"  role=\"heading\" aria-level=\"2\">Faktencheck Artenvielfalt zeigt, wie es um die biologische Vielfalt in Deutschland steht<\/p>                                           <p class=\"big\" >Mehr als die H\u00e4lfte der Lebensraumtypen in Deutschland weist einen \u00f6kologisch ung\u00fcnstigen Zustand auf<\/p>                                                                                          <a href=\"https:\/\/www.idiv.de\/de\/faktencheck-artenvielfalt-zeigt-wie-es-um-die-biologische-vielfalt-in-deutschland-steht\/\" target=\"\" class=\"btncf normal\" type=\"button\" >Mehr <svg tabindex=\"0\" xmlns=\"http:\/\/www.w3.org\/2000\/svg\" width=\"7.621\" height=\"12.243\" aria-hidden=\"true\" viewBox=\"0 0 7.621 12.243\"><path  data-name=\"Icon feather-chevron-right\" d=\"M17.5,17l-4-4,4-4\" transform=\"translate(19.621 19.121) rotate(180)\" fill=\"none\" stroke=\"#447226\" stroke-linecap=\"round\" stroke-linejoin=\"round\" stroke-width=\"3\"\/><\/svg><\/a>                                           \n                                       <\/div>\n                                   <\/div>\n                                    <hr>\n                                <\/div>\n\n                            \n                                                            <div class=\"newsitems y2024  c57 c33 c28 c29 c71 c30 \">\n                                   <div class=\"row\">\n                                       <div class=\"col-md-4\">\n                                           <div class=\"relativ\"><img decoding=\"async\" class=\"responsiv \" src=\"https:\/\/www.idiv.de\/wp-content\/uploads\/2024\/08\/pic_e5fcaa3c0920240702133935.jpg\" height=\"\" width=\"\" alt=\"idiv-\"\/><a href=\"#\" class=\"cr\" role=\"button\">\n<svg  xmlns=\"http:\/\/www.w3.org\/2000\/svg\" width=\"22\" height=\"22\" viewBox=\"0 0 22 22\">\n    <rect id=\"BG\" width=\"22\" height=\"22\" rx=\"11\" fill=\"#fff\"\/>\n    <g id=\"Wrapper\" transform=\"translate(-1 -1)\">\n        <g id=\"Icon_material-copyright\" data-name=\"Icon material-copyright\">\n            <circle id=\"Ellipse_30\" data-name=\"Ellipse 30\" cx=\"8\" cy=\"8\" r=\"8\" transform=\"translate(4 4)\" fill=\"#fff\"\/>\n            <path id=\"Icon_material-copyright-2\" data-name=\"Icon material-copyright\" d=\"M9.464,10.088a2.045,2.045,0,0,1,.24-.7,1.4,1.4,0,0,1,.472-.5,1.42,1.42,0,0,1,.728-.184,1.45,1.45,0,0,1,.5.1,1.29,1.29,0,0,1,.416.288,1.54,1.54,0,0,1,.272.424,1.4,1.4,0,0,1,.112.512H13.64a2.864,2.864,0,0,0-.224-1.032,2.4,2.4,0,0,0-.56-.808,2.613,2.613,0,0,0-.864-.528,3.09,3.09,0,0,0-1.112-.184,3.127,3.127,0,0,0-1.36.272,2.751,2.751,0,0,0-.96.736,3.007,3.007,0,0,0-.568,1.088A4.685,4.685,0,0,0,7.8,10.9v.216a4.684,4.684,0,0,0,.184,1.312,2.908,2.908,0,0,0,.568,1.08,2.731,2.731,0,0,0,.96.728,3.246,3.246,0,0,0,1.36.272,3.051,3.051,0,0,0,1.056-.184,2.729,2.729,0,0,0,.864-.5,2.442,2.442,0,0,0,.592-.752,2.153,2.153,0,0,0,.24-.92H12.192a1.139,1.139,0,0,1-.12.464,1.177,1.177,0,0,1-.288.368,1.26,1.26,0,0,1-.416.24,1.589,1.589,0,0,1-.48.08,1.359,1.359,0,0,1-.712-.184,1.4,1.4,0,0,1-.472-.5,2.09,2.09,0,0,1-.24-.7,5.392,5.392,0,0,1-.064-.8V10.9a5.33,5.33,0,0,1,.064-.808ZM11,3a8,8,0,1,0,8,8A8,8,0,0,0,11,3Zm0,14.4A6.4,6.4,0,1,1,17.4,11,6.408,6.408,0,0,1,11,17.4Z\" transform=\"translate(1 1)\" fill=\"#4d4d4d\"\/>\n        <\/g>\n    <\/g>\n<\/svg>\n<span>Janoka82 | Dreamstime<\/span><\/a><\/div>                                       <\/div>\n                                       <div class=\"col-md-8 centercenter newsinfo\">\n                                           <p class=\"big\" >02.07.2024 | Biodiversit\u00e4t und Mensch, Biodiversit\u00e4t und Naturschutz, iDiv, Medienmitteilung, Science-Policy, TOP NEWS<\/p>                                           <p class=\"h3\"  role=\"heading\" aria-level=\"2\">Was braucht es f&uuml;r ein besseres Biodiversit&auml;ts-Monitoring in Europa?<\/p>                                           <p class=\"big\" >Basiert auf einer Medienmitteilung von IIASA\r\nWissenschaftlerinnen und Wissenschaftler des Deutschen Zentrums f&uuml;r integrative Biodiversit&auml;tsforschung (iDiv) und des Internationalen Instituts f&uuml;r Angewandte Systemanalyse (IIASA) haben gemeinsam mit vielen weiteren Partnern untersucht, wie es um das Biodiversit&auml;tsmonitoring in Europa bestellt ist. In der Fachzeitschrift Conservation Letters geben sie wichtige Einblicke in politische Erfordernisse, Herausforderungen und zuk&uuml;nftige L&ouml;sungsans&auml;tze.<\/p>                                                                                          <a href=\"https:\/\/www.idiv.de\/de\/was-braucht-es-fr-ein-besseres-biodiversitts-monitoring-in-europa\/\" target=\"\" class=\"btncf normal\" type=\"button\" >Mehr <svg tabindex=\"0\" xmlns=\"http:\/\/www.w3.org\/2000\/svg\" width=\"7.621\" height=\"12.243\" aria-hidden=\"true\" viewBox=\"0 0 7.621 12.243\"><path  data-name=\"Icon feather-chevron-right\" d=\"M17.5,17l-4-4,4-4\" transform=\"translate(19.621 19.121) rotate(180)\" fill=\"none\" stroke=\"#447226\" stroke-linecap=\"round\" stroke-linejoin=\"round\" stroke-width=\"3\"\/><\/svg><\/a>                                           \n                                       <\/div>\n                                   <\/div>\n                                    <hr>\n                                <\/div>\n\n                            \n                                                            <div class=\"newsitems y2024  c28 c29 c71 c30 \">\n                                   <div class=\"row\">\n                                       <div class=\"col-md-4\">\n                                           <div class=\"relativ\"><img decoding=\"async\" class=\"responsiv \" src=\"https:\/\/www.idiv.de\/wp-content\/uploads\/2024\/08\/pic_bfe410524e20240625190057.jpg\" height=\"\" width=\"\" alt=\"idiv-\"\/><a href=\"#\" class=\"cr\" role=\"button\">\n<svg  xmlns=\"http:\/\/www.w3.org\/2000\/svg\" width=\"22\" height=\"22\" viewBox=\"0 0 22 22\">\n    <rect id=\"BG\" width=\"22\" height=\"22\" rx=\"11\" fill=\"#fff\"\/>\n    <g id=\"Wrapper\" transform=\"translate(-1 -1)\">\n        <g id=\"Icon_material-copyright\" data-name=\"Icon material-copyright\">\n            <circle id=\"Ellipse_30\" data-name=\"Ellipse 30\" cx=\"8\" cy=\"8\" r=\"8\" transform=\"translate(4 4)\" fill=\"#fff\"\/>\n            <path id=\"Icon_material-copyright-2\" data-name=\"Icon material-copyright\" d=\"M9.464,10.088a2.045,2.045,0,0,1,.24-.7,1.4,1.4,0,0,1,.472-.5,1.42,1.42,0,0,1,.728-.184,1.45,1.45,0,0,1,.5.1,1.29,1.29,0,0,1,.416.288,1.54,1.54,0,0,1,.272.424,1.4,1.4,0,0,1,.112.512H13.64a2.864,2.864,0,0,0-.224-1.032,2.4,2.4,0,0,0-.56-.808,2.613,2.613,0,0,0-.864-.528,3.09,3.09,0,0,0-1.112-.184,3.127,3.127,0,0,0-1.36.272,2.751,2.751,0,0,0-.96.736,3.007,3.007,0,0,0-.568,1.088A4.685,4.685,0,0,0,7.8,10.9v.216a4.684,4.684,0,0,0,.184,1.312,2.908,2.908,0,0,0,.568,1.08,2.731,2.731,0,0,0,.96.728,3.246,3.246,0,0,0,1.36.272,3.051,3.051,0,0,0,1.056-.184,2.729,2.729,0,0,0,.864-.5,2.442,2.442,0,0,0,.592-.752,2.153,2.153,0,0,0,.24-.92H12.192a1.139,1.139,0,0,1-.12.464,1.177,1.177,0,0,1-.288.368,1.26,1.26,0,0,1-.416.24,1.589,1.589,0,0,1-.48.08,1.359,1.359,0,0,1-.712-.184,1.4,1.4,0,0,1-.472-.5,2.09,2.09,0,0,1-.24-.7,5.392,5.392,0,0,1-.064-.8V10.9a5.33,5.33,0,0,1,.064-.808ZM11,3a8,8,0,1,0,8,8A8,8,0,0,0,11,3Zm0,14.4A6.4,6.4,0,1,1,17.4,11,6.408,6.408,0,0,1,11,17.4Z\" transform=\"translate(1 1)\" fill=\"#4d4d4d\"\/>\n        <\/g>\n    <\/g>\n<\/svg>\n<span>Stefan Bernhardt<\/span><\/a><\/div>                                       <\/div>\n                                       <div class=\"col-md-8 centercenter newsinfo\">\n                                           <p class=\"big\" >25.06.2024 | iDiv, Medienmitteilung, Science-Policy, TOP NEWS<\/p>                                           <p class=\"h3\"  role=\"heading\" aria-level=\"2\">Deutschlands F&uuml;hrungsrolle in der Biodiversit&auml;ts-Forschung und -Politik<\/p>                                                                                                                                     <a href=\"https:\/\/www.idiv.de\/de\/deutschlands-fhrungsrolle-in-der-biodiversitts-forschung-und-politik\/\" target=\"\" class=\"btncf normal\" type=\"button\" >Mehr <svg tabindex=\"0\" xmlns=\"http:\/\/www.w3.org\/2000\/svg\" width=\"7.621\" height=\"12.243\" aria-hidden=\"true\" viewBox=\"0 0 7.621 12.243\"><path  data-name=\"Icon feather-chevron-right\" d=\"M17.5,17l-4-4,4-4\" transform=\"translate(19.621 19.121) rotate(180)\" fill=\"none\" stroke=\"#447226\" stroke-linecap=\"round\" stroke-linejoin=\"round\" stroke-width=\"3\"\/><\/svg><\/a>                                           \n                                       <\/div>\n                                   <\/div>\n                                    <hr>\n                                <\/div>\n\n                            \n                                                            <div class=\"newsitems y2024  c37 c29 c71 c30 \">\n                                   <div class=\"row\">\n                                       <div class=\"col-md-4\">\n                                           <div class=\"relativ\"><img decoding=\"async\" class=\"responsiv \" src=\"https:\/\/www.idiv.de\/wp-content\/uploads\/2024\/08\/pic_c2bb6ccd3620240313162158.jpg\" height=\"\" width=\"\" alt=\"idiv-\"\/><a href=\"#\" class=\"cr\" role=\"button\">\n<svg  xmlns=\"http:\/\/www.w3.org\/2000\/svg\" width=\"22\" height=\"22\" viewBox=\"0 0 22 22\">\n    <rect id=\"BG\" width=\"22\" height=\"22\" rx=\"11\" fill=\"#fff\"\/>\n    <g id=\"Wrapper\" transform=\"translate(-1 -1)\">\n        <g id=\"Icon_material-copyright\" data-name=\"Icon material-copyright\">\n            <circle id=\"Ellipse_30\" data-name=\"Ellipse 30\" cx=\"8\" cy=\"8\" r=\"8\" transform=\"translate(4 4)\" fill=\"#fff\"\/>\n            <path id=\"Icon_material-copyright-2\" data-name=\"Icon material-copyright\" d=\"M9.464,10.088a2.045,2.045,0,0,1,.24-.7,1.4,1.4,0,0,1,.472-.5,1.42,1.42,0,0,1,.728-.184,1.45,1.45,0,0,1,.5.1,1.29,1.29,0,0,1,.416.288,1.54,1.54,0,0,1,.272.424,1.4,1.4,0,0,1,.112.512H13.64a2.864,2.864,0,0,0-.224-1.032,2.4,2.4,0,0,0-.56-.808,2.613,2.613,0,0,0-.864-.528,3.09,3.09,0,0,0-1.112-.184,3.127,3.127,0,0,0-1.36.272,2.751,2.751,0,0,0-.96.736,3.007,3.007,0,0,0-.568,1.088A4.685,4.685,0,0,0,7.8,10.9v.216a4.684,4.684,0,0,0,.184,1.312,2.908,2.908,0,0,0,.568,1.08,2.731,2.731,0,0,0,.96.728,3.246,3.246,0,0,0,1.36.272,3.051,3.051,0,0,0,1.056-.184,2.729,2.729,0,0,0,.864-.5,2.442,2.442,0,0,0,.592-.752,2.153,2.153,0,0,0,.24-.92H12.192a1.139,1.139,0,0,1-.12.464,1.177,1.177,0,0,1-.288.368,1.26,1.26,0,0,1-.416.24,1.589,1.589,0,0,1-.48.08,1.359,1.359,0,0,1-.712-.184,1.4,1.4,0,0,1-.472-.5,2.09,2.09,0,0,1-.24-.7,5.392,5.392,0,0,1-.064-.8V10.9a5.33,5.33,0,0,1,.064-.808ZM11,3a8,8,0,1,0,8,8A8,8,0,0,0,11,3Zm0,14.4A6.4,6.4,0,1,1,17.4,11,6.408,6.408,0,0,1,11,17.4Z\" transform=\"translate(1 1)\" fill=\"#4d4d4d\"\/>\n        <\/g>\n    <\/g>\n<\/svg>\n<span>J\u00f6rg Farys<\/span><\/a><\/div>                                       <\/div>\n                                       <div class=\"col-md-8 centercenter newsinfo\">\n                                           <p class=\"big\" >14.03.2024 | Forschung, Medienmitteilung, Science-Policy, TOP NEWS<\/p>                                           <p class=\"h3\"  role=\"heading\" aria-level=\"2\">Citizen Science-Projekt FLOW zeigt: Kleine B&auml;che in Deutschland sind in keinem guten &ouml;kologischen Zustand<\/p>                                           <p class=\"big\" >Basiert auf einer Medienmitteilung des Helmholtz-Zentrums f&uuml;r Umweltforschung (UFZ)\r\nPflanzenschutzmittel sichern Ertr&auml;ge in der Landwirtschaft, indem sie sch&auml;dliche Insekten, Pilze und Unkr&auml;uter bek&auml;mpfen. Sie gelangen aber auch in benachbarte B&auml;che und sch&auml;digen dort Lebensgemeinschaften, die f&uuml;r den Erhalt der Artenvielfalt entscheidend sind, Teil des Nahrungsnetzes sind und die Selbstreinigung des Wassers unterst&uuml;tzen. Vor allem f&uuml;r kleine Flie&szlig;gew&auml;sser fehlen jedoch bislang belastbare Daten, die Auskunft dar&uuml;ber geben, wie es um sie wirklich bestellt ist. Im Citizen Science-Projekt FLOW haben 900 B&uuml;rgerforschende &uuml;ber drei Jahre lang in ganz Deutschland kleine Flie&szlig;gew&auml;sser auf ihren &ouml;kologischen Zustand untersucht. Das Projekt wurde vom Bund f&uuml;r Umwelt und Naturschutz Deutschland (BUND) gemeinsam mit dem Helmholtz-Zentrum f&uuml;r Umweltforschung (UFZ) und dem Deutschen Zentrum f&uuml;r integrative Biodiversit&auml;tsforschung (iDiv) Halle-Jena-Leipzig durchgef&uuml;hrt. Die Daten zeigen: In der Mehrheit der untersuchten B&auml;che, die durch eine landwirtschaftlich gepr&auml;gte Landschaft flie&szlig;en, ist die Wirbellosenfauna durch Pflanzenschutzmittel gest&ouml;rt, zudem weisen die Flie&szlig;gew&auml;sser eine stark ver&auml;nderte morphologische Struktur auf. Das Projekt best&auml;tigt dar&uuml;ber hinaus, dass B&uuml;rgerforschung auch im Bereich der Gew&auml;sser&ouml;kologie dringend ben&ouml;tigte Daten in hoher Qualit&auml;t liefern kann.Auf Fl&uuml;sse als wertvolle Lebensr&auml;ume will auch der internationale Tag der Fl&uuml;sse am 14. M&auml;rz 2024 aufmerksam machen und ruft zu deren Schutz auf.<\/p>                                                                                          <a href=\"https:\/\/www.idiv.de\/de\/citizen-science-projekt-flow-zeigt-kleine-bche-in-deutschland-sind-in-keinem-guten-kologischen-zustand\/\" target=\"\" class=\"btncf normal\" type=\"button\" >Mehr <svg tabindex=\"0\" xmlns=\"http:\/\/www.w3.org\/2000\/svg\" width=\"7.621\" height=\"12.243\" aria-hidden=\"true\" viewBox=\"0 0 7.621 12.243\"><path  data-name=\"Icon feather-chevron-right\" d=\"M17.5,17l-4-4,4-4\" transform=\"translate(19.621 19.121) rotate(180)\" fill=\"none\" stroke=\"#447226\" stroke-linecap=\"round\" stroke-linejoin=\"round\" stroke-width=\"3\"\/><\/svg><\/a>                                           \n                                       <\/div>\n                                   <\/div>\n                                    <hr>\n                                <\/div>\n\n                            \n                                                            <div class=\"newsitems y2024  c54 c29 c71 c30 \">\n                                   <div class=\"row\">\n                                       <div class=\"col-md-4\">\n                                           <div class=\"relativ\"><img decoding=\"async\" class=\"responsiv \" src=\"https:\/\/www.idiv.de\/wp-content\/uploads\/2024\/08\/pic_0919374b9e20240105131219.jpg\" height=\"\" width=\"\" alt=\"idiv-\"\/><a href=\"#\" class=\"cr\" role=\"button\">\n<svg  xmlns=\"http:\/\/www.w3.org\/2000\/svg\" width=\"22\" height=\"22\" viewBox=\"0 0 22 22\">\n    <rect id=\"BG\" width=\"22\" height=\"22\" rx=\"11\" fill=\"#fff\"\/>\n    <g id=\"Wrapper\" transform=\"translate(-1 -1)\">\n        <g id=\"Icon_material-copyright\" data-name=\"Icon material-copyright\">\n            <circle id=\"Ellipse_30\" data-name=\"Ellipse 30\" cx=\"8\" cy=\"8\" r=\"8\" transform=\"translate(4 4)\" fill=\"#fff\"\/>\n            <path id=\"Icon_material-copyright-2\" data-name=\"Icon material-copyright\" d=\"M9.464,10.088a2.045,2.045,0,0,1,.24-.7,1.4,1.4,0,0,1,.472-.5,1.42,1.42,0,0,1,.728-.184,1.45,1.45,0,0,1,.5.1,1.29,1.29,0,0,1,.416.288,1.54,1.54,0,0,1,.272.424,1.4,1.4,0,0,1,.112.512H13.64a2.864,2.864,0,0,0-.224-1.032,2.4,2.4,0,0,0-.56-.808,2.613,2.613,0,0,0-.864-.528,3.09,3.09,0,0,0-1.112-.184,3.127,3.127,0,0,0-1.36.272,2.751,2.751,0,0,0-.96.736,3.007,3.007,0,0,0-.568,1.088A4.685,4.685,0,0,0,7.8,10.9v.216a4.684,4.684,0,0,0,.184,1.312,2.908,2.908,0,0,0,.568,1.08,2.731,2.731,0,0,0,.96.728,3.246,3.246,0,0,0,1.36.272,3.051,3.051,0,0,0,1.056-.184,2.729,2.729,0,0,0,.864-.5,2.442,2.442,0,0,0,.592-.752,2.153,2.153,0,0,0,.24-.92H12.192a1.139,1.139,0,0,1-.12.464,1.177,1.177,0,0,1-.288.368,1.26,1.26,0,0,1-.416.24,1.589,1.589,0,0,1-.48.08,1.359,1.359,0,0,1-.712-.184,1.4,1.4,0,0,1-.472-.5,2.09,2.09,0,0,1-.24-.7,5.392,5.392,0,0,1-.064-.8V10.9a5.33,5.33,0,0,1,.064-.808ZM11,3a8,8,0,1,0,8,8A8,8,0,0,0,11,3Zm0,14.4A6.4,6.4,0,1,1,17.4,11,6.408,6.408,0,0,1,11,17.4Z\" transform=\"translate(1 1)\" fill=\"#4d4d4d\"\/>\n        <\/g>\n    <\/g>\n<\/svg>\n<span>Antje Gildemeister\/Leipzig University<\/span><\/a><\/div>                                       <\/div>\n                                       <div class=\"col-md-8 centercenter newsinfo\">\n                                           <p class=\"big\" >05.01.2024 | Biodiversit\u00e4ts\u00f6konomik, Medienmitteilung, Science-Policy, TOP NEWS<\/p>                                           <p class=\"h3\"  role=\"heading\" aria-level=\"2\">Umwelt&ouml;konom: &bdquo;Die Subvention des Dieselverbrauchs in der Landwirtschaft l&auml;sst sich nicht mehr begr&uuml;nden&ldquo;<\/p>                                           <p class=\"big\" >Basiert auf einer Medienmitteilung der Universit&auml;t Leipzig\r\nTraktoren blockieren Stra&szlig;en, w&uuml;tende Bauern hindern Wirtschaftsminister Robert Habeck am Verlassen einer F&auml;hre, f&uuml;r die kommende Woche sind gro&szlig;fl&auml;chige Proteste der Bauern geplant: Die Landwirte wollen damit gegen die K&uuml;rzung der Subventionen f&uuml;r Agrardiesel und gegen eine KfZ-Steuer f&uuml;r die Landwirtschaft demonstrieren. &bdquo;Durch den Druck, im Bundeshaushalt sparen zu m&uuml;ssen, ist endlich Bewegung in die Bem&uuml;hungen gekommen, umweltsch&auml;dliche Subventionen zu streichen. Insbesondere die Abschaffung der Agrardiesel-Subventionen ist &uuml;berf&auml;llig&ldquo;, sagt Prof. Martin Quaas, Leiter der Forschungsgruppe Biodiversit&auml;ts&ouml;konomik am Deutschen Zentrum f&uuml;r integrative Biodiversit&auml;tsforschung (iDiv) und an der Universit&auml;t Leipzig. Im Interview spricht er &uuml;ber die Proteste der Bauern, L&ouml;sungswege und seine eigene Forschung auf diesem Feld.<\/p>                                                                                          <a href=\"https:\/\/www.idiv.de\/de\/umweltkonom-die-subvention-des-dieselverbrauchs-in-der-landwirtschaft-lsst-sich-nicht-mehr-begrnden\/\" target=\"\" class=\"btncf normal\" type=\"button\" >Mehr <svg tabindex=\"0\" xmlns=\"http:\/\/www.w3.org\/2000\/svg\" width=\"7.621\" height=\"12.243\" aria-hidden=\"true\" viewBox=\"0 0 7.621 12.243\"><path  data-name=\"Icon feather-chevron-right\" d=\"M17.5,17l-4-4,4-4\" transform=\"translate(19.621 19.121) rotate(180)\" fill=\"none\" stroke=\"#447226\" stroke-linecap=\"round\" stroke-linejoin=\"round\" stroke-width=\"3\"\/><\/svg><\/a>                                           \n                                       <\/div>\n                                   <\/div>\n                                    <hr>\n                                <\/div>\n\n                            \n                                                            <div class=\"newsitems y2022  c29 c71 c30 \">\n                                   <div class=\"row\">\n                                       <div class=\"col-md-4\">\n                                           <div class=\"relativ\"><img decoding=\"async\" class=\"responsiv \" src=\"https:\/\/www.idiv.de\/wp-content\/uploads\/2024\/08\/pic_a1985c9c9920220815145210.jpg\" height=\"\" width=\"\" alt=\"idiv-\"\/><a href=\"#\" class=\"cr\" role=\"button\">\n<svg  xmlns=\"http:\/\/www.w3.org\/2000\/svg\" width=\"22\" height=\"22\" viewBox=\"0 0 22 22\">\n    <rect id=\"BG\" width=\"22\" height=\"22\" rx=\"11\" fill=\"#fff\"\/>\n    <g id=\"Wrapper\" transform=\"translate(-1 -1)\">\n        <g id=\"Icon_material-copyright\" data-name=\"Icon material-copyright\">\n            <circle id=\"Ellipse_30\" data-name=\"Ellipse 30\" cx=\"8\" cy=\"8\" r=\"8\" transform=\"translate(4 4)\" fill=\"#fff\"\/>\n            <path id=\"Icon_material-copyright-2\" data-name=\"Icon material-copyright\" d=\"M9.464,10.088a2.045,2.045,0,0,1,.24-.7,1.4,1.4,0,0,1,.472-.5,1.42,1.42,0,0,1,.728-.184,1.45,1.45,0,0,1,.5.1,1.29,1.29,0,0,1,.416.288,1.54,1.54,0,0,1,.272.424,1.4,1.4,0,0,1,.112.512H13.64a2.864,2.864,0,0,0-.224-1.032,2.4,2.4,0,0,0-.56-.808,2.613,2.613,0,0,0-.864-.528,3.09,3.09,0,0,0-1.112-.184,3.127,3.127,0,0,0-1.36.272,2.751,2.751,0,0,0-.96.736,3.007,3.007,0,0,0-.568,1.088A4.685,4.685,0,0,0,7.8,10.9v.216a4.684,4.684,0,0,0,.184,1.312,2.908,2.908,0,0,0,.568,1.08,2.731,2.731,0,0,0,.96.728,3.246,3.246,0,0,0,1.36.272,3.051,3.051,0,0,0,1.056-.184,2.729,2.729,0,0,0,.864-.5,2.442,2.442,0,0,0,.592-.752,2.153,2.153,0,0,0,.24-.92H12.192a1.139,1.139,0,0,1-.12.464,1.177,1.177,0,0,1-.288.368,1.26,1.26,0,0,1-.416.24,1.589,1.589,0,0,1-.48.08,1.359,1.359,0,0,1-.712-.184,1.4,1.4,0,0,1-.472-.5,2.09,2.09,0,0,1-.24-.7,5.392,5.392,0,0,1-.064-.8V10.9a5.33,5.33,0,0,1,.064-.808ZM11,3a8,8,0,1,0,8,8A8,8,0,0,0,11,3Zm0,14.4A6.4,6.4,0,1,1,17.4,11,6.408,6.408,0,0,1,11,17.4Z\" transform=\"translate(1 1)\" fill=\"#4d4d4d\"\/>\n        <\/g>\n    <\/g>\n<\/svg>\n<span>Hanspeter Mayr, Nationalpark S\u00e4chsische Schweiz, Deutschland<\/span><\/a><\/div>                                       <\/div>\n                                       <div class=\"col-md-8 centercenter newsinfo\">\n                                           <p class=\"big\" >15.08.2022 | Medienmitteilung, Science-Policy, TOP NEWS<\/p>                                           <p class=\"h3\"  role=\"heading\" aria-level=\"2\">Nationalparke &#8211; Inseln in einer W&uuml;ste?<\/p>                                           <p class=\"big\" >Leipzig\/Jena\/Bonn. Wie wirksam ist der Biodiversit&auml;tsschutz europ&auml;ischer und afrikanischer Nationalparke? Dies scheint stark mit den gesellschaftlichen und wirtschaftlichen Bedingungen zusammenzuh&auml;ngen, in die sie eingebettet sind. Aber selbst unter den g&uuml;nstigsten Bedingungen k&ouml;nnen die Bedrohungen der biologischen Vielfalt in den Nationalparken nicht vollst&auml;ndig beseitigt werden, wenn sie nicht gleichzeitig auch au&szlig;erhalb verbessert werden. Zu diesem Ergebnis kommt eine neue Studie unter Leitung des Deutschen Zentrums f&uuml;r integrative Biodiversit&auml;tsforschung (iDiv), des Max-Planck-Instituts f&uuml;r evolution&auml;re Anthropologie (MPI-EVA) und der Universit&auml;t Bonn in Zusammenarbeit mit dem Helmholtz-Zentrum f&uuml;r Umweltforschung (UFZ), der Universit&auml;t Leipzig, der Friedrich-Schiller-Universit&auml;t Jena und vielen weiteren Institutionen. Die Studie, die in der Fachzeitschrift Nature Sustainability ver&ouml;ffentlicht wurde, unterstreicht die dringende Notwendigkeit besserer Nationalpark-Netzwerke.<\/p>                                                                                          <a href=\"https:\/\/www.idiv.de\/de\/nationalparke-inseln-in-einer-wste\/\" target=\"\" class=\"btncf normal\" type=\"button\" >Mehr <svg tabindex=\"0\" xmlns=\"http:\/\/www.w3.org\/2000\/svg\" width=\"7.621\" height=\"12.243\" aria-hidden=\"true\" viewBox=\"0 0 7.621 12.243\"><path  data-name=\"Icon feather-chevron-right\" d=\"M17.5,17l-4-4,4-4\" transform=\"translate(19.621 19.121) rotate(180)\" fill=\"none\" stroke=\"#447226\" stroke-linecap=\"round\" stroke-linejoin=\"round\" stroke-width=\"3\"\/><\/svg><\/a>                                           \n                                       <\/div>\n                                   <\/div>\n                                    <hr>\n                                <\/div>\n\n                            \n                            <\/div>\n        <\/div>\n    <\/div>\n<\/div>\n","protected":false},"excerpt":{"rendered":"","protected":false},"author":4,"featured_media":0,"parent":11291,"menu_order":5,"comment_status":"closed","ping_status":"closed","template":"","meta":{"_acf_changed":false,"advgb_blocks_editor_width":"","advgb_blocks_columns_visual_guide":"","footnotes":"","_links_to":"","_links_to_target":""},"class_list":["post-17771","page","type-page","status-publish","hentry"],"acf":{"search_thumb":"","search_kurzbeschreibung":"","breadcrumb":true},"yoast_head":"<!-- This site is optimized with the Yoast SEO plugin v27.5 - https:\/\/yoast.com\/product\/yoast-seo-wordpress\/ -->\n<title>News | iDiv<\/title>\n<meta name=\"robots\" content=\"index, follow, max-snippet:-1, max-image-preview:large, max-video-preview:-1\" \/>\n<link rel=\"canonical\" href=\"https:\/\/www.idiv.de\/de\/impact\/science-policy\/news\/\" \/>\n<meta property=\"og:locale\" content=\"de_DE\" \/>\n<meta property=\"og:type\" content=\"article\" \/>\n<meta property=\"og:title\" content=\"News | iDiv\" \/>\n<meta property=\"og:url\" content=\"https:\/\/www.idiv.de\/de\/impact\/science-policy\/news\/\" \/>\n<meta property=\"og:site_name\" content=\"iDiv\" \/>\n<meta property=\"article:modified_time\" content=\"2024-11-21T14:22:48+00:00\" \/>\n<meta property=\"og:image\" content=\"https:\/\/www.idiv.de\/wp-content\/uploads\/2024\/11\/iDivSocialMediaShare.jpg\" \/>\n\t<meta property=\"og:image:width\" content=\"1200\" \/>\n\t<meta property=\"og:image:height\" content=\"675\" \/>\n\t<meta property=\"og:image:type\" content=\"image\/jpeg\" \/>\n<meta name=\"twitter:card\" content=\"summary_large_image\" \/>\n<meta name=\"twitter:site\" content=\"@idiv\" \/>\n<script type=\"application\/ld+json\" class=\"yoast-schema-graph\">{\"@context\":\"https:\\\/\\\/schema.org\",\"@graph\":[{\"@type\":\"WebPage\",\"@id\":\"https:\\\/\\\/www.idiv.de\\\/de\\\/impact\\\/science-policy\\\/news\\\/\",\"url\":\"https:\\\/\\\/www.idiv.de\\\/de\\\/impact\\\/science-policy\\\/news\\\/\",\"name\":\"News | iDiv\",\"isPartOf\":{\"@id\":\"https:\\\/\\\/www.idiv.de\\\/de\\\/#website\"},\"datePublished\":\"2024-05-10T13:25:24+00:00\",\"dateModified\":\"2024-11-21T14:22:48+00:00\",\"breadcrumb\":{\"@id\":\"https:\\\/\\\/www.idiv.de\\\/de\\\/impact\\\/science-policy\\\/news\\\/#breadcrumb\"},\"inLanguage\":\"de\",\"potentialAction\":[{\"@type\":\"ReadAction\",\"target\":[\"https:\\\/\\\/www.idiv.de\\\/de\\\/impact\\\/science-policy\\\/news\\\/\"]}]},{\"@type\":\"BreadcrumbList\",\"@id\":\"https:\\\/\\\/www.idiv.de\\\/de\\\/impact\\\/science-policy\\\/news\\\/#breadcrumb\",\"itemListElement\":[{\"@type\":\"ListItem\",\"position\":1,\"name\":\"Startseite\",\"item\":\"https:\\\/\\\/www.idiv.de\\\/de\\\/\"},{\"@type\":\"ListItem\",\"position\":2,\"name\":\"Wirken\",\"item\":\"https:\\\/\\\/www.idiv.de\\\/de\\\/impact\\\/\"},{\"@type\":\"ListItem\",\"position\":3,\"name\":\"Science-Policy\",\"item\":\"https:\\\/\\\/www.idiv.de\\\/de\\\/impact\\\/science-policy\\\/\"},{\"@type\":\"ListItem\",\"position\":4,\"name\":\"News\"}]},{\"@type\":\"WebSite\",\"@id\":\"https:\\\/\\\/www.idiv.de\\\/de\\\/#website\",\"url\":\"https:\\\/\\\/www.idiv.de\\\/de\\\/\",\"name\":\"iDiv\",\"description\":\"Hotspot in Biodiversity Research\",\"publisher\":{\"@id\":\"https:\\\/\\\/www.idiv.de\\\/de\\\/#organization\"},\"potentialAction\":[{\"@type\":\"SearchAction\",\"target\":{\"@type\":\"EntryPoint\",\"urlTemplate\":\"https:\\\/\\\/www.idiv.de\\\/de\\\/?s={search_term_string}\"},\"query-input\":{\"@type\":\"PropertyValueSpecification\",\"valueRequired\":true,\"valueName\":\"search_term_string\"}}],\"inLanguage\":\"de\"},{\"@type\":\"Organization\",\"@id\":\"https:\\\/\\\/www.idiv.de\\\/de\\\/#organization\",\"name\":\"idiv\",\"url\":\"https:\\\/\\\/www.idiv.de\\\/de\\\/\",\"logo\":{\"@type\":\"ImageObject\",\"inLanguage\":\"de\",\"@id\":\"https:\\\/\\\/www.idiv.de\\\/de\\\/#\\\/schema\\\/logo\\\/image\\\/\",\"url\":\"https:\\\/\\\/www.idiv.de\\\/wp-content\\\/uploads\\\/2024\\\/08\\\/iDiv_Logo_long_v1_EN_black_4c.jpg\",\"contentUrl\":\"https:\\\/\\\/www.idiv.de\\\/wp-content\\\/uploads\\\/2024\\\/08\\\/iDiv_Logo_long_v1_EN_black_4c.jpg\",\"width\":2448,\"height\":674,\"caption\":\"idiv\"},\"image\":{\"@id\":\"https:\\\/\\\/www.idiv.de\\\/de\\\/#\\\/schema\\\/logo\\\/image\\\/\"},\"sameAs\":[\"https:\\\/\\\/x.com\\\/idiv\",\"https:\\\/\\\/www.linkedin.com\\\/company\\\/idiv-biodiversity\\\/\",\"https:\\\/\\\/www.youtube.com\\\/idiv-research\"]}]}<\/script>\n<!-- \/ Yoast SEO plugin. -->","yoast_head_json":{"title":"News | iDiv","robots":{"index":"index","follow":"follow","max-snippet":"max-snippet:-1","max-image-preview":"max-image-preview:large","max-video-preview":"max-video-preview:-1"},"canonical":"https:\/\/www.idiv.de\/de\/impact\/science-policy\/news\/","og_locale":"de_DE","og_type":"article","og_title":"News | iDiv","og_url":"https:\/\/www.idiv.de\/de\/impact\/science-policy\/news\/","og_site_name":"iDiv","article_modified_time":"2024-11-21T14:22:48+00:00","og_image":[{"width":1200,"height":675,"url":"https:\/\/www.idiv.de\/wp-content\/uploads\/2024\/11\/iDivSocialMediaShare.jpg","type":"image\/jpeg"}],"twitter_card":"summary_large_image","twitter_site":"@idiv","schema":{"@context":"https:\/\/schema.org","@graph":[{"@type":"WebPage","@id":"https:\/\/www.idiv.de\/de\/impact\/science-policy\/news\/","url":"https:\/\/www.idiv.de\/de\/impact\/science-policy\/news\/","name":"News | iDiv","isPartOf":{"@id":"https:\/\/www.idiv.de\/de\/#website"},"datePublished":"2024-05-10T13:25:24+00:00","dateModified":"2024-11-21T14:22:48+00:00","breadcrumb":{"@id":"https:\/\/www.idiv.de\/de\/impact\/science-policy\/news\/#breadcrumb"},"inLanguage":"de","potentialAction":[{"@type":"ReadAction","target":["https:\/\/www.idiv.de\/de\/impact\/science-policy\/news\/"]}]},{"@type":"BreadcrumbList","@id":"https:\/\/www.idiv.de\/de\/impact\/science-policy\/news\/#breadcrumb","itemListElement":[{"@type":"ListItem","position":1,"name":"Startseite","item":"https:\/\/www.idiv.de\/de\/"},{"@type":"ListItem","position":2,"name":"Wirken","item":"https:\/\/www.idiv.de\/de\/impact\/"},{"@type":"ListItem","position":3,"name":"Science-Policy","item":"https:\/\/www.idiv.de\/de\/impact\/science-policy\/"},{"@type":"ListItem","position":4,"name":"News"}]},{"@type":"WebSite","@id":"https:\/\/www.idiv.de\/de\/#website","url":"https:\/\/www.idiv.de\/de\/","name":"iDiv","description":"Hotspot in Biodiversity Research","publisher":{"@id":"https:\/\/www.idiv.de\/de\/#organization"},"potentialAction":[{"@type":"SearchAction","target":{"@type":"EntryPoint","urlTemplate":"https:\/\/www.idiv.de\/de\/?s={search_term_string}"},"query-input":{"@type":"PropertyValueSpecification","valueRequired":true,"valueName":"search_term_string"}}],"inLanguage":"de"},{"@type":"Organization","@id":"https:\/\/www.idiv.de\/de\/#organization","name":"idiv","url":"https:\/\/www.idiv.de\/de\/","logo":{"@type":"ImageObject","inLanguage":"de","@id":"https:\/\/www.idiv.de\/de\/#\/schema\/logo\/image\/","url":"https:\/\/www.idiv.de\/wp-content\/uploads\/2024\/08\/iDiv_Logo_long_v1_EN_black_4c.jpg","contentUrl":"https:\/\/www.idiv.de\/wp-content\/uploads\/2024\/08\/iDiv_Logo_long_v1_EN_black_4c.jpg","width":2448,"height":674,"caption":"idiv"},"image":{"@id":"https:\/\/www.idiv.de\/de\/#\/schema\/logo\/image\/"},"sameAs":["https:\/\/x.com\/idiv","https:\/\/www.linkedin.com\/company\/idiv-biodiversity\/","https:\/\/www.youtube.com\/idiv-research"]}]}},"coauthors":[],"author_meta":{"author_link":"https:\/\/www.idiv.de\/de\/author\/volker-hahn\/","display_name":"Volker Hahn"},"relative_dates":{"created":"Ver\u00f6ffentlicht 2\u00a0Jahren vor","modified":"Aktualisiert 1\u00a0Jahr vor"},"absolute_dates":{"created":"Ver\u00f6ffentlicht am 10. Mai 2024","modified":"Aktualisiert am 21. November 2024"},"absolute_dates_time":{"created":"Ver\u00f6ffentlicht am 10. Mai 2024 14:25","modified":"Aktualisiert am 21. November 2024 15:22"},"featured_img_caption":"","featured_img":false,"series_order":"","_links":{"self":[{"href":"https:\/\/www.idiv.de\/de\/wp-json\/wp\/v2\/pages\/17771","targetHints":{"allow":["GET"]}}],"collection":[{"href":"https:\/\/www.idiv.de\/de\/wp-json\/wp\/v2\/pages"}],"about":[{"href":"https:\/\/www.idiv.de\/de\/wp-json\/wp\/v2\/types\/page"}],"author":[{"embeddable":true,"href":"https:\/\/www.idiv.de\/de\/wp-json\/wp\/v2\/users\/4"}],"replies":[{"embeddable":true,"href":"https:\/\/www.idiv.de\/de\/wp-json\/wp\/v2\/comments?post=17771"}],"version-history":[{"count":2,"href":"https:\/\/www.idiv.de\/de\/wp-json\/wp\/v2\/pages\/17771\/revisions"}],"predecessor-version":[{"id":19431,"href":"https:\/\/www.idiv.de\/de\/wp-json\/wp\/v2\/pages\/17771\/revisions\/19431"}],"up":[{"embeddable":true,"href":"https:\/\/www.idiv.de\/de\/wp-json\/wp\/v2\/pages\/11291"}],"wp:attachment":[{"href":"https:\/\/www.idiv.de\/de\/wp-json\/wp\/v2\/media?parent=17771"}],"curies":[{"name":"wp","href":"https:\/\/api.w.org\/{rel}","templated":true}]}}