{"id":11293,"date":"2024-05-27T15:11:32","date_gmt":"2024-05-27T14:11:32","guid":{"rendered":"https:\/\/www.idiv.de\/?page_id=11293"},"modified":"2026-04-08T12:29:35","modified_gmt":"2026-04-08T11:29:35","slug":"idiv-in-den-medien","status":"publish","type":"page","link":"https:\/\/www.idiv.de\/de\/impact\/idiv-in-den-medien\/","title":{"rendered":"iDiv in den Medien"},"content":{"rendered":"<div class=\"headline pb-0 pt-0 no-bg modulclass  block\" id=\"\">\n    <div class=\"container\"><div class=\"row\"><div class=\"col-md-12 relative\"><h1 class=\"h1 align-center mb-64\" >iDiv in den Medien<\/h1><\/div><\/div><\/div><\/div>\n\n<div class=\"textbildrepeater pb-24 pt-0 no-bg modulclass \" id=\"\">\n    <div class=\"container\">\n        <div class=\"row\">\n                                                                <div class=\"pb-0   mod_text  col-md-8 offset-md-2 pos_top\">\n                            <div class=\"textrepeater \" id=\"\">\n    <p style=\"text-align: center;\">\u00dcber unsere Forschung wird regelm\u00e4\u00dfig in lokalen, regionalen und internationalen Medien berichtet. Es erscheinen knapp 2.000 Medienbeitr\u00e4ge jedes Jahr. Hier folgt eine Auswahl aus den letzten Monaten.<\/p>\n<\/div>\n                            <\/div>\n                        <\/div>\n    <\/div>\n<\/div>\n\n<div class=\"callscta pb-48 pt-0 no-bg modulclass  block\" id=\"\">\n    \n        <div class=\"container\">\n        <div class=\"row\">\n            <div class=\"col-md-10 offset-md-1\">\n                                <div class=\"shadowcta\">\n                    <div class=\"row\">\n                        <div class=\"col-md-12 nml npl nmr npr\">\n                            <hr class=\"modulborder nm np\">\n                        <\/div>\n                    <\/div>\n                    <div class=\"row\">\n                        <div class=\"col-md-4 bg-white nml npl\">\n                            <div \n        class=\"relativ bwa-cover-image\"\n        style=\"background-image:url(https:\/\/www.idiv.de\/wp-content\/uploads\/2026\/04\/terbe_rezso-robin-9419575-scaled.jpg);\"\n        data-mobile=\"https:\/\/www.idiv.de\/wp-content\/uploads\/2026\/04\/terbe_rezso-robin-9419575-scaled.jpg\"\n        role=\"img\"\n        aria-label=\"A robin singing from a ledge.\"><a href=\"#\" class=\"cr\" role=\"button\">\n<svg  xmlns=\"http:\/\/www.w3.org\/2000\/svg\" width=\"22\" height=\"22\" viewBox=\"0 0 22 22\">\n    <rect id=\"BG\" width=\"22\" height=\"22\" rx=\"11\" fill=\"#fff\"\/>\n    <g id=\"Wrapper\" transform=\"translate(-1 -1)\">\n        <g id=\"Icon_material-copyright\" data-name=\"Icon material-copyright\">\n            <circle id=\"Ellipse_30\" data-name=\"Ellipse 30\" cx=\"8\" cy=\"8\" r=\"8\" transform=\"translate(4 4)\" fill=\"#fff\"\/>\n            <path id=\"Icon_material-copyright-2\" data-name=\"Icon material-copyright\" d=\"M9.464,10.088a2.045,2.045,0,0,1,.24-.7,1.4,1.4,0,0,1,.472-.5,1.42,1.42,0,0,1,.728-.184,1.45,1.45,0,0,1,.5.1,1.29,1.29,0,0,1,.416.288,1.54,1.54,0,0,1,.272.424,1.4,1.4,0,0,1,.112.512H13.64a2.864,2.864,0,0,0-.224-1.032,2.4,2.4,0,0,0-.56-.808,2.613,2.613,0,0,0-.864-.528,3.09,3.09,0,0,0-1.112-.184,3.127,3.127,0,0,0-1.36.272,2.751,2.751,0,0,0-.96.736,3.007,3.007,0,0,0-.568,1.088A4.685,4.685,0,0,0,7.8,10.9v.216a4.684,4.684,0,0,0,.184,1.312,2.908,2.908,0,0,0,.568,1.08,2.731,2.731,0,0,0,.96.728,3.246,3.246,0,0,0,1.36.272,3.051,3.051,0,0,0,1.056-.184,2.729,2.729,0,0,0,.864-.5,2.442,2.442,0,0,0,.592-.752,2.153,2.153,0,0,0,.24-.92H12.192a1.139,1.139,0,0,1-.12.464,1.177,1.177,0,0,1-.288.368,1.26,1.26,0,0,1-.416.24,1.589,1.589,0,0,1-.48.08,1.359,1.359,0,0,1-.712-.184,1.4,1.4,0,0,1-.472-.5,2.09,2.09,0,0,1-.24-.7,5.392,5.392,0,0,1-.064-.8V10.9a5.33,5.33,0,0,1,.064-.808ZM11,3a8,8,0,1,0,8,8A8,8,0,0,0,11,3Zm0,14.4A6.4,6.4,0,1,1,17.4,11,6.408,6.408,0,0,1,11,17.4Z\" transform=\"translate(1 1)\" fill=\"#4d4d4d\"\/>\n        <\/g>\n    <\/g>\n<\/svg>\n\n        <span>R. Terbe \/ Pixabay<\/span><\/a><\/div>                        <\/div>\n                        <div class=\"col-md-8 centercenter bg-white nmr pb-24\">\n                            <h2 class=\" h2 mb-24 mt-24\" >Tschilp mich gl\u00fccklich<\/h2>                            <div class=\"mb-36\" ><p>Vogelgesang macht froh. Aber Sie m\u00fcssen richtig hinh\u00f6ren! Warum das Gezwitscher guttut, wer besonders meisterhaft singt \u2013 und wer ganz unten auf der Hitliste landet.<\/p>\n<\/div>                            <div>\n                                <a href=\"https:\/\/www.zeit.de\/gesundheit\/2026-03\/vogelgesang-wirkung-psychologie-forschung-zwitschern?freebie=1b26fc51\" target=\"_blank\" aria-label=\"open in new tab\" class=\"btncf primary\" type=\"button\" >Mehr <svg tabindex=\"0\" xmlns=\"http:\/\/www.w3.org\/2000\/svg\" width=\"7.621\" height=\"12.243\" aria-hidden=\"true\" viewBox=\"0 0 7.621 12.243\"><path  data-name=\"Icon feather-chevron-right\" d=\"M17.5,17l-4-4,4-4\" transform=\"translate(19.621 19.121) rotate(180)\" fill=\"none\" stroke=\"#447226\" stroke-linecap=\"round\" stroke-linejoin=\"round\" stroke-width=\"3\"\/><\/svg><\/a>                            <\/div>\n                        <\/div>\n                    <\/div>\n                <\/div>\n\n                            <\/div>\n        <\/div>\n    <\/div>\n<\/div>\n\n\n<div class=\"karussell pb-24 pt-0 no-bg modulclass  block\" id=\"\">\n    \n        <div class=\"container\">\n        <div class=\"row\">\n            <div class=\"col-md-12 \">\n                \n\n                                <div class=\"carouselllist\" id=\"slide_69f4e3a3eec5f\">\n                    <div class=\"swiper-wrapper row\">\n                                                                        <div class=\"col-md-4 mb-30\">\n                                <div class=\"swiper-slide  style_btt\" aria-hidden=\"true\">\n                                \n                        \n                                                <a href=\"https:\/\/news.mongabay.com\/2025\/09\/rights-of-nature-concept-creates-room-for-life-but-its-still-fuzzy-study\/\" target=\"_blank\"\n                           class=\" bg-lightgrey\">\n                                                            <div class=\"topimage\">\n                                    <img class=\"backstretchimg\" role=\"presentation\" datasrc=\"https:\/\/www.idiv.de\/wp-content\/uploads\/2025\/06\/mongabay-logo-1.jpg\" height=\"\" width=\"\" alt=\"\"\/>                                <\/div>\n                                <div class=\"sliderinhalt bg-lightgrey\" role=\"region\" aria-label=\"carousel\">\n                                    <div class=\"\">\n                                        <h4  >Rights of nature concept creates room for life, but it\u2019s still \u2018fuzzy\u2019: Study<\/h4>                                    <\/div>\n                                    <p class=\"nmb btncf arrow\" >Mehr <svg xmlns=\"http:\/\/www.w3.org\/2000\/svg\" width=\"7.621\" height=\"12.243\" aria-hidden=\"true\" viewBox=\"0 0 7.621 12.243\"><path id=\"Icon_feather-chevron-right\" data-name=\"Icon feather-chevron-right\" d=\"M17.5,17l-4-4,4-4\" transform=\"translate(19.621 19.121) rotate(180)\" fill=\"none\" stroke=\"#447226\" stroke-linecap=\"round\" stroke-linejoin=\"round\" stroke-width=\"3\"\/><\/svg><\/p>                                <\/div>\n                                                        <\/a>\n                        \n                \n                                <\/div>\n                    <\/div>\n\n                                                            <div class=\"col-md-4 mb-30\">\n                                <div class=\"swiper-slide  style_btt\" aria-hidden=\"true\">\n                                \n                        \n                                                <a href=\"https:\/\/www.huffingtonpost.es\/tecnologia\/imagenes-satelitales-revelan-centro-gravedad-verde-tierra-desplaza-vez-mas-noreste-china-india-rusia-reverdeciendo-mas-rapido-resto-planeta-f202602.html\" target=\"_blank\"\n                           class=\" bg-lightgrey\">\n                                                            <div class=\"topimage\">\n                                    <img class=\"backstretchimg\" role=\"presentation\" datasrc=\"https:\/\/www.idiv.de\/wp-content\/uploads\/2026\/04\/HuffPost-logo.jpg\" height=\"\" width=\"\" alt=\"\"\/>                                <\/div>\n                                <div class=\"sliderinhalt bg-lightgrey\" role=\"region\" aria-label=\"carousel\">\n                                    <div class=\"\">\n                                        <h4  >Im\u00e1genes satelitales revelan que el centro de gravedad verde de la Tierra se desplaza cada vez m\u00e1s al noreste: China, India y Rusia est\u00e1n reverdeciendo m\u00e1s r\u00e1pido que el resto del planeta<\/h4>                                    <\/div>\n                                    <p class=\"nmb btncf arrow\" >Mehr <svg xmlns=\"http:\/\/www.w3.org\/2000\/svg\" width=\"7.621\" height=\"12.243\" aria-hidden=\"true\" viewBox=\"0 0 7.621 12.243\"><path id=\"Icon_feather-chevron-right\" data-name=\"Icon feather-chevron-right\" d=\"M17.5,17l-4-4,4-4\" transform=\"translate(19.621 19.121) rotate(180)\" fill=\"none\" stroke=\"#447226\" stroke-linecap=\"round\" stroke-linejoin=\"round\" stroke-width=\"3\"\/><\/svg><\/p>                                <\/div>\n                                                        <\/a>\n                        \n                \n                                <\/div>\n                    <\/div>\n\n                                                            <div class=\"col-md-4 mb-30\">\n                                <div class=\"swiper-slide  style_btt\" aria-hidden=\"true\">\n                                \n                        \n                                                <a href=\"https:\/\/www.mdr.de\/video\/mdr-videos\/c\/video-999808.html\" target=\"_blank\"\n                           class=\" bg-lightgrey\">\n                                                            <div class=\"topimage\">\n                                    <img class=\"backstretchimg\" role=\"presentation\" datasrc=\"https:\/\/www.idiv.de\/wp-content\/uploads\/2024\/06\/mdr-logo.jpg\" height=\"\" width=\"\" alt=\"\"\/>                                <\/div>\n                                <div class=\"sliderinhalt bg-lightgrey\" role=\"region\" aria-label=\"carousel\">\n                                    <div class=\"\">\n                                        <h4  >Transparent, aber t\u00f6dlich f\u00fcr V\u00f6gel: Schattenseiten moderner Glasarchitektur<\/h4>                                    <\/div>\n                                    <p class=\"nmb btncf arrow\" >Mehr <svg xmlns=\"http:\/\/www.w3.org\/2000\/svg\" width=\"7.621\" height=\"12.243\" aria-hidden=\"true\" viewBox=\"0 0 7.621 12.243\"><path id=\"Icon_feather-chevron-right\" data-name=\"Icon feather-chevron-right\" d=\"M17.5,17l-4-4,4-4\" transform=\"translate(19.621 19.121) rotate(180)\" fill=\"none\" stroke=\"#447226\" stroke-linecap=\"round\" stroke-linejoin=\"round\" stroke-width=\"3\"\/><\/svg><\/p>                                <\/div>\n                                                        <\/a>\n                        \n                \n                                <\/div>\n                    <\/div>\n\n                    <\/div>\n    <\/div>\n    \n\n    <\/div>\n    <\/div>\n    <\/div>\n<\/div>\n\n\n<div class=\"karussell pb-24 pt-0 no-bg modulclass  block\" id=\"\">\n    \n        <div class=\"container\">\n        <div class=\"row\">\n            <div class=\"col-md-12 \">\n                \n\n                                <div class=\"carouselllist\" id=\"slide_69f4e3a3f05b7\">\n                    <div class=\"swiper-wrapper row\">\n                                                                        <div class=\"col-md-4 mb-30\">\n                                <div class=\"swiper-slide  style_btt\" aria-hidden=\"true\">\n                                \n                        \n                                                <a href=\"https:\/\/www.theguardian.com\/environment\/2025\/jun\/19\/raccoons-german-city-kassel-wild-population-europe-aoe\" target=\"_blank\"\n                           class=\" bg-lightgrey\">\n                                                            <div class=\"topimage\">\n                                    <img class=\"backstretchimg\" role=\"presentation\" datasrc=\"https:\/\/www.idiv.de\/wp-content\/uploads\/2024\/06\/the-guardian-logo.jpg\" height=\"\" width=\"\" alt=\"\"\/>                                <\/div>\n                                <div class=\"sliderinhalt bg-lightgrey\" role=\"region\" aria-label=\"carousel\">\n                                    <div class=\"\">\n                                        <h4  >Rampaging raccoons: how the American mammals took over a German city \u2013 and are heading across Europe<\/h4>                                    <\/div>\n                                    <p class=\"nmb btncf arrow\" >Mehr <svg xmlns=\"http:\/\/www.w3.org\/2000\/svg\" width=\"7.621\" height=\"12.243\" aria-hidden=\"true\" viewBox=\"0 0 7.621 12.243\"><path id=\"Icon_feather-chevron-right\" data-name=\"Icon feather-chevron-right\" d=\"M17.5,17l-4-4,4-4\" transform=\"translate(19.621 19.121) rotate(180)\" fill=\"none\" stroke=\"#447226\" stroke-linecap=\"round\" stroke-linejoin=\"round\" stroke-width=\"3\"\/><\/svg><\/p>                                <\/div>\n                                                        <\/a>\n                        \n                \n                                <\/div>\n                    <\/div>\n\n                                                            <div class=\"col-md-4 mb-30\">\n                                <div class=\"swiper-slide  style_btt\" aria-hidden=\"true\">\n                                \n                        \n                                                <a href=\"https:\/\/www.deutschlandfunknova.de\/nachrichten\/schmetterlinge-facebook-fotos-helfen-forschung\" target=\"_blank\"\n                           class=\" bg-lightgrey\">\n                                                            <div class=\"topimage\">\n                                    <img class=\"backstretchimg\" role=\"presentation\" datasrc=\"https:\/\/www.idiv.de\/wp-content\/uploads\/2026\/04\/deutschland-nova-logo.jpg\" height=\"\" width=\"\" alt=\"\"\/>                                <\/div>\n                                <div class=\"sliderinhalt bg-lightgrey\" role=\"region\" aria-label=\"carousel\">\n                                    <div class=\"\">\n                                        <h4  >Facebook-Fotos helfen Forschung<\/h4>                                    <\/div>\n                                    <p class=\"nmb btncf arrow\" >Mehr <svg xmlns=\"http:\/\/www.w3.org\/2000\/svg\" width=\"7.621\" height=\"12.243\" aria-hidden=\"true\" viewBox=\"0 0 7.621 12.243\"><path id=\"Icon_feather-chevron-right\" data-name=\"Icon feather-chevron-right\" d=\"M17.5,17l-4-4,4-4\" transform=\"translate(19.621 19.121) rotate(180)\" fill=\"none\" stroke=\"#447226\" stroke-linecap=\"round\" stroke-linejoin=\"round\" stroke-width=\"3\"\/><\/svg><\/p>                                <\/div>\n                                                        <\/a>\n                        \n                \n                                <\/div>\n                    <\/div>\n\n                                                            <div class=\"col-md-4 mb-30\">\n                                <div class=\"swiper-slide  style_btt\" aria-hidden=\"true\">\n                                \n                        \n                                                <a href=\"https:\/\/www.anthropocenemagazine.org\/2025\/07\/the-human-brain-is-wired-to-spot-biodiversity-no-expertise-required\/\" target=\"_blank\"\n                           class=\" bg-lightgrey\">\n                                                            <div class=\"topimage\">\n                                    <img class=\"backstretchimg\" role=\"presentation\" datasrc=\"https:\/\/www.idiv.de\/wp-content\/uploads\/2025\/10\/anthropocene-magazine-logo.jpg\" height=\"\" width=\"\" alt=\"\"\/>                                <\/div>\n                                <div class=\"sliderinhalt bg-lightgrey\" role=\"region\" aria-label=\"carousel\">\n                                    <div class=\"\">\n                                        <h4  >The human brain is wired to spot biodiversity. No expertise required<\/h4>                                    <\/div>\n                                    <p class=\"nmb btncf arrow\" >Mehr <svg xmlns=\"http:\/\/www.w3.org\/2000\/svg\" width=\"7.621\" height=\"12.243\" aria-hidden=\"true\" viewBox=\"0 0 7.621 12.243\"><path id=\"Icon_feather-chevron-right\" data-name=\"Icon feather-chevron-right\" d=\"M17.5,17l-4-4,4-4\" transform=\"translate(19.621 19.121) rotate(180)\" fill=\"none\" stroke=\"#447226\" stroke-linecap=\"round\" stroke-linejoin=\"round\" stroke-width=\"3\"\/><\/svg><\/p>                                <\/div>\n                                                        <\/a>\n                        \n                \n                                <\/div>\n                    <\/div>\n\n                    <\/div>\n    <\/div>\n    \n\n    <\/div>\n    <\/div>\n    <\/div>\n<\/div>\n\n\n<div class=\"karussell pb-24 pt-0 no-bg modulclass  block\" id=\"\">\n    \n        <div class=\"container\">\n        <div class=\"row\">\n            <div class=\"col-md-12 \">\n                \n\n                                <div class=\"carouselllist\" id=\"slide_69f4e3a3f1b42\">\n                    <div class=\"swiper-wrapper row\">\n                                                                        <div class=\"col-md-4 mb-30\">\n                                <div class=\"swiper-slide  style_btt\" aria-hidden=\"true\">\n                                \n                        \n                                                <a href=\"https:\/\/www.tagesspiegel.de\/wissen\/verlust-biologischer-vielfalt-bedroht-die-wirtschaft-biodiversitatsrat-fordert-grundlegenden-wandel-15232413.html\" target=\"_blank\"\n                           class=\" bg-lightgrey\">\n                                                            <div class=\"topimage\">\n                                    <img class=\"backstretchimg\" role=\"presentation\" datasrc=\"https:\/\/www.idiv.de\/wp-content\/uploads\/2024\/06\/tagesspiegel-logo.jpg\" height=\"\" width=\"\" alt=\"\"\/>                                <\/div>\n                                <div class=\"sliderinhalt bg-lightgrey\" role=\"region\" aria-label=\"carousel\">\n                                    <div class=\"\">\n                                        <h4  >\u201eVerlust biologischer Vielfalt bedroht die Wirtschaft\u201c: Biodiversit\u00e4tsrat fordert grundlegenden Wandel<\/h4>                                    <\/div>\n                                    <p class=\"nmb btncf arrow\" >Mehr <svg xmlns=\"http:\/\/www.w3.org\/2000\/svg\" width=\"7.621\" height=\"12.243\" aria-hidden=\"true\" viewBox=\"0 0 7.621 12.243\"><path id=\"Icon_feather-chevron-right\" data-name=\"Icon feather-chevron-right\" d=\"M17.5,17l-4-4,4-4\" transform=\"translate(19.621 19.121) rotate(180)\" fill=\"none\" stroke=\"#447226\" stroke-linecap=\"round\" stroke-linejoin=\"round\" stroke-width=\"3\"\/><\/svg><\/p>                                <\/div>\n                                                        <\/a>\n                        \n                \n                                <\/div>\n                    <\/div>\n\n                                                            <div class=\"col-md-4 mb-30\">\n                                <div class=\"swiper-slide  style_btt\" aria-hidden=\"true\">\n                                \n                        \n                                                <a href=\"https:\/\/atlantico.fr\/article\/decryptage\/cet-internet-de-la-nature-que-les-scientifiques-commencent-tout-juste-a-comprendre-especes-animaux-science-decouverte-Ulrich-Brose\" target=\"_blank\"\n                           class=\" bg-lightgrey\">\n                                                            <div class=\"topimage\">\n                                    <img class=\"backstretchimg\" role=\"presentation\" datasrc=\"https:\/\/www.idiv.de\/wp-content\/uploads\/2025\/06\/atlantico-logo-1.jpg\" height=\"\" width=\"\" alt=\"\"\/>                                <\/div>\n                                <div class=\"sliderinhalt bg-lightgrey\" role=\"region\" aria-label=\"carousel\">\n                                    <div class=\"\">\n                                        <h4  >Cet \u00ab internet de la nature \u00bb que les scientifiques commencent tout juste \u00e0 comprendre<\/h4>                                    <\/div>\n                                    <p class=\"nmb btncf arrow\" >Mehr <svg xmlns=\"http:\/\/www.w3.org\/2000\/svg\" width=\"7.621\" height=\"12.243\" aria-hidden=\"true\" viewBox=\"0 0 7.621 12.243\"><path id=\"Icon_feather-chevron-right\" data-name=\"Icon feather-chevron-right\" d=\"M17.5,17l-4-4,4-4\" transform=\"translate(19.621 19.121) rotate(180)\" fill=\"none\" stroke=\"#447226\" stroke-linecap=\"round\" stroke-linejoin=\"round\" stroke-width=\"3\"\/><\/svg><\/p>                                <\/div>\n                                                        <\/a>\n                        \n                \n                                <\/div>\n                    <\/div>\n\n                                                            <div class=\"col-md-4 mb-30\">\n                                <div class=\"swiper-slide  style_btt\" aria-hidden=\"true\">\n                                \n                        \n                                                <a href=\"https:\/\/www.huffingtonpost.es\/tecnologia\/imagenes-satelitales-revelan-centro-gravedad-verde-tierra-desplaza-vez-mas-noreste-china-india-rusia-reverdeciendo-mas-rapido-resto-planeta-f202602.html\" target=\"_blank\"\n                           class=\" bg-lightgrey\">\n                                                            <div class=\"topimage\">\n                                    <img class=\"backstretchimg\" role=\"presentation\" datasrc=\"https:\/\/www.idiv.de\/wp-content\/uploads\/2026\/04\/HuffPost-logo.jpg\" height=\"\" width=\"\" alt=\"\"\/>                                <\/div>\n                                <div class=\"sliderinhalt bg-lightgrey\" role=\"region\" aria-label=\"carousel\">\n                                    <div class=\"\">\n                                        <h4  >Im\u00e1genes satelitales revelan que el centro de gravedad verde de la Tierra se desplaza cada vez m\u00e1s al noreste: China, India y Rusia est\u00e1n reverdeciendo m\u00e1s r\u00e1pido que el resto del planeta<\/h4>                                    <\/div>\n                                    <p class=\"nmb btncf arrow\" >Mehr <svg xmlns=\"http:\/\/www.w3.org\/2000\/svg\" width=\"7.621\" height=\"12.243\" aria-hidden=\"true\" viewBox=\"0 0 7.621 12.243\"><path id=\"Icon_feather-chevron-right\" data-name=\"Icon feather-chevron-right\" d=\"M17.5,17l-4-4,4-4\" transform=\"translate(19.621 19.121) rotate(180)\" fill=\"none\" stroke=\"#447226\" stroke-linecap=\"round\" stroke-linejoin=\"round\" stroke-width=\"3\"\/><\/svg><\/p>                                <\/div>\n                                                        <\/a>\n                        \n                \n                                <\/div>\n                    <\/div>\n\n                    <\/div>\n    <\/div>\n    \n\n    <\/div>\n    <\/div>\n    <\/div>\n<\/div>\n\n\n<div class=\"linie pb-24 pt-0   block\" id=\"\">\n    <div class=\"container\">\n        <div class=\"row\">\n            <div class=\"col-md-12\">\n               <hr class=\"bg-\" \/>\n            <\/div>\n        <\/div>\n    <\/div>\n<\/div>\n\n<div class=\"headline pb-0 pt-0 no-bg modulclass  block\" id=\"\">\n    <div class=\"container\"><div class=\"row\"><div class=\"col-md-12 relative\"><h2 class=\"h2 align-center mb-64\" >Mehr Informationen f\u00fcr Journalisten<\/h2><\/div><\/div><\/div><\/div>\n\n<div class=\"karussell pb-24 pt-0 no-bg modulclass  block\" id=\"\">\n    \n        <div class=\"container\">\n        <div class=\"row\">\n            <div class=\"col-md-12 \">\n                \n\n                    <div class=\"swiper2  nooverflow swiper\" id=\"slide_69f4e3a3f340c\">\n        <div class=\"swiper-wrapper\">\n                        <div class=\"swiper-slide  style_bt\" aria-hidden=\"true\">\n                                <img class=\"backstretchimg\" role=\"presentation\" datasrc=\"https:\/\/www.idiv.de\/wp-content\/uploads\/2024\/07\/AdobeStock_227777794_camera-e1728397883473.jpg\" height=\"\" width=\"\" alt=\"Squirrel and bird on the camera\"\/>                                <a href=\"https:\/\/www.idiv.de\/de\/news\/media-service\/\" target=\"\">\n                    \n                                                <div class=\"sliderinhalt imageexist\" role=\"region\" aria-label=\"carousel\">\n                            \n                                <h3 class=\"nmb\" >Mediendienst<\/h3><svg xmlns=\"http:\/\/www.w3.org\/2000\/svg\" width=\"32\" height=\"32\" viewBox=\"0 0 32 32\"><circle id=\"Ellipse_15\" data-name=\"Ellipse 15\" cx=\"16\" cy=\"16\" r=\"16\" fill=\"#fff\"\/><path id=\"Icon_feather-chevron-right\" data-name=\"Icon feather-chevron-right\" d=\"M13.5,19.667l5.333-5.333L13.5,9\" transform=\"translate(0.5 1.667)\" fill=\"none\" stroke=\"#4d4d4d\" stroke-linecap=\"round\" stroke-linejoin=\"round\" stroke-width=\"3\"\/><\/svg>                            <\/div>\n                                            <\/a>\n                            \n<\/div>\n\n            <div class=\"swiper-slide  style_bt\" aria-hidden=\"true\">\n                                <img class=\"backstretchimg\" role=\"presentation\" datasrc=\"https:\/\/www.idiv.de\/wp-content\/uploads\/2024\/07\/Understanding_Biodiversity_325096287_2MB-e1727781554639.jpeg\" height=\"\" width=\"\" alt=\"\"\/>                                <a href=\"https:\/\/www.idiv.de\/de\/forschung\/\" target=\"\">\n                    \n                                                <div class=\"sliderinhalt imageexist\" role=\"region\" aria-label=\"carousel\">\n                            \n                                <h3 class=\"nmb\" >Biodiversit\u00e4t verstehen<\/h3><svg xmlns=\"http:\/\/www.w3.org\/2000\/svg\" width=\"32\" height=\"32\" viewBox=\"0 0 32 32\"><circle id=\"Ellipse_15\" data-name=\"Ellipse 15\" cx=\"16\" cy=\"16\" r=\"16\" fill=\"#fff\"\/><path id=\"Icon_feather-chevron-right\" data-name=\"Icon feather-chevron-right\" d=\"M13.5,19.667l5.333-5.333L13.5,9\" transform=\"translate(0.5 1.667)\" fill=\"none\" stroke=\"#4d4d4d\" stroke-linecap=\"round\" stroke-linejoin=\"round\" stroke-width=\"3\"\/><\/svg>                            <\/div>\n                                            <\/a>\n                            \n<\/div>\n\n    <\/div>\n\n\n    <div class=\"swiperbtncf\">\n        <div class=\"swiper-button-prev\">\n            <img loading=\"lazy\" decoding=\"async\" src=\"\/wp-content\/themes\/bwa_starter\/block\/img\/sliderarrowleft.svg\" height=\"60\" width=\"60\"\/>\n        <\/div>\n        <div class=\"swiper-button-next\">\n            <img loading=\"lazy\" decoding=\"async\" src=\"\/wp-content\/themes\/bwa_starter\/block\/img\/sliderarrowright.svg\" height=\"60\" width=\"60\"\/>\n\n        <\/div>\n    <\/div>\n\n    <div class=\"swiper-pagination\"><\/div>\n\n    <\/div>\n\n\n    <\/div>\n    <\/div>\n    <\/div>\n<\/div>\n\n\n\n\n\n<p><\/p>\n","protected":false},"excerpt":{"rendered":"","protected":false},"author":3,"featured_media":0,"parent":3880,"menu_order":4,"comment_status":"closed","ping_status":"closed","template":"","meta":{"_acf_changed":false,"advgb_blocks_editor_width":"","advgb_blocks_columns_visual_guide":"","footnotes":"","_links_to":"","_links_to_target":""},"class_list":["post-11293","page","type-page","status-publish","hentry"],"acf":{"search_thumb":"","search_kurzbeschreibung":"","breadcrumb":false},"yoast_head":"<!-- This site is optimized with the Yoast SEO plugin v27.5 - https:\/\/yoast.com\/product\/yoast-seo-wordpress\/ -->\n<title>iDiv in den Medien | iDiv<\/title>\n<meta name=\"robots\" content=\"index, follow, max-snippet:-1, max-image-preview:large, max-video-preview:-1\" \/>\n<link rel=\"canonical\" href=\"https:\/\/www.idiv.de\/de\/impact\/idiv-in-den-medien\/\" \/>\n<meta property=\"og:locale\" content=\"de_DE\" \/>\n<meta property=\"og:type\" content=\"article\" \/>\n<meta property=\"og:title\" content=\"iDiv in den Medien | iDiv\" \/>\n<meta property=\"og:url\" content=\"https:\/\/www.idiv.de\/de\/impact\/idiv-in-den-medien\/\" \/>\n<meta property=\"og:site_name\" content=\"iDiv\" \/>\n<meta property=\"article:modified_time\" content=\"2026-04-08T11:29:35+00:00\" \/>\n<meta property=\"og:image\" content=\"https:\/\/www.idiv.de\/wp-content\/uploads\/2024\/11\/iDivSocialMediaShare.jpg\" \/>\n\t<meta property=\"og:image:width\" content=\"1200\" \/>\n\t<meta property=\"og:image:height\" content=\"675\" \/>\n\t<meta property=\"og:image:type\" content=\"image\/jpeg\" \/>\n<meta name=\"twitter:card\" content=\"summary_large_image\" \/>\n<meta name=\"twitter:site\" content=\"@idiv\" \/>\n<script type=\"application\/ld+json\" class=\"yoast-schema-graph\">{\"@context\":\"https:\\\/\\\/schema.org\",\"@graph\":[{\"@type\":\"WebPage\",\"@id\":\"https:\\\/\\\/www.idiv.de\\\/de\\\/impact\\\/idiv-in-den-medien\\\/\",\"url\":\"https:\\\/\\\/www.idiv.de\\\/de\\\/impact\\\/idiv-in-den-medien\\\/\",\"name\":\"iDiv in den Medien | iDiv\",\"isPartOf\":{\"@id\":\"https:\\\/\\\/www.idiv.de\\\/de\\\/#website\"},\"datePublished\":\"2024-05-27T14:11:32+00:00\",\"dateModified\":\"2026-04-08T11:29:35+00:00\",\"breadcrumb\":{\"@id\":\"https:\\\/\\\/www.idiv.de\\\/de\\\/impact\\\/idiv-in-den-medien\\\/#breadcrumb\"},\"inLanguage\":\"de\",\"potentialAction\":[{\"@type\":\"ReadAction\",\"target\":[\"https:\\\/\\\/www.idiv.de\\\/de\\\/impact\\\/idiv-in-den-medien\\\/\"]}]},{\"@type\":\"BreadcrumbList\",\"@id\":\"https:\\\/\\\/www.idiv.de\\\/de\\\/impact\\\/idiv-in-den-medien\\\/#breadcrumb\",\"itemListElement\":[{\"@type\":\"ListItem\",\"position\":1,\"name\":\"Startseite\",\"item\":\"https:\\\/\\\/www.idiv.de\\\/de\\\/\"},{\"@type\":\"ListItem\",\"position\":2,\"name\":\"Wirken\",\"item\":\"https:\\\/\\\/www.idiv.de\\\/de\\\/impact\\\/\"},{\"@type\":\"ListItem\",\"position\":3,\"name\":\"iDiv in den Medien\"}]},{\"@type\":\"WebSite\",\"@id\":\"https:\\\/\\\/www.idiv.de\\\/de\\\/#website\",\"url\":\"https:\\\/\\\/www.idiv.de\\\/de\\\/\",\"name\":\"iDiv\",\"description\":\"Hotspot in Biodiversity Research\",\"publisher\":{\"@id\":\"https:\\\/\\\/www.idiv.de\\\/de\\\/#organization\"},\"potentialAction\":[{\"@type\":\"SearchAction\",\"target\":{\"@type\":\"EntryPoint\",\"urlTemplate\":\"https:\\\/\\\/www.idiv.de\\\/de\\\/?s={search_term_string}\"},\"query-input\":{\"@type\":\"PropertyValueSpecification\",\"valueRequired\":true,\"valueName\":\"search_term_string\"}}],\"inLanguage\":\"de\"},{\"@type\":\"Organization\",\"@id\":\"https:\\\/\\\/www.idiv.de\\\/de\\\/#organization\",\"name\":\"idiv\",\"url\":\"https:\\\/\\\/www.idiv.de\\\/de\\\/\",\"logo\":{\"@type\":\"ImageObject\",\"inLanguage\":\"de\",\"@id\":\"https:\\\/\\\/www.idiv.de\\\/de\\\/#\\\/schema\\\/logo\\\/image\\\/\",\"url\":\"https:\\\/\\\/www.idiv.de\\\/wp-content\\\/uploads\\\/2024\\\/08\\\/iDiv_Logo_long_v1_EN_black_4c.jpg\",\"contentUrl\":\"https:\\\/\\\/www.idiv.de\\\/wp-content\\\/uploads\\\/2024\\\/08\\\/iDiv_Logo_long_v1_EN_black_4c.jpg\",\"width\":2448,\"height\":674,\"caption\":\"idiv\"},\"image\":{\"@id\":\"https:\\\/\\\/www.idiv.de\\\/de\\\/#\\\/schema\\\/logo\\\/image\\\/\"},\"sameAs\":[\"https:\\\/\\\/x.com\\\/idiv\",\"https:\\\/\\\/www.linkedin.com\\\/company\\\/idiv-biodiversity\\\/\",\"https:\\\/\\\/www.youtube.com\\\/idiv-research\"]}]}<\/script>\n<!-- \/ Yoast SEO plugin. -->","yoast_head_json":{"title":"iDiv in den Medien | iDiv","robots":{"index":"index","follow":"follow","max-snippet":"max-snippet:-1","max-image-preview":"max-image-preview:large","max-video-preview":"max-video-preview:-1"},"canonical":"https:\/\/www.idiv.de\/de\/impact\/idiv-in-den-medien\/","og_locale":"de_DE","og_type":"article","og_title":"iDiv in den Medien | iDiv","og_url":"https:\/\/www.idiv.de\/de\/impact\/idiv-in-den-medien\/","og_site_name":"iDiv","article_modified_time":"2026-04-08T11:29:35+00:00","og_image":[{"width":1200,"height":675,"url":"https:\/\/www.idiv.de\/wp-content\/uploads\/2024\/11\/iDivSocialMediaShare.jpg","type":"image\/jpeg"}],"twitter_card":"summary_large_image","twitter_site":"@idiv","schema":{"@context":"https:\/\/schema.org","@graph":[{"@type":"WebPage","@id":"https:\/\/www.idiv.de\/de\/impact\/idiv-in-den-medien\/","url":"https:\/\/www.idiv.de\/de\/impact\/idiv-in-den-medien\/","name":"iDiv in den Medien | iDiv","isPartOf":{"@id":"https:\/\/www.idiv.de\/de\/#website"},"datePublished":"2024-05-27T14:11:32+00:00","dateModified":"2026-04-08T11:29:35+00:00","breadcrumb":{"@id":"https:\/\/www.idiv.de\/de\/impact\/idiv-in-den-medien\/#breadcrumb"},"inLanguage":"de","potentialAction":[{"@type":"ReadAction","target":["https:\/\/www.idiv.de\/de\/impact\/idiv-in-den-medien\/"]}]},{"@type":"BreadcrumbList","@id":"https:\/\/www.idiv.de\/de\/impact\/idiv-in-den-medien\/#breadcrumb","itemListElement":[{"@type":"ListItem","position":1,"name":"Startseite","item":"https:\/\/www.idiv.de\/de\/"},{"@type":"ListItem","position":2,"name":"Wirken","item":"https:\/\/www.idiv.de\/de\/impact\/"},{"@type":"ListItem","position":3,"name":"iDiv in den Medien"}]},{"@type":"WebSite","@id":"https:\/\/www.idiv.de\/de\/#website","url":"https:\/\/www.idiv.de\/de\/","name":"iDiv","description":"Hotspot in Biodiversity Research","publisher":{"@id":"https:\/\/www.idiv.de\/de\/#organization"},"potentialAction":[{"@type":"SearchAction","target":{"@type":"EntryPoint","urlTemplate":"https:\/\/www.idiv.de\/de\/?s={search_term_string}"},"query-input":{"@type":"PropertyValueSpecification","valueRequired":true,"valueName":"search_term_string"}}],"inLanguage":"de"},{"@type":"Organization","@id":"https:\/\/www.idiv.de\/de\/#organization","name":"idiv","url":"https:\/\/www.idiv.de\/de\/","logo":{"@type":"ImageObject","inLanguage":"de","@id":"https:\/\/www.idiv.de\/de\/#\/schema\/logo\/image\/","url":"https:\/\/www.idiv.de\/wp-content\/uploads\/2024\/08\/iDiv_Logo_long_v1_EN_black_4c.jpg","contentUrl":"https:\/\/www.idiv.de\/wp-content\/uploads\/2024\/08\/iDiv_Logo_long_v1_EN_black_4c.jpg","width":2448,"height":674,"caption":"idiv"},"image":{"@id":"https:\/\/www.idiv.de\/de\/#\/schema\/logo\/image\/"},"sameAs":["https:\/\/x.com\/idiv","https:\/\/www.linkedin.com\/company\/idiv-biodiversity\/","https:\/\/www.youtube.com\/idiv-research"]}]}},"coauthors":[],"author_meta":{"author_link":"https:\/\/www.idiv.de\/de\/author\/stefan\/","display_name":"Stefan Bernhardt"},"relative_dates":{"created":"Ver\u00f6ffentlicht 2\u00a0Jahren vor","modified":"Aktualisiert 3\u00a0Wochen vor"},"absolute_dates":{"created":"Ver\u00f6ffentlicht am 27. Mai 2024","modified":"Aktualisiert am 8. April 2026"},"absolute_dates_time":{"created":"Ver\u00f6ffentlicht am 27. Mai 2024 15:11","modified":"Aktualisiert am 8. April 2026 12:29"},"featured_img_caption":"","featured_img":false,"series_order":"","_links":{"self":[{"href":"https:\/\/www.idiv.de\/de\/wp-json\/wp\/v2\/pages\/11293","targetHints":{"allow":["GET"]}}],"collection":[{"href":"https:\/\/www.idiv.de\/de\/wp-json\/wp\/v2\/pages"}],"about":[{"href":"https:\/\/www.idiv.de\/de\/wp-json\/wp\/v2\/types\/page"}],"author":[{"embeddable":true,"href":"https:\/\/www.idiv.de\/de\/wp-json\/wp\/v2\/users\/3"}],"replies":[{"embeddable":true,"href":"https:\/\/www.idiv.de\/de\/wp-json\/wp\/v2\/comments?post=11293"}],"version-history":[{"count":45,"href":"https:\/\/www.idiv.de\/de\/wp-json\/wp\/v2\/pages\/11293\/revisions"}],"predecessor-version":[{"id":41430,"href":"https:\/\/www.idiv.de\/de\/wp-json\/wp\/v2\/pages\/11293\/revisions\/41430"}],"up":[{"embeddable":true,"href":"https:\/\/www.idiv.de\/de\/wp-json\/wp\/v2\/pages\/3880"}],"wp:attachment":[{"href":"https:\/\/www.idiv.de\/de\/wp-json\/wp\/v2\/media?parent=11293"}],"curies":[{"name":"wp","href":"https:\/\/api.w.org\/{rel}","templated":true}]}}