{"id":38844,"date":"2026-01-21T15:30:42","date_gmt":"2026-01-21T14:30:42","guid":{"rendered":"https:\/\/www.idiv.de\/group\/abteilungen\/executive-office\/"},"modified":"2026-01-21T15:35:00","modified_gmt":"2026-01-21T14:35:00","slug":"vereinsgeschaeftsstelle","status":"publish","type":"groups","link":"https:\/\/www.idiv.de\/de\/group\/abteilungen\/vereinsgeschaeftsstelle\/","title":{"rendered":"Vereinsgesch\u00e4ftsstelle"},"content":{"rendered":"<div class=\"textbildrepeater pb-24 pt-0 no-bg modulclass \" id=\"\">\n    <div class=\"container\">\n        <div class=\"row\">\n                                                                <div class=\"pb-24   mod_textheadlinebtn  col-md-12 offset-md-0 pos_top\">\n                            <div class=\"textrepeater \" id=\"\">\n\n\n    <h1 class=\"h1 tcenter\" >Vereinsgesch\u00e4ftsstelle<\/h1>\n    <div class=\"contentrepeater\">\n            <\/div>\n\n\n    <\/div>\n                            <\/div>\n                        <\/div>\n    <\/div>\n<\/div>\n\n<div class='pt-48 pb-24 no-bg'><div class='container'><div class='row justify-content-center pb-3 profile-short gx-4 gy-4'>\n                <div class='col-12 col-sm-6 col-md-6 col-lg-4 pb-3'>\n                    <div class='row align-items-center'>\n                        <div class='col-4 col-sm-6'>\n                            <img loading=\"lazy\" decoding=\"async\" width=\"472\" height=\"472\" src=\"https:\/\/www.idiv.de\/wp-content\/uploads\/2024\/11\/Anne-Wesemann-Portrait.png\" class=\"img-fluid rounded-circle w-100 wp-post-image\" alt=\"\" srcset=\"https:\/\/www.idiv.de\/wp-content\/uploads\/2024\/11\/Anne-Wesemann-Portrait.png 472w, https:\/\/www.idiv.de\/wp-content\/uploads\/2024\/11\/Anne-Wesemann-Portrait-300x300.png 300w, https:\/\/www.idiv.de\/wp-content\/uploads\/2024\/11\/Anne-Wesemann-Portrait-150x150.png 150w\" sizes=\"auto, (max-width: 472px) 100vw, 472px\" \/>\n                        <\/div>\n                        <div class='col-8 col-sm-6'>\n                            <p class='mb-2'>\n                                <strong>Dr. Anne Wesemann<\/strong>\n                            <\/p>\n                            <p class='mb-1'>\n                                Kaufm\u00e4nnische Gesch\u00e4ftsf\u00fchrerin<br>\n                                Telefon: <a href='tel:+49 341 9733101' class='text-decoration-none'>+49 341 9733101<\/a><br>\n                                E-Mail: <a href='mai&#108;&#116;&#111;&#58;&#x63;&#x6f;&#x6f;&#x40;&#x69;&#x64;&#x69;v&#46;d&#101;' class='text-decoration-none'>&#x63;o&#x6f;&#64;&#x69;&#100;i&#x76;&#46;&#x64;&#101;<\/a><br>\n                            <\/p>\n                            <span class='profile-short-link'>\n                                <a href='https:\/\/www.idiv.de\/de\/staff\/dr-anne-wesemann\/' class='ps-0 pe-1 btncf arrow'>\n                                    Zum Profil\n                                    <svg xmlns='http:\/\/www.w3.org\/2000\/svg' width='5.621' height='12.243' viewBox='0 0 7.621 12.243'>\n                                        <path id='Icon_feather-chevron-right' d='M17.5,17l-4-4,4-4' transform='translate(19.621 19.121) rotate(180)' fill='none' stroke='#447226' stroke-linecap='round' stroke-linejoin='round' stroke-width='3'><\/path>\n                                    <\/svg>\n                                <\/a>\n                            <\/span>\n                        <\/div>\n                    <\/div>\n                <\/div>\n                <div class='col-12 col-sm-6 col-md-6 col-lg-4 pb-3'>\n                    <div class='row align-items-center'>\n                        <div class='col-4 col-sm-6'>\n                            <img loading=\"lazy\" decoding=\"async\" width=\"472\" height=\"472\" src=\"https:\/\/www.idiv.de\/wp-content\/uploads\/2024\/08\/Anna-Burnett-Portrait.png\" class=\"img-fluid rounded-circle w-100 wp-post-image\" alt=\"\" \/>\n                        <\/div>\n                        <div class='col-8 col-sm-6'>\n                            <p class='mb-2'>\n                                <strong> Anna Burnett<\/strong>\n                            <\/p>\n                            <p class='mb-1'>\n                                Verwaltungsleiterin<br>\n                                Telefon: <a href='tel:+49 341 9733235' class='text-decoration-none'>+49 341 9733235<\/a><br>\n                                E-Mail: <a href='&#109;&#x61;&#x69;&#108;&#x74;&#x6f;&#58;&#x61;&#x6e;&#110;&#x61;&#x2e;&#98;&#x75;&#x72;&#110;&#x65;&#x74;&#116;&#x40;&#x69;&#100;&#x69;&#x76;&#46;&#x64;&#x65;' class='text-decoration-none'>&#x61;&#110;n&#x61;&#46;b&#x75;&#114;n&#x65;&#x74;&#116;&#x40;&#x69;&#100;i&#x76;&#46;d&#x65;<\/a><br>\n                            <\/p>\n                            <span class='profile-short-link'>\n                                <a href='https:\/\/www.idiv.de\/de\/staff\/anna-burnett\/' class='ps-0 pe-1 btncf arrow'>\n                                    Zum Profil\n                                    <svg xmlns='http:\/\/www.w3.org\/2000\/svg' width='5.621' height='12.243' viewBox='0 0 7.621 12.243'>\n                                        <path id='Icon_feather-chevron-right' d='M17.5,17l-4-4,4-4' transform='translate(19.621 19.121) rotate(180)' fill='none' stroke='#447226' stroke-linecap='round' stroke-linejoin='round' stroke-width='3'><\/path>\n                                    <\/svg>\n                                <\/a>\n                            <\/span>\n                        <\/div>\n                    <\/div>\n                <\/div><\/div><div class='row justify-content-center pb-3 profile-short gx-4 gy-4'>\n                <div class='col-12 col-sm-6 col-md-6 col-lg-4 pb-3'>\n                    <div class='row align-items-center'>\n                        <div class='col-4 col-sm-6'>\n                            <img loading=\"lazy\" decoding=\"async\" width=\"472\" height=\"472\" src=\"https:\/\/www.idiv.de\/wp-content\/uploads\/2024\/08\/Leonie-Ette-Portrait.png\" class=\"img-fluid rounded-circle w-100 wp-post-image\" alt=\"\" \/>\n                        <\/div>\n                        <div class='col-8 col-sm-6'>\n                            <p class='mb-2'>\n                                <strong> Leonie Ette<\/strong>\n                            <\/p>\n                            <p class='mb-1'>\n                                Assistentin der Gesch\u00e4ftsf\u00fchrerin und des Erweiterten Vorstands<br>\n                                Telefon: <a href='tel:+49 341 9733104' class='text-decoration-none'>+49 341 9733104<\/a><br>\n                                E-Mail: <a href='&#x6d;&#97;i&#x6c;&#x74;&#111;:&#x6c;&#x65;&#111;n&#x69;&#101;&#46;&#x65;&#x74;&#116;e&#x40;&#x69;&#100;i&#x76;&#46;&#100;&#x65;' class='text-decoration-none'>&#x6c;&#x65;&#x6f;&#x6e;&#x69;&#x65;&#x2e;&#x65;&#116;&#116;&#101;&#64;&#105;&#100;&#105;v&#46;de<\/a><br>\n                            <\/p>\n                            <span class='profile-short-link'>\n                                <a href='https:\/\/www.idiv.de\/de\/staff\/leonie-ette\/' class='ps-0 pe-1 btncf arrow'>\n                                    Zum Profil\n                                    <svg xmlns='http:\/\/www.w3.org\/2000\/svg' width='5.621' height='12.243' viewBox='0 0 7.621 12.243'>\n                                        <path id='Icon_feather-chevron-right' d='M17.5,17l-4-4,4-4' transform='translate(19.621 19.121) rotate(180)' fill='none' stroke='#447226' stroke-linecap='round' stroke-linejoin='round' stroke-width='3'><\/path>\n                                    <\/svg>\n                                <\/a>\n                            <\/span>\n                        <\/div>\n                    <\/div>\n                <\/div><\/div><\/div><\/div>","protected":false},"excerpt":{"rendered":"","protected":false},"author":3,"featured_media":0,"parent":38339,"menu_order":0,"template":"","meta":{"_acf_changed":true,"advgb_blocks_editor_width":"","advgb_blocks_columns_visual_guide":"","_links_to":"","_links_to_target":""},"class_list":["post-38844","groups","type-groups","status-publish","hentry"],"acf":[],"yoast_head":"<!-- This site is optimized with the Yoast SEO plugin v27.5 - https:\/\/yoast.com\/product\/yoast-seo-wordpress\/ -->\n<title>Vereinsgesch\u00e4ftsstelle | iDiv<\/title>\n<meta name=\"robots\" content=\"index, follow, max-snippet:-1, max-image-preview:large, max-video-preview:-1\" \/>\n<link rel=\"canonical\" href=\"https:\/\/www.idiv.de\/de\/group\/abteilungen\/vereinsgeschaeftsstelle\/\" \/>\n<meta property=\"og:locale\" content=\"de_DE\" \/>\n<meta property=\"og:type\" content=\"article\" \/>\n<meta property=\"og:title\" content=\"Vereinsgesch\u00e4ftsstelle | iDiv\" \/>\n<meta property=\"og:url\" content=\"https:\/\/www.idiv.de\/de\/group\/abteilungen\/vereinsgeschaeftsstelle\/\" \/>\n<meta property=\"og:site_name\" content=\"iDiv\" \/>\n<meta property=\"article:modified_time\" content=\"2026-01-21T14:35:00+00:00\" \/>\n<meta property=\"og:image\" content=\"https:\/\/www.idiv.de\/wp-content\/uploads\/2024\/11\/iDivSocialMediaShare.jpg\" \/>\n\t<meta property=\"og:image:width\" content=\"1200\" \/>\n\t<meta property=\"og:image:height\" content=\"675\" \/>\n\t<meta property=\"og:image:type\" content=\"image\/jpeg\" \/>\n<meta name=\"twitter:card\" content=\"summary_large_image\" \/>\n<meta name=\"twitter:site\" content=\"@idiv\" \/>\n<script type=\"application\/ld+json\" class=\"yoast-schema-graph\">{\"@context\":\"https:\\\/\\\/schema.org\",\"@graph\":[{\"@type\":\"WebPage\",\"@id\":\"https:\\\/\\\/www.idiv.de\\\/de\\\/group\\\/abteilungen\\\/vereinsgeschaeftsstelle\\\/\",\"url\":\"https:\\\/\\\/www.idiv.de\\\/de\\\/group\\\/abteilungen\\\/vereinsgeschaeftsstelle\\\/\",\"name\":\"Vereinsgesch\u00e4ftsstelle | iDiv\",\"isPartOf\":{\"@id\":\"https:\\\/\\\/www.idiv.de\\\/de\\\/#website\"},\"datePublished\":\"2026-01-21T14:30:42+00:00\",\"dateModified\":\"2026-01-21T14:35:00+00:00\",\"breadcrumb\":{\"@id\":\"https:\\\/\\\/www.idiv.de\\\/de\\\/group\\\/abteilungen\\\/vereinsgeschaeftsstelle\\\/#breadcrumb\"},\"inLanguage\":\"de\",\"potentialAction\":[{\"@type\":\"ReadAction\",\"target\":[\"https:\\\/\\\/www.idiv.de\\\/de\\\/group\\\/abteilungen\\\/vereinsgeschaeftsstelle\\\/\"]}]},{\"@type\":\"BreadcrumbList\",\"@id\":\"https:\\\/\\\/www.idiv.de\\\/de\\\/group\\\/abteilungen\\\/vereinsgeschaeftsstelle\\\/#breadcrumb\",\"itemListElement\":[{\"@type\":\"ListItem\",\"position\":1,\"name\":\"Startseite\",\"item\":\"https:\\\/\\\/www.idiv.de\\\/de\\\/\"},{\"@type\":\"ListItem\",\"position\":2,\"name\":\"Abteilungen\",\"item\":\"https:\\\/\\\/www.idiv.de\\\/de\\\/group\\\/abteilungen\\\/\"},{\"@type\":\"ListItem\",\"position\":3,\"name\":\"Vereinsgesch\u00e4ftsstelle\"}]},{\"@type\":\"WebSite\",\"@id\":\"https:\\\/\\\/www.idiv.de\\\/de\\\/#website\",\"url\":\"https:\\\/\\\/www.idiv.de\\\/de\\\/\",\"name\":\"iDiv\",\"description\":\"Hotspot in Biodiversity Research\",\"publisher\":{\"@id\":\"https:\\\/\\\/www.idiv.de\\\/de\\\/#organization\"},\"potentialAction\":[{\"@type\":\"SearchAction\",\"target\":{\"@type\":\"EntryPoint\",\"urlTemplate\":\"https:\\\/\\\/www.idiv.de\\\/de\\\/?s={search_term_string}\"},\"query-input\":{\"@type\":\"PropertyValueSpecification\",\"valueRequired\":true,\"valueName\":\"search_term_string\"}}],\"inLanguage\":\"de\"},{\"@type\":\"Organization\",\"@id\":\"https:\\\/\\\/www.idiv.de\\\/de\\\/#organization\",\"name\":\"idiv\",\"url\":\"https:\\\/\\\/www.idiv.de\\\/de\\\/\",\"logo\":{\"@type\":\"ImageObject\",\"inLanguage\":\"de\",\"@id\":\"https:\\\/\\\/www.idiv.de\\\/de\\\/#\\\/schema\\\/logo\\\/image\\\/\",\"url\":\"https:\\\/\\\/www.idiv.de\\\/wp-content\\\/uploads\\\/2024\\\/08\\\/iDiv_Logo_long_v1_EN_black_4c.jpg\",\"contentUrl\":\"https:\\\/\\\/www.idiv.de\\\/wp-content\\\/uploads\\\/2024\\\/08\\\/iDiv_Logo_long_v1_EN_black_4c.jpg\",\"width\":2448,\"height\":674,\"caption\":\"idiv\"},\"image\":{\"@id\":\"https:\\\/\\\/www.idiv.de\\\/de\\\/#\\\/schema\\\/logo\\\/image\\\/\"},\"sameAs\":[\"https:\\\/\\\/x.com\\\/idiv\",\"https:\\\/\\\/www.linkedin.com\\\/company\\\/idiv-biodiversity\\\/\",\"https:\\\/\\\/www.youtube.com\\\/idiv-research\"]}]}<\/script>\n<!-- \/ Yoast SEO plugin. -->","yoast_head_json":{"title":"Vereinsgesch\u00e4ftsstelle | iDiv","robots":{"index":"index","follow":"follow","max-snippet":"max-snippet:-1","max-image-preview":"max-image-preview:large","max-video-preview":"max-video-preview:-1"},"canonical":"https:\/\/www.idiv.de\/de\/group\/abteilungen\/vereinsgeschaeftsstelle\/","og_locale":"de_DE","og_type":"article","og_title":"Vereinsgesch\u00e4ftsstelle | iDiv","og_url":"https:\/\/www.idiv.de\/de\/group\/abteilungen\/vereinsgeschaeftsstelle\/","og_site_name":"iDiv","article_modified_time":"2026-01-21T14:35:00+00:00","og_image":[{"width":1200,"height":675,"url":"https:\/\/www.idiv.de\/wp-content\/uploads\/2024\/11\/iDivSocialMediaShare.jpg","type":"image\/jpeg"}],"twitter_card":"summary_large_image","twitter_site":"@idiv","schema":{"@context":"https:\/\/schema.org","@graph":[{"@type":"WebPage","@id":"https:\/\/www.idiv.de\/de\/group\/abteilungen\/vereinsgeschaeftsstelle\/","url":"https:\/\/www.idiv.de\/de\/group\/abteilungen\/vereinsgeschaeftsstelle\/","name":"Vereinsgesch\u00e4ftsstelle | iDiv","isPartOf":{"@id":"https:\/\/www.idiv.de\/de\/#website"},"datePublished":"2026-01-21T14:30:42+00:00","dateModified":"2026-01-21T14:35:00+00:00","breadcrumb":{"@id":"https:\/\/www.idiv.de\/de\/group\/abteilungen\/vereinsgeschaeftsstelle\/#breadcrumb"},"inLanguage":"de","potentialAction":[{"@type":"ReadAction","target":["https:\/\/www.idiv.de\/de\/group\/abteilungen\/vereinsgeschaeftsstelle\/"]}]},{"@type":"BreadcrumbList","@id":"https:\/\/www.idiv.de\/de\/group\/abteilungen\/vereinsgeschaeftsstelle\/#breadcrumb","itemListElement":[{"@type":"ListItem","position":1,"name":"Startseite","item":"https:\/\/www.idiv.de\/de\/"},{"@type":"ListItem","position":2,"name":"Abteilungen","item":"https:\/\/www.idiv.de\/de\/group\/abteilungen\/"},{"@type":"ListItem","position":3,"name":"Vereinsgesch\u00e4ftsstelle"}]},{"@type":"WebSite","@id":"https:\/\/www.idiv.de\/de\/#website","url":"https:\/\/www.idiv.de\/de\/","name":"iDiv","description":"Hotspot in Biodiversity Research","publisher":{"@id":"https:\/\/www.idiv.de\/de\/#organization"},"potentialAction":[{"@type":"SearchAction","target":{"@type":"EntryPoint","urlTemplate":"https:\/\/www.idiv.de\/de\/?s={search_term_string}"},"query-input":{"@type":"PropertyValueSpecification","valueRequired":true,"valueName":"search_term_string"}}],"inLanguage":"de"},{"@type":"Organization","@id":"https:\/\/www.idiv.de\/de\/#organization","name":"idiv","url":"https:\/\/www.idiv.de\/de\/","logo":{"@type":"ImageObject","inLanguage":"de","@id":"https:\/\/www.idiv.de\/de\/#\/schema\/logo\/image\/","url":"https:\/\/www.idiv.de\/wp-content\/uploads\/2024\/08\/iDiv_Logo_long_v1_EN_black_4c.jpg","contentUrl":"https:\/\/www.idiv.de\/wp-content\/uploads\/2024\/08\/iDiv_Logo_long_v1_EN_black_4c.jpg","width":2448,"height":674,"caption":"idiv"},"image":{"@id":"https:\/\/www.idiv.de\/de\/#\/schema\/logo\/image\/"},"sameAs":["https:\/\/x.com\/idiv","https:\/\/www.linkedin.com\/company\/idiv-biodiversity\/","https:\/\/www.youtube.com\/idiv-research"]}]}},"featured_img":false,"coauthors":[],"author_meta":{"author_link":"https:\/\/www.idiv.de\/de\/author\/stefan\/","display_name":"Stefan Bernhardt"},"relative_dates":{"created":"Ver\u00f6ffentlicht 3\u00a0Monaten vor","modified":"Aktualisiert 3\u00a0Monaten vor"},"absolute_dates":{"created":"Ver\u00f6ffentlicht am 21. Januar 2026","modified":"Aktualisiert am 21. Januar 2026"},"absolute_dates_time":{"created":"Ver\u00f6ffentlicht am 21. Januar 2026 15:30","modified":"Aktualisiert am 21. Januar 2026 15:35"},"featured_img_caption":"","tax_additional":[],"series_order":"","_links":{"self":[{"href":"https:\/\/www.idiv.de\/de\/wp-json\/wp\/v2\/groups\/38844","targetHints":{"allow":["GET"]}}],"collection":[{"href":"https:\/\/www.idiv.de\/de\/wp-json\/wp\/v2\/groups"}],"about":[{"href":"https:\/\/www.idiv.de\/de\/wp-json\/wp\/v2\/types\/groups"}],"author":[{"embeddable":true,"href":"https:\/\/www.idiv.de\/de\/wp-json\/wp\/v2\/users\/3"}],"up":[{"embeddable":true,"href":"https:\/\/www.idiv.de\/de\/wp-json\/wp\/v2\/groups\/38339"}],"wp:attachment":[{"href":"https:\/\/www.idiv.de\/de\/wp-json\/wp\/v2\/media?parent=38844"}],"curies":[{"name":"wp","href":"https:\/\/api.w.org\/{rel}","templated":true}]}}